{"id":1806,"date":"2015-03-17T07:46:28","date_gmt":"2015-03-17T07:46:28","guid":{"rendered":"http:\/\/blogsaverroes.juntadeandalucia.es\/pre\/ceip\/?page_id=144"},"modified":"2025-11-19T12:36:11","modified_gmt":"2025-11-19T12:36:11","slug":"orientacion","status":"publish","type":"page","link":"https:\/\/blogsaverroes.juntadeandalucia.es\/iessalvadorserrano\/orientacion\/","title":{"rendered":"Orientaci\u00f3n"},"content":{"rendered":"<h2><img loading=\"lazy\" decoding=\"async\" class=\"size-medium wp-image-2155 alignright\" src=\"https:\/\/blogsaverroes.juntadeandalucia.es\/iessalvadorserrano\/files\/2015\/03\/orientacion-300x221.jpg\" alt=\"orientacion\" width=\"300\" height=\"221\" srcset=\"https:\/\/blogsaverroes.juntadeandalucia.es\/iessalvadorserrano\/files\/2015\/03\/orientacion-300x221.jpg 300w, https:\/\/blogsaverroes.juntadeandalucia.es\/iessalvadorserrano\/files\/2015\/03\/orientacion.jpg 640w\" sizes=\"(max-width: 300px) 100vw, 300px\" \/><\/h2>\n<h4 style=\"text-align: justify\"><strong>Orientaci\u00f3n educativa<\/strong><\/h4>\n<p style=\"text-align: justify\">&nbsp; &nbsp; La orientaci\u00f3n contribuye al desarrollo de las facetas personal, acad\u00e9mica y profesional de los alumnos y alumnas. Es un proceso en el que deben involucrarse las familias y para el cual pueden acudir a los tutores y al asesoramiento y apoyo de los orientadores de los centros educativos. Entre sus objetivos principales se encuentran los siguientes:<\/p>\n<ul>\n<li style=\"text-align: justify\">Resolver problemas de la vida acad\u00e9mica, como dificultades durante el proceso de aprendizaje, ausencia de motivaci\u00f3n, etc.<\/li>\n<li style=\"text-align: justify\">Tomar decisiones sobre itinerarios de estudio e incorporaci\u00f3n al mundo laboral.<\/li>\n<li style=\"text-align: justify\">Convivencia y educaci\u00f3n en valores.<\/li>\n<\/ul>\n<p><strong>Orientador del IES:&nbsp;<\/strong> <em>Francisco Cabrera Galiano<\/em><\/p>\n<table style=\"width: 98.1189%;border-color: #000000;height: 142px\" border=\"1\" cellpadding=\"1\">\n<tbody>\n<tr style=\"height: 22px\">\n<td style=\"width: 19.5062%;height: 22px;border-color: #000000\">&nbsp;<\/td>\n<td style=\"width: 41.8865%;height: 22px;border-color: #000000\">&nbsp;<\/td>\n<td style=\"width: 94.6043%;height: 22px;background-color: #d8ecf2;border-color: #000000\"><strong>Especialidad<\/strong><\/td>\n<\/tr>\n<tr style=\"height: 22px\">\n<td style=\"width: 19.5062%;height: 120px;background-color: #d8ecf2;border-color: #000000\" rowspan=\"8\"><strong>Miembros Departamento de Orientaci\u00f3n Educativa&nbsp;&nbsp;&nbsp;&nbsp;<\/strong><br \/>\n<strong>&nbsp;<\/strong><\/td>\n<td style=\"width: 41.8865%;border-color: #000000;height: 24px\" width=\"193\">Francisco Cabrera Galiano<\/td>\n<td style=\"width: 94.6043%;border-color: #000000;height: 24px\" width=\"160\">Orientaci\u00f3n Educativa P.E.S.<\/td>\n<\/tr>\n<tr style=\"height: 48px\">\n<td style=\"width: 41.8865%;border-color: #000000;height: 48px\" width=\"193\">Manuel Santiago Gonz\u00e1lez Gonz\u00e1lez<\/td>\n<td style=\"width: 94.6043%;border-color: #000000;height: 48px\" width=\"160\">Pedagog\u00eda Terap\u00e9utica ESO<\/td>\n<\/tr>\n<tr style=\"height: 24px\">\n<td style=\"width: 41.8865%;border-color: #000000;height: 24px\" width=\"193\">M\u00aa Encarnaci\u00f3n Almaz\u00e1n Mart\u00ednez<\/td>\n<td style=\"width: 94.6043%;border-color: #000000;height: 24px\" width=\"160\">Pedagog\u00eda Terap\u00e9utica ESO<\/td>\n<\/tr>\n<tr style=\"height: 24px\">\n<td style=\"width: 41.8865%;border-color: #000000;height: 24px\" width=\"193\">Teresa Mar\u00eda L\u00f3pez Mu\u00f1oz<\/td>\n<td style=\"width: 94.6043%;border-color: #000000;height: 24px\" width=\"160\">Apoyo Compensaci\u00f3n<\/td>\n<\/tr>\n<tr>\n<td style=\"width: 41.8865%;border-color: #000000\">Laura L\u00f3pez Parrilla<\/td>\n<td style=\"width: 94.6043%;border-color: #000000\">Pedagog\u00eda Terap\u00e9utica ESO en el Aula T.E.A.<\/td>\n<\/tr>\n<tr>\n<td style=\"width: 41.8865%;border-color: #000000\">Marta Rodr\u00edguez Ortiz<\/td>\n<td style=\"width: 94.6043%;border-color: #000000\">Pedagog\u00eda Terap\u00e9utica ESO<\/td>\n<\/tr>\n<tr>\n<td style=\"width: 41.8865%;border-color: #000000\">M\u00aa Jos\u00e9 Sus\u00edn Mart\u00ednez<\/td>\n<td style=\"width: 94.6043%;border-color: #000000\">Monitora Educaci\u00f3n Especial (PTIS)<\/td>\n<\/tr>\n<tr>\n<td style=\"width: 41.8865%;border-color: #000000\">Roc\u00edo Jim\u00e9nez Vizca\u00edno<\/td>\n<td style=\"width: 94.6043%;border-color: #000000\">Pedagog\u00eda Terap\u00e9utica ESO (Transf\u00f3rmate)<\/td>\n<\/tr>\n<\/tbody>\n<\/table>\n<p style=\"text-align: center\"><a class=\"button\" href=\"https:\/\/blogsaverroes.juntadeandalucia.es\/iessalvadorserrano\/programaciones-orientacion\/\"><strong>ENLACE A LAS PROGRAMACIONES DEL DEPARTAMENTO<\/strong><\/a><\/p>\n","protected":false},"excerpt":{"rendered":"<p>Orientaci\u00f3n educativa &nbsp; &nbsp; La orientaci\u00f3n contribuye al desarrollo de las facetas personal, acad\u00e9mica y profesional de los alumnos y alumnas. Es un proceso en&hellip;<\/p>\n","protected":false},"author":1,"featured_media":0,"parent":0,"menu_order":0,"comment_status":"closed","ping_status":"open","template":"","meta":{"ngg_post_thumbnail":0,"footnotes":"","_mc_calendar":[]},"aioseo_notices":[],"_links":{"self":[{"href":"https:\/\/blogsaverroes.juntadeandalucia.es\/iessalvadorserrano\/wp-json\/wp\/v2\/pages\/1806"}],"collection":[{"href":"https:\/\/blogsaverroes.juntadeandalucia.es\/iessalvadorserrano\/wp-json\/wp\/v2\/pages"}],"about":[{"href":"https:\/\/blogsaverroes.juntadeandalucia.es\/iessalvadorserrano\/wp-json\/wp\/v2\/types\/page"}],"author":[{"embeddable":true,"href":"https:\/\/blogsaverroes.juntadeandalucia.es\/iessalvadorserrano\/wp-json\/wp\/v2\/users\/1"}],"replies":[{"embeddable":true,"href":"https:\/\/blogsaverroes.juntadeandalucia.es\/iessalvadorserrano\/wp-json\/wp\/v2\/comments?post=1806"}],"version-history":[{"count":41,"href":"https:\/\/blogsaverroes.juntadeandalucia.es\/iessalvadorserrano\/wp-json\/wp\/v2\/pages\/1806\/revisions"}],"predecessor-version":[{"id":14284,"href":"https:\/\/blogsaverroes.juntadeandalucia.es\/iessalvadorserrano\/wp-json\/wp\/v2\/pages\/1806\/revisions\/14284"}],"wp:attachment":[{"href":"https:\/\/blogsaverroes.juntadeandalucia.es\/iessalvadorserrano\/wp-json\/wp\/v2\/media?parent=1806"}],"curies":[{"name":"wp","href":"https:\/\/api.w.org\/{rel}","templated":true}]}}