{"id":2471,"date":"2017-05-24T09:42:35","date_gmt":"2017-05-24T09:42:35","guid":{"rendered":"https:\/\/blogsaverroes.juntadeandalucia.es\/iessalvadorserrano\/?page_id=2471"},"modified":"2025-12-17T22:19:57","modified_gmt":"2025-12-17T22:19:57","slug":"electricidad-y-electronica","status":"publish","type":"page","link":"https:\/\/blogsaverroes.juntadeandalucia.es\/iessalvadorserrano\/electricidad-y-electronica\/","title":{"rendered":"Electricidad y Electr\u00f3nica"},"content":{"rendered":"<figure id=\"attachment_2472\" aria-describedby=\"caption-attachment-2472\" style=\"width: 300px\" class=\"wp-caption aligncenter\"><a href=\"https:\/\/blogsaverroes.juntadeandalucia.es\/iessalvadorserrano\/files\/2017\/05\/IMG_20170524_113726.jpg\"><img loading=\"lazy\" decoding=\"async\" class=\"size-medium wp-image-2472\" src=\"https:\/\/blogsaverroes.juntadeandalucia.es\/iessalvadorserrano\/files\/2017\/05\/IMG_20170524_113726-300x225.jpg\" alt=\"Parte de la c\u00e9lula Flexible de trabajo de los alumnos de Rob\u00f3tica Industrial\" width=\"300\" height=\"225\" srcset=\"https:\/\/blogsaverroes.juntadeandalucia.es\/iessalvadorserrano\/files\/2017\/05\/IMG_20170524_113726-300x225.jpg 300w, https:\/\/blogsaverroes.juntadeandalucia.es\/iessalvadorserrano\/files\/2017\/05\/IMG_20170524_113726-768x576.jpg 768w, https:\/\/blogsaverroes.juntadeandalucia.es\/iessalvadorserrano\/files\/2017\/05\/IMG_20170524_113726-1024x768.jpg 1024w, https:\/\/blogsaverroes.juntadeandalucia.es\/iessalvadorserrano\/files\/2017\/05\/IMG_20170524_113726-24x18.jpg 24w, https:\/\/blogsaverroes.juntadeandalucia.es\/iessalvadorserrano\/files\/2017\/05\/IMG_20170524_113726-36x27.jpg 36w, https:\/\/blogsaverroes.juntadeandalucia.es\/iessalvadorserrano\/files\/2017\/05\/IMG_20170524_113726-48x36.jpg 48w, https:\/\/blogsaverroes.juntadeandalucia.es\/iessalvadorserrano\/files\/2017\/05\/IMG_20170524_113726.jpg 1600w\" sizes=\"(max-width: 300px) 100vw, 300px\" \/><\/a><figcaption id=\"caption-attachment-2472\" class=\"wp-caption-text\">Instalaciones Taller3<\/figcaption><\/figure>\n<p>&nbsp;&nbsp;&nbsp; Bienvenidos a la p\u00e1gina del Departamento de Electricidad y Electr\u00f3nica.<\/p>\n<p style=\"text-align: justify\">&nbsp;&nbsp; En esta p\u00e1gina podr\u00e9is encontrar informaci\u00f3n detallada del Ciclo Formativo de Grado Superior Automatizaci\u00f3n y Rob\u00f3tica Industrial y del Ciclo Formativo de Grado Medio de Instalaciones El\u00e9ctricas y Autom\u00e1ticas que se imparten en el centro. Igualmente podr\u00e9is tener informaci\u00f3n detallada acerca de las actividades que realiza el Departamento y de su funcionamiento.<\/p>\n<p style=\"text-align: center\"><a href=\"http:\/\/www.juntadeandalucia.es\/educacion\/portals\/web\/formacion-profesional-andaluza\/\"><img loading=\"lazy\" decoding=\"async\" class=\"alignnone size-full wp-image-2627\" src=\"https:\/\/blogsaverroes.juntadeandalucia.es\/iessalvadorserrano\/files\/2017\/09\/FP.jpg\" alt=\"\" width=\"295\" height=\"67\" srcset=\"https:\/\/blogsaverroes.juntadeandalucia.es\/iessalvadorserrano\/files\/2017\/09\/FP.jpg 295w, https:\/\/blogsaverroes.juntadeandalucia.es\/iessalvadorserrano\/files\/2017\/09\/FP-24x5.jpg 24w, https:\/\/blogsaverroes.juntadeandalucia.es\/iessalvadorserrano\/files\/2017\/09\/FP-36x8.jpg 36w, https:\/\/blogsaverroes.juntadeandalucia.es\/iessalvadorserrano\/files\/2017\/09\/FP-48x11.jpg 48w\" sizes=\"(max-width: 295px) 100vw, 295px\" \/><\/a><\/p>\n<p style=\"text-align: center\"><a href=\"http:\/\/www.juntadeandalucia.es\/educacion\/portals\/web\/formacion-profesional-andaluza\/\">Web de Formaci\u00f3n Profesional Andaluza<\/a><\/p>\n<p><strong>Enlaces de Informaci\u00f3n acerca de los ciclos:<\/strong><\/p>\n<ul>\n<li><a href=\"http:\/\/www.juntadeandalucia.es\/educacion\/portals\/web\/formacion-profesional-andaluza\/fp-grado-medio\/detalle-titulo?idTitulo=18\">T\u00e9cnico en Instalaciones El\u00e9ctricas y Autom\u00e1ticas (GM).<\/a><\/li>\n<li><a href=\"http:\/\/www.juntadeandalucia.es\/educacion\/portals\/web\/formacion-profesional-andaluza\/fp-grado-superior\/detalle-titulo?idTitulo=98\">T\u00e9cnico Superior en Automatizaci\u00f3n y Rob\u00f3tica Industrial (GS)<\/a><\/li>\n<\/ul>\n<table style=\"height: 399px;width: 98.2854%\" border=\"1\">\n<tbody>\n<tr style=\"height: 23px\">\n<td style=\"width: 64.3634%;border-style: solid;border-color: #000000;height: 34px\" colspan=\"2\">\n<p style=\"text-align: center\">23000246.elect@g.educaand.es<\/p>\n<\/td>\n<td style=\"background-color: #d8ecf2;width: 54.5091%;border-style: solid;border-color: #000000;height: 34px\"><strong>Puesto o Especialidad<\/strong><\/td>\n<\/tr>\n<tr style=\"height: 83px\">\n<td style=\"width: 23.0624%;vertical-align: middle;background-color: #d8ecf2;border-style: solid;border-color: #000000;height: 83px\"><strong>Jefatura de Departamento<\/strong><\/td>\n<td style=\"width: 41.301%;border-style: solid;border-color: #000000;height: 83px\" width=\"230\">Manuel Alejandro S\u00e1nchez Rold\u00e1n<\/td>\n<td style=\"width: 54.5091%;border-style: solid;border-color: #000000;height: 83px\" width=\"332\">Instalaciones Electrot\u00e9cnicas P.E.S.<\/td>\n<\/tr>\n<tr style=\"height: 47px\">\n<td style=\"width: 23.0624%;vertical-align: middle;background-color: #d8ecf2;border-style: solid;border-color: #000000;height: 282px\" rowspan=\"6\">&nbsp;<\/p>\n<p><strong>Componentes<\/strong><\/p>\n<p><strong>&nbsp;<\/strong><\/td>\n<td style=\"width: 41.301%;border-style: solid;border-color: #000000;height: 47px\" width=\"230\">Rafael Arjona Cano<\/td>\n<td style=\"width: 54.5091%;border-style: solid;border-color: #000000;height: 47px\" width=\"332\">Instalaciones Electrot\u00e9cnicas P.E.S.<\/td>\n<\/tr>\n<tr>\n<td style=\"width: 41.301%\" width=\"230\">Juan Pedro Chica Marchal<\/td>\n<td style=\"width: 54.5091%\" width=\"332\">Sist. Electrot\u00e9cnicos y Autom. P.E.S.<\/td>\n<\/tr>\n<tr style=\"height: 47px\">\n<td style=\"width: 41.301%;border-style: solid;border-color: #000000;height: 47px\" width=\"230\">Jaime Jim\u00e9nez P\u00e9rez<\/td>\n<td style=\"width: 54.5091%;border-style: solid;border-color: #000000;height: 47px\" width=\"332\">Instalaciones Electrot\u00e9cnicas P.E.S.<\/td>\n<\/tr>\n<tr>\n<td style=\"width: 41.301%\" width=\"230\">Marta Vidal Rom\u00e1n<\/td>\n<td style=\"width: 54.5091%\" width=\"332\">Instalaciones Electrot\u00e9cnicas P.E.S.<\/td>\n<\/tr>\n<tr style=\"height: 47px\">\n<td style=\"width: 41.301%;border-style: solid;border-color: #000000;height: 47px\" width=\"230\">Jos\u00e9 Mar\u00eda Serrano Ortega<\/td>\n<td style=\"width: 54.5091%;border-style: solid;border-color: #000000;height: 47px\" width=\"332\">Sist. Electrot\u00e9cnicos y Autom. P.E.S.<\/td>\n<\/tr>\n<tr style=\"height: 47px\">\n<td style=\"width: 41.301%;border-style: solid;border-color: #000000;height: 47px\" width=\"230\">Manuel Ramos Armenteros<\/td>\n<td style=\"width: 54.5091%;border-style: solid;border-color: #000000;height: 47px\" width=\"332\">Sist. Electrot\u00e9cnicos y Autom. P.E.S.<\/td>\n<\/tr>\n<\/tbody>\n<\/table>\n<p style=\"text-align: center\"><a class=\"button\" href=\"https:\/\/blogsaverroes.juntadeandalucia.es\/iessalvadorserrano\/programaciones-electricidad-y-electronica\/\"><strong>ENLACE A LAS PROGRAMACIONES DEL DEPARTAMENTO<\/strong><\/a><\/p>\n<table style=\"height: 520px;width: 98.9701%\" border=\"1\">\n<tbody>\n<tr style=\"height: 26px\">\n<td style=\"background-color: #2e3c69;height: 26px;width: 212.517%\" colspan=\"2\"><span style=\"color: #ffffff\"><strong>Criterios de Evaluaci\u00f3n y Calificaci\u00f3n<\/strong><\/span><\/td>\n<\/tr>\n<tr style=\"height: 22px\">\n<td style=\"height: 22px;background-color: #d8ecf2;width: 212.517%\" colspan=\"2\"><strong><span style=\"color: #000080\">CFGS AUTOMATIZACI\u00d3N Y ROB\u00d3TICA INDUSTRIAL<\/span><\/strong><\/td>\n<\/tr>\n<tr style=\"height: 32px\">\n<td style=\"height: 151px;width: 13.7631%;background-color: #d8ecf2;vertical-align: middle\" rowspan=\"8\"><span style=\"color: #003366\"><strong><span style=\"color: #000080\">1\u00ba ARI<\/span><\/strong><\/span><span style=\"color: #003366\"><strong><span style=\"color: #000080\"><br \/>\n<\/span><\/strong><\/span><\/td>\n<td style=\"height: 32px;width: 198.754%\"><a href=\"https:\/\/blogsaverroes.juntadeandalucia.es\/iessalvadorserrano\/files\/2023\/11\/FICHA-CRITERIOS-1\u00baGS-ARI-DOCUMENTACION-TECNICA-23-24.pdf\"><img loading=\"lazy\" decoding=\"async\" class=\"size-full wp-image-2952 alignleft\" src=\"https:\/\/blogsaverroes.juntadeandalucia.es\/iessalvadorserrano\/files\/2017\/05\/criteval-e1510486355221.jpg\" alt=\"\" width=\"40\" height=\"23\"><\/a><a href=\"https:\/\/blogsaverroes.juntadeandalucia.es\/iessalvadorserrano\/files\/2023\/11\/FICHA-CRITERIOS-1\u00baGS-ARI-DOCUMENTACION-TECNICA-23-24.pdf\">Documentaci\u00f3n T\u00e9cnica<\/a><\/td>\n<\/tr>\n<tr style=\"height: 14px\">\n<td style=\"height: 14px;width: 198.754%\"><a href=\"https:\/\/blogsaverroes.juntadeandalucia.es\/iessalvadorserrano\/files\/2023\/11\/FICHA-CRITERIOS-1\u00baGS-ARI-IIN-23-24.pdf\"><img loading=\"lazy\" decoding=\"async\" class=\"size-full wp-image-2952 alignleft\" src=\"https:\/\/blogsaverroes.juntadeandalucia.es\/iessalvadorserrano\/files\/2017\/05\/criteval-e1510486355221.jpg\" alt=\"\" width=\"40\" height=\"23\"><\/a><a href=\"https:\/\/blogsaverroes.juntadeandalucia.es\/iessalvadorserrano\/files\/2023\/11\/FICHA-CRITERIOS-1\u00baGS-ARI-IIN-23-24.pdf\">Inform\u00e1tica Industrial<\/a><\/td>\n<\/tr>\n<tr style=\"height: 14px\">\n<td style=\"height: 14px;width: 198.754%\"><a href=\"https:\/\/blogsaverroes.juntadeandalucia.es\/iessalvadorserrano\/files\/2023\/11\/FICHA-CRITERIOS-1\u00baGS-ARI-SMYR-23-24.pdf\"><img loading=\"lazy\" decoding=\"async\" class=\"size-full wp-image-2952 alignleft\" src=\"https:\/\/blogsaverroes.juntadeandalucia.es\/iessalvadorserrano\/files\/2017\/05\/criteval-e1510486355221.jpg\" alt=\"\" width=\"40\" height=\"23\"><\/a><a href=\"https:\/\/blogsaverroes.juntadeandalucia.es\/iessalvadorserrano\/files\/2023\/11\/FICHA-CRITERIOS-1\u00baGS-ARI-SMYR-23-24.pdf\">Sistemas de Medida y Regulaci\u00f3n<\/a><\/td>\n<\/tr>\n<tr style=\"height: 14px\">\n<td style=\"height: 15px;width: 198.754%\"><a href=\"https:\/\/blogsaverroes.juntadeandalucia.es\/iessalvadorserrano\/files\/2023\/11\/FICHA-CRITERIOS-1\u00baGS-ARI-SDP-23-24.pdf\"><img loading=\"lazy\" decoding=\"async\" class=\"size-full wp-image-2952 alignleft\" src=\"https:\/\/blogsaverroes.juntadeandalucia.es\/iessalvadorserrano\/files\/2017\/05\/criteval-e1510486355221.jpg\" alt=\"\" width=\"40\" height=\"23\"><\/a><a href=\"https:\/\/blogsaverroes.juntadeandalucia.es\/iessalvadorserrano\/files\/2023\/11\/FICHA-CRITERIOS-1\u00baGS-ARI-SDP-23-24.pdf\">Sistemas de Potencia<\/a><\/td>\n<\/tr>\n<tr style=\"height: 14px\">\n<td style=\"height: 14px;width: 198.754%\"><a href=\"https:\/\/blogsaverroes.juntadeandalucia.es\/iessalvadorserrano\/files\/2023\/11\/FICHA-CRITERIOS-1\u00baGS-ARI-SEHN-22-23.pdf\"><img loading=\"lazy\" decoding=\"async\" class=\"size-full wp-image-2952 alignleft\" src=\"https:\/\/blogsaverroes.juntadeandalucia.es\/iessalvadorserrano\/files\/2017\/05\/criteval-e1510486355221.jpg\" alt=\"\" width=\"40\" height=\"23\"><\/a><a href=\"https:\/\/blogsaverroes.juntadeandalucia.es\/iessalvadorserrano\/files\/2023\/11\/FICHA-CRITERIOS-1\u00baGS-ARI-SEHN-22-23.pdf\">Sistemas El\u00e9ctricos, Neum\u00e1ticos e Hidr\u00e1ulicos (no actualizado)<\/a><\/td>\n<\/tr>\n<tr style=\"height: 14px\">\n<td style=\"height: 14px;width: 198.754%\"><a href=\"https:\/\/blogsaverroes.juntadeandalucia.es\/iessalvadorserrano\/files\/2023\/11\/FICHA-CRITERIOS-1\u00baGS-ARI-SsP-23-24.pdf\"><img loading=\"lazy\" decoding=\"async\" class=\"size-full wp-image-2952 alignleft\" src=\"https:\/\/blogsaverroes.juntadeandalucia.es\/iessalvadorserrano\/files\/2017\/05\/criteval-e1510486355221.jpg\" alt=\"\" width=\"40\" height=\"23\"><\/a><a href=\"https:\/\/blogsaverroes.juntadeandalucia.es\/iessalvadorserrano\/files\/2023\/11\/FICHA-CRITERIOS-1\u00baGS-ARI-SsP-23-24.pdf\">Sistemas Secuenciales Programables<\/a><\/td>\n<\/tr>\n<tr style=\"height: 24px\">\n<td style=\"width: 198.754%;height: 24px\"><img loading=\"lazy\" decoding=\"async\" class=\"size-full wp-image-2952 alignleft\" src=\"https:\/\/blogsaverroes.juntadeandalucia.es\/iessalvadorserrano\/files\/2017\/05\/criteval-e1510486355221.jpg\" alt=\"\" width=\"40\" height=\"23\">Digitalizaci\u00f3n Aplicada a los Sectores Productivos<\/td>\n<\/tr>\n<tr style=\"height: 24px\">\n<td style=\"width: 198.754%;height: 24px\"><img loading=\"lazy\" decoding=\"async\" class=\"size-full wp-image-2952 alignleft\" src=\"https:\/\/blogsaverroes.juntadeandalucia.es\/iessalvadorserrano\/files\/2017\/05\/criteval-e1510486355221.jpg\" alt=\"\" width=\"40\" height=\"23\">Sostenibilidad Aplicada al Proceso Productivo<\/td>\n<\/tr>\n<tr style=\"height: 32px\">\n<td style=\"height: 79px;width: 13.7631%;background-color: #d8ecf2;vertical-align: middle\" rowspan=\"4\"><span style=\"color: #000080\"><strong>2\u00ba ARI<\/strong><\/span><\/td>\n<td style=\"height: 32px;width: 198.754%\"><a href=\"https:\/\/blogsaverroes.juntadeandalucia.es\/iessalvadorserrano\/files\/2023\/11\/FICHA-CRITERIOS-2\u00baGS-ARI-COMIN-23-24.pdf\"><img loading=\"lazy\" decoding=\"async\" class=\"size-full wp-image-2952 alignleft\" src=\"https:\/\/blogsaverroes.juntadeandalucia.es\/iessalvadorserrano\/files\/2017\/05\/criteval-e1510486355221.jpg\" alt=\"\" width=\"40\" height=\"23\"><\/a><a href=\"https:\/\/blogsaverroes.juntadeandalucia.es\/iessalvadorserrano\/files\/2023\/11\/FICHA-CRITERIOS-2\u00baGS-ARI-COMIN-23-24.pdf\">Comunicaciones Industriales<\/a><\/td>\n<\/tr>\n<tr style=\"height: 14px\">\n<td style=\"height: 14px;width: 198.754%\"><a href=\"https:\/\/blogsaverroes.juntadeandalucia.es\/iessalvadorserrano\/files\/2023\/11\/FICHA-CRITERIOS-2\u00baGS-ARI-ISAI-23-24.pdf\"><img loading=\"lazy\" decoding=\"async\" class=\"size-full wp-image-2952 alignleft\" src=\"https:\/\/blogsaverroes.juntadeandalucia.es\/iessalvadorserrano\/files\/2017\/05\/criteval-e1510486355221.jpg\" alt=\"\" width=\"40\" height=\"23\"><\/a><a href=\"https:\/\/blogsaverroes.juntadeandalucia.es\/iessalvadorserrano\/files\/2023\/11\/FICHA-CRITERIOS-2\u00baGS-ARI-ISAI-23-24.pdf\">Integraci\u00f3n de Sistemas de Automatizaci\u00f3n Industrial<\/a><\/td>\n<\/tr>\n<tr style=\"height: 14px\">\n<td style=\"height: 15px;width: 198.754%\"><a href=\"https:\/\/blogsaverroes.juntadeandalucia.es\/iessalvadorserrano\/files\/2023\/11\/FICHA-CRITERIOS-2\u00baGS-ARI-RI-23-24.pdf\"><img loading=\"lazy\" decoding=\"async\" class=\"size-full wp-image-2952 alignleft\" src=\"https:\/\/blogsaverroes.juntadeandalucia.es\/iessalvadorserrano\/files\/2017\/05\/criteval-e1510486355221.jpg\" alt=\"\" width=\"40\" height=\"23\"><\/a><a href=\"https:\/\/blogsaverroes.juntadeandalucia.es\/iessalvadorserrano\/files\/2023\/11\/FICHA-CRITERIOS-2\u00baGS-ARI-RI-23-24.pdf\">Rob\u00f3tica Industrial<\/a><\/td>\n<\/tr>\n<tr style=\"height: 18px\">\n<td style=\"height: 18px;width: 198.754%\"><a href=\"https:\/\/blogsaverroes.juntadeandalucia.es\/iessalvadorserrano\/files\/2023\/11\/FICHA-CRITERIOS-2\u00baGS-ARI-SPA-23-24.pdf\"><img loading=\"lazy\" decoding=\"async\" class=\"size-full wp-image-2952 alignleft\" src=\"https:\/\/blogsaverroes.juntadeandalucia.es\/iessalvadorserrano\/files\/2017\/05\/criteval-e1510486355221.jpg\" alt=\"\" width=\"40\" height=\"23\"><\/a><a href=\"https:\/\/blogsaverroes.juntadeandalucia.es\/iessalvadorserrano\/files\/2023\/11\/FICHA-CRITERIOS-2\u00baGS-ARI-SPA-23-24.pdf\">Sistemas Programables Avanzados<\/a><\/td>\n<\/tr>\n<tr style=\"height: 22px\">\n<td style=\"height: 22px;background-color: #d8ecf2;width: 212.517%\" colspan=\"2\"><strong><span style=\"color: #000080\">CFGM INSTALACIONES EL\u00c9CTRICAS Y AUTOM\u00c1TICAS<\/span><\/strong><\/td>\n<\/tr>\n<tr style=\"height: 32px\">\n<td style=\"height: 76px;width: 13.7631%;background-color: #d8ecf2;vertical-align: middle\" rowspan=\"6\"><span style=\"color: #003366\"><strong><span style=\"color: #000080\">1\u00ba IEA<\/span><\/strong><\/span><span style=\"color: #003366\"><strong><span style=\"color: #000080\"><br \/>\n<\/span><\/strong><\/span><\/td>\n<td style=\"height: 34px;width: 198.754%\"><a href=\"https:\/\/blogsaverroes.juntadeandalucia.es\/iessalvadorserrano\/files\/2023\/11\/FICHA-CRITERIOS-1\u00baGM-IEA-AUT-22-23.pdf\"><img loading=\"lazy\" decoding=\"async\" class=\"size-full wp-image-2952 alignleft\" src=\"https:\/\/blogsaverroes.juntadeandalucia.es\/iessalvadorserrano\/files\/2017\/05\/criteval-e1510486355221.jpg\" alt=\"\" width=\"40\" height=\"23\"><\/a><a href=\"https:\/\/blogsaverroes.juntadeandalucia.es\/iessalvadorserrano\/files\/2023\/11\/FICHA-CRITERIOS-1\u00baGM-IEA-AUT-22-23.pdf\">Automatismos Industriales<\/a><\/td>\n<\/tr>\n<tr style=\"height: 14px\">\n<td style=\"height: 14px;width: 198.754%\"><a href=\"https:\/\/blogsaverroes.juntadeandalucia.es\/iessalvadorserrano\/files\/2023\/11\/FICHA-CRITERIOS-1\u00baGM-IEA-ELECA-23-24.pdf\"><img loading=\"lazy\" decoding=\"async\" class=\"size-full wp-image-2952 alignleft\" src=\"https:\/\/blogsaverroes.juntadeandalucia.es\/iessalvadorserrano\/files\/2017\/05\/criteval-e1510486355221.jpg\" alt=\"\" width=\"40\" height=\"23\"><\/a><a href=\"https:\/\/blogsaverroes.juntadeandalucia.es\/iessalvadorserrano\/files\/2023\/11\/FICHA-CRITERIOS-1\u00baGM-IEA-ELECA-23-24.pdf\">Electr\u00f3nica<\/a><\/td>\n<\/tr>\n<tr style=\"height: 14px\">\n<td style=\"height: 14px;width: 198.754%\"><a href=\"https:\/\/blogsaverroes.juntadeandalucia.es\/iessalvadorserrano\/files\/2023\/11\/FICHA-CRITERIOS-1\u00baGM-IEA-ELNIA-23_24.pdf\"><img loading=\"lazy\" decoding=\"async\" class=\"size-full wp-image-2952 alignleft\" src=\"https:\/\/blogsaverroes.juntadeandalucia.es\/iessalvadorserrano\/files\/2017\/05\/criteval-e1510486355221.jpg\" alt=\"\" width=\"40\" height=\"23\"><\/a><a href=\"https:\/\/blogsaverroes.juntadeandalucia.es\/iessalvadorserrano\/files\/2023\/11\/FICHA-CRITERIOS-1\u00baGM-IEA-ELNIA-23_24.pdf\">Electrotecnia<\/a><\/td>\n<\/tr>\n<tr style=\"height: 14px\">\n<td style=\"height: 14px;width: 198.754%\"><a href=\"https:\/\/blogsaverroes.juntadeandalucia.es\/iessalvadorserrano\/files\/2023\/11\/FICHA-CRITERIOS-1\u00baGM-IEA-IEI-23-24.pdf\"><img loading=\"lazy\" decoding=\"async\" class=\"size-full wp-image-2952 alignleft\" src=\"https:\/\/blogsaverroes.juntadeandalucia.es\/iessalvadorserrano\/files\/2017\/05\/criteval-e1510486355221.jpg\" alt=\"\" width=\"40\" height=\"23\"><\/a><a href=\"https:\/\/blogsaverroes.juntadeandalucia.es\/iessalvadorserrano\/files\/2023\/11\/FICHA-CRITERIOS-1\u00baGM-IEA-IEI-23-24.pdf\">Instalaciones El\u00e9ctricas de Interior<\/a><\/td>\n<\/tr>\n<tr>\n<td style=\"width: 198.754%\"><img loading=\"lazy\" decoding=\"async\" class=\"size-full wp-image-2952 alignleft\" src=\"https:\/\/blogsaverroes.juntadeandalucia.es\/iessalvadorserrano\/files\/2017\/05\/criteval-e1510486355221.jpg\" alt=\"\" width=\"40\" height=\"23\">Digitalizaci\u00f3n Aplicada a los Sectores Productivos<\/td>\n<\/tr>\n<tr>\n<td style=\"width: 198.754%\"><img loading=\"lazy\" decoding=\"async\" class=\"size-full wp-image-2952 alignleft\" src=\"https:\/\/blogsaverroes.juntadeandalucia.es\/iessalvadorserrano\/files\/2017\/05\/criteval-e1510486355221.jpg\" alt=\"\" width=\"40\" height=\"23\">Sostenibilidad Aplicada al Proceso Productivo<\/td>\n<\/tr>\n<tr style=\"height: 32px\">\n<td style=\"height: 96px;width: 13.7631%;background-color: #d8ecf2;vertical-align: middle\" rowspan=\"5\"><span style=\"color: #000080\"><strong>2\u00ba IEA<\/strong><\/span><\/td>\n<td style=\"height: 32px;width: 198.754%\"><a href=\"https:\/\/blogsaverroes.juntadeandalucia.es\/iessalvadorserrano\/files\/2023\/11\/FICHA-CRITERIOS-2\u00baGM-IEA-ICT-23-24.pdf\"><img loading=\"lazy\" decoding=\"async\" class=\"size-full wp-image-2952 alignleft\" src=\"https:\/\/blogsaverroes.juntadeandalucia.es\/iessalvadorserrano\/files\/2017\/05\/criteval-e1510486355221.jpg\" alt=\"\" width=\"40\" height=\"23\"><\/a><a href=\"https:\/\/blogsaverroes.juntadeandalucia.es\/iessalvadorserrano\/files\/2023\/11\/FICHA-CRITERIOS-2\u00baGM-IEA-ICT-23-24.pdf\">Infraestructuras Comunes de Telecomunicaciones en Viviendas y Edificios<\/a><\/td>\n<\/tr>\n<tr style=\"height: 14px\">\n<td style=\"height: 14px;width: 198.754%\"><a href=\"https:\/\/blogsaverroes.juntadeandalucia.es\/iessalvadorserrano\/files\/2023\/11\/FICHA-CRITERIOS-2\u00baGM-IEA-INSDO-23-24.pdf\"><img loading=\"lazy\" decoding=\"async\" class=\"size-full wp-image-2952 alignleft\" src=\"https:\/\/blogsaverroes.juntadeandalucia.es\/iessalvadorserrano\/files\/2017\/05\/criteval-e1510486355221.jpg\" alt=\"\" width=\"40\" height=\"23\"><\/a><a href=\"https:\/\/blogsaverroes.juntadeandalucia.es\/iessalvadorserrano\/files\/2023\/11\/FICHA-CRITERIOS-2\u00baGM-IEA-INSDO-23-24.pdf\">Instalaciones Dom\u00f3ticas<\/a><\/td>\n<\/tr>\n<tr style=\"height: 14px\">\n<td style=\"height: 14px;width: 198.754%\"><a href=\"https:\/\/blogsaverroes.juntadeandalucia.es\/iessalvadorserrano\/files\/2023\/11\/FICHA-CRITERIOS-2\u00baGM-IEA-INSOF-23-24.pdf\"><img loading=\"lazy\" decoding=\"async\" class=\"size-full wp-image-2952 alignleft\" src=\"https:\/\/blogsaverroes.juntadeandalucia.es\/iessalvadorserrano\/files\/2017\/05\/criteval-e1510486355221.jpg\" alt=\"\" width=\"40\" height=\"23\"><\/a><a href=\"https:\/\/blogsaverroes.juntadeandalucia.es\/iessalvadorserrano\/files\/2023\/11\/FICHA-CRITERIOS-2\u00baGM-IEA-INSOF-23-24.pdf\">Instalaciones Solares Fotovoltaicas<\/a><\/td>\n<\/tr>\n<tr style=\"height: 18px\">\n<td style=\"height: 18px;width: 198.754%\"><a href=\"https:\/\/blogsaverroes.juntadeandalucia.es\/iessalvadorserrano\/files\/2023\/11\/FICHA-CRITERIOS-2\u00baGM-IEA-ME-23-24.pdf\"><img loading=\"lazy\" decoding=\"async\" class=\"size-full wp-image-2952 alignleft\" src=\"https:\/\/blogsaverroes.juntadeandalucia.es\/iessalvadorserrano\/files\/2017\/05\/criteval-e1510486355221.jpg\" alt=\"\" width=\"40\" height=\"23\"><\/a><a href=\"https:\/\/blogsaverroes.juntadeandalucia.es\/iessalvadorserrano\/files\/2023\/11\/FICHA-CRITERIOS-2\u00baGM-IEA-ME-23-24.pdf\">M\u00e1quinas El\u00e9ctricas<\/a><\/td>\n<\/tr>\n<tr style=\"height: 18px\">\n<td style=\"height: 18px;width: 198.754%\"><a href=\"https:\/\/blogsaverroes.juntadeandalucia.es\/iessalvadorserrano\/files\/2023\/11\/FICHA-CRITERIOS-2\u00baGM-IEA-INSDI-23-24.pdf\"><img loading=\"lazy\" decoding=\"async\" class=\"size-full wp-image-2952 alignleft\" src=\"https:\/\/blogsaverroes.juntadeandalucia.es\/iessalvadorserrano\/files\/2017\/05\/criteval-e1510486355221.jpg\" alt=\"\" width=\"40\" height=\"23\"><\/a><a href=\"https:\/\/blogsaverroes.juntadeandalucia.es\/iessalvadorserrano\/files\/2023\/11\/FICHA-CRITERIOS-2\u00baGM-IEA-INSDI-23-24.pdf\">Instalaciones de Distribuci\u00f3n<\/a><\/td>\n<\/tr>\n<\/tbody>\n<\/table>\n<p>&nbsp;<\/p>\n","protected":false},"excerpt":{"rendered":"<p>&nbsp;&nbsp;&nbsp; Bienvenidos a la p\u00e1gina del Departamento de Electricidad y Electr\u00f3nica. &nbsp;&nbsp; En esta p\u00e1gina podr\u00e9is encontrar informaci\u00f3n detallada del Ciclo Formativo de Grado Superior&hellip;<\/p>\n","protected":false},"author":5046,"featured_media":2472,"parent":0,"menu_order":0,"comment_status":"closed","ping_status":"closed","template":"","meta":{"ngg_post_thumbnail":0,"footnotes":"","_mc_calendar":[]},"aioseo_notices":[],"_links":{"self":[{"href":"https:\/\/blogsaverroes.juntadeandalucia.es\/iessalvadorserrano\/wp-json\/wp\/v2\/pages\/2471"}],"collection":[{"href":"https:\/\/blogsaverroes.juntadeandalucia.es\/iessalvadorserrano\/wp-json\/wp\/v2\/pages"}],"about":[{"href":"https:\/\/blogsaverroes.juntadeandalucia.es\/iessalvadorserrano\/wp-json\/wp\/v2\/types\/page"}],"author":[{"embeddable":true,"href":"https:\/\/blogsaverroes.juntadeandalucia.es\/iessalvadorserrano\/wp-json\/wp\/v2\/users\/5046"}],"replies":[{"embeddable":true,"href":"https:\/\/blogsaverroes.juntadeandalucia.es\/iessalvadorserrano\/wp-json\/wp\/v2\/comments?post=2471"}],"version-history":[{"count":104,"href":"https:\/\/blogsaverroes.juntadeandalucia.es\/iessalvadorserrano\/wp-json\/wp\/v2\/pages\/2471\/revisions"}],"predecessor-version":[{"id":14470,"href":"https:\/\/blogsaverroes.juntadeandalucia.es\/iessalvadorserrano\/wp-json\/wp\/v2\/pages\/2471\/revisions\/14470"}],"wp:featuredmedia":[{"embeddable":true,"href":"https:\/\/blogsaverroes.juntadeandalucia.es\/iessalvadorserrano\/wp-json\/wp\/v2\/media\/2472"}],"wp:attachment":[{"href":"https:\/\/blogsaverroes.juntadeandalucia.es\/iessalvadorserrano\/wp-json\/wp\/v2\/media?parent=2471"}],"curies":[{"name":"wp","href":"https:\/\/api.w.org\/{rel}","templated":true}]}}