{"id":2602,"date":"2017-09-10T16:41:05","date_gmt":"2017-09-10T16:41:05","guid":{"rendered":"https:\/\/blogsaverroes.juntadeandalucia.es\/iessalvadorserrano\/?page_id=2602"},"modified":"2025-05-05T11:54:57","modified_gmt":"2025-05-05T11:54:57","slug":"actividades-extraescolares-2","status":"publish","type":"page","link":"https:\/\/blogsaverroes.juntadeandalucia.es\/iessalvadorserrano\/actividades-extraescolares-2\/","title":{"rendered":"Actividades Extraescolares"},"content":{"rendered":"<table style=\"width: 78.2504%;border-color: #0b0740;background-color: #ffffff\" border=\"2\" cellspacing=\"4\" cellpadding=\"2\">\n<tbody>\n<tr>\n<td style=\"border-color: #0b0740;width: 40.3114%;vertical-align: middle;background-color: #d8ecf2\"><strong>Jefatura de Departamento<\/strong><\/td>\n<td style=\"border-color: #0b0740;width: 145.678%;vertical-align: middle;background-color: #ffffff\">&nbsp; &nbsp; Guadalupe S\u00e1nchez Osuna&nbsp;<\/td>\n<\/tr>\n<\/tbody>\n<\/table>\n<table style=\"height: 342px;width: 78.3764%\" border=\"1\">\n<tbody>\n<tr style=\"height: 30px\">\n<td style=\"height: 30px;background-color: #4e609c;width: 100%\"><span style=\"color: white\"><strong>Programaciones<\/strong><\/span><\/td>\n<\/tr>\n<tr style=\"height: 22px\">\n<td style=\"height: 22px;width: 100%\"><a href=\"https:\/\/blogsaverroes.juntadeandalucia.es\/iessalvadorserrano\/files\/2022\/11\/AAEECC-COMPLEMENTARIAS-Y-EXTRAESCOLARES-DE-CENTRO.pdf\">P<img loading=\"lazy\" decoding=\"async\" class=\"size-full wp-image-2788 alignleft\" src=\"https:\/\/blogsaverroes.juntadeandalucia.es\/iessalvadorserrano\/files\/2015\/03\/PDFd-e1510255886258.jpg\" alt=\"\" width=\"45\" height=\"24\">ROGRAMACION DE ACTIVIDADES EXTRAESCOLARES CENTRO <\/a><\/td>\n<\/tr>\n<tr style=\"height: 22px\">\n<td style=\"height: 22px;width: 100%\"><a href=\"https:\/\/blogsaverroes.juntadeandalucia.es\/iessalvadorserrano\/files\/2022\/11\/RESUMEN-AAEECC.-PRIMER-TRIMESTRE.pdf\"><img loading=\"lazy\" decoding=\"async\" class=\"size-full wp-image-2788 alignleft\" src=\"https:\/\/blogsaverroes.juntadeandalucia.es\/iessalvadorserrano\/files\/2015\/03\/PDFd-e1510255886258.jpg\" alt=\"\" width=\"45\" height=\"24\"><\/a><a href=\"https:\/\/blogsaverroes.juntadeandalucia.es\/iessalvadorserrano\/files\/2022\/11\/RESUMEN-AAEECC.-PRIMER-TRIMESTRE.pdf\">RESUMEN DE ACTIVIDADES EXTRAESCOLARES PRIMER TRIMESTRE<\/a><\/td>\n<\/tr>\n<tr style=\"height: 22px\">\n<td style=\"height: 22px;width: 100%\"><a href=\"https:\/\/blogsaverroes.juntadeandalucia.es\/iessalvadorserrano\/files\/2022\/11\/AAEECC.AREA-SOCIO-LING\u00dcISTICA.pdf\">PROG. ACT. COMP Y EXTR. \u00c1rea Socio-Ling\u00fc\u00edstica<\/a><a href=\"https:\/\/blogsaverroes.juntadeandalucia.es\/iessalvadorserrano\/files\/2022\/11\/AAEECC.AREA-SOCIO-LING\u00dcISTICA.pdf\"><img loading=\"lazy\" decoding=\"async\" class=\"size-full wp-image-2788 alignleft\" src=\"https:\/\/blogsaverroes.juntadeandalucia.es\/iessalvadorserrano\/files\/2015\/03\/PDFd-e1510255886258.jpg\" alt=\"\" width=\"45\" height=\"24\"><\/a><\/td>\n<\/tr>\n<tr style=\"height: 22px\">\n<td style=\"height: 22px;width: 100%\"><a href=\"https:\/\/blogsaverroes.juntadeandalucia.es\/iessalvadorserrano\/files\/2022\/11\/AAEECC.AREA-CIENTIFICO-TECNOLOGICA.pdf\">PROG. ACT. EXTR. Y COMP \u00c1rea Cient\u00edfico Tecnol\u00f3gica<\/a><a href=\"https:\/\/blogsaverroes.juntadeandalucia.es\/iessalvadorserrano\/files\/2022\/11\/AAEECC.AREA-CIENTIFICO-TECNOLOGICA.pdf\"><img loading=\"lazy\" decoding=\"async\" class=\"size-full wp-image-2788 alignleft\" src=\"https:\/\/blogsaverroes.juntadeandalucia.es\/iessalvadorserrano\/files\/2015\/03\/PDFd-e1510255886258.jpg\" alt=\"\" width=\"45\" height=\"24\"><\/a><\/td>\n<\/tr>\n<tr style=\"height: 22px\">\n<td style=\"height: 22px;width: 100%\"><a href=\"https:\/\/blogsaverroes.juntadeandalucia.es\/iessalvadorserrano\/files\/2022\/11\/AAEECC.-AREA-ARTISTICA.pdf\">PLANIFICACI\u00d3N ACT. EXTRAESCOLARES Y COMP.&nbsp;<img loading=\"lazy\" decoding=\"async\" class=\"size-full wp-image-2788 alignleft\" src=\"https:\/\/blogsaverroes.juntadeandalucia.es\/iessalvadorserrano\/files\/2015\/03\/PDFd-e1510255886258.jpg\" alt=\"\" width=\"45\" height=\"24\">\u00c1rea Art\u00edstica<\/a><\/td>\n<\/tr>\n<tr style=\"height: 22px\">\n<td style=\"height: 22px;width: 100%\"><a href=\"https:\/\/blogsaverroes.juntadeandalucia.es\/iessalvadorserrano\/files\/2022\/11\/AAEECC.AREA-ORIENTACION.pdf\"><img loading=\"lazy\" decoding=\"async\" class=\"size-full wp-image-2788 alignleft\" src=\"https:\/\/blogsaverroes.juntadeandalucia.es\/iessalvadorserrano\/files\/2015\/03\/PDFd-e1510255886258.jpg\" alt=\"\" width=\"45\" height=\"24\"><\/a><a href=\"https:\/\/blogsaverroes.juntadeandalucia.es\/iessalvadorserrano\/files\/2022\/11\/AAEECC.AREA-ORIENTACION.pdf\">PLANIFICACI\u00d3N ACT. COMP. Y EXTRAESC. DPTO. Orientaci\u00f3n<\/a><\/td>\n<\/tr>\n<tr style=\"height: 22px\">\n<td style=\"height: 22px;width: 100%\"><a href=\"https:\/\/blogsaverroes.juntadeandalucia.es\/iessalvadorserrano\/files\/2022\/11\/AAEECC.AREA-RELIGION-CATOLICA.pdf\"><img loading=\"lazy\" decoding=\"async\" class=\"size-full wp-image-2788 alignleft\" src=\"https:\/\/blogsaverroes.juntadeandalucia.es\/iessalvadorserrano\/files\/2015\/03\/PDFd-e1510255886258.jpg\" alt=\"\" width=\"45\" height=\"24\"><\/a><a href=\"https:\/\/blogsaverroes.juntadeandalucia.es\/iessalvadorserrano\/files\/2022\/11\/AAEECC.AREA-RELIGION-CATOLICA.pdf\">ACT. EXTRAESCOLARES Y COMP. Religi\u00f3n Cristiana y Moral Cat\u00f3lica<\/a><\/td>\n<\/tr>\n<tr style=\"height: 22px\">\n<td style=\"height: 22px;width: 100%\"><a href=\"https:\/\/blogsaverroes.juntadeandalucia.es\/iessalvadorserrano\/files\/2022\/11\/AAEECC.-AREA-CICLOS-FORMATIVOS.pdf\"><img loading=\"lazy\" decoding=\"async\" class=\"size-full wp-image-2788 alignleft\" src=\"https:\/\/blogsaverroes.juntadeandalucia.es\/iessalvadorserrano\/files\/2015\/03\/PDFd-e1510255886258.jpg\" alt=\"\" width=\"45\" height=\"24\"><\/a><a href=\"https:\/\/blogsaverroes.juntadeandalucia.es\/iessalvadorserrano\/files\/2022\/11\/AAEECC.-AREA-CICLOS-FORMATIVOS.pdf\">ACT. EXTRAESCOLARES CICLOS FORMATIVOS (Adm y Elect)<\/a><\/td>\n<\/tr>\n<tr style=\"height: 40px\">\n<td style=\"width: 100%;height: 40px\"><a href=\"https:\/\/blogsaverroes.juntadeandalucia.es\/iessalvadorserrano\/files\/2022\/11\/AACC-PLAN-DE-BIBLIOTECAS.pdf\"><img loading=\"lazy\" decoding=\"async\" class=\"size-full wp-image-2788 alignleft\" src=\"https:\/\/blogsaverroes.juntadeandalucia.es\/iessalvadorserrano\/files\/2015\/03\/PDFd-e1510255886258.jpg\" alt=\"\" width=\"45\" height=\"24\"><\/a><a href=\"https:\/\/blogsaverroes.juntadeandalucia.es\/iessalvadorserrano\/files\/2022\/11\/AACC-PLAN-DE-BIBLIOTECAS.pdf\">ACT COMPLEMENTARIAS PLAN DE BIBLIOTECAS<\/a><\/td>\n<\/tr>\n<tr style=\"height: 48px\">\n<td style=\"width: 100%;height: 48px\"><a href=\"https:\/\/blogsaverroes.juntadeandalucia.es\/iessalvadorserrano\/files\/2022\/11\/AAEECC.-PROYECTO-COEDUCACI\u00d3N.pdf\"><img loading=\"lazy\" decoding=\"async\" class=\"size-full wp-image-2788 alignleft\" src=\"https:\/\/blogsaverroes.juntadeandalucia.es\/iessalvadorserrano\/files\/2015\/03\/PDFd-e1510255886258.jpg\" alt=\"\" width=\"45\" height=\"24\"><\/a><a href=\"https:\/\/blogsaverroes.juntadeandalucia.es\/iessalvadorserrano\/files\/2022\/11\/AAEECC.-PROYECTO-COEDUCACI\u00d3N.pdf\">ACT. EXTRAESCOLARES Y COMPLEMENTARIAS PROYECTO DE COEDUCACI\u00d3N<\/a><\/td>\n<\/tr>\n<tr style=\"height: 48px\">\n<td style=\"width: 100%;height: 48px\"><a href=\"https:\/\/blogsaverroes.juntadeandalucia.es\/iessalvadorserrano\/files\/2022\/11\/AAEECC-ESCUELA-ESPACIO-DE-PAZ.pdf\"><img loading=\"lazy\" decoding=\"async\" class=\"size-full wp-image-2788 alignleft\" src=\"https:\/\/blogsaverroes.juntadeandalucia.es\/iessalvadorserrano\/files\/2015\/03\/PDFd-e1510255886258.jpg\" alt=\"\" width=\"45\" height=\"24\"><\/a><a href=\"https:\/\/blogsaverroes.juntadeandalucia.es\/iessalvadorserrano\/files\/2022\/11\/AAEECC-ESCUELA-ESPACIO-DE-PAZ.pdf\">ACT, EXTRAESCOLARES Y COMPLEMENTARIAS ESCUELA ESPACIO DE PAZ<\/a><\/td>\n<\/tr>\n<\/tbody>\n<\/table>\n<p>&nbsp;<\/p>\n","protected":false},"excerpt":{"rendered":"<p>Jefatura de Departamento &nbsp; &nbsp; Guadalupe S\u00e1nchez Osuna&nbsp; Programaciones PROGRAMACION DE ACTIVIDADES EXTRAESCOLARES CENTRO RESUMEN DE ACTIVIDADES EXTRAESCOLARES PRIMER TRIMESTRE PROG. ACT. COMP Y EXTR.&hellip;<\/p>\n","protected":false},"author":5046,"featured_media":0,"parent":0,"menu_order":0,"comment_status":"closed","ping_status":"closed","template":"","meta":{"ngg_post_thumbnail":0,"footnotes":"","_mc_calendar":[]},"aioseo_notices":[],"_links":{"self":[{"href":"https:\/\/blogsaverroes.juntadeandalucia.es\/iessalvadorserrano\/wp-json\/wp\/v2\/pages\/2602"}],"collection":[{"href":"https:\/\/blogsaverroes.juntadeandalucia.es\/iessalvadorserrano\/wp-json\/wp\/v2\/pages"}],"about":[{"href":"https:\/\/blogsaverroes.juntadeandalucia.es\/iessalvadorserrano\/wp-json\/wp\/v2\/types\/page"}],"author":[{"embeddable":true,"href":"https:\/\/blogsaverroes.juntadeandalucia.es\/iessalvadorserrano\/wp-json\/wp\/v2\/users\/5046"}],"replies":[{"embeddable":true,"href":"https:\/\/blogsaverroes.juntadeandalucia.es\/iessalvadorserrano\/wp-json\/wp\/v2\/comments?post=2602"}],"version-history":[{"count":20,"href":"https:\/\/blogsaverroes.juntadeandalucia.es\/iessalvadorserrano\/wp-json\/wp\/v2\/pages\/2602\/revisions"}],"predecessor-version":[{"id":13618,"href":"https:\/\/blogsaverroes.juntadeandalucia.es\/iessalvadorserrano\/wp-json\/wp\/v2\/pages\/2602\/revisions\/13618"}],"wp:attachment":[{"href":"https:\/\/blogsaverroes.juntadeandalucia.es\/iessalvadorserrano\/wp-json\/wp\/v2\/media?parent=2602"}],"curies":[{"name":"wp","href":"https:\/\/api.w.org\/{rel}","templated":true}]}}