{"id":35,"date":"2015-03-13T08:21:43","date_gmt":"2015-03-13T08:21:43","guid":{"rendered":"http:\/\/blogsaverroes.juntadeandalucia.es\/pre\/ceip\/?page_id=35"},"modified":"2025-05-05T12:04:39","modified_gmt":"2025-05-05T12:04:39","slug":"el-centro-2","status":"publish","type":"page","link":"https:\/\/blogsaverroes.juntadeandalucia.es\/iessalvadorserrano\/el-centro-2\/","title":{"rendered":"Datos del centro"},"content":{"rendered":"<p>El IES Salvador Serrano (Alcaudete) tiene dos edificios. A continuaci\u00f3n aparecen los datos de contacto.<\/p>\n<h3><strong>Edificio Pr\u00edncipe Felipe<a href=\"https:\/\/blogsaverroes.juntadeandalucia.es\/iessalvadorserrano\/files\/2015\/03\/principe-felipe.jpg\"><img loading=\"lazy\" decoding=\"async\" class=\"size-full wp-image-2475 alignright\" src=\"https:\/\/blogsaverroes.juntadeandalucia.es\/iessalvadorserrano\/files\/2015\/03\/principe-felipe.jpg\" alt=\"\" width=\"275\" height=\"206\" srcset=\"https:\/\/blogsaverroes.juntadeandalucia.es\/iessalvadorserrano\/files\/2015\/03\/principe-felipe.jpg 275w, https:\/\/blogsaverroes.juntadeandalucia.es\/iessalvadorserrano\/files\/2015\/03\/principe-felipe-24x18.jpg 24w, https:\/\/blogsaverroes.juntadeandalucia.es\/iessalvadorserrano\/files\/2015\/03\/principe-felipe-36x27.jpg 36w, https:\/\/blogsaverroes.juntadeandalucia.es\/iessalvadorserrano\/files\/2015\/03\/principe-felipe-48x36.jpg 48w\" sizes=\"(max-width: 275px) 100vw, 275px\" \/><\/a><\/strong><\/h3>\n<blockquote><p><strong>Direcci\u00f3n:<\/strong>&nbsp;Parque de la Fuensanta, 2<\/p>\n<p>23660 Alcaudete (Ja\u00e9n)<\/p>\n<p><strong>Tel\u00e9fono: 953366963 \/ 968 <\/strong><\/p>\n<p><strong>Fax: 953366969<\/strong><\/p>\n<p><strong>Email:<\/strong> 23000246.edu@juntadeandalucia.es<\/p><\/blockquote>\n<table style=\"width: 74%\" border=\"1\" width=\"74%\" cellspacing=\"0\" cellpadding=\"0\" align=\"center\">\n<tbody>\n<tr>\n<td class=\"rec_inf\" style=\"width: 27.633%;background-color: #83cbd6\" width=\"125\">\n<h4 align=\"center\"><strong>Dependencia<\/strong><\/h4>\n<\/td>\n<td class=\"rec_inf\" style=\"width: 15.2803%;background-color: #83cbd6\" width=\"82\">\n<h4 align=\"center\"><strong>Tel\u00e9fono<\/strong><\/h4>\n<\/td>\n<td class=\"rec_inf\" style=\"width: 14.3127%;background-color: #83cbd6\" width=\"200\">\n<h4 align=\"center\"><strong>Corporativo<\/strong><\/h4>\n<\/td>\n<td class=\"rec_inf\" style=\"width: 42.2862%;background-color: #83cbd6\" width=\"287\">\n<h4 align=\"center\"><strong>E-mail<\/strong><\/h4>\n<\/td>\n<\/tr>\n<tr class=\"recuadro\">\n<td class=\"rec_inf\" style=\"width: 27.633%\">\n<div align=\"left\"><strong>Conserjer\u00eda<\/strong><\/div>\n<\/td>\n<td class=\"rec_inf\" style=\"width: 15.2803%;text-align: center\">\n<div align=\"center\">953366963<\/div>\n<\/td>\n<td class=\"rec_inf\" style=\"width: 14.3127%;text-align: center\">\n<div align=\"center\">280963<\/div>\n<\/td>\n<td class=\"rec_inf\" style=\"width: 42.2862%\">&nbsp;<\/td>\n<\/tr>\n<tr>\n<td style=\"width: 27.633%\"><strong>Administraci\u00f3n de Secretar\u00eda<\/strong><\/td>\n<td style=\"width: 15.2803%;text-align: center\">\n<p style=\"text-align: center\">671537714<\/p>\n<\/td>\n<td style=\"width: 14.3127%;text-align: center\">\n<p style=\"text-align: center\">637714<\/p>\n<\/td>\n<td style=\"width: 42.2862%\">&nbsp;<\/td>\n<\/tr>\n<tr class=\"recuadro\">\n<td class=\"rec_inf\" style=\"width: 27.633%\">\n<div align=\"left\"><strong>Secretar\u00eda<\/strong><\/div>\n<\/td>\n<td style=\"width: 15.2803%;text-align: center\">671537715<\/td>\n<td style=\"width: 14.3127%;text-align: center\">750300<\/td>\n<td class=\"rec_inf\" style=\"width: 42.2862%\">\n<div align=\"center\">iessalvadorserrano.secretaria@gmail.com<\/div>\n<\/td>\n<\/tr>\n<tr class=\"recuadro\">\n<td class=\"rec_inf\" style=\"width: 27.633%\">\n<div align=\"left\"><strong>Direcci\u00f3n<\/strong><\/div>\n<\/td>\n<td style=\"width: 15.2803%;text-align: center\">697950300<\/td>\n<td style=\"width: 14.3127%;text-align: center\">637713<\/td>\n<td class=\"rec_inf\" style=\"width: 42.2862%\">\n<div align=\"center\">23000246.edu@juntadeandalucia.es<\/div>\n<div align=\"center\">iessalvadorserrano.direccion@gmail.com<\/div>\n<\/td>\n<\/tr>\n<tr class=\"recuadro\">\n<td class=\"rec_inf\" style=\"width: 27.633%\">\n<div align=\"left\"><strong>Jefatura de estudios<\/strong><\/div>\n<\/td>\n<td style=\"width: 15.2803%;text-align: center\">671537716<\/p>\n<p>697950304<\/td>\n<td style=\"width: 14.3127%;text-align: center\">637716<\/p>\n<p>750304<\/td>\n<td class=\"rec_inf\" style=\"width: 42.2862%\">\n<div align=\"center\">iessalvadorserrano.j.estudios@gmail.com<\/div>\n<\/td>\n<\/tr>\n<tr class=\"recuadro\">\n<td class=\"rec_inf\" style=\"width: 27.633%\">\n<div align=\"left\"><strong>Vicedirecci\u00f3n<\/strong><\/div>\n<\/td>\n<td style=\"width: 15.2803%;text-align: center\">697950307<\/td>\n<td style=\"width: 14.3127%;text-align: center\">750307<\/td>\n<td class=\"rec_inf\" style=\"width: 42.2862%\">\n<div align=\"center\">iessalvadorserrano.vicedirec@gmail.com<\/div>\n<\/td>\n<\/tr>\n<tr class=\"recuadro\">\n<td class=\"rec_inf\" style=\"width: 27.633%\">\n<div align=\"left\"><strong>Fax<\/strong><\/div>\n<\/td>\n<td class=\"rec_inf\" style=\"width: 15.2803%;text-align: center\">\n<div align=\"center\">953366969<\/div>\n<\/td>\n<td class=\"rec_inf\" style=\"width: 14.3127%;text-align: center\">\n<div align=\"center\">280969<\/div>\n<\/td>\n<td class=\"rec_inf\" style=\"width: 42.2862%\">&nbsp;<\/td>\n<\/tr>\n<tr>\n<td style=\"width: 27.633%\"><b>Sala de Profesorado<\/b><\/td>\n<td style=\"width: 15.2803%;text-align: center\">671537717<\/td>\n<td style=\"width: 14.3127%;text-align: center\">637717<\/td>\n<td style=\"width: 42.2862%\">\n<div align=\"center\">&nbsp;<\/div>\n<\/td>\n<\/tr>\n<\/tbody>\n<\/table>\n<h3>&nbsp;<\/h3>\n<p><a href=\"https:\/\/blogsaverroes.juntadeandalucia.es\/iessalvadorserrano\/files\/2015\/03\/salustiano-torres.jpg\"><img loading=\"lazy\" decoding=\"async\" class=\"size-full wp-image-2476 alignright\" src=\"https:\/\/blogsaverroes.juntadeandalucia.es\/iessalvadorserrano\/files\/2015\/03\/salustiano-torres.jpg\" alt=\"\" width=\"275\" height=\"207\" srcset=\"https:\/\/blogsaverroes.juntadeandalucia.es\/iessalvadorserrano\/files\/2015\/03\/salustiano-torres.jpg 275w, https:\/\/blogsaverroes.juntadeandalucia.es\/iessalvadorserrano\/files\/2015\/03\/salustiano-torres-24x18.jpg 24w, https:\/\/blogsaverroes.juntadeandalucia.es\/iessalvadorserrano\/files\/2015\/03\/salustiano-torres-36x27.jpg 36w, https:\/\/blogsaverroes.juntadeandalucia.es\/iessalvadorserrano\/files\/2015\/03\/salustiano-torres-48x36.jpg 48w\" sizes=\"(max-width: 275px) 100vw, 275px\" \/><\/a><\/p>\n<h3><strong>Edificio&nbsp;Salustiano Torres<\/strong><\/h3>\n<blockquote><p><strong>Direcci\u00f3n<\/strong>: Carretera de Cordoba,2<\/p>\n<p>23660 Alcaudete (Ja\u00e9n)<\/p>\n<p><strong>Tel\u00e9fono:<\/strong> 953561192<\/p>\n<p><strong>Fax:<\/strong> 953 365 525<\/p><\/blockquote>\n<table style=\"width: 32.8358%\" border=\"1\" width=\"375\" cellspacing=\"0\" cellpadding=\"0\" align=\"center\">\n<tbody>\n<tr>\n<td class=\"rec_inf\" style=\"width: 52.7615%;background-color: #83cbd6\" width=\"125\">\n<h4 align=\"center\"><strong>Dependencia<\/strong><\/h4>\n<\/td>\n<td class=\"rec_inf\" style=\"width: 22.71%;background-color: #83cbd6\" width=\"82\">\n<h4 align=\"center\"><strong>Tel\u00e9fono<\/strong><\/h4>\n<\/td>\n<td class=\"rec_inf\" style=\"width: 53.3495%;background-color: #83cbd6\" width=\"200\">\n<h4 align=\"center\"><strong>Corporativo<\/strong><\/h4>\n<\/td>\n<\/tr>\n<tr class=\"recuadro\">\n<td class=\"rec_inf\" style=\"width: 52.7615%\">\n<div align=\"left\"><strong>Conserjer\u00eda<\/strong><\/div>\n<\/td>\n<td style=\"width: 22.71%;text-align: center\">953365524<\/td>\n<td style=\"width: 53.3495%;text-align: center\">232524<\/td>\n<\/tr>\n<tr class=\"recuadro\">\n<td class=\"rec_inf\" style=\"width: 52.7615%\">\n<div align=\"left\"><strong>Jefatura de estudios<\/strong><\/div>\n<\/td>\n<td style=\"width: 22.71%;text-align: center\">953365526<\/p>\n<p>697950304<\/td>\n<td style=\"width: 53.3495%;text-align: center\">232526<\/p>\n<p>750304<\/td>\n<\/tr>\n<tr class=\"recuadro\">\n<td class=\"rec_inf\" style=\"width: 52.7615%\">\n<div align=\"left\"><strong>Fax<\/strong><\/div>\n<\/td>\n<td style=\"width: 22.71%;text-align: center\">953365525<\/td>\n<td style=\"width: 53.3495%;text-align: center\">232525<\/td>\n<\/tr>\n<\/tbody>\n<\/table>\n<p>&nbsp;<\/p>\n","protected":false},"excerpt":{"rendered":"<p>El IES Salvador Serrano (Alcaudete) tiene dos edificios. A continuaci\u00f3n aparecen los datos de contacto. Edificio Pr\u00edncipe Felipe Direcci\u00f3n:&nbsp;Parque de la Fuensanta, 2 23660 Alcaudete&hellip;<\/p>\n","protected":false},"author":1,"featured_media":2538,"parent":0,"menu_order":0,"comment_status":"closed","ping_status":"open","template":"","meta":{"ngg_post_thumbnail":0,"footnotes":"","_mc_calendar":[]},"aioseo_notices":[],"_links":{"self":[{"href":"https:\/\/blogsaverroes.juntadeandalucia.es\/iessalvadorserrano\/wp-json\/wp\/v2\/pages\/35"}],"collection":[{"href":"https:\/\/blogsaverroes.juntadeandalucia.es\/iessalvadorserrano\/wp-json\/wp\/v2\/pages"}],"about":[{"href":"https:\/\/blogsaverroes.juntadeandalucia.es\/iessalvadorserrano\/wp-json\/wp\/v2\/types\/page"}],"author":[{"embeddable":true,"href":"https:\/\/blogsaverroes.juntadeandalucia.es\/iessalvadorserrano\/wp-json\/wp\/v2\/users\/1"}],"replies":[{"embeddable":true,"href":"https:\/\/blogsaverroes.juntadeandalucia.es\/iessalvadorserrano\/wp-json\/wp\/v2\/comments?post=35"}],"version-history":[{"count":29,"href":"https:\/\/blogsaverroes.juntadeandalucia.es\/iessalvadorserrano\/wp-json\/wp\/v2\/pages\/35\/revisions"}],"predecessor-version":[{"id":13624,"href":"https:\/\/blogsaverroes.juntadeandalucia.es\/iessalvadorserrano\/wp-json\/wp\/v2\/pages\/35\/revisions\/13624"}],"wp:featuredmedia":[{"embeddable":true,"href":"https:\/\/blogsaverroes.juntadeandalucia.es\/iessalvadorserrano\/wp-json\/wp\/v2\/media\/2538"}],"wp:attachment":[{"href":"https:\/\/blogsaverroes.juntadeandalucia.es\/iessalvadorserrano\/wp-json\/wp\/v2\/media?parent=35"}],"curies":[{"name":"wp","href":"https:\/\/api.w.org\/{rel}","templated":true}]}}