{"id":4576,"date":"2019-03-17T22:16:46","date_gmt":"2019-03-17T22:16:46","guid":{"rendered":"https:\/\/blogsaverroes.juntadeandalucia.es\/iessalvadorserrano\/?page_id=4576"},"modified":"2026-01-30T09:51:26","modified_gmt":"2026-01-30T09:51:26","slug":"educacion-para-personas-adultas","status":"publish","type":"page","link":"https:\/\/blogsaverroes.juntadeandalucia.es\/iessalvadorserrano\/educacion-para-personas-adultas\/","title":{"rendered":"Educaci\u00f3n Secundaria para Personas Adultas"},"content":{"rendered":"<h4 style=\"text-align: center\"><span style=\"color: #008000\"><strong>Acceso a la plataforma de Educaci\u00f3n Semipresencial<img loading=\"lazy\" decoding=\"async\" class=\"size-full wp-image-4575 aligncenter\" src=\"https:\/\/blogsaverroes.juntadeandalucia.es\/iessalvadorserrano\/files\/2019\/03\/plataformasemip.png\" alt=\"\" width=\"270\" height=\"63\" srcset=\"https:\/\/blogsaverroes.juntadeandalucia.es\/iessalvadorserrano\/files\/2019\/03\/plataformasemip.png 270w, https:\/\/blogsaverroes.juntadeandalucia.es\/iessalvadorserrano\/files\/2019\/03\/plataformasemip-24x6.png 24w, https:\/\/blogsaverroes.juntadeandalucia.es\/iessalvadorserrano\/files\/2019\/03\/plataformasemip-36x8.png 36w, https:\/\/blogsaverroes.juntadeandalucia.es\/iessalvadorserrano\/files\/2019\/03\/plataformasemip-48x11.png 48w\" sizes=\"(max-width: 270px) 100vw, 270px\" \/><\/strong><\/span><\/h4>\n<h1>&nbsp;<\/h1>\n<div class=\"osc-res-tab tabbable   osc-tabs-left\"><div style=\"clear:both;width: 100%;\"><ul class=\"nav osc-res-nav nav-tabs osc-tabs-left-ul\" id=\"oscitas-restabs-1-educacion-para-personas-adultas-26412\"><li class=\"\"><a href=\"#ert_pane1-0\" data-toggle=\"tab\"><strong>Programaciones<\/strong><\/a><\/li><li class=\"active\"><a href=\"#ert_pane1-1\" data-toggle=\"tab\"><strong>Novedades<\/strong><\/a><\/li><li class=\"\"><a href=\"#ert_pane1-2\" data-toggle=\"tab\"><strong>Informaci\u00f3n General<\/strong><\/a><\/li><li class=\"\"><a href=\"#ert_pane1-3\" data-toggle=\"tab\"><b>Plataforma Blackboard Collaborate<\/b><\/a><\/li><\/ul><\/div><div style=\"clear:both;width: 100%;\"><ul class=\"tab-content\" id=\"oscitas-restabcontent-1-educacion-para-personas-adultas-26412\"><li class=\"tab-pane \" id=\"ert_pane1-0\"><p style=\"text-align: center\"><a href=\"https:\/\/www.juntadeandalucia.es\/educacion\/portals\/web\/educacion-permanente\/eso\/normativa\/ensenanzas\">Enlace a la normativa&nbsp;(Curr\u00edculo de la Ense\u00f1anza Secundaria para Personas Adultas)<\/a><\/p>\n<table style=\"height: 450px;width: 89.7875%\" border=\"1\">\n<tbody>\n<tr style=\"height: 44px\">\n<td style=\"width: 25.974%;height: 44px;background-color: #052a7a;text-align: center\"><span style=\"color: #ffffff\"><strong>\u00c1mbitos o materias<\/strong><\/span><\/td>\n<td style=\"width: 24.8609%;height: 44px;background-color: #052a7a;text-align: center\"><span style=\"color: #ffffff\"><strong>Niveles<\/strong><\/span><\/td>\n<td style=\"width: 23.3766%;height: 44px;background-color: #052a7a;text-align: center\"><span style=\"color: #ffffff\"><strong>M\u00f3dulos trimestrales<\/strong><\/span><\/td>\n<td style=\"width: 31.3544%;height: 44px;background-color: #052a7a;text-align: center\"><span style=\"color: #ffffff\"><strong>Horas Sem.<\/strong><\/span><\/td>\n<\/tr>\n<tr style=\"height: 22px\">\n<td style=\"width: 25.974%;height: 156px;background-color: #d4f8fc;text-align: center\" rowspan=\"6\"><strong>\u00c1mbito Cient\u00edfico Tecnol\u00f3gico<\/strong><\/td>\n<td style=\"width: 24.8609%;height: 92px;text-align: center\" rowspan=\"3\">Nivel I<\/td>\n<td style=\"width: 23.3766%;height: 30px;text-align: center\">M\u00f3dulo I<\/td>\n<td style=\"width: 31.3544%;height: 156px;text-align: center\" rowspan=\"6\"><strong>3 presenciales<\/strong><strong>+<\/strong><strong>5 telem\u00e1ticas<\/strong><\/td>\n<\/tr>\n<tr style=\"height: 22px\">\n<td style=\"width: 23.3766%;height: 29px;text-align: center\">M\u00f3dulo II<\/td>\n<\/tr>\n<tr style=\"height: 22px\">\n<td style=\"width: 23.3766%;height: 33px;text-align: center\">M\u00f3dulo III<\/td>\n<\/tr>\n<tr style=\"height: 22px\">\n<td style=\"width: 24.8609%;height: 64px;text-align: center\" rowspan=\"3\">Nivel II<\/td>\n<td style=\"width: 23.3766%;height: 23px;text-align: center\">M\u00f3dulo IV<\/td>\n<\/tr>\n<tr style=\"height: 19px\">\n<td style=\"width: 23.3766%;height: 19px;text-align: center\">M\u00f3dulo V<\/td>\n<\/tr>\n<tr style=\"height: 22px\">\n<td style=\"width: 23.3766%;height: 22px;text-align: center\">M\u00f3dulo VI<\/td>\n<\/tr>\n<tr style=\"height: 22px\">\n<td style=\"width: 25.974%;height: 131px;background-color: #d4f8fc;text-align: center\" rowspan=\"6\"><strong>\u00c1mbito &nbsp;de Comunicaci\u00f3n<\/strong><\/td>\n<td style=\"width: 24.8609%;height: 66px;text-align: center\" rowspan=\"3\">Nivel I<\/td>\n<td style=\"width: 23.3766%;height: 22px;text-align: center\">M\u00f3dulo I<\/td>\n<td style=\"width: 31.3544%;height: 131px;text-align: center\" rowspan=\"6\"><strong>3 presenciales<\/strong><strong>+<\/strong><strong>4 telem\u00e1ticas<\/strong><\/td>\n<\/tr>\n<tr style=\"height: 22px\">\n<td style=\"width: 23.3766%;height: 22px;text-align: center\">M\u00f3dulo II<\/td>\n<\/tr>\n<tr style=\"height: 22px\">\n<td style=\"width: 23.3766%;height: 22px;text-align: center\">M\u00f3dulo III<\/td>\n<\/tr>\n<tr style=\"height: 22px\">\n<td style=\"width: 24.8609%;height: 65px;text-align: center\" rowspan=\"3\">Nivel II<\/td>\n<td style=\"width: 23.3766%;height: 21px;text-align: center\">M\u00f3dulo IV<\/td>\n<\/tr>\n<tr style=\"height: 22px\">\n<td style=\"width: 23.3766%;height: 22px;text-align: center\">M\u00f3dulo V<\/td>\n<\/tr>\n<tr style=\"height: 22px\">\n<td style=\"width: 23.3766%;height: 22px;text-align: center\">M\u00f3dulo VI<\/td>\n<\/tr>\n<tr style=\"height: 22px\">\n<td style=\"width: 25.974%;height: 119px;background-color: #d4f8fc;text-align: center\" rowspan=\"6\"><strong>\u00c1mbito Social<\/strong><\/td>\n<td style=\"width: 24.8609%;height: 54px;text-align: center\" rowspan=\"3\">Nivel I<\/td>\n<td style=\"width: 23.3766%;height: 22px;text-align: center\">M\u00f3dulo I<\/td>\n<td style=\"width: 31.3544%;height: 119px;text-align: center\" rowspan=\"6\"><strong>2 presenciales<\/strong><strong>+<\/strong><strong>3 telem\u00e1ticas<\/strong><\/td>\n<\/tr>\n<tr style=\"height: 22px\">\n<td style=\"width: 23.3766%;height: 22px;text-align: center\">M\u00f3dulo II<\/td>\n<\/tr>\n<tr style=\"height: 22px\">\n<td style=\"width: 23.3766%;height: 10px;text-align: center\">M\u00f3dulo III<\/td>\n<\/tr>\n<tr style=\"height: 29px\">\n<td style=\"width: 24.8609%;height: 65px;text-align: center\" rowspan=\"3\">Nivel II<\/td>\n<td style=\"width: 23.3766%;height: 29px;text-align: center\">M\u00f3dulo IV<\/td>\n<\/tr>\n<tr style=\"height: 22px\">\n<td style=\"width: 23.3766%;height: 26px;text-align: center\">M\u00f3dulo V<\/td>\n<\/tr>\n<tr style=\"height: 22px\">\n<td style=\"width: 23.3766%;height: 10px;text-align: center\">M\u00f3dulo VI<\/td>\n<\/tr>\n<\/tbody>\n<\/table>\n<p>&nbsp;<\/p>\n<table style=\"height: 158px;width: 100%;border-collapse: collapse\" border=\"1\">\n<tbody>\n<tr style=\"height: 37px\">\n<td style=\"width: 100%;background-color: #052a7a;height: 37px;text-align: center\"><strong><span style=\"color: #ffffff\">Programaciones<br \/>\n<\/span><\/strong><\/td>\n<\/tr>\n<tr style=\"height: 34px\">\n<td style=\"width: 100%;background-color: #ffffff;height: 34px;text-align: center\"><a href=\"https:\/\/blogsaverroes.juntadeandalucia.es\/iessalvadorserrano\/espa-2\/\">Programaciones did\u00e1cticas de los distintos \u00e1mbitos<\/a><\/td>\n<\/tr>\n<tr style=\"height: 37px\">\n<td style=\"width: 100%;height: 37px;background-color: #052a7a;text-align: center\"><strong><span style=\"color: #ffffff\">Criterios de evaluaci\u00f3n<\/span><\/strong><\/td>\n<\/tr>\n<tr style=\"height: 34px\">\n<td style=\"width: 100%;height: 50px;text-align: center\"><a href=\"https:\/\/blogsaverroes.juntadeandalucia.es\/iessalvadorserrano\/espa-2\/\">&nbsp;Criterios e Instrumentos de Evaluaci\u00f3n en la ESPA<\/a><\/td>\n<\/tr>\n<\/tbody>\n<\/table><\/li><li class=\"tab-pane active\" id=\"ert_pane1-1\"><h1><a href=\"http:\/\/www.juntadeandalucia.es\/educacion\/portals\/web\/educacion-permanente\/inicio\"><img loading=\"lazy\" decoding=\"async\" class=\"wp-image-4574 aligncenter\" src=\"https:\/\/blogsaverroes.juntadeandalucia.es\/iessalvadorserrano\/files\/2019\/03\/logoadultos.png\" alt=\"\" width=\"288\" height=\"62\" align=\"middle\" srcset=\"https:\/\/blogsaverroes.juntadeandalucia.es\/iessalvadorserrano\/files\/2019\/03\/logoadultos.png 460w, https:\/\/blogsaverroes.juntadeandalucia.es\/iessalvadorserrano\/files\/2019\/03\/logoadultos-300x65.png 300w, https:\/\/blogsaverroes.juntadeandalucia.es\/iessalvadorserrano\/files\/2019\/03\/logoadultos-24x5.png 24w, https:\/\/blogsaverroes.juntadeandalucia.es\/iessalvadorserrano\/files\/2019\/03\/logoadultos-36x8.png 36w, https:\/\/blogsaverroes.juntadeandalucia.es\/iessalvadorserrano\/files\/2019\/03\/logoadultos-48x10.png 48w\" sizes=\"(max-width: 288px) 100vw, 288px\" \/><\/a><\/h1>\n<h1><span style=\"color: #008000\"><strong><a href=\"http:\/\/www.juntadeandalucia.es\/educacion\/portals\/web\/educacion-permanente\/inicio\">NOVEDADES:<\/a>&nbsp; &nbsp;<\/strong><\/span><\/h1>\n<table style=\"width: 101.362%\" border=\"1\">\n<tbody>\n<tr>\n<td style=\"width: 25.9787%;background-color: #a5edf2\">\n<p class=\"fecha fecha_novedad\"><strong><span class=\"fecha-dia\">29 de enero de 2026<\/span><\/strong><\/p>\n<\/td>\n<td style=\"width: 89.5184%\">\n<p style=\"text-align: center\"><a href=\"https:\/\/www.juntadeandalucia.es\/educacion\/portales\/web\/educacion-permanente\/w\/resolucion-de-23-de-enero-2026-por-la-que-se-convocan-para-el-ano-2026-las-pruebas-para-la-obtencion-del-titulo-de-graduado-en-educacion-secundaria-obligatoria-para-personas-mayores-de-dieciocho-anos?redirect=%2Feducacion%2Fportales%2Fweb%2Feducacion-permanente\">Se publica la Resoluci\u00f3n de 23 de enero 2026, de la Direcci\u00f3n General de Formaci\u00f3n Profesional y Educaci\u00f3n Permanente, por la que <strong>se convocan para el a\u00f1o 2026 las pruebas para la obtenci\u00f3n del t\u00edtulo de Graduado en Educaci\u00f3n Secundaria Obligatoria para personas mayores de dieciocho a\u00f1os<\/strong>, se establecen determinados aspectos de su organizaci\u00f3n y se determina el proceso espec\u00edfico de obtenci\u00f3n de clave iANDE dirigido a las personas interesadas en la inscripci\u00f3n de las pruebas extraordinarias de obtenci\u00f3n de t\u00edtulo<\/a><\/p>\n<\/td>\n<\/tr>\n<tr>\n<td style=\"width: 25.9787%;background-color: #a5edf2\">\n<p class=\"fecha fecha_novedad\"><strong> <span class=\"fecha-dia\">23<\/span> de <span class=\"fecha-mes\">enero<\/span> de <span class=\"fecha-anyo\">2025<\/span> <\/strong><\/p>\n<\/td>\n<td style=\"width: 89.5184%\">\n<p style=\"text-align: center\"><a title=\"Se publica la Resoluci\u00f3n de 17 de enero de 2025 por la que se convocan las pruebas para la obtenci\u00f3n del t\u00edtulo de ESO para personas mayores de 18 a\u00f1os\" href=\"https:\/\/www.juntadeandalucia.es\/educacion\/portales\/web\/educacion\/w\/resolucion-de-17-de-enero-de-2025-por-la-que-se-convocan-las-pruebas-para-la-obtencion-del-titulo-de-eso-para-personas-mayores-de-18-anos\" target=\"_blank\" rel=\"noopener\">Se publica la Resoluci\u00f3n de 17 de enero de 2025 por la que se convocan las pruebas para la obtenci\u00f3n del t\u00edtulo de ESO para personas mayores de 18 a\u00f1os <\/a><\/p>\n<\/td>\n<\/tr>\n<tr>\n<td style=\"width: 25.9787%;background-color: #a5edf2\">\n<div class=\"wrapper_fecha\">\n<p class=\"fecha fecha_novedad\"><strong> <span class=\"fecha-dia\">13<\/span> de <span class=\"fecha-mes\">diciembre<\/span> de <span class=\"fecha-anyo\">2024<\/span> <\/strong><\/p>\n<\/div>\n<\/td>\n<td style=\"width: 89.5184%\">\n<p style=\"text-align: center\"><a title=\"Instrucciones de 12 de diciembre de 2024 por la que se regulan las pruebas para la obtenci\u00f3n del t\u00edtulo de Graduado en Educaci\u00f3n Secundaria Obligatoria para personas mayores de 18 a\u00f1os en la Comunidad Aut\u00f3noma de Andaluc\u00eda\" href=\"https:\/\/www.juntadeandalucia.es\/educacion\/portales\/web\/inspeccion-educativa\/w\/instrucciones-de-12-de-diciembre-de-2024-por-la-que-se-regulan-las-pruebas-para-la-obtencion-del-titulo-de-graduado-en-educacion-secundaria-obligatoria-para-personas-mayores-de-18-anos-en-la-comunidad-autonoma-de-andalucia?redirect=%2Feducacion%2Fportales%2Fweb%2Finspeccion-educativa\" target=\"_blank\" rel=\"noopener\">Instrucciones de 12 de diciembre de 2024 por la que se regulan las pruebas para la obtenci\u00f3n del t\u00edtulo de Graduado en Educaci\u00f3n Secundaria Obligatoria para personas mayores de 18 a\u00f1os en la Comunidad Aut\u00f3noma de Andaluc\u00eda <\/a><\/p>\n<\/td>\n<\/tr>\n<tr>\n<td style=\"width: 25.9787%;background-color: #a5edf2\"><strong>8 abril 2024<br \/>\n<\/strong><\/td>\n<td style=\"width: 89.5184%\">\n<p style=\"text-align: center\"><a title=\"Abierto el plazo de inscripci\u00f3n en las pruebas para la obtenci\u00f3n del t\u00edtulo de Graduado en ESO para personas mayores de 18 a\u00f1os. Convocatoria de junio\" href=\"https:\/\/www.juntadeandalucia.es\/educacion\/secretariavirtual\/accesoTramite\/209\/\" target=\"_blank\" rel=\"noopener noreferrer\">Abierto el plazo de inscripci\u00f3n en las pruebas para la obtenci\u00f3n del t\u00edtulo de Graduado en ESO para personas mayores de 18 a\u00f1os. Convocatoria de junio.<\/a><\/p>\n<p style=\"text-align: center\">Del 8 al 26 de abril<\/p>\n<\/td>\n<\/tr>\n<tr>\n<td style=\"width: 25.9787%;background-color: #a5edf2\"><strong>19 enero 2024<br \/>\n<\/strong><\/td>\n<td style=\"width: 89.5184%\">\n<p class=\"titulo\" style=\"text-align: center\"><a title=\"Publicada la Resoluci\u00f3n de 11 de enero de 2024 por la que se convocan para el a\u00f1o 2024 las pruebas para la obtenci\u00f3n del t\u00edtulo de Graduado en ESO para personas mayores de 18 a\u00f1os y se establecen determinados aspectos de su organizaci\u00f3n\" href=\"https:\/\/www.juntadeandalucia.es\/educacion\/portals\/web\/educacion-permanente\/pruebas-obtencion-graduado-eso\/normativa\/-\/normativas\/detalle\/resolucion-de-11-de-enero-de-2024-de-direccion-general-de-ordenacion-inclusion-participacion-y-evaluacion-educativa-por-1m536cvfb8cor\" target=\"_blank\" rel=\"noopener noreferrer\">Publicada la Resoluci\u00f3n de 11 de enero de 2024 por la que se convocan para el a\u00f1o 2024 las pruebas para la obtenci\u00f3n del t\u00edtulo de Graduado en ESO para personas mayores de 18 a\u00f1os y se establecen determinados aspectos de su organizaci\u00f3n <\/a><\/p>\n<\/td>\n<\/tr>\n<tr>\n<td style=\"width: 25.9787%;background-color: #a5edf2\"><strong>1 septiembre 2023<br \/>\n<\/strong><\/td>\n<td style=\"width: 89.5184%\">\n<p class=\"titulo\" style=\"text-align: center\"><a title=\"Abierto el plazo extraordinario para formalizar matr\u00edcula en ESO para el alumnado que haya participado en el procedimiento de admisi\u00f3n. Modalidades presencial, semipresencial y a distancia.\" href=\"https:\/\/www.juntadeandalucia.es\/educacion\/portals\/web\/educacion-permanente\/eso\/matricula\" target=\"_blank\" rel=\"noopener noreferrer\">Abierto el plazo extraordinario para formalizar matr\u00edcula en ESO para el alumnado que haya participado en el procedimiento de admisi\u00f3n. Modalidades presencial, semipresencial y a distancia. <\/a><\/p>\n<p style=\"text-align: center\">Curso 2023\/24<\/p>\n<\/td>\n<\/tr>\n<tr>\n<td style=\"width: 25.9787%;background-color: #a5edf2\"><strong>9 junio 2023<br \/>\n<\/strong><\/td>\n<td style=\"width: 89.5184%\">\n<p class=\"titulo\" style=\"text-align: center\"><a title=\"Publicada la relaci\u00f3n definitiva de personas admitidas con asignaci\u00f3n a comisiones evaluadoras en las Pruebas para la obtenci\u00f3n del t\u00edtulo de Graduado en ESO para personas mayores de 18 a\u00f1os\" href=\"https:\/\/www.juntadeandalucia.es\/educacion\/secretariavirtual\/accesoConsultas\/1489\/\" target=\"_blank\" rel=\"noopener noreferrer\"> Publicada la relaci\u00f3n definitiva de personas admitidas con asignaci\u00f3n a comisiones evaluadoras en las Pruebas para la obtenci\u00f3n del t\u00edtulo de Graduado en ESO para personas mayores de 18 a\u00f1os <\/a><\/p>\n<p class=\"resumen\" style=\"text-align: center\">Convocatoria de junio 2023.<\/p>\n<\/td>\n<\/tr>\n<tr>\n<td style=\"width: 25.9787%;background-color: #a5edf2\"><strong>1 junio 2023<br \/>\n<\/strong><\/td>\n<td style=\"width: 89.5184%\">\n<div class=\"entry-content cf\">\n<p class=\"titulo\"><a title=\"Abierto el plazo para solicitar admisi\u00f3n en ESO para personas adultas. Modalidad presencial, semipresencial y distancia.\" href=\"https:\/\/www.juntadeandalucia.es\/educacion\/portals\/web\/educacion-permanente\/eso\/tramitacion\" target=\"_blank\" rel=\"noopener noreferrer\"> Abierto el plazo para solicitar admisi\u00f3n en ESO para personas adultas. Modalidad presencial, semipresencial y distancia. <\/a><\/p>\n<div class=\"resumen\">Del 1 al 15 de junio. Curso 2023\/24<\/div>\n<\/div>\n<\/td>\n<\/tr>\n<tr>\n<td style=\"width: 25.9787%;background-color: #a5edf2\"><strong>30 mayo 2023<br \/>\n<\/strong><\/td>\n<td style=\"width: 89.5184%\">\n<div class=\"entry-content cf\">\n<p><a title=\"Publicado el listado provisional de solicitudes admitidas y excluidas en las Pruebas para la obtenci\u00f3n del t\u00edtulo de Graduado en ESO para personas mayores de 18 a\u00f1os\" href=\"https:\/\/www.juntadeandalucia.es\/educacion\/secretariavirtual\/accesoConsultas\/1488\/\" target=\"_blank\" rel=\"noopener noreferrer\">Publicado el listado provisional de solicitudes admitidas y excluidas en las Pruebas para la obtenci\u00f3n del t\u00edtulo de Graduado en ESO para personas mayores de 18 a\u00f1os <\/a><\/p>\n<p>Convocatoria de Junio de 2023<\/p>\n<\/div>\n<\/td>\n<\/tr>\n<tr>\n<td style=\"width: 25.9787%;background-color: #a5edf2\"><strong>4 mayo 2023<br \/>\n<\/strong><\/td>\n<td style=\"width: 89.5184%\"><a title=\"Acceso a la consulta de las calificaciones definitivas correspondientes a las Pruebas para la obtenci\u00f3n del t\u00edtulo de Graduado en ESO para personas mayores de 18 a\u00f1os (convocatoria de abril)\" href=\"https:\/\/www.juntadeandalucia.es\/educacion\/secretariavirtual\/accesoConsultas\/1416\/\" target=\"_blank\" rel=\"noopener noreferrer\">Acceso a la consulta de las calificaciones definitivas correspondientes a las Pruebas para la obtenci\u00f3n del t\u00edtulo de Graduado en ESO para personas mayores de 18 a\u00f1os (convocatoria de abril de 2023) <\/a><\/td>\n<\/tr>\n<tr>\n<td style=\"width: 25.9787%;background-color: #a5edf2\"><strong>17 abril 2023<br \/>\n<\/strong><\/td>\n<td style=\"width: 89.5184%\"><a title=\"Abierto el plazo de inscripci\u00f3n en las pruebas para la obtenci\u00f3n del t\u00edtulo de Graduado en ESO para personas mayores de 18 a\u00f1os. Convocatoria de junio\" href=\"https:\/\/www.juntadeandalucia.es\/educacion\/secretariavirtual\/accesoTramite\/209\/\" target=\"_blank\" rel=\"noopener noreferrer\">Abierto el plazo de inscripci\u00f3n en las pruebas para la obtenci\u00f3n del t\u00edtulo de Graduado en ESO para personas mayores de 18 a\u00f1os. Convocatoria de junio <\/a><\/p>\n<p>Del 17 de abril al 8 de mayo<\/td>\n<\/tr>\n<tr>\n<td style=\"width: 25.9787%;background-color: #a5edf2\"><strong>1 febrero 2023<br \/>\n<\/strong><\/td>\n<td style=\"width: 89.5184%\">El plazo para la solicitud de inscripci\u00f3n en la prueba para la la obtenci\u00f3n del t\u00edtulo de Graduado en la ESO para mayores de 18 a\u00f1os correspondiente a la<strong> convocatoria de abril<\/strong> es <strong>del 1 al 15 de febrero de 2023<\/strong>, ambos incluidos.<\/p>\n<p>&nbsp;&nbsp;&nbsp; Es obligatoria la presentaci\u00f3n de solicitudes en plazo y forma. La inscripci\u00f3n a la prueba se realizar\u00e1 preferentemente v\u00eda telem\u00e1tica (Secretar\u00eda virtual).<\/p>\n<p><a href=\"https:\/\/blogsaverroes.juntadeandalucia.es\/iessalvadorserrano\/files\/2023\/01\/PruebaslibresESPA2023INFORMACI\u00d3N.pdf\">DESCARGA TODA LA INFORMACI\u00d3N AQU\u00cd<\/a><\/td>\n<\/tr>\n<tr>\n<td style=\"width: 25.9787%;background-color: #a5edf2\"><strong>1 julio 2022<\/strong><\/td>\n<td style=\"width: 89.5184%\">\n<p class=\"titulo\"><a title=\"Abierto el plazo para formalizar la matr\u00edcula en ESO personas adultas. Modalidad presencial, semipresencial y a distancia.\" href=\"https:\/\/www.juntadeandalucia.es\/educacion\/portals\/web\/educacion-permanente\/eso\/tramitacion\" target=\"_blank\" rel=\"noopener noreferrer\"> Abierto el plazo para formalizar la matr\u00edcula en ESO personas adultas. Modalidad presencial, semipresencial y a distancia. <\/a><\/p>\n<div class=\"resumen\">Del 1 al 11 de julio. Curso 2022\/23<\/div>\n<\/td>\n<\/tr>\n<tr>\n<td style=\"width: 25.9787%;background-color: #a5edf2\"><strong>1 julio 2022<br \/>\n<\/strong><\/td>\n<td style=\"width: 89.5184%\">\n<p class=\"titulo\"><a title=\"Publicadas las calificaciones definitivas correspondientes a las Pruebas para la obtenci\u00f3n del t\u00edtulo de Graduado en ESO para personas mayores de 18 a\u00f1os.\" href=\"https:\/\/www.juntadeandalucia.es\/educacion\/secretariavirtual\/accesoConsultas\/1380\/\" target=\"_blank\" rel=\"noopener noreferrer\"> Publicadas las calificaciones definitivas correspondientes a las Pruebas para la obtenci\u00f3n del t\u00edtulo de Graduado en ESO para personas mayores de 18 a\u00f1os. <\/a><\/p>\n<div class=\"resumen\">Convocatoria de junio 2022<\/div>\n<\/td>\n<\/tr>\n<tr>\n<td style=\"width: 25.9787%;background-color: #a5edf2\"><strong>27 abril 2022<\/strong><\/td>\n<td style=\"width: 89.5184%\">\n<p class=\"titulo\"><a title=\"Calificaciones provisionales de las pruebas para la obtenci\u00f3n del t\u00edtulo de Graduado en ESO para mayores de 18 a\u00f1os.\" href=\"https:\/\/www.juntadeandalucia.es\/educacion\/secretariavirtual\/accesoConsultas\/1215\/\" target=\"_blank\" rel=\"noopener noreferrer\"> Calificaciones provisionales de las pruebas para la obtenci\u00f3n del t\u00edtulo de Graduado en ESO para mayores de 18 a\u00f1os. <\/a><\/p>\n<\/td>\n<\/tr>\n<tr>\n<td style=\"width: 25.9787%;background-color: #a5edf2\"><strong>25 abril 2022<\/strong><\/td>\n<td style=\"width: 89.5184%\">\n<p class=\"titulo\"><a title=\"Publicados los enunciados y soluciones de las Pruebas para la obtenci\u00f3n del t\u00edtulo de Graduado en ESO para personas mayores de 18 a\u00f1os\" href=\"https:\/\/www.juntadeandalucia.es\/educacion\/portals\/web\/educacion-permanente\/pruebas-obtencion-graduado-eso\/modelos\/-\/documentos\/BfLGT93N9AXt\/carpeta\/convocatorias-1g4mq65ei2zmn\" target=\"_blank\" rel=\"noopener noreferrer\"> Publicados los enunciados y soluciones de las Pruebas para la obtenci\u00f3n del t\u00edtulo de Graduado en ESO para personas mayores de 18 a\u00f1os <\/a><\/p>\n<\/td>\n<\/tr>\n<tr>\n<td style=\"width: 25.9787%;background-color: #a5edf2\"><strong>25 abril 2022<br \/>\n<\/strong><\/td>\n<td style=\"width: 89.5184%\">\n<p class=\"titulo\"><a title=\"Abierto el plazo de inscripci\u00f3n en las pruebas para la obtenci\u00f3n del t\u00edtulo de Graduado en ESO para personas mayores de 18 a\u00f1os. Convocatoria de junio\" href=\"https:\/\/www.juntadeandalucia.es\/educacion\/secretariavirtual\/accesoTramite\/209\/\" target=\"_blank\" rel=\"noopener noreferrer\">Abierto el plazo de inscripci\u00f3n en las pruebas para la obtenci\u00f3n del t\u00edtulo de Graduado en ESO para personas mayores de 18 a\u00f1os. Convocatoria de junio <\/a><\/p>\n<p>Del 25 de abril al 16 de mayo<\/td>\n<\/tr>\n<tr>\n<td style=\"width: 25.9787%;background-color: #a5edf2\"><strong>6 abril 2022<br \/>\n<\/strong><\/td>\n<td style=\"width: 89.5184%\">\n<p class=\"titulo\"><a title=\"Publicada la relaci\u00f3n definitiva de personas admitidas con asignaci\u00f3n a comisiones evaluadoras en las Pruebas para la obtenci\u00f3n del t\u00edtulo de Graduado en ESO para personas mayores de 18 a\u00f1os\" href=\"https:\/\/www.juntadeandalucia.es\/educacion\/secretariavirtual\/accesoConsultas\/1214\/\" target=\"_blank\" rel=\"noopener noreferrer\">Publicada la relaci\u00f3n definitiva de personas admitidas con asignaci\u00f3n a comisiones evaluadoras en las Pruebas para la obtenci\u00f3n del t\u00edtulo de Graduado en ESO para personas mayores de 18 a\u00f1os <\/a><\/p>\n<\/td>\n<\/tr>\n<tr>\n<td style=\"width: 25.9787%;background-color: #a5edf2\"><strong>21 enero 2022<br \/>\n<\/strong><\/td>\n<td style=\"width: 89.5184%\">\n<p class=\"titulo\"><a title=\"Publicada la Resoluci\u00f3n de 14 de enero de 2022 por la que se convocan para el a\u00f1o 2022 las pruebas para la obtenci\u00f3n del t\u00edtulo de Graduado en ESO para personas mayores de 18 a\u00f1os y se establecen determinados aspectos de su organizaci\u00f3n\" href=\"https:\/\/www.juntadeandalucia.es\/educacion\/portals\/web\/educacion-permanente\/pruebas-obtencion-graduado-eso\/normativa\/-\/normativas\/detalle\/resolucion-de-14-de-enero-de-2022-de-la-direccion-general-de-ordenacion-y-evaluacion-educativa-por-la-que-se-convocan\" target=\"_blank\" rel=\"noopener noreferrer\">Publicada la Resoluci\u00f3n de 14 de enero de 2022 por la que se convocan para el a\u00f1o 2022 las pruebas para la obtenci\u00f3n del t\u00edtulo de Graduado en ESO para personas mayores de 18 a\u00f1os y se establecen determinados aspectos de su organizaci\u00f3n <\/a><\/p>\n<\/td>\n<\/tr>\n<tr>\n<td style=\"width: 25.9787%;background-color: #a5edf2\"><strong>25 mayo 2021<br \/>\n<\/strong><\/td>\n<td style=\"width: 89.5184%\">\n<p class=\"titulo\"><a title=\"Publicado el listado provisional de solicitudes admitidas y excluidas en las Pruebas para la obtenci\u00f3n del t\u00edtulo de Graduado en ESO para personas mayores de 18 a\u00f1os\" href=\"http:\/\/www.juntadeandalucia.es\/educacion\/portals\/web\/educacion-permanente\/pruebas-obtencion-graduado-eso\/comprueba-tu-solicitud\" target=\"_blank\" rel=\"noopener noreferrer\">Publicado el listado provisional de solicitudes admitidas y excluidas en las Pruebas para la obtenci\u00f3n del t\u00edtulo de Graduado en ESO para personas mayores de 18 a\u00f1os <\/a><\/p>\n<p>Convocatoria de junio de 2021<\/td>\n<\/tr>\n<tr>\n<td style=\"width: 25.9787%;background-color: #a5edf2\"><strong>4 mayo 2021<br \/>\n<\/strong><\/td>\n<td style=\"width: 89.5184%\">\n<p class=\"titulo\"><a title=\"Publicadas las calificaciones definitivas correspondientes a las Pruebas para la obtenci\u00f3n del t\u00edtulo de Graduado en ESO para personas mayores de 18 a\u00f1os.\" href=\"http:\/\/www.juntadeandalucia.es\/educacion\/portals\/web\/educacion-permanente\/pruebas-obtencion-graduado-eso\/certificados\" target=\"_blank\" rel=\"noopener noreferrer\"> Publicadas las calificaciones definitivas correspondientes a las Pruebas para la obtenci\u00f3n del t\u00edtulo de Graduado en ESO para personas mayores de 18 a\u00f1os. <\/a><\/p>\n<div class=\"resumen\">Convocatoria de abril 2021<\/div>\n<\/td>\n<\/tr>\n<tr>\n<td style=\"width: 25.9787%;background-color: #a5edf2\"><strong>19 abril 2021<br \/>\n<\/strong><\/td>\n<td style=\"width: 89.5184%\">\n<p class=\"titulo\"><a title=\"Abierto el plazo de inscripci\u00f3n en las pruebas para la obtenci\u00f3n del t\u00edtulo de Graduado en ESO para personas mayores de 18 a\u00f1os. Convocatoria de junio 2021\" href=\"http:\/\/www.juntadeandalucia.es\/educacion\/portals\/web\/educacion-permanente\/pruebas-obtencion-graduado-eso\/tramitacion\" target=\"_blank\" rel=\"noopener noreferrer\"> Abierto el plazo de inscripci\u00f3n en las pruebas para la obtenci\u00f3n del t\u00edtulo de Graduado en ESO para personas mayores de 18 a\u00f1os. Convocatoria de junio 2021 <\/a><\/p>\n<div class=\"resumen\">Del 19 de abril al 10 de mayo<\/div>\n<\/td>\n<\/tr>\n<tr>\n<td style=\"width: 25.9787%;background-color: #a5edf2\"><strong>8 abril 2021<br \/>\n<\/strong><\/td>\n<td style=\"width: 89.5184%\">\n<p class=\"titulo\"><a title=\"Publicada la relaci\u00f3n definitiva de personas admitidas con asignaci\u00f3n a comisiones evaluadoras en las Pruebas para la obtenci\u00f3n del t\u00edtulo de Graduado en ESO para personas mayores de 18 a\u00f1os\" href=\"https:\/\/www.juntadeandalucia.es\/educacion\/secretariavirtual\/accesoConsultas\/1048\/\" target=\"_blank\" rel=\"noopener noreferrer\">Publicada la relaci\u00f3n definitiva de personas admitidas con asignaci\u00f3n a comisiones evaluadoras en las Pruebas para la obtenci\u00f3n del t\u00edtulo de Graduado en ESO para personas mayores de 18 a\u00f1os <\/a><\/p>\n<p>Convocatoria de abril de 2021<\/td>\n<\/tr>\n<tr>\n<td style=\"width: 25.9787%;background-color: #a5edf2\"><strong>23 marzo 2021<br \/>\n<\/strong><\/td>\n<td style=\"width: 89.5184%\">\n<p class=\"titulo\"><a title=\"Publicada la relaci\u00f3n definitiva de personas inscritas en las Pruebas para la obtenci\u00f3n del t\u00edtulo de Graduado en ESO para personas mayores de 18 a\u00f1os\" href=\"http:\/\/www.juntadeandalucia.es\/educacion\/portals\/web\/educacion-permanente\/pruebas-obtencion-graduado-eso\/comprueba-tu-solicitud\" target=\"_blank\" rel=\"noopener noreferrer\"> Publicada la relaci\u00f3n definitiva de personas inscritas en las Pruebas para la obtenci\u00f3n del t\u00edtulo de Graduado en ESO para personas mayores de 18 a\u00f1os <\/a><\/p>\n<p>Convocatoria de abril de 2021<\/td>\n<\/tr>\n<tr>\n<td style=\"width: 25.9787%;background-color: #a5edf2\"><strong>9 marzo 2021<br \/>\n<\/strong><\/td>\n<td style=\"width: 89.5184%\">\n<p class=\"entry-title\"><a href=\"https:\/\/www.juntadeandalucia.es\/educacion\/portals\/web\/educacion-permanente\/pruebas-obtencion-graduado-eso\/comprueba-tu-solicitud\">Publicado el listado provisional de solicitudes admitidas y excluidas en las Pruebas para la obtenci\u00f3n del t\u00edtulo de Graduado en ESO para personas mayores de 18 a\u00f1os<\/a><\/p>\n<p><a title=\"Plazo de reclamaci\u00f3n sobre la solicitud de inscripci\u00f3n a las Pruebas para la obtenci\u00f3n del t\u00edtulo de Graduado en ESO para mayores de 18 a\u00f1os\" href=\"https:\/\/www.juntadeandalucia.es\/educacion\/portals\/web\/educacion-permanente\/pruebas-obtencion-graduado-eso\/comprueba-tu-solicitud\" target=\"_blank\" rel=\"noopener noreferrer\">Plazo de reclamaci\u00f3n sobre la solicitud de inscripci\u00f3n a las Pruebas para la obtenci\u00f3n del t\u00edtulo de Graduado en ESO para mayores de 18 a\u00f1os <\/a><\/td>\n<\/tr>\n<tr>\n<td style=\"width: 25.9787%;background-color: #a5edf2\"><strong>28 enero 2021<br \/>\n<\/strong><\/td>\n<td style=\"width: 89.5184%\">\n<p style=\"text-align: center\"><a title=\"Publicada la Resoluci\u00f3n de 21 de enero de 2021 por la que se convocan para el a\u00f1o 2021 las pruebas para la obtenci\u00f3n del t\u00edtulo de Graduado en ESO para personas mayores de 18 a\u00f1os y se establecen determinados aspectos de su organizaci\u00f3n\" href=\"https:\/\/www.juntadeandalucia.es\/educacion\/portals\/delegate\/content\/e2b81e8a-08d2-4e0d-8f63-aecd2d3b211e\/Resoluci%C3%B3n%20de%2021%20de%20enero%20de%202021\" target=\"_blank\" rel=\"noopener noreferrer\">Publicada la Resoluci\u00f3n de 21 de enero de 2021 por la que se convocan para el a\u00f1o 2021 las pruebas para la obtenci\u00f3n del t\u00edtulo de Graduado en ESO para personas mayores de 18 a\u00f1os y se establecen determinados aspectos de su organizaci\u00f3n <\/a><\/p>\n<p>Convocatoria de abril y junio de 2021<\/td>\n<\/tr>\n<tr style=\"height: 82.2px\">\n<td style=\"width: 25.9787%;background-color: #a5edf2;height: 82.2px\"><strong>10 junio 2020<\/strong><\/td>\n<td style=\"width: 89.5184%;height: 82.2px\">\n<p style=\"text-align: center\"><a title=\"Publicada la relaci\u00f3n definitiva de personas admitidas con asignaci\u00f3n a tribunales en las Pruebas para la obtenci\u00f3n del t\u00edtulo de Graduado en ESO para personas mayores de 18 a\u00f1os\" href=\"http:\/\/www.juntadeandalucia.es\/educacion\/portals\/web\/educacion-permanente\/pruebas-obtencion-graduado-eso\/comprueba-tu-solicitud\" target=\"_blank\" rel=\"noopener noreferrer\">Publicada la relaci\u00f3n definitiva de personas admitidas con asignaci\u00f3n a tribunales en las Pruebas para la obtenci\u00f3n del t\u00edtulo de Graduado en ESO para personas mayores de 18 a\u00f1os<\/a><\/p>\n<p style=\"text-align: center\"><a href=\"https:\/\/www.juntadeandalucia.es\/educacion\/secretariavirtual\/accesoConsultas\/861\/\">Enlace a la consulta personalizada<\/a><\/p>\n<p><a href=\"https:\/\/www.juntadeandalucia.es\/educacion\/secretariavirtual\/accesoConsultas\/862\/\">Enlace a la consulta personalizada (con asignaci\u00f3n a comisi\u00f3n evaluadora)<\/a><\/td>\n<\/tr>\n<tr style=\"height: 82.2px\">\n<td style=\"width: 25.9787%;background-color: #a5edf2;height: 82.2px\"><strong>2 junio 2020<\/strong><\/td>\n<td style=\"width: 89.5184%;height: 82.2px\">\n<p class=\"wrapper_fecha\" style=\"text-align: center\"><a title=\"Publicada la relaci\u00f3n definitiva de personas inscritas en las Pruebas para la obtenci\u00f3n del t\u00edtulo de Graduado en ESO para personas mayores de 18 a\u00f1os\" href=\"http:\/\/www.juntadeandalucia.es\/educacion\/portals\/web\/educacion-permanente\/pruebas-obtencion-graduado-eso\/comprueba-tu-solicitud\" target=\"_blank\" rel=\"noopener noreferrer\">Publicada la relaci\u00f3n definitiva de personas inscritas en las Pruebas para la obtenci\u00f3n del t\u00edtulo de Graduado en ESO para personas mayores de 18 a\u00f1os<\/a><\/p>\n<\/td>\n<\/tr>\n<tr style=\"height: 82.2px\">\n<td style=\"width: 25.9787%;background-color: #a5edf2;height: 82.2px\"><strong>15 mayo 2020<\/strong><\/td>\n<td style=\"width: 89.5184%;height: 82.2px\">\n<p class=\"wrapper_fecha\" style=\"text-align: center\"><a href=\"https:\/\/blogsaverroes.juntadeandalucia.es\/iessalvadorserrano\/files\/2020\/05\/Pruebas-Adultos.jpeg\">CALENDARIO DE ACTUACIONES DEL PROCEDIMIENTO DE INSCRIPCI\u00d3N EN LAS PRUEBAS PARA LA OBTENCI\u00d3N DEL T\u00cdTULO DE GRADUADO EN EDUCACI\u00d3N SECUNDARIA OBLIGATORIA PARA PERSONAS MAYORES DE DIECIOCHO, CONVOCATORIA DE 2020<\/a><\/p>\n<\/td>\n<\/tr>\n<tr style=\"height: 82.2px\">\n<td style=\"width: 25.9787%;background-color: #a5edf2;height: 82.2px\"><strong>14 abril 2020<\/strong><\/p>\n<p style=\"text-align: center\"><strong><span style=\"color: #ff0000\">Novedad sobre las pruebas, por el estado de alarma&nbsp;<\/span><\/strong><\/p>\n<\/td>\n<td style=\"width: 89.5184%;height: 82.2px\">\n<p class=\"wrapper_fecha\" style=\"text-align: center\"><a title=\"Comunicado sobre procedimientos y fechas de realizaci\u00f3n de las pruebas de obtenci\u00f3n del t\u00edtulo de Graduado en Educaci\u00f3n Secundaria Obligatoria para mayores de 18 a\u00f1os y de las pruebas para la obtenci\u00f3n del t\u00edtulo de Bachiller para mayores de 20 a\u00f1os\" href=\"http:\/\/www.juntadeandalucia.es\/educacion\/portals\/web\/educacion-permanente\/novedades\/-\/contenidos\/detalle\/comunicado-sobre-procedimientos-y-fechas-de-realizacion-de-las-pruebas-para-la-obtencion-del-titulo-de-eso-para-mayores\" target=\"_blank\" rel=\"noopener noreferrer\" data-saferedirecturl=\"https:\/\/www.google.com\/url?q=http:\/\/www.juntadeandalucia.es\/educacion\/portals\/web\/educacion-permanente\/novedades\/-\/contenidos\/detalle\/comunicado-sobre-procedimientos-y-fechas-de-realizacion-de-las-pruebas-para-la-obtencion-del-titulo-de-eso-para-mayores&amp;source=gmail&amp;ust=1587144861985000&amp;usg=AFQjCNHj3vlu1Th2ipcVovpEpVtqL_9IHw\">Comunicado sobre procedimientos y fechas de realizaci\u00f3n de las pruebas de obtenci\u00f3n del t\u00edtulo de Graduado en Educaci\u00f3n Secundaria Obligatoria para mayores de 18 a\u00f1os y de las pruebas para la obtenci\u00f3n del t\u00edtulo de Bachiller para mayores de 20 a\u00f1os<\/a><\/p>\n<\/td>\n<\/tr>\n<tr style=\"height: 82.2px\">\n<td style=\"width: 25.9787%;background-color: #a5edf2;height: 82.2px\"><strong>9 marzo 2020<\/strong><\/td>\n<td style=\"width: 89.5184%;height: 82.2px\">\n<p class=\"wrapper_fecha\" style=\"text-align: center\"><a title=\"Publicado el listado PROVISIONAL de solicitudes admitidas y excluidas en las Pruebas para la obtenci\u00f3n del t\u00edtulo de Graduado en la ESO para personas mayores de 18 a\u00f1os\" href=\"http:\/\/www.juntadeandalucia.es\/educacion\/portals\/web\/educacion-permanente\/pruebas-obtencion-graduado-eso\/comprueba-tu-solicitud\" target=\"_blank\" rel=\"noopener noreferrer\">Publicado el listado PROVISIONAL de solicitudes admitidas y excluidas en las Pruebas para la obtenci\u00f3n del t\u00edtulo de Graduado en la ESO para personas mayores de 18 a\u00f1os<\/a><\/p>\n<p style=\"text-align: center\">(plazo de reclamaci\u00f3n de 3 d\u00edas)<\/p>\n<\/td>\n<\/tr>\n<tr style=\"height: 82.2px\">\n<td style=\"width: 25.9787%;background-color: #a5edf2;height: 82.2px\"><strong>29 enero 2020<\/strong><\/td>\n<td style=\"width: 89.5184%;height: 82.2px\">\n<p class=\"wrapper_fecha\" style=\"text-align: center\"><a href=\"https:\/\/www.juntadeandalucia.es\/boja\/2020\/19\/BOJA20-019-00007-1053-01_00168566.pdf\">Resoluci\u00f3n de 23 de enero de 2020, de la Direcci\u00f3n General de Ordenaci\u00f3n y Evaluaci\u00f3n Educativa, por la que se convocan para el a\u00f1o 2020 <strong>las pruebas para la obtenci\u00f3n del t\u00edtulo de Graduado en Educaci\u00f3n Secundaria Obligatoria<\/strong> para personas mayores de dieciocho a\u00f1os y se establecen determinados aspectos de su organizaci\u00f3n, en virtud de lo establecido en la Orden de 16 de septiembre de 2019 que las regula.<\/a><\/p>\n<\/td>\n<\/tr>\n<tr style=\"height: 82.2px\">\n<td style=\"width: 25.9787%;background-color: #a5edf2;height: 82.2px\"><strong>15 octubre 2019<\/strong><\/td>\n<td style=\"width: 89.5184%;height: 82.2px\">\n<p class=\"wrapper_fecha\" style=\"text-align: center\"><a id=\"yui_patched_v3_11_0_1_1572466503932_817\" title=\"Publicada la Orden de 16 de septiembre 2019, por la que se regulan las pruebas para la obtenci\u00f3n del t\u00edtulo de Graduado en Educaci\u00f3n Secundaria Obligatoria en la Comunidad Aut\u00f3noma de Andaluc\u00eda para personas mayores de dieciocho a\u00f1os\" href=\"http:\/\/www.juntadeandalucia.es\/educacion\/portals\/web\/educacion-permanente\/pruebas-obtencion-graduado-eso\/normativa\/-\/normativas\/detalle\/orden-de-16-de-septiembre-de-2019-por-la-que-se-regulan-las-pruebas-para-la-obtencion-del-titulo-de-graduado-en\" target=\"_blank\" rel=\"noopener noreferrer\">Publicada la Orden de 16 de septiembre 2019, por la que se regulan las pruebas para la obtenci\u00f3n del t\u00edtulo de Graduado en Educaci\u00f3n Secundaria Obligatoria en la Comunidad Aut\u00f3noma de Andaluc\u00eda para personas mayores de dieciocho a\u00f1os<\/a><\/p>\n<\/td>\n<\/tr>\n<tr style=\"height: 82.2px\">\n<td style=\"width: 25.9787%;background-color: #a5edf2;height: 82.2px\"><strong>1 junio 2019<\/strong><\/td>\n<td style=\"width: 89.5184%;height: 82.2px\">\n<p class=\"wrapper_fecha\" style=\"text-align: center\">Abierto el plazo de Admisi\u00f3n ESO en las modalidades presencial y semipresencial<\/p>\n<\/td>\n<\/tr>\n<tr style=\"height: 82.2px\">\n<td style=\"width: 25.9787%;background-color: #a5edf2;height: 82.2px\"><strong><span class=\"fecha-dia\">31<\/span> m<span class=\"fecha-mes\">ayo<\/span>&nbsp;<span class=\"fecha-anyo\">2019<\/span>&nbsp;<\/strong><\/td>\n<td style=\"width: 89.5184%;height: 82.2px\">\n<ul>\n<li class=\"fecha fecha_novedad\"><a title=\"Publicado el listado PROVISIONAL de solicitudes admitidas y excluidas en las Pruebas para la obtenci\u00f3n del t\u00edtulo de Graduado en la ESO para personas mayores de 18 a\u00f1os\" href=\"http:\/\/www.juntadeandalucia.es\/educacion\/portals\/web\/educacion-permanente\/pruebas-obtencion-graduado-eso\/comprueba-tu-solicitud\" target=\"_blank\" rel=\"noopener noreferrer\">Publicado el listado PROVISIONAL de solicitudes admitidas y excluidas en las Pruebas para la obtenci\u00f3n del t\u00edtulo de Graduado en la ESO para personas mayores de 18 a\u00f1os<\/a><\/li>\n<\/ul>\n<p id=\"yui_patched_v3_11_0_1_1559475216243_1332\" class=\"resumen\">&nbsp; &nbsp; &nbsp; &nbsp; &nbsp; Convocatoria de junio de 2019<\/p>\n<\/td>\n<\/tr>\n<tr style=\"height: 82.2px\">\n<td style=\"width: 25.9787%;background-color: #a5edf2;height: 82.2px\"><strong>3 mayo 2019<\/strong><\/td>\n<td style=\"width: 89.5184%;height: 82.2px\">\n<ul>\n<li>\n<p id=\"yui_patched_v3_11_0_1_1557131449854_833\" class=\"titulo\"><a id=\"yui_patched_v3_11_0_1_1557131449854_832\" title=\"Calificaciones provisionales de las pruebas para la obtenci\u00f3n del t\u00edtulo de Graduado en ESO para mayores de 18 a\u00f1os.\" href=\"http:\/\/www.juntadeandalucia.es\/educacion\/portals\/web\/educacion-permanente\/pruebas-obtencion-graduado-eso\/certificados\" target=\"_blank\" rel=\"noopener noreferrer\">Calificaciones provisionales de las pruebas para la obtenci\u00f3n del t\u00edtulo de Graduado en ESO para mayores de 18 a\u00f1os.<\/a><\/p>\n<p id=\"yui_patched_v3_11_0_1_1557131449854_91\" class=\"resumen\">Convocatoria de abril 2019<\/p>\n<\/li>\n<\/ul>\n<\/td>\n<\/tr>\n<tr style=\"height: 105px\">\n<td style=\"width: 25.9787%;background-color: #a5edf2;height: 82.2px\"><strong>29 abril 2019<\/strong><\/td>\n<td style=\"width: 89.5184%;height: 105px\">\n<ul>\n<li>\n<p id=\"yui_patched_v3_11_0_1_1556645640029_1314\" class=\"titulo\"><a id=\"yui_patched_v3_11_0_1_1556645640029_1313\" title=\"Abierto el plazo de inscripci\u00f3n en las pruebas para la obtenci\u00f3n del t\u00edtulo de Graduado en ESO para personas mayores de 18 a\u00f1os. Convocatoria de junio 2019\" href=\"http:\/\/www.juntadeandalucia.es\/educacion\/portals\/web\/educacion-permanente\/pruebas-obtencion-graduado-eso\/tramitacion\" target=\"_blank\" rel=\"noopener noreferrer\">Abierto el plazo de inscripci\u00f3n en las pruebas para la obtenci\u00f3n del t\u00edtulo de Graduado en ESO para personas mayores de 18 a\u00f1os. Convocatoria de junio 2019<\/a><\/p>\n<p class=\"resumen\">Del 29 de abril al 27 de mayo<\/p>\n<\/li>\n<\/ul>\n<\/td>\n<\/tr>\n<tr style=\"height: 105px\">\n<td style=\"width: 25.9787%;background-color: #a5edf2;height: 82.2px\"><strong>10 abril 2019<\/strong><\/td>\n<td style=\"width: 89.5184%;height: 105px\">\n<ul>\n<li>\n<p id=\"yui_patched_v3_11_0_1_1554920891897_1312\" class=\"titulo\"><a href=\"http:\/\/www.juntadeandalucia.es\/educacion\/portals\/web\/educacion-permanente\/pruebas-obtencion-graduado-eso\/comprueba-tu-solicitud\">Publicada la relaci\u00f3n definitiva de personas admitidas con asignaci\u00f3n a tribunales en las Pruebas para la obtenci\u00f3n del t\u00edtulo de Graduado en ESO para personas mayores de 18 a\u00f1os<\/a><\/p>\n<p id=\"yui_patched_v3_11_0_1_1554920891897_1363\" class=\"resumen\">Convocatoria de abril 2019.<\/p>\n<\/li>\n<\/ul>\n<\/td>\n<\/tr>\n<\/tbody>\n<\/table><\/li><li class=\"tab-pane \" id=\"ert_pane1-2\"><p><a href=\"https:\/\/blogsaverroes.juntadeandalucia.es\/iessalvadorserrano\/files\/2022\/06\/cartel_espa_22.jpg\"><img loading=\"lazy\" decoding=\"async\" class=\"wp-image-9011 aligncenter\" src=\"https:\/\/blogsaverroes.juntadeandalucia.es\/iessalvadorserrano\/files\/2022\/06\/cartel_espa_22-696x1024.jpg\" alt=\"\" width=\"391\" height=\"575\" srcset=\"https:\/\/blogsaverroes.juntadeandalucia.es\/iessalvadorserrano\/files\/2022\/06\/cartel_espa_22-696x1024.jpg 696w, https:\/\/blogsaverroes.juntadeandalucia.es\/iessalvadorserrano\/files\/2022\/06\/cartel_espa_22-204x300.jpg 204w, https:\/\/blogsaverroes.juntadeandalucia.es\/iessalvadorserrano\/files\/2022\/06\/cartel_espa_22-768x1129.jpg 768w, https:\/\/blogsaverroes.juntadeandalucia.es\/iessalvadorserrano\/files\/2022\/06\/cartel_espa_22-1044x1536.jpg 1044w, https:\/\/blogsaverroes.juntadeandalucia.es\/iessalvadorserrano\/files\/2022\/06\/cartel_espa_22-1393x2048.jpg 1393w, https:\/\/blogsaverroes.juntadeandalucia.es\/iessalvadorserrano\/files\/2022\/06\/cartel_espa_22.jpg 1088w\" sizes=\"(max-width: 391px) 100vw, 391px\" \/><\/a><\/p>\n<p><a href=\"https:\/\/blogsaverroes.juntadeandalucia.es\/iessalvadorserrano\/files\/2019\/05\/Cartel-espa5.jpg\">&nbsp;<\/a><a href=\"http:\/\/www.juntadeandalucia.es\/educacion\/portals\/web\/educacion-permanente\/eso\/modalidades\">Accede a toda la informaci\u00f3n sobre Educaci\u00f3n Secundaria para Personas Adultas:<\/a><\/p>\n<ul>\n<li><a href=\"http:\/\/www.juntadeandalucia.es\/educacion\/portals\/web\/educacion-permanente\/eso\/modalidades\">Modalidades y Oferta educativa.<\/a><\/li>\n<li><a href=\"http:\/\/www.juntadeandalucia.es\/educacion\/portals\/web\/educacion-permanente\/eso\/requisitos\">Proceso de Escolarizaci\u00f3n (plazos).<\/a><\/li>\n<li><a href=\"http:\/\/www.juntadeandalucia.es\/educacion\/portals\/web\/educacion-permanente\/pruebas\/pruebas-obtencion-graduado-eso\">Pruebas para la obtenci\u00f3n del t\u00edtulo de ESO.<\/a><\/li>\n<li><a href=\"http:\/\/www.juntadeandalucia.es\/educacion\/portals\/web\/educacion-permanente\/eso\/normativa\/ensenanzas\">Normativa.<\/a><\/li>\n<li><a href=\"http:\/\/www.juntadeandalucia.es\/educacion\/portals\/web\/educacion-permanente\/eso\/faqs\">Preguntas frecuentes.<\/a><\/li>\n<\/ul><\/li><li class=\"tab-pane \" id=\"ert_pane1-3\"><table>\n<tbody>\n<tr>\n<td style=\"background-color: #b2f3f7;width: 611.111px\">\n<p style=\"text-align: center\"><strong><span style=\"color: #993366\">PLATAFORMA BLACKBOARD COLLABORATE PARA LAS CLASES PRESENCIALES<\/span><\/strong><\/p>\n<p style=\"text-align: justify\">&nbsp; &nbsp; &nbsp;A partir del d\u00eda <strong>14 de abril<\/strong>, como <strong>sustituci\u00f3n de las clases presenciales<\/strong>, se va a implementar, en el mismo horario que reg\u00edan hasta ahora las clases, la utilizaci\u00f3n de la herramienta de nuestra plataforma <strong>BLACKBOARD COLLABORATE<\/strong>. Es una herramienta de videoconferencias que, al estar inserta en nuestra plataforma, permite una mayor seguridad para los usuarios.<\/p>\n<p style=\"text-align: justify\">&nbsp; &nbsp; Para acceder a ella, hay que hacerlo <strong>al M\u00f3dulo III (o VI)<\/strong> del \u00c1mbito que corresponde a la clase que vas a dar. Habr\u00e1 un enlace justo al inicio del m\u00f3dulo; se llamar\u00e1 <strong>Clase Presencial <\/strong>(o algo parecido, dependiendo del m\u00f3dulo). Basta con pinchar en el enlace y sale una nueva pantalla, en donde aparecer\u00e1 la videoconferencia en proceso; en la parte derecha pinchar en&nbsp; <strong>unirse a videoconferencia<\/strong>.&nbsp; Una vez dentro, hay que activar el micr\u00f3fono para poder o\u00edrnos y estar pendientes del chat (se activa abajo, a la derecha) para poder daros instrucciones.<\/p>\n<p style=\"text-align: center\">&nbsp; &nbsp;<a href=\"https:\/\/blogsaverroes.juntadeandalucia.es\/iessalvadorserrano\/files\/2020\/04\/Acceso-BB-Collaborate.pdf\"> En el siguiente PDF se muestran las pantallas de la plataforma para acceder a la herramienta.<\/a><\/p>\n<\/td>\n<\/tr>\n<\/tbody>\n<\/table><\/li><\/ul><\/div><\/div>\n","protected":false},"excerpt":{"rendered":"<p>Acceso a la plataforma de Educaci\u00f3n Semipresencial &nbsp;<\/p>\n","protected":false},"author":5046,"featured_media":0,"parent":0,"menu_order":0,"comment_status":"closed","ping_status":"closed","template":"","meta":{"ngg_post_thumbnail":0,"footnotes":"","_mc_calendar":[]},"aioseo_notices":[],"_links":{"self":[{"href":"https:\/\/blogsaverroes.juntadeandalucia.es\/iessalvadorserrano\/wp-json\/wp\/v2\/pages\/4576"}],"collection":[{"href":"https:\/\/blogsaverroes.juntadeandalucia.es\/iessalvadorserrano\/wp-json\/wp\/v2\/pages"}],"about":[{"href":"https:\/\/blogsaverroes.juntadeandalucia.es\/iessalvadorserrano\/wp-json\/wp\/v2\/types\/page"}],"author":[{"embeddable":true,"href":"https:\/\/blogsaverroes.juntadeandalucia.es\/iessalvadorserrano\/wp-json\/wp\/v2\/users\/5046"}],"replies":[{"embeddable":true,"href":"https:\/\/blogsaverroes.juntadeandalucia.es\/iessalvadorserrano\/wp-json\/wp\/v2\/comments?post=4576"}],"version-history":[{"count":78,"href":"https:\/\/blogsaverroes.juntadeandalucia.es\/iessalvadorserrano\/wp-json\/wp\/v2\/pages\/4576\/revisions"}],"predecessor-version":[{"id":14644,"href":"https:\/\/blogsaverroes.juntadeandalucia.es\/iessalvadorserrano\/wp-json\/wp\/v2\/pages\/4576\/revisions\/14644"}],"wp:attachment":[{"href":"https:\/\/blogsaverroes.juntadeandalucia.es\/iessalvadorserrano\/wp-json\/wp\/v2\/media?parent=4576"}],"curies":[{"name":"wp","href":"https:\/\/api.w.org\/{rel}","templated":true}]}}