{"id":2579,"date":"2020-10-26T08:54:40","date_gmt":"2020-10-26T07:54:40","guid":{"rendered":"https:\/\/blogsaverroes.juntadeandalucia.es\/iessanisidro\/?page_id=2579"},"modified":"2025-11-26T10:16:20","modified_gmt":"2025-11-26T09:16:20","slug":"matematicas","status":"publish","type":"page","link":"https:\/\/blogsaverroes.juntadeandalucia.es\/iessanisidro\/matematicas\/","title":{"rendered":"MATEM\u00c1TICAS"},"content":{"rendered":"<p>Esta es la p\u00e1gina del Departamento de<strong> MATEM\u00c1TICAS <\/strong>del IES SAN ISIDRO<\/p>\n<p><strong>Jefe\/a de Departamento: <\/strong> Fernandez Palenzuela, Pedro Jos\u00e9<\/p>\n<p><strong>E-mail:&nbsp;<a href=\"pferpal@g.educaand.es\">pferpal@g.educaand.es<\/a><\/strong><\/p>\n<p>PROGRAMACIONES<\/p>\n<p><a href=\"https:\/\/blogsaverroes.juntadeandalucia.es\/iessanisidro\/matematicas\/programacion_didactica_economia-y-emprendimiento\/\" rel=\"attachment wp-att-4862\">Programaci\u00f3n_Did\u00e1ctica_Econom\u00eda Y Emprendimiento<\/a><\/p>\n<p><a href=\"https:\/\/blogsaverroes.juntadeandalucia.es\/iessanisidro\/matematicas\/programacion_didactica_formacion-y-orientacion-personal\/\" rel=\"attachment wp-att-4863\">Programaci\u00f3n_Did\u00e1ctica_Formaci\u00f3n Y Orientaci\u00f3n Personal<\/a><\/p>\n<p><a href=\"https:\/\/blogsaverroes.juntadeandalucia.es\/iessanisidro\/matematicas\/programacion_didactica_iniciacion-a-la-actividad-emprendedora\/\" rel=\"attachment wp-att-4864\">Programaci\u00f3n_Did\u00e1ctica_Iniciaci\u00f3n A La Actividad Emprendedora<\/a><\/p>\n<p><a href=\"https:\/\/blogsaverroes.juntadeandalucia.es\/iessanisidro\/matematicas\/programacion_didactica_matematicas-a\/\" rel=\"attachment wp-att-4865\">Programaci\u00f3n_Did\u00e1ctica_Matem\u00e1ticas A<\/a><\/p>\n<p><a href=\"https:\/\/blogsaverroes.juntadeandalucia.es\/iessanisidro\/matematicas\/programacion_didactica_matematicas-b\/\" rel=\"attachment wp-att-4866\">Programaci\u00f3n_Did\u00e1ctica_Matem\u00e1ticas B<\/a><\/p>\n<p><a href=\"https:\/\/blogsaverroes.juntadeandalucia.es\/iessanisidro\/matematicas\/programacion_didactica_matematicas_1_2_3\/\" rel=\"attachment wp-att-4867\">Programaci\u00f3n_Did\u00e1ctica_Matem\u00e1ticas_1_2_3<\/a><\/p>\n<p>&nbsp;<\/p>\n<p>&nbsp;<\/p>\n","protected":false},"excerpt":{"rendered":"<p>Esta es la p\u00e1gina del Departamento de MATEM\u00c1TICAS del IES SAN ISIDRO Jefe\/a de Departamento: Fernandez Palenzuela, Pedro Jos\u00e9 E-mail:&nbsp;pferpal@g.educaand.es PROGRAMACIONES Programaci\u00f3n_Did\u00e1ctica_Econom\u00eda Y Emprendimiento Programaci\u00f3n_Did\u00e1ctica_Formaci\u00f3n Y Orientaci\u00f3n Personal Programaci\u00f3n_Did\u00e1ctica_Iniciaci\u00f3n A La Actividad Emprendedora Programaci\u00f3n_Did\u00e1ctica_Matem\u00e1ticas&#46;&#46;&#46;<\/p>\n","protected":false},"author":10042,"featured_media":0,"parent":0,"menu_order":0,"comment_status":"closed","ping_status":"closed","template":"","meta":{"ngg_post_thumbnail":0,"footnotes":"","_mc_calendar":[]},"aioseo_notices":[],"_links":{"self":[{"href":"https:\/\/blogsaverroes.juntadeandalucia.es\/iessanisidro\/wp-json\/wp\/v2\/pages\/2579"}],"collection":[{"href":"https:\/\/blogsaverroes.juntadeandalucia.es\/iessanisidro\/wp-json\/wp\/v2\/pages"}],"about":[{"href":"https:\/\/blogsaverroes.juntadeandalucia.es\/iessanisidro\/wp-json\/wp\/v2\/types\/page"}],"author":[{"embeddable":true,"href":"https:\/\/blogsaverroes.juntadeandalucia.es\/iessanisidro\/wp-json\/wp\/v2\/users\/10042"}],"replies":[{"embeddable":true,"href":"https:\/\/blogsaverroes.juntadeandalucia.es\/iessanisidro\/wp-json\/wp\/v2\/comments?post=2579"}],"version-history":[{"count":23,"href":"https:\/\/blogsaverroes.juntadeandalucia.es\/iessanisidro\/wp-json\/wp\/v2\/pages\/2579\/revisions"}],"predecessor-version":[{"id":4868,"href":"https:\/\/blogsaverroes.juntadeandalucia.es\/iessanisidro\/wp-json\/wp\/v2\/pages\/2579\/revisions\/4868"}],"wp:attachment":[{"href":"https:\/\/blogsaverroes.juntadeandalucia.es\/iessanisidro\/wp-json\/wp\/v2\/media?parent=2579"}],"curies":[{"name":"wp","href":"https:\/\/api.w.org\/{rel}","templated":true}]}}