{"id":867,"date":"2020-12-18T08:55:13","date_gmt":"2020-12-18T07:55:13","guid":{"rendered":"https:\/\/blogsaverroes.juntadeandalucia.es\/pre\/plantilla-pencil\/?page_id=867"},"modified":"2024-10-14T09:51:01","modified_gmt":"2024-10-14T08:51:01","slug":"idiomas","status":"publish","type":"page","link":"https:\/\/blogsaverroes.juntadeandalucia.es\/iessanjeronimo\/idiomas\/","title":{"rendered":"El Programa"},"content":{"rendered":"<p><img loading=\"lazy\" decoding=\"async\" class=\"aligncenter wp-image-2074\" src=\"https:\/\/blogsaverroes.juntadeandalucia.es\/iessanjeronimo\/files\/2021\/09\/eras.png\" alt=\"\" width=\"218\" height=\"122\"><\/p>\n<div class=\"summary\">\n<div class=\"no-overflow\">\n<p>Erasmus+ es el programa de la UE de apoyo a la educaci\u00f3n, formaci\u00f3n, juventud y deporte en Europa. Su presupuesto de 14.700 millones de euros ofrecer\u00e1 oportunidades de estudio, adquisici\u00f3n de experiencia y voluntariado a m\u00e1s de 4 millones de europeos. El programa Erasmus+, que se extiende hasta 2020, no se dirige solo a los estudiantes. En \u00e9l se han fusionado siete programas anteriores y ofrece oportunidades a una amplia variedad de personas y organizaciones. La&nbsp;<a href=\"https:\/\/ec.europa.eu\/programmes\/erasmus-plus\/resources\/programme-guide_es\">Gu\u00eda del programa Erasmus+<\/a>&nbsp;ofrece informaci\u00f3n detallada sobre las oportunidades y los criterios para poder optar a ellas. Tambi\u00e9n est\u00e1 disponible una&nbsp;<a href=\"http:\/\/ec.europa.eu\/programmes\/erasmus-plus\/sites\/erasmusplus\/files\/files\/resources\/eplus-int-he-funding-2017_en.pdf\">gu\u00eda de financiaci\u00f3n indicativa<\/a>&nbsp;para las oportunidades centralizadas. Objetivos Erasmus+ contribuye a la&nbsp;<a href=\"http:\/\/ec.europa.eu\/europe2020\/index_en.htm\">Estrategia Europa 2020<\/a>&nbsp;para el crecimiento, el empleo, la justicia social y la inclusi\u00f3n, y a los objetivos del marco estrat\u00e9gico para la cooperaci\u00f3n europea en el \u00e1mbito de la educaci\u00f3n y la formaci\u00f3n (<a href=\"https:\/\/ec.europa.eu\/education\/policies\/european-policy-cooperation\/et2020-framework_en\">ET 2020<\/a>). Erasmus+ quiere tambi\u00e9n promover el desarrollo sostenible de los pa\u00edses asociados en el \u00e1mbito de la educaci\u00f3n superior y contribuir a la realizaci\u00f3n de los objetivos de la&nbsp;<a href=\"http:\/\/ec.europa.eu\/youth\/policy\/youth_strategy\/index_en.htm\">estrategia de la UE para la juventud<\/a>. Dentro del programa se plantean los siguientes temas espec\u00edficos:<\/p>\n<ul>\n<li><a href=\"http:\/\/ec.europa.eu\/youth\/policy\/youth_strategy\/empl_entrepreneurship_en.htm\">Reducir el desempleo, especialmente entre los j\u00f3venes<\/a><\/li>\n<li><a href=\"http:\/\/ec.europa.eu\/education\/policy\/adult-learning\/adult_en.htm\">Fomentar la educaci\u00f3n de adultos, especialmente en las nuevas competencias y cualificaciones exigidas por el mercado laboral<\/a><\/li>\n<li><a href=\"http:\/\/ec.europa.eu\/youth\/policy\/implementation\/dialogue_en.htm\">Animar a los j\u00f3venes a participar en la vida democr\u00e1tica de Europa<\/a><\/li>\n<li>Apoyar la&nbsp;<a href=\"http:\/\/ec.europa.eu\/education\/policy\/strategic-framework\/education-technology_en.htm\">innovaci\u00f3n<\/a>, la&nbsp;<a href=\"http:\/\/ec.europa.eu\/education\/policy\/higher-education\/bologna-process_en.htm\">cooperaci\u00f3n&nbsp;<\/a>y las&nbsp;<a href=\"http:\/\/eur-lex.europa.eu\/legal-content\/EN\/TXT\/?qid=1389776578033&amp;uri=CELEX:52012DC0669\">reformas<\/a><\/li>\n<li><a href=\"http:\/\/ec.europa.eu\/education\/policy\/school\/early-school-leavers_en.htm\">Reducir el abandono escolar<\/a><\/li>\n<li><a href=\"http:\/\/ec.europa.eu\/education\/policy\/international-cooperation\/index_en.htm\">Promover la cooperaci\u00f3n y la movilidad con los pa\u00edses asociados de la UE<\/a><\/li>\n<\/ul>\n<h2>Resultados<\/h2>\n<p>Los resultados del programa Erasmus+ est\u00e1n disponibles en informes y recopilaciones de estad\u00edsticas, as\u00ed como en la&nbsp;<a href=\"http:\/\/ec.europa.eu\/programmes\/erasmus-plus\/projects\/\">plataforma de los proyectos de Erasmus+<\/a>, que presenta la mayor parte de las iniciativas financiadas por el programa y una selecci\u00f3n de buenas pr\u00e1cticas y logros alcanzados.<\/p>\n<h2>Estad\u00edsticas<\/h2>\n<p>Las estad\u00edsticas sobre el programa Erasmus+ se encuentran en la p\u00e1gina de estad\u00edsticas. La informaci\u00f3n sobre los avances alcanzados respecto de los criterios de referencia del ET 2020 figura en el&nbsp;<a href=\"http:\/\/ec.europa.eu\/education\/tools\/et-monitor_en.htm\">Monitor de la Educaci\u00f3n y la Formaci\u00f3n<\/a>. Los avances realizados en relaci\u00f3n con dichos criterios tambi\u00e9n pueden verse en una&nbsp;<a href=\"http:\/\/ec.europa.eu\/education\/policy\/strategic-framework\/dashboard\">serie de mapas interactivos<\/a>. En el&nbsp;<a href=\"http:\/\/ec.europa.eu\/youth\/dashboard\/index_en.htm\">monitor de la juventud<\/a>&nbsp;se encuentra informaci\u00f3n sobre la situaci\u00f3n de los j\u00f3venes en Europa.<\/p>\n<h2>Informes<\/h2>\n<p>El programa Erasmus+ ser\u00e1 objeto de una revisi\u00f3n intermedia, que se llevar\u00e1 a cabo en 2017, y de un estudio de impacto, que se publicar\u00e1 al t\u00e9rmino del programa, en 2020.<\/p>\n<h1>\u00bfC\u00f3mo se gestiona?<\/h1>\n<div class=\"field field-name-body field-type-text-with-summary field-label-hidden\">\n<div class=\"field-items\">\n<div class=\"field-item even\">\n<p>Administran el programa Erasmus+ la Comisi\u00f3n Europea (\u00f3rgano ejecutivo de la UE) , la&nbsp;<a href=\"http:\/\/eacea.ec.europa.eu\/erasmus-plus_en\">Agencia Ejecutiva en el \u00e1mbito Educativo, Audiovisual y Cultural<\/a>&nbsp;(EACEA) y una serie de agencias nacionales en los pa\u00edses del programa y algunos pa\u00edses asociados.<\/p>\n<h3>La Comisi\u00f3n Europea<\/h3>\n<p>La Comisi\u00f3n Europea se encarga de la gesti\u00f3n general del programa, que incluye:<\/p>\n<ul>\n<li>Administrar el presupuesto<\/li>\n<li>Fijar prioridades<\/li>\n<li>Determinar los objetivos y criterios del programa<\/li>\n<li>Supervisar y orientar su aplicaci\u00f3n<\/li>\n<li>Seguir y evaluar el programa.<\/li>\n<\/ul>\n<p>La&nbsp;<a href=\"http:\/\/eacea.ec.europa.eu\/erasmus-plus_en\">Agencia Ejecutiva en el \u00e1mbito Educativo, Audiovisual y Cultural<\/a>&nbsp;(EACEA) de la Comisi\u00f3n Europea es responsable de gestionar los elementos &#8220;centralizados&#8221; del programa, a saber:<\/p>\n<ul>\n<li>Promocionar el programa y las oportunidades<\/li>\n<li>Publicar convocatorias de propuestas<\/li>\n<li>Estudiar las solicitudes de becas y ayudas<\/li>\n<li>Contratar y supervisar los proyectos<\/li>\n<li>Comunicar los resultados<\/li>\n<\/ul>\n<p>Adem\u00e1s, la EACEA y la Comisi\u00f3n hacen estudios e investigaciones y gestionan y financian las dem\u00e1s agencias y redes apoyadas por Erasmus+. M\u00e1s informaci\u00f3n sobre la gesti\u00f3n de Erasmus+ en los&nbsp;<a href=\"https:\/\/ec.europa.eu\/programmes\/erasmus-plus\/resources\/documents\/annual-work-programmes_es\">programas anuales de trabajo<\/a>&nbsp;publicados por la Comisi\u00f3n Europea.<\/p>\n<h3>Las agencias nacionales<\/h3>\n<p>En los pa\u00edses de la UE, la Comisi\u00f3n deja gran parte de la gesti\u00f3n de Erasmus+ en manos de&nbsp;<a href=\"https:\/\/ec.europa.eu\/programmes\/erasmus-plus\/contact\/national-agencies_es\">agencias nacionales<\/a>. Fuera de la UE, y en el campo concreto de la educaci\u00f3n superior, desempe\u00f1an esa labor las&nbsp;<a href=\"https:\/\/ec.europa.eu\/programmes\/erasmus-plus\/contact\/national-offices_es\">oficinas nacionales de Erasmus+<\/a>. La Comisi\u00f3n financia las agencias nacionales, que utilizan los fondos para administrar las actividades &#8220;descentralizadas&#8221; del programa. Esto permite a las agencias adaptar el programa a los sistemas nacionales de educaci\u00f3n, formaci\u00f3n y juventud. Las agencias nacionales son responsables de:<\/p>\n<ul>\n<li>Facilitar informaci\u00f3n sobre el programa<\/li>\n<li>Estudiar las solicitudes presentadas en su pa\u00eds<\/li>\n<li>Supervisar y evaluar la aplicaci\u00f3n del programa en su pa\u00eds<\/li>\n<li>Apoyar a las personas y organizaciones participantes en Erasmus+<\/li>\n<li>Promocionar el programa y sus actividades en el \u00e1mbito local y nacional.<\/li>\n<\/ul>\n<p>Sus agencias tambi\u00e9n apoyan a los beneficiarios del programa desde la solicitud hasta el final del proyecto. Las agencias tambi\u00e9n trabajan con los beneficiarios y otras organizaciones para apoyar la pol\u00edtica de la UE en los campos apoyados por el programa.<\/p>\n<h3>Oficinas nacionales de Erasmus+<\/h3>\n<p>Fuera de la UE, en los pa\u00edses asociados que participan en Erasmus+ en el campo de la educaci\u00f3n superior, gran parte de la labor de las agencias nacionales corre a cargo de las&nbsp;<a href=\"https:\/\/ec.europa.eu\/programmes\/erasmus-plus\/contact\/national-offices_es\">oficinas nacionales de Erasmus+<\/a>. Las oficinas, punto de encuentro para quien desee participar en Erasmus+, se encargan de:<\/p>\n<ul>\n<li>Informar sobre el programa y qui\u00e9n puede participar<\/li>\n<li>Asesorar y ayudar a potenciales solicitantes<\/li>\n<li>Seguir los proyectos de Erasmus+<\/li>\n<li>Apoyar el di\u00e1logo, los estudios y los eventos sobre pol\u00edticas<\/li>\n<li>Mantener contactos con los expertos y autoridades locales<\/li>\n<li>Seguir la evoluci\u00f3n de las pol\u00edticas<\/li>\n<\/ul>\n<h3>Otros organismos<\/h3>\n<p>Tambi\u00e9n apoyan el programa organizaciones tales como:<\/p>\n<ul>\n<li><a href=\"https:\/\/webgate.ec.europa.eu\/fpfis\/mwikis\/eurydice\/index.php\/Main_Page\">Red Eurydice<\/a>: ofrece informaci\u00f3n sobre las pol\u00edticas y sistemas educativos nacionales.<\/li>\n<li><a href=\"http:\/\/www.etwinning.net\/en\/pub\/index.htm\">eTwinning<\/a>: plataforma colaborativa&nbsp;<i>online<\/i>&nbsp;que tambi\u00e9n ofrece herramientas, apoyo y servicios.<\/li>\n<li><a href=\"https:\/\/ec.europa.eu\/epale\/\">EPALE<\/a>: la plataforma electr\u00f3nica para el aprendizaje de adultos en Europa es una comunidad de empleados y profesionales del sector.<\/li>\n<li><a href=\"http:\/\/www.bolognaexperts.net\/portal\">Red de expertos sobre la reforma de la educaci\u00f3n superior<\/a>: apoyo al di\u00e1logo y el desarrollo de pol\u00edticas, comunicaci\u00f3n sobre los proyectos de Erasmus+ y formaci\u00f3n y asesoramiento en los pa\u00edses asociados.<\/li>\n<li><a href=\"http:\/\/euroguidance.eu\/\">Euroguidance<\/a>: red de recursos nacionales y centros de informaci\u00f3n para profesionales y responsables de educaci\u00f3n y empleo.<\/li>\n<li><a href=\"http:\/\/www.enic-naric.net\/\">Centros Nacionales de Informaci\u00f3n sobre Reconocimiento Acad\u00e9mico (NARIC)<\/a>: informa sobre reconocimiento de t\u00edtulos y periodos de estudio en el extranjero y da consejos para estudiar en otros pa\u00edses.<\/li>\n<li><a href=\"http:\/\/www.ecvet-team.eu\/en\">Equipos nacionales de expertos de ECVET Experts<\/a>: impulsa la adopci\u00f3n, aplicaci\u00f3n y uso del&nbsp;<a href=\"http:\/\/ec.europa.eu\/education\/policy\/vocational-policy\/ecvet_en.htm\">Sistema Europeo de Cr\u00e9ditos para la Educaci\u00f3n y la Formaci\u00f3n Profesionales<\/a>.<\/li>\n<li><a href=\"https:\/\/www.salto-youth.net\/\">Centros de recursos SALTO-YOUTH<\/a>: ofrecen a los j\u00f3venes trabajo, formaci\u00f3n, recursos y actividades para hacer contactos, adem\u00e1s de apoyar los proyectos de Erasmus+ y ofrecer una herramienta de b\u00fasqueda de socios.<\/li>\n<li><a href=\"http:\/\/eurodesk.org\/\">Red Eurodesk<\/a>: servicios de informaci\u00f3n sobre educaci\u00f3n, formaci\u00f3n y oportunidades para los j\u00f3venes.<\/li>\n<\/ul>\n<\/div>\n<\/div>\n<\/div>\n<h1><a href=\"https:\/\/ec.europa.eu\/programmes\/erasmus-plus\/about\/factsheets_es\">Fichas informativas<\/a><\/h1>\n<\/div>\n<\/div>\n<p><a href=\"https:\/\/blogsaverroes.juntadeandalucia.es\/iessanjeronimo\/files\/2021\/11\/kit.png\" target=\"_blank\" rel=\"noopener noreferrer\"><img loading=\"lazy\" decoding=\"async\" class=\"aligncenter size-thumbnail wp-image-3055\" src=\"https:\/\/blogsaverroes.juntadeandalucia.es\/iessanjeronimo\/files\/2021\/11\/kit-150x150.png\" alt=\"\" width=\"150\" height=\"150\"><\/a><\/p>\n<table style=\"border-collapse: collapse;width: 100%\">\n<tbody>\n<tr>\n<td style=\"width: 50%\"><a href=\"https:\/\/blogsaverroes.juntadeandalucia.es\/iessanjeronimo\/files\/2021\/10\/ECHE-21-27-INGL\u00c9S-1.pdf\" target=\"_blank\" rel=\"noopener noreferrer\"><img loading=\"lazy\" decoding=\"async\" class=\"aligncenter wp-image-2341\" src=\"https:\/\/blogsaverroes.juntadeandalucia.es\/iessanjeronimo\/files\/2021\/10\/carte1.png\" alt=\"\" width=\"319\" height=\"413\"><\/a><\/td>\n<td style=\"width: 50%\"><a href=\"https:\/\/blogsaverroes.juntadeandalucia.es\/iessanjeronimo\/files\/2021\/10\/ECHE-21-27-INGL\u00c9S-1.pdf\" target=\"_blank\" rel=\"noopener noreferrer\"><img loading=\"lazy\" decoding=\"async\" class=\"aligncenter wp-image-2342\" src=\"https:\/\/blogsaverroes.juntadeandalucia.es\/iessanjeronimo\/files\/2021\/10\/carte2.png\" alt=\"\" width=\"332\" height=\"436\"><\/a><\/td>\n<\/tr>\n<\/tbody>\n<\/table>\n<div class=\"summary\">\n<div class=\"no-overflow\">&nbsp;<\/div>\n<\/div>\n<div>\n<div class=\"mod-indent-outer\">\n<h2 class=\"activityinstance\"><a href=\"https:\/\/blogsaverroes.juntadeandalucia.es\/iessanjeronimo\/?page_id=4084\" target=\"_blank\" rel=\"noopener noreferrer\"><strong>Convocatorias 2024-25<\/strong><\/a><\/h2>\n<h2 class=\"activityinstance\"><a href=\"https:\/\/blogsaverroes.juntadeandalucia.es\/iessanjeronimo\/?page_id=4084\" target=\"_blank\" rel=\"noopener noreferrer\"><strong>Convocatorias 2023-24<\/strong><\/a><\/h2>\n<h2 class=\"activityinstance\"><a href=\"https:\/\/blogsaverroes.juntadeandalucia.es\/iessanjeronimo\/convocatoria-2022-23\/\" target=\"_blank\" rel=\"noopener noreferrer\"><strong>Convocatorias 2022-23<\/strong><\/a><\/h2>\n<h2 class=\"activityinstance\"><a href=\"https:\/\/blogsaverroes.juntadeandalucia.es\/iessanjeronimo\/convocatoria-2021-22\/\" target=\"_blank\" rel=\"noopener noreferrer\"><strong>Convocatorias 2021-22<\/strong><\/a><\/h2>\n<h2 class=\"activityinstance\"><a href=\"https:\/\/blogsaverroes.juntadeandalucia.es\/iessanjeronimo\/convocatorias\/\" target=\"_blank\" rel=\"noopener noreferrer\"><strong>Convocatorias 2020-21<\/strong><\/a><\/h2>\n<h2 class=\"activityinstance\"><a href=\"https:\/\/www.flickr.com\/photos\/194046225@N03\/albums\/72157719952454811\" target=\"_blank\" rel=\"noopener noreferrer\"><strong>Galer\u00eda de imagenes&nbsp;<\/strong><\/a><\/h2>\n<h2 class=\"activityinstance\">&nbsp;<\/h2>\n<\/div>\n<\/div>\n","protected":false},"excerpt":{"rendered":"<p>Erasmus+ es el programa de la UE de apoyo a la educaci\u00f3n, formaci\u00f3n, juventud y deporte en Europa. Su presupuesto de 14.700 millones de euros ofrecer\u00e1 oportunidades de estudio, adquisici\u00f3n de experiencia y voluntariado a m\u00e1s de 4 millones de europeos. El programa Erasmus+, que se extiende hasta 2020, no se dirige solo a los [&hellip;]<\/p>\n","protected":false},"author":13413,"featured_media":0,"parent":0,"menu_order":0,"comment_status":"closed","ping_status":"closed","template":"","meta":{"_et_pb_use_builder":"off","_et_pb_old_content":"","_et_gb_content_width":"","ngg_post_thumbnail":0,"footnotes":""},"aioseo_notices":[],"_links":{"self":[{"href":"https:\/\/blogsaverroes.juntadeandalucia.es\/iessanjeronimo\/wp-json\/wp\/v2\/pages\/867"}],"collection":[{"href":"https:\/\/blogsaverroes.juntadeandalucia.es\/iessanjeronimo\/wp-json\/wp\/v2\/pages"}],"about":[{"href":"https:\/\/blogsaverroes.juntadeandalucia.es\/iessanjeronimo\/wp-json\/wp\/v2\/types\/page"}],"author":[{"embeddable":true,"href":"https:\/\/blogsaverroes.juntadeandalucia.es\/iessanjeronimo\/wp-json\/wp\/v2\/users\/13413"}],"replies":[{"embeddable":true,"href":"https:\/\/blogsaverroes.juntadeandalucia.es\/iessanjeronimo\/wp-json\/wp\/v2\/comments?post=867"}],"version-history":[{"count":23,"href":"https:\/\/blogsaverroes.juntadeandalucia.es\/iessanjeronimo\/wp-json\/wp\/v2\/pages\/867\/revisions"}],"predecessor-version":[{"id":4353,"href":"https:\/\/blogsaverroes.juntadeandalucia.es\/iessanjeronimo\/wp-json\/wp\/v2\/pages\/867\/revisions\/4353"}],"wp:attachment":[{"href":"https:\/\/blogsaverroes.juntadeandalucia.es\/iessanjeronimo\/wp-json\/wp\/v2\/media?parent=867"}],"curies":[{"name":"wp","href":"https:\/\/api.w.org\/{rel}","templated":true}]}}