{"id":35,"date":"2015-03-13T08:21:43","date_gmt":"2015-03-13T08:21:43","guid":{"rendered":"http:\/\/blogsaverroes.juntadeandalucia.es\/pre\/ceip\/?page_id=35"},"modified":"2019-12-20T08:16:33","modified_gmt":"2019-12-20T08:16:33","slug":"el-centro-2","status":"publish","type":"page","link":"https:\/\/blogsaverroes.juntadeandalucia.es\/iessanjose\/el-centro-2\/","title":{"rendered":"Datos del centro"},"content":{"rendered":"<h2><a href=\"https:\/\/blogsaverroes.juntadeandalucia.es\/iessanjose\/files\/2019\/12\/Captura-Google-maps.png\"><img fetchpriority=\"high\" decoding=\"async\" class=\"alignnone wp-image-2422\" src=\"https:\/\/blogsaverroes.juntadeandalucia.es\/iessanjose\/files\/2019\/12\/Captura-Google-maps-300x218.png\" alt=\"\" width=\"386\" height=\"282\" srcset=\"https:\/\/blogsaverroes.juntadeandalucia.es\/iessanjose\/files\/2019\/12\/Captura-Google-maps-300x218.png 300w, https:\/\/blogsaverroes.juntadeandalucia.es\/iessanjose\/files\/2019\/12\/Captura-Google-maps-700x509.png 700w, https:\/\/blogsaverroes.juntadeandalucia.es\/iessanjose\/files\/2019\/12\/Captura-Google-maps-24x17.png 24w, https:\/\/blogsaverroes.juntadeandalucia.es\/iessanjose\/files\/2019\/12\/Captura-Google-maps-36x26.png 36w, https:\/\/blogsaverroes.juntadeandalucia.es\/iessanjose\/files\/2019\/12\/Captura-Google-maps-48x35.png 48w, https:\/\/blogsaverroes.juntadeandalucia.es\/iessanjose\/files\/2019\/12\/Captura-Google-maps.png 1033w\" sizes=\"(max-width: 386px) 100vw, 386px\" \/><\/a><\/h2>\n<p>[<a href=\"https:\/\/www.google.es\/maps\/place\/Instituto+de+Educaci%C3%B3n+Secundaria+Ies+San+Jos%C3%A9\/@37.2913268,-6.0544638,17z\/data=!3m1!4b1!4m5!3m4!1s0xd1272c7491acd61:0xd6c539c3b2fb53a5!8m2!3d37.2913268!4d-6.0522751\">googlemaps https:\/\/www.google.es\/maps\/place\/Instituto+de+Educaci%C3%B3n+Secundaria+Ies+San+Jos%C3%A9\/@37.2913268,-6.0544638,17z\/data=!3m1!4b1!4m5!3m4!1s0xd1272c7491acd61:0xd6c539c3b2fb53a5!8m2!3d37.2913268!4d-6.0522751<\/a>]<\/p>\n<p>El IES San Jos\u00e9 se encuentra en la avenida Primero de Mayo, n\u00ba 68, de Coria del R\u00edo. El instituto se crea como tal en el curso 97\/98, tras la conversi\u00f3n del antiguo colegio San Jos\u00e9 en centro de Secundaria. Esto supone que la localidad pase a contar con tres institutos: IES Caura, IES Rodrigo Caro e IES San Jos\u00e9. Frente a los otros dos, nuestro centro carece de Bachillerato y ciclos formativos. Sin embargo, de esto que podr\u00eda constituir para nosotros una desventaja, hemos conseguido convertirlo en un desaf\u00edo. Con cada promoci\u00f3n nos enfrentamos al reto de ofrecer a nuestros alumnos la preparaci\u00f3n acad\u00e9mica adecuada para que se enfrente con garant\u00edas a la formaci\u00f3n posobligatoria.<\/p>\n<h4>Datos de contacto<\/h4>\n<p><strong>IES San Jos\u00e9<\/strong><\/p>\n<p><strong>Direcci\u00f3n:<\/strong>&nbsp; Avenida 1\u00ba de Mayo, 68, 41100, Coria del R\u00edo (Sevilla)<br \/>\n<strong>Tel\u00e9fono \/ FAX: 955622360 \/ 955622366<\/strong><br \/>\n<strong>Email:<\/strong> iessanjose@hotmail.com<\/p>\n<h4><strong>Horarios<\/strong><\/h4>\n<p>El centro imparte sus clases en horario ininterrumpido de ma\u00f1ana entre las 8:15 y las 14:45, con un recreo de media hora de 11:15 a 11:45. La atenci\u00f3n tutorial a padres y madres en horario de tarde tendr\u00e1 lugar los martes de 17:00 a 18:00 (previa cita).<\/p>\n<p>La distribuci\u00f3n de los m\u00f3dulos horarios es la siguiente:<\/p>\n<table cellpadding=\"0\" border=\"0\">\n<tbody>\n<tr>\n<td colspan=\"7\">&nbsp;<\/td>\n<\/tr>\n<tr class=\"alt\">\n<td align=\"center\">1\u00aa hora:<\/td>\n<td align=\"center\">2\u00aa hora:<\/td>\n<td align=\"center\">3\u00aa hora<\/td>\n<td bgcolor=\"#D9DA25\" align=\"center\">Recreo<\/td>\n<td align=\"center\">4\u00aa hora<\/td>\n<td align=\"center\">5\u00aa hora<\/td>\n<td align=\"center\">6\u00aa hora<\/td>\n<\/tr>\n<tr>\n<td align=\"center\">8:15-9:15<\/td>\n<td align=\"center\">9:15-10:15<\/td>\n<td align=\"center\">10:15-11:15<\/td>\n<td bgcolor=\"#D9DA25\" align=\"center\">11:15-11:45<\/td>\n<td align=\"center\">11:45-12:45<\/td>\n<td align=\"center\">12:45-13:45<\/td>\n<td align=\"center\">13:45-14:45<\/td>\n<\/tr>\n<\/tbody>\n<\/table>\n<h4><strong>Oferta educativa<\/strong><\/h4>\n<p>EDUCACI\u00d3N SECUNDARIA OBLIGATORIA (E.S.O.)<\/p>\n<p>&nbsp;<\/p>\n<p><a href=\"https:\/\/blogsaverroes.juntadeandalucia.es\/iessanjose\/files\/2019\/12\/FSE.png\"><img decoding=\"async\" class=\"alignnone size-full wp-image-2433\" src=\"https:\/\/blogsaverroes.juntadeandalucia.es\/iessanjose\/files\/2019\/12\/FSE.png\" alt=\"\" width=\"254\" height=\"198\" srcset=\"https:\/\/blogsaverroes.juntadeandalucia.es\/iessanjose\/files\/2019\/12\/FSE.png 254w, https:\/\/blogsaverroes.juntadeandalucia.es\/iessanjose\/files\/2019\/12\/FSE-24x19.png 24w, https:\/\/blogsaverroes.juntadeandalucia.es\/iessanjose\/files\/2019\/12\/FSE-36x28.png 36w, https:\/\/blogsaverroes.juntadeandalucia.es\/iessanjose\/files\/2019\/12\/FSE-48x37.png 48w\" sizes=\"(max-width: 254px) 100vw, 254px\" \/><\/a><\/p>\n<p><a href=\"https:\/\/ec.europa.eu\/esf\/home.jsp?langId=es\">https:\/\/ec<\/a>.europa.eu\/esf\/home.jsp?langId=es<\/p>\n<p><b>Las retribuciones del Profesorado de este centro que imparte las ense\u00f1anza<\/b><b>s detalladas a continuaci\u00f3n son cofinanciadas a trav\u00e9s del Programa Operativo Fondo Social Europeo 2014-2020:<\/b><\/p>\n<ul>\n<li>Apoyo escolar (PROA).<\/li>\n<li>Auxiliares de conversaci\u00f3n<\/li>\n<li>Pedagog\u00eda Terap\u00e9utica.<\/li>\n<\/ul>\n<h4>Instalaciones<\/h4>\n<p><!-- index.php -->\n<div\n\tclass=\"ngg-galleryoverview\n\t\t\"\n\tid=\"ngg-gallery-96beb5c3fee543c019b1db9f23c1ff91-1\">\n\n\t\t<div class=\"slideshowlink\">\n\t\t<a href='https:\/\/blogsaverroes.juntadeandalucia.es\/iessanjose\/el-centro-2\/nggallery\/slideshow'>[Mostrar presentaci\u00f3n de diapositivas]<\/a>\n\n\t<\/div>\n\t\t\t<!-- Thumbnails -->\n\t\t\t\t<div id=\"ngg-image-0\" class=\"ngg-gallery-thumbnail-box\"\n\t\t\t\t\t\t\t\t\t\t\t>\n\t\t\t\t\t\t<div class=\"ngg-gallery-thumbnail\">\n\t\t\t<a href=\"https:\/\/blogsaverroes.juntadeandalucia.es\/iessanjose\/wp-content\/uploads\/sites\/797\/nggallery\/instalaciones\/instalacion01-1.jpg\"\n\t\t\t\ttitle=\"Aula\"\n\t\t\t\tdata-src=\"https:\/\/blogsaverroes.juntadeandalucia.es\/iessanjose\/wp-content\/uploads\/sites\/797\/nggallery\/instalaciones\/instalacion01-1.jpg\"\n\t\t\t\tdata-thumbnail=\"https:\/\/blogsaverroes.juntadeandalucia.es\/iessanjose\/wp-content\/uploads\/sites\/797\/nggallery\/instalaciones\/thumbs\/thumbs_instalacion01-1.jpg\"\n\t\t\t\tdata-image-id=\"13\"\n\t\t\t\tdata-title=\"instalacion01\"\n\t\t\t\tdata-description=\"Aula\"\n\t\t\t\tdata-image-slug=\"instalacion01\"\n\t\t\t\tclass=\"ngg-fancybox\" rel=\"96beb5c3fee543c019b1db9f23c1ff91\">\n\t\t\t\t<img\n\t\t\t\t\ttitle=\"instalacion01\"\n\t\t\t\t\talt=\"instalacion01\"\n\t\t\t\t\tsrc=\"https:\/\/blogsaverroes.juntadeandalucia.es\/iessanjose\/wp-content\/uploads\/sites\/797\/nggallery\/instalaciones\/thumbs\/thumbs_instalacion01-1.jpg\"\n\t\t\t\t\twidth=\"120\"\n\t\t\t\t\theight=\"90\"\n\t\t\t\t\tstyle=\"max-width:100%;\"\n\t\t\t\t\/>\n\t\t\t<\/a>\n\t\t<\/div>\n\t\t\t\t\t\t\t<\/div>\n\t\t\t\n\t\t\n\t\t\t\t<div id=\"ngg-image-1\" class=\"ngg-gallery-thumbnail-box\"\n\t\t\t\t\t\t\t\t\t\t\t>\n\t\t\t\t\t\t<div class=\"ngg-gallery-thumbnail\">\n\t\t\t<a href=\"https:\/\/blogsaverroes.juntadeandalucia.es\/iessanjose\/wp-content\/uploads\/sites\/797\/nggallery\/instalaciones\/instalacion02-1.jpg\"\n\t\t\t\ttitle=\"Gimnasio\"\n\t\t\t\tdata-src=\"https:\/\/blogsaverroes.juntadeandalucia.es\/iessanjose\/wp-content\/uploads\/sites\/797\/nggallery\/instalaciones\/instalacion02-1.jpg\"\n\t\t\t\tdata-thumbnail=\"https:\/\/blogsaverroes.juntadeandalucia.es\/iessanjose\/wp-content\/uploads\/sites\/797\/nggallery\/instalaciones\/thumbs\/thumbs_instalacion02-1.jpg\"\n\t\t\t\tdata-image-id=\"14\"\n\t\t\t\tdata-title=\"instalacion02\"\n\t\t\t\tdata-description=\"Gimnasio\"\n\t\t\t\tdata-image-slug=\"instalacion02\"\n\t\t\t\tclass=\"ngg-fancybox\" rel=\"96beb5c3fee543c019b1db9f23c1ff91\">\n\t\t\t\t<img\n\t\t\t\t\ttitle=\"instalacion02\"\n\t\t\t\t\talt=\"instalacion02\"\n\t\t\t\t\tsrc=\"https:\/\/blogsaverroes.juntadeandalucia.es\/iessanjose\/wp-content\/uploads\/sites\/797\/nggallery\/instalaciones\/thumbs\/thumbs_instalacion02-1.jpg\"\n\t\t\t\t\twidth=\"120\"\n\t\t\t\t\theight=\"90\"\n\t\t\t\t\tstyle=\"max-width:100%;\"\n\t\t\t\t\/>\n\t\t\t<\/a>\n\t\t<\/div>\n\t\t\t\t\t\t\t<\/div>\n\t\t\t\n\t\t\n\t\t\t\t<div id=\"ngg-image-2\" class=\"ngg-gallery-thumbnail-box\"\n\t\t\t\t\t\t\t\t\t\t\t>\n\t\t\t\t\t\t<div class=\"ngg-gallery-thumbnail\">\n\t\t\t<a href=\"https:\/\/blogsaverroes.juntadeandalucia.es\/iessanjose\/wp-content\/uploads\/sites\/797\/nggallery\/instalaciones\/instalacion03-1.jpg\"\n\t\t\t\ttitle=\"SUM\"\n\t\t\t\tdata-src=\"https:\/\/blogsaverroes.juntadeandalucia.es\/iessanjose\/wp-content\/uploads\/sites\/797\/nggallery\/instalaciones\/instalacion03-1.jpg\"\n\t\t\t\tdata-thumbnail=\"https:\/\/blogsaverroes.juntadeandalucia.es\/iessanjose\/wp-content\/uploads\/sites\/797\/nggallery\/instalaciones\/thumbs\/thumbs_instalacion03-1.jpg\"\n\t\t\t\tdata-image-id=\"15\"\n\t\t\t\tdata-title=\"instalacion03\"\n\t\t\t\tdata-description=\"SUM\"\n\t\t\t\tdata-image-slug=\"instalacion03\"\n\t\t\t\tclass=\"ngg-fancybox\" rel=\"96beb5c3fee543c019b1db9f23c1ff91\">\n\t\t\t\t<img\n\t\t\t\t\ttitle=\"instalacion03\"\n\t\t\t\t\talt=\"instalacion03\"\n\t\t\t\t\tsrc=\"https:\/\/blogsaverroes.juntadeandalucia.es\/iessanjose\/wp-content\/uploads\/sites\/797\/nggallery\/instalaciones\/thumbs\/thumbs_instalacion03-1.jpg\"\n\t\t\t\t\twidth=\"120\"\n\t\t\t\t\theight=\"90\"\n\t\t\t\t\tstyle=\"max-width:100%;\"\n\t\t\t\t\/>\n\t\t\t<\/a>\n\t\t<\/div>\n\t\t\t\t\t\t\t<\/div>\n\t\t\t\n\t\t\n\t\t\t\t<div id=\"ngg-image-3\" class=\"ngg-gallery-thumbnail-box\"\n\t\t\t\t\t\t\t\t\t\t\t>\n\t\t\t\t\t\t<div class=\"ngg-gallery-thumbnail\">\n\t\t\t<a href=\"https:\/\/blogsaverroes.juntadeandalucia.es\/iessanjose\/wp-content\/uploads\/sites\/797\/nggallery\/instalaciones\/instalacion04-1.jpg\"\n\t\t\t\ttitle=\"Taquillas\"\n\t\t\t\tdata-src=\"https:\/\/blogsaverroes.juntadeandalucia.es\/iessanjose\/wp-content\/uploads\/sites\/797\/nggallery\/instalaciones\/instalacion04-1.jpg\"\n\t\t\t\tdata-thumbnail=\"https:\/\/blogsaverroes.juntadeandalucia.es\/iessanjose\/wp-content\/uploads\/sites\/797\/nggallery\/instalaciones\/thumbs\/thumbs_instalacion04-1.jpg\"\n\t\t\t\tdata-image-id=\"16\"\n\t\t\t\tdata-title=\"instalacion04\"\n\t\t\t\tdata-description=\"Taquillas\"\n\t\t\t\tdata-image-slug=\"instalacion04\"\n\t\t\t\tclass=\"ngg-fancybox\" rel=\"96beb5c3fee543c019b1db9f23c1ff91\">\n\t\t\t\t<img\n\t\t\t\t\ttitle=\"instalacion04\"\n\t\t\t\t\talt=\"instalacion04\"\n\t\t\t\t\tsrc=\"https:\/\/blogsaverroes.juntadeandalucia.es\/iessanjose\/wp-content\/uploads\/sites\/797\/nggallery\/instalaciones\/thumbs\/thumbs_instalacion04-1.jpg\"\n\t\t\t\t\twidth=\"120\"\n\t\t\t\t\theight=\"90\"\n\t\t\t\t\tstyle=\"max-width:100%;\"\n\t\t\t\t\/>\n\t\t\t<\/a>\n\t\t<\/div>\n\t\t\t\t\t\t\t<\/div>\n\t\t\t\n\t\t\n\t\t\t\t<div id=\"ngg-image-4\" class=\"ngg-gallery-thumbnail-box\"\n\t\t\t\t\t\t\t\t\t\t\t>\n\t\t\t\t\t\t<div class=\"ngg-gallery-thumbnail\">\n\t\t\t<a href=\"https:\/\/blogsaverroes.juntadeandalucia.es\/iessanjose\/wp-content\/uploads\/sites\/797\/nggallery\/instalaciones\/instalacion01-1.jpg\"\n\t\t\t\ttitle=\"\"\n\t\t\t\tdata-src=\"https:\/\/blogsaverroes.juntadeandalucia.es\/iessanjose\/wp-content\/uploads\/sites\/797\/nggallery\/instalaciones\/instalacion01-1.jpg\"\n\t\t\t\tdata-thumbnail=\"https:\/\/blogsaverroes.juntadeandalucia.es\/iessanjose\/wp-content\/uploads\/sites\/797\/nggallery\/instalaciones\/thumbs\/thumbs_instalacion01-1.jpg\"\n\t\t\t\tdata-image-id=\"17\"\n\t\t\t\tdata-title=\"instalacion01\"\n\t\t\t\tdata-description=\"\"\n\t\t\t\tdata-image-slug=\"instalacion01-1\"\n\t\t\t\tclass=\"ngg-fancybox\" rel=\"96beb5c3fee543c019b1db9f23c1ff91\">\n\t\t\t\t<img\n\t\t\t\t\ttitle=\"instalacion01\"\n\t\t\t\t\talt=\"instalacion01\"\n\t\t\t\t\tsrc=\"https:\/\/blogsaverroes.juntadeandalucia.es\/iessanjose\/wp-content\/uploads\/sites\/797\/nggallery\/instalaciones\/thumbs\/thumbs_instalacion01-1.jpg\"\n\t\t\t\t\twidth=\"120\"\n\t\t\t\t\theight=\"90\"\n\t\t\t\t\tstyle=\"max-width:100%;\"\n\t\t\t\t\/>\n\t\t\t<\/a>\n\t\t<\/div>\n\t\t\t\t\t\t\t<\/div>\n\t\t\t\n\t\t\n\t\t\t\t<div id=\"ngg-image-5\" class=\"ngg-gallery-thumbnail-box\"\n\t\t\t\t\t\t\t\t\t\t\t>\n\t\t\t\t\t\t<div class=\"ngg-gallery-thumbnail\">\n\t\t\t<a href=\"https:\/\/blogsaverroes.juntadeandalucia.es\/iessanjose\/wp-content\/uploads\/sites\/797\/nggallery\/instalaciones\/instalacion02-1.jpg\"\n\t\t\t\ttitle=\"\"\n\t\t\t\tdata-src=\"https:\/\/blogsaverroes.juntadeandalucia.es\/iessanjose\/wp-content\/uploads\/sites\/797\/nggallery\/instalaciones\/instalacion02-1.jpg\"\n\t\t\t\tdata-thumbnail=\"https:\/\/blogsaverroes.juntadeandalucia.es\/iessanjose\/wp-content\/uploads\/sites\/797\/nggallery\/instalaciones\/thumbs\/thumbs_instalacion02-1.jpg\"\n\t\t\t\tdata-image-id=\"18\"\n\t\t\t\tdata-title=\"instalacion02\"\n\t\t\t\tdata-description=\"\"\n\t\t\t\tdata-image-slug=\"instalacion02-1\"\n\t\t\t\tclass=\"ngg-fancybox\" rel=\"96beb5c3fee543c019b1db9f23c1ff91\">\n\t\t\t\t<img\n\t\t\t\t\ttitle=\"instalacion02\"\n\t\t\t\t\talt=\"instalacion02\"\n\t\t\t\t\tsrc=\"https:\/\/blogsaverroes.juntadeandalucia.es\/iessanjose\/wp-content\/uploads\/sites\/797\/nggallery\/instalaciones\/thumbs\/thumbs_instalacion02-1.jpg\"\n\t\t\t\t\twidth=\"120\"\n\t\t\t\t\theight=\"90\"\n\t\t\t\t\tstyle=\"max-width:100%;\"\n\t\t\t\t\/>\n\t\t\t<\/a>\n\t\t<\/div>\n\t\t\t\t\t\t\t<\/div>\n\t\t\t\n\t\t\n\t\t\t\t<div id=\"ngg-image-6\" class=\"ngg-gallery-thumbnail-box\"\n\t\t\t\t\t\t\t\t\t\t\t>\n\t\t\t\t\t\t<div class=\"ngg-gallery-thumbnail\">\n\t\t\t<a href=\"https:\/\/blogsaverroes.juntadeandalucia.es\/iessanjose\/wp-content\/uploads\/sites\/797\/nggallery\/instalaciones\/instalacion03-1.jpg\"\n\t\t\t\ttitle=\"\"\n\t\t\t\tdata-src=\"https:\/\/blogsaverroes.juntadeandalucia.es\/iessanjose\/wp-content\/uploads\/sites\/797\/nggallery\/instalaciones\/instalacion03-1.jpg\"\n\t\t\t\tdata-thumbnail=\"https:\/\/blogsaverroes.juntadeandalucia.es\/iessanjose\/wp-content\/uploads\/sites\/797\/nggallery\/instalaciones\/thumbs\/thumbs_instalacion03-1.jpg\"\n\t\t\t\tdata-image-id=\"19\"\n\t\t\t\tdata-title=\"instalacion03\"\n\t\t\t\tdata-description=\"\"\n\t\t\t\tdata-image-slug=\"instalacion03-1\"\n\t\t\t\tclass=\"ngg-fancybox\" rel=\"96beb5c3fee543c019b1db9f23c1ff91\">\n\t\t\t\t<img\n\t\t\t\t\ttitle=\"instalacion03\"\n\t\t\t\t\talt=\"instalacion03\"\n\t\t\t\t\tsrc=\"https:\/\/blogsaverroes.juntadeandalucia.es\/iessanjose\/wp-content\/uploads\/sites\/797\/nggallery\/instalaciones\/thumbs\/thumbs_instalacion03-1.jpg\"\n\t\t\t\t\twidth=\"120\"\n\t\t\t\t\theight=\"90\"\n\t\t\t\t\tstyle=\"max-width:100%;\"\n\t\t\t\t\/>\n\t\t\t<\/a>\n\t\t<\/div>\n\t\t\t\t\t\t\t<\/div>\n\t\t\t\n\t\t\n\t\t\t\t<div id=\"ngg-image-7\" class=\"ngg-gallery-thumbnail-box\"\n\t\t\t\t\t\t\t\t\t\t\t>\n\t\t\t\t\t\t<div class=\"ngg-gallery-thumbnail\">\n\t\t\t<a href=\"https:\/\/blogsaverroes.juntadeandalucia.es\/iessanjose\/wp-content\/uploads\/sites\/797\/nggallery\/instalaciones\/instalacion04-1.jpg\"\n\t\t\t\ttitle=\"\"\n\t\t\t\tdata-src=\"https:\/\/blogsaverroes.juntadeandalucia.es\/iessanjose\/wp-content\/uploads\/sites\/797\/nggallery\/instalaciones\/instalacion04-1.jpg\"\n\t\t\t\tdata-thumbnail=\"https:\/\/blogsaverroes.juntadeandalucia.es\/iessanjose\/wp-content\/uploads\/sites\/797\/nggallery\/instalaciones\/thumbs\/thumbs_instalacion04-1.jpg\"\n\t\t\t\tdata-image-id=\"20\"\n\t\t\t\tdata-title=\"instalacion04\"\n\t\t\t\tdata-description=\"\"\n\t\t\t\tdata-image-slug=\"instalacion04-1\"\n\t\t\t\tclass=\"ngg-fancybox\" rel=\"96beb5c3fee543c019b1db9f23c1ff91\">\n\t\t\t\t<img\n\t\t\t\t\ttitle=\"instalacion04\"\n\t\t\t\t\talt=\"instalacion04\"\n\t\t\t\t\tsrc=\"https:\/\/blogsaverroes.juntadeandalucia.es\/iessanjose\/wp-content\/uploads\/sites\/797\/nggallery\/instalaciones\/thumbs\/thumbs_instalacion04-1.jpg\"\n\t\t\t\t\twidth=\"120\"\n\t\t\t\t\theight=\"90\"\n\t\t\t\t\tstyle=\"max-width:100%;\"\n\t\t\t\t\/>\n\t\t\t<\/a>\n\t\t<\/div>\n\t\t\t\t\t\t\t<\/div>\n\t\t\t\n\t\t\n\t\t\n\t\t<!-- Pagination -->\n\t\t<div class='ngg-clear'><\/div>\t<\/div>\n<\/p>\n","protected":false},"excerpt":{"rendered":"<p>[googlemaps https:\/\/www.google.es\/maps\/place\/Instituto+de+Educaci%C3%B3n+Secundaria+Ies+San+Jos%C3%A9\/@37.2913268,-6.0544638,17z\/data=!3m1!4b1!4m5!3m4!1s0xd1272c7491acd61:0xd6c539c3b2fb53a5!8m2!3d37.2913268!4d-6.0522751] El IES San Jos\u00e9 se encuentra en la avenida Primero de Mayo, n\u00ba 68, de Coria del R\u00edo. El instituto se crea como tal en el curso 97\/98, tras la conversi\u00f3n del antiguo colegio San Jos\u00e9 en centro de Secundaria. Esto supone que la localidad pase a contar con tres institutos: IES Caura, [&hellip;]<\/p>\n","protected":false},"author":1,"featured_media":0,"parent":0,"menu_order":0,"comment_status":"closed","ping_status":"open","template":"template-full-width.php","meta":{"ngg_post_thumbnail":0,"footnotes":"","_mc_calendar":[]},"aioseo_notices":[],"_links":{"self":[{"href":"https:\/\/blogsaverroes.juntadeandalucia.es\/iessanjose\/wp-json\/wp\/v2\/pages\/35"}],"collection":[{"href":"https:\/\/blogsaverroes.juntadeandalucia.es\/iessanjose\/wp-json\/wp\/v2\/pages"}],"about":[{"href":"https:\/\/blogsaverroes.juntadeandalucia.es\/iessanjose\/wp-json\/wp\/v2\/types\/page"}],"author":[{"embeddable":true,"href":"https:\/\/blogsaverroes.juntadeandalucia.es\/iessanjose\/wp-json\/wp\/v2\/users\/1"}],"replies":[{"embeddable":true,"href":"https:\/\/blogsaverroes.juntadeandalucia.es\/iessanjose\/wp-json\/wp\/v2\/comments?post=35"}],"version-history":[{"count":34,"href":"https:\/\/blogsaverroes.juntadeandalucia.es\/iessanjose\/wp-json\/wp\/v2\/pages\/35\/revisions"}],"predecessor-version":[{"id":2436,"href":"https:\/\/blogsaverroes.juntadeandalucia.es\/iessanjose\/wp-json\/wp\/v2\/pages\/35\/revisions\/2436"}],"wp:attachment":[{"href":"https:\/\/blogsaverroes.juntadeandalucia.es\/iessanjose\/wp-json\/wp\/v2\/media?parent=35"}],"curies":[{"name":"wp","href":"https:\/\/api.w.org\/{rel}","templated":true}]}}