{"id":1341,"date":"2021-09-19T22:46:50","date_gmt":"2021-09-19T21:46:50","guid":{"rendered":"https:\/\/blogsaverroes.juntadeandalucia.es\/iessantaisabeldehungria\/?page_id=1341"},"modified":"2025-10-27T11:05:40","modified_gmt":"2025-10-27T10:05:40","slug":"erasmus","status":"publish","type":"page","link":"https:\/\/blogsaverroes.juntadeandalucia.es\/iessantaisabeldehungria\/planes-y-proyectos\/erasmus\/","title":{"rendered":"Programas Erasmus+"},"content":{"rendered":"[et_pb_section fb_built=\u00bb1&#8243; _builder_version=\u00bb4.24.2&#8243; _module_preset=\u00bbdefault\u00bb background_size=\u00bbcontain\u00bb custom_margin=\u00bb30px||50px||false|false\u00bb custom_padding=\u00bb0px||0px||false|false\u00bb global_colors_info=\u00bb{}\u00bb][et_pb_row column_structure=\u00bb2_3,1_3&#8243; _builder_version=\u00bb4.16&#8243; background_size=\u00bbinitial\u00bb background_position=\u00bbtop_left\u00bb background_repeat=\u00bbrepeat\u00bb custom_margin=\u00bb||||false|false\u00bb locked=\u00bboff\u00bb global_colors_info=\u00bb{}\u00bb][et_pb_column type=\u00bb2_3&#8243; _builder_version=\u00bb4.16&#8243; custom_padding=\u00bb|||\u00bb global_colors_info=\u00bb{}\u00bb custom_padding__hover=\u00bb|||\u00bb][et_pb_text admin_label=\u00bbTexto\u00bb _builder_version=\u00bb4.24.2&#8243; _module_preset=\u00bbdefault\u00bb background_enable_image=\u00bboff\u00bb background_size=\u00bbstretch\u00bb locked=\u00bboff\u00bb global_colors_info=\u00bb{}\u00bb]\n<p style=\"text-align: left\"><span style=\"font-size: 16pt\">Planes y Proyectos<\/span><\/p>\n<h1><strong>Programas Erasmus+<\/strong><\/h1>\n<p style=\"text-align: left\"><strong><span style=\"font-size: 24pt\"><\/span><\/strong><\/p>\n[\/et_pb_text][\/et_pb_column][et_pb_column type=\u00bb1_3&#8243; _builder_version=\u00bb4.24.2&#8243; _module_preset=\u00bbdefault\u00bb global_colors_info=\u00bb{}\u00bb][et_pb_image src=\u00bbhttps:\/\/blogsaverroes.juntadeandalucia.es\/iessantaisabeldehungria\/files\/2025\/10\/es_cofinanciado_por_la_union_europea_pos.png\u00bb title_text=\u00bbes_cofinanciado_por_la_union_europea_pos\u00bb _builder_version=\u00bb4.24.2&#8243; _module_preset=\u00bbdefault\u00bb width=\u00bb100%\u00bb max_width=\u00bb300px\u00bb module_alignment=\u00bbright\u00bb global_colors_info=\u00bb{}\u00bb][\/et_pb_image][\/et_pb_column][\/et_pb_row][et_pb_row _builder_version=\u00bb4.16&#8243; _module_preset=\u00bbdefault\u00bb locked=\u00bboff\u00bb global_colors_info=\u00bb{}\u00bb][et_pb_column type=\u00bb4_4&#8243; _builder_version=\u00bb4.16&#8243; _module_preset=\u00bbdefault\u00bb global_colors_info=\u00bb{}\u00bb][et_pb_text _builder_version=\u00bb4.24.2&#8243; _module_preset=\u00bbdefault\u00bb locked=\u00bboff\u00bb global_colors_info=\u00bb{}\u00bb]\n<p style=\"text-align: justify\"><strong style=\"font-size: 14px\">Coordinaci\u00f3n:<\/strong><span style=\"font-size: 14px\"> Mercedes Mart\u00edn S\u00e1nchez<\/span><\/p>\n[\/et_pb_text][\/et_pb_column][\/et_pb_row][et_pb_row _builder_version=\u00bb4.24.2&#8243; _module_preset=\u00bbdefault\u00bb global_colors_info=\u00bb{}\u00bb][et_pb_column type=\u00bb4_4&#8243; _builder_version=\u00bb4.24.2&#8243; _module_preset=\u00bbdefault\u00bb global_colors_info=\u00bb{}\u00bb][et_pb_text _builder_version=\u00bb4.24.2&#8243; _module_preset=\u00bbdefault\u00bb hover_enabled=\u00bb0&#8243; locked=\u00bboff\u00bb global_colors_info=\u00bb{}\u00bb sticky_enabled=\u00bb0&#8243;]\n<p style=\"text-align: justify\">El IES Santa Isabel de Hungr\u00eda tiene experiencia previa en la gesti\u00f3n y ejecuci\u00f3n de <a href=\"https:\/\/blogsaverroes.juntadeandalucia.es\/iessantaisabeldehungria\/planes-y-proyectos\/erasmus\/programa-erasmus-ka229\/\">Proyectos Erasmus+ KA229<\/a>. Tras comprobar de primera mano los enormes beneficios que un proyecto de esta naturaleza ofrece a los centros educativos, nos embarcamos en la redacci\u00f3n de la solicitud de Acreditaci\u00f3n que, felizmente, conseguimos fue aprobada en el a\u00f1o 2023.<\/p>\n[\/et_pb_text][\/et_pb_column][\/et_pb_row][et_pb_row _builder_version=\u00bb4.24.2&#8243; _module_preset=\u00bbdefault\u00bb global_colors_info=\u00bb{}\u00bb][et_pb_column type=\u00bb4_4&#8243; _builder_version=\u00bb4.24.2&#8243; _module_preset=\u00bbdefault\u00bb global_colors_info=\u00bb{}\u00bb][et_pb_text _builder_version=\u00bb4.24.2&#8243; _module_preset=\u00bbdefault\u00bb locked=\u00bboff\u00bb global_colors_info=\u00bb{}\u00bb]\n<h4 style=\"text-align: justify\"><strong>Acreditaci\u00f3n Erasmus en el \u00e1mbito de la Educaci\u00f3n Escolar 2023-1-ES01-KA120-SCH-000191211<\/strong><\/h4>\n[\/et_pb_text][\/et_pb_column][\/et_pb_row][et_pb_row column_structure=\u00bb1_2,1_2&#8243; _builder_version=\u00bb4.24.2&#8243; _module_preset=\u00bbdefault\u00bb global_colors_info=\u00bb{}\u00bb][et_pb_column type=\u00bb1_2&#8243; _builder_version=\u00bb4.24.2&#8243; _module_preset=\u00bbdefault\u00bb global_colors_info=\u00bb{}\u00bb][et_pb_text _builder_version=\u00bb4.24.2&#8243; _module_preset=\u00bbdefault\u00bb locked=\u00bboff\u00bb global_colors_info=\u00bb{}\u00bb]\n<p style=\"text-align: justify\">Los objetivos que perseguimos con nuestra Acreditaci\u00f3n, vigente hasta el curso 2026\/2027, son los siguientes:<\/p>\n<p style=\"text-align: justify\">1. Mejorar la competencia digital del alumnado desde una perspectiva integral y responsable.<\/p>\n<p style=\"text-align: justify\">2. Mejorar la competencia en comunicaci\u00f3n ling\u00fc\u00edstica y pluriling\u00fce de nuestro alumnado como herramienta de trabajo y veh\u00edculo de desarrollo personal y profesional.<\/p>\n<p style=\"text-align: justify\">3. Incorporar el arte y la creatividad al trabajo diario del centro como herramienta de inclusi\u00f3n y desarrollo de actitudes contrarias a la violencia.<\/p>\n<p style=\"text-align: justify\">4. Mejorar las competencias profesionales de los docentes en aspectos metodol\u00f3gicos, en el manejo y la aplicaci\u00f3n de las nuevas tecnolog\u00edas en el aula y en competencia ling\u00fc\u00edstica en L2.<\/p>\n<p style=\"text-align: justify\">5. Impulsar medidas que nos ayuden a asumir los Objetivos de Desarrollo Sostenible de la Agenda 2030 en el d\u00eda a d\u00eda del centro y en el conjunto de la comunidad educativa.<\/p>\n<p style=\"text-align: justify\">6. Poner en valor y en uso la enorme riqueza patrimonial y cultural de nuestro centro y su entorno, d\u00e1ndole proyecci\u00f3n internacional.<\/p>\n[\/et_pb_text][\/et_pb_column][et_pb_column type=\u00bb1_2&#8243; _builder_version=\u00bb4.24.2&#8243; _module_preset=\u00bbdefault\u00bb global_colors_info=\u00bb{}\u00bb][et_pb_blurb image=\u00bbhttps:\/\/blogsaverroes.juntadeandalucia.es\/iessantaisabeldehungria\/files\/2025\/10\/Captura-de-pantalla-2025-10-26-a-las-12.54.20.png\u00bb _builder_version=\u00bb4.24.2&#8243; _module_preset=\u00bbdefault\u00bb global_colors_info=\u00bb{}\u00bb][\/et_pb_blurb][\/et_pb_column][\/et_pb_row][et_pb_row _builder_version=\u00bb4.16&#8243; _module_preset=\u00bbdefault\u00bb global_colors_info=\u00bb{}\u00bb][et_pb_column type=\u00bb4_4&#8243; _builder_version=\u00bb4.16&#8243; _module_preset=\u00bbdefault\u00bb global_colors_info=\u00bb{}\u00bb][et_pb_toggle title=\u00bbCurso 2025-2026&#8243; open_toggle_text_color=\u00bb#241f59&#8243; _builder_version=\u00bb4.24.2&#8243; _module_preset=\u00bbdefault\u00bb title_text_color=\u00bb#241f59&#8243; title_level=\u00bbh4&#8243; title_font=\u00bb|700|||||||\u00bb custom_margin=\u00bb||15px||false|false\u00bb locked=\u00bboff\u00bb global_colors_info=\u00bb{}\u00bb]\n<p style=\"text-align: justify\"><strong>\u00a0<\/strong><\/p>\n<p style=\"text-align: justify\">[\/et_pb_toggle][et_pb_toggle title=\u00bbCurso 2024-2025&#8243; open_toggle_text_color=\u00bb#241f59&#8243; _builder_version=\u00bb4.24.2&#8243; _module_preset=\u00bbdefault\u00bb title_text_color=\u00bb#241f59&#8243; title_level=\u00bbh4&#8243; title_font=\u00bb|700|||||||\u00bb custom_margin=\u00bb||15px||false|false\u00bb locked=\u00bboff\u00bb global_colors_info=\u00bb{}\u00bb]\n<p style=\"text-align: justify\"><strong>\u00a0<\/strong><\/p>\n<p style=\"text-align: justify\">[\/et_pb_toggle][\/et_pb_column][\/et_pb_row][\/et_pb_section]\n","protected":false},"excerpt":{"rendered":"<p>Planes y Proyectos Programas Erasmus+ Coordinaci\u00f3n: Mercedes Mart\u00edn S\u00e1nchezEl IES Santa Isabel de Hungr\u00eda tiene experiencia previa en la gesti\u00f3n y ejecuci\u00f3n de Proyectos Erasmus+ KA229. Tras comprobar de primera mano los enormes beneficios que un proyecto de esta naturaleza ofrece a los centros educativos, nos embarcamos en la redacci\u00f3n de la solicitud de Acreditaci\u00f3n [&hellip;]<\/p>\n","protected":false},"author":12290,"featured_media":0,"parent":2914,"menu_order":0,"comment_status":"closed","ping_status":"closed","template":"","meta":{"_et_pb_use_builder":"on","_et_pb_old_content":"","_et_gb_content_width":"","ngg_post_thumbnail":0,"footnotes":""},"aioseo_notices":[],"_links":{"self":[{"href":"https:\/\/blogsaverroes.juntadeandalucia.es\/iessantaisabeldehungria\/wp-json\/wp\/v2\/pages\/1341"}],"collection":[{"href":"https:\/\/blogsaverroes.juntadeandalucia.es\/iessantaisabeldehungria\/wp-json\/wp\/v2\/pages"}],"about":[{"href":"https:\/\/blogsaverroes.juntadeandalucia.es\/iessantaisabeldehungria\/wp-json\/wp\/v2\/types\/page"}],"author":[{"embeddable":true,"href":"https:\/\/blogsaverroes.juntadeandalucia.es\/iessantaisabeldehungria\/wp-json\/wp\/v2\/users\/12290"}],"replies":[{"embeddable":true,"href":"https:\/\/blogsaverroes.juntadeandalucia.es\/iessantaisabeldehungria\/wp-json\/wp\/v2\/comments?post=1341"}],"version-history":[{"count":33,"href":"https:\/\/blogsaverroes.juntadeandalucia.es\/iessantaisabeldehungria\/wp-json\/wp\/v2\/pages\/1341\/revisions"}],"predecessor-version":[{"id":6110,"href":"https:\/\/blogsaverroes.juntadeandalucia.es\/iessantaisabeldehungria\/wp-json\/wp\/v2\/pages\/1341\/revisions\/6110"}],"up":[{"embeddable":true,"href":"https:\/\/blogsaverroes.juntadeandalucia.es\/iessantaisabeldehungria\/wp-json\/wp\/v2\/pages\/2914"}],"wp:attachment":[{"href":"https:\/\/blogsaverroes.juntadeandalucia.es\/iessantaisabeldehungria\/wp-json\/wp\/v2\/media?parent=1341"}],"curies":[{"name":"wp","href":"https:\/\/api.w.org\/{rel}","templated":true}]}}