{"id":158,"date":"2015-03-17T07:50:33","date_gmt":"2015-03-17T07:50:33","guid":{"rendered":"http:\/\/blogsaverroes.juntadeandalucia.es\/pre\/ceip\/?page_id=158"},"modified":"2025-05-16T08:21:40","modified_gmt":"2025-05-16T08:21:40","slug":"matematicas","status":"publish","type":"page","link":"https:\/\/blogsaverroes.juntadeandalucia.es\/iessebastianfernandez\/matematicas\/","title":{"rendered":"Matem\u00e1ticas"},"content":{"rendered":"<p style=\"text-align: center\"><a href=\"https:\/\/blogsaverroes.juntadeandalucia.es\/iessebastianfernandez\/files\/2015\/03\/IMAGEN-DEPARTAMENTO-DE-MATEM\u00c1TICAS.jpg\"><img loading=\"lazy\" decoding=\"async\" class=\"alignnone size-full wp-image-2645\" src=\"https:\/\/blogsaverroes.juntadeandalucia.es\/iessebastianfernandez\/files\/2015\/03\/IMAGEN-DEPARTAMENTO-DE-MATEM\u00c1TICAS.jpg\" alt=\"\" width=\"225\" height=\"225\" srcset=\"https:\/\/blogsaverroes.juntadeandalucia.es\/iessebastianfernandez\/files\/2015\/03\/IMAGEN-DEPARTAMENTO-DE-MATEM\u00c1TICAS.jpg 225w, https:\/\/blogsaverroes.juntadeandalucia.es\/iessebastianfernandez\/files\/2015\/03\/IMAGEN-DEPARTAMENTO-DE-MATEM\u00c1TICAS-150x150.jpg 150w, https:\/\/blogsaverroes.juntadeandalucia.es\/iessebastianfernandez\/files\/2015\/03\/IMAGEN-DEPARTAMENTO-DE-MATEM\u00c1TICAS-100x100.jpg 100w, https:\/\/blogsaverroes.juntadeandalucia.es\/iessebastianfernandez\/files\/2015\/03\/IMAGEN-DEPARTAMENTO-DE-MATEM\u00c1TICAS-24x24.jpg 24w, https:\/\/blogsaverroes.juntadeandalucia.es\/iessebastianfernandez\/files\/2015\/03\/IMAGEN-DEPARTAMENTO-DE-MATEM\u00c1TICAS-36x36.jpg 36w, https:\/\/blogsaverroes.juntadeandalucia.es\/iessebastianfernandez\/files\/2015\/03\/IMAGEN-DEPARTAMENTO-DE-MATEM\u00c1TICAS-48x48.jpg 48w, https:\/\/blogsaverroes.juntadeandalucia.es\/iessebastianfernandez\/files\/2015\/03\/IMAGEN-DEPARTAMENTO-DE-MATEM\u00c1TICAS-50x50.jpg 50w\" sizes=\"(max-width: 225px) 85vw, 225px\" \/><\/a><\/p>\n<p style=\"text-align: justify\">Ya dijo el gran <strong><em>Galileo Galilei<\/em><\/strong> que <u>la naturaleza est\u00e1 escrita en lenguaje matem\u00e1tico<\/u>. \u00a1No le faltaban razones!<\/p>\n<p style=\"text-align: justify\">Las matem\u00e1ticas est\u00e1n presentes en la trayectoria de los planetas, en los c\u00e1lculos de la teor\u00eda de la relatividad, en la estructura de los seres vivos, en los comportamientos sociales, en cualquier campo del conocimiento humano.<\/p>\n<p style=\"text-align: justify\">No s\u00f3lo sirven para saber si te han dado bien el cambio al comprar en la tienda. Sin ellas no aguantar\u00edan los puentes, ni existir\u00edan los ordenadores ni internet. No habr\u00eda tel\u00e9fonos m\u00f3viles, ni se podr\u00eda predecir el tiempo.<\/p>\n<p style=\"text-align: justify\">Adem\u00e1s,<strong> su poder es sorprendente y m\u00e1gico. <\/strong>\u00a1Podemos calcular la altura de cualquier cosa sin medirla! Por ejemplo el gran <strong><em>Tales de Mileto<\/em> <\/strong>utiliz\u00f3 las matem\u00e1ticas para calcular la altura de la<strong> gran pir\u00e1mide de Keops<\/strong>.<\/p>\n<p style=\"text-align: justify\">En tiempos de <strong><em>Erat\u00f3stenes de Alejandr\u00eda<\/em> <\/strong>ya se supon\u00eda que la tierra era esf\u00e9rica. Resulta portentoso que gracias a las matem\u00e1ticas y a un reloj de sol, pudo calcular con bastante precisi\u00f3n la longitud de la<strong> circunferencia de la tierra<\/strong>.<\/p>\n<p style=\"text-align: justify\">La belleza de las matem\u00e1ticas es innegable, y muchas veces<strong> desaf\u00eda nuestra intuici\u00f3n, <\/strong>como la<strong> paradoja del cumplea\u00f1os.<\/strong> Existe m\u00e1s de un 50% de probabilidad que en una clase (de 23 alumnos) haya 2 personas que cumplan a\u00f1os el mismo d\u00eda.<\/p>\n<p style=\"text-align: justify\">Por ello, esta materia ha ocupado un lugar predominante en los planes de ense\u00f1anza en las escuelas de casi todo el mundo impulsada por su facultad de <strong>desarrollar la capacidad del pensamiento y por su utilidad tanto para la vida diaria como para el aprendizaje de otras disciplina<\/strong>s, adem\u00e1s de ser una ciencia de lenguaje universal.<\/p>\n<p style=\"text-align: justify\"><strong>Composici\u00f3n del departamento<\/strong><\/p>\n<p style=\"text-align: justify\">Durante el presente curso, el Departamento de Matem\u00e1ticas estar\u00e1 compuesto por los siguientes profesores:<\/p>\n<ul>\n<li>Daniel Cipriano Mart\u00edn<\/li>\n<li>Francisco Javier Oria Cordero<\/li>\n<li>Ana M\u00aa Rom\u00e1n Linares (Jefa de departamento)<\/li>\n<li>Francisco Vidal Garc\u00eda<\/li>\n<li>Laura Mira Reymurez<\/li>\n<\/ul>\n<p><strong>P\u00e1ginas webs de inter\u00e9s<\/strong><\/p>\n<p style=\"text-align: justify\"><u><a href=\"http:\/\/recursostic.educacion.es\/descartes\/web\/\">Proyecto Descartes<\/a>:<\/u> En esta p\u00e1gina puedes encontrar todos los temas de todos los cursos desarrollados ampliamente con aplicaciones, ejercicios y curiosidades.&nbsp;<\/p>\n<p style=\"text-align: justify\">&nbsp;<\/p>\n<p style=\"text-align: justify\"><u><a href=\"https:\/\/www.vitutor.com\/\">Vitutor<\/a>:<\/u> Re\u00fane una gran colecci\u00f3n de apuntes y explicaciones sobre la asignatura de matem\u00e1ticas, para estudiantes de diferentes niveles. Tambi\u00e9n cuenta con ejercicios, problemas resueltos, ejercicios interactivos y otras actividades. Los contenidos est\u00e1n estructurados por cursos, o bien, por las distintas ramas de las Matem\u00e1ticas.<\/p>\n<p style=\"text-align: justify\"><u><a href=\"https:\/\/www.matematicasonline.es\/\">Amo las Mates<\/a>:<\/u> Matem\u00e1ticas interactivas. P\u00e1gina muy completa con ejercicios, problemas, apuntes, juegos de inteligencia&#8230;<\/p>\n<p style=\"text-align: justify\"><u><a href=\"https:\/\/www.geogebra.org\/classic?lang=es\">Geogebra<\/a>:<\/u> Es un Programa Din\u00e1mico para la Ense\u00f1anza y Aprendizaje de las Matem\u00e1ticas para educaci\u00f3n en todos sus niveles. Combina din\u00e1micamente, geometr\u00eda, \u00e1lgebra, an\u00e1lisis y estad\u00edstica en un \u00fanico conjunto tan sencillo a nivel operativo como potente.<\/p>\n<p><a href=\"https:\/\/blogsaverroes.juntadeandalucia.es\/iessebastianfernandez\/files\/2025\/05\/Programacion-Matematicas-24-25-revisada.pdf\">Programaci\u00f3n Matem\u00e1ticas 24-25 <\/a><\/p>\n<p><a href=\"https:\/\/blogsaverroes.juntadeandalucia.es\/iessebastianfernandez\/files\/2025\/05\/Matematicas-B-4oESO-revisada.pdf\">Matem\u00e1ticas B 4\u00baESO<\/a><\/p>\n<p><a href=\"https:\/\/blogsaverroes.juntadeandalucia.es\/iessebastianfernandez\/files\/2025\/05\/Matematicas-A-4o-ESO-revisada.pdf\">Matem\u00e1ticas A 4\u00ba ESO<\/a><\/p>\n<p><a href=\"https:\/\/blogsaverroes.juntadeandalucia.es\/iessebastianfernandez\/files\/2025\/05\/Matematicas-1o-2o-3o-ESO-revisada.pdf\">Matem\u00e1ticas 1\u00ba, 2\u00ba, 3\u00ba ESO<\/a><\/p>\n","protected":false},"excerpt":{"rendered":"<p>Ya dijo el gran Galileo Galilei que la naturaleza est\u00e1 escrita en lenguaje matem\u00e1tico. \u00a1No le faltaban razones! Las matem\u00e1ticas est\u00e1n presentes en la trayectoria de los planetas, en los c\u00e1lculos de la teor\u00eda de la relatividad, en la estructura de los seres vivos, en los comportamientos sociales, en cualquier campo del conocimiento humano. No &hellip; <a href=\"https:\/\/blogsaverroes.juntadeandalucia.es\/iessebastianfernandez\/matematicas\/\" class=\"more-link\">Continuar leyendo<span class=\"screen-reader-text\"> \u00abMatem\u00e1ticas\u00bb<\/span><\/a><\/p>\n","protected":false},"author":1,"featured_media":0,"parent":0,"menu_order":0,"comment_status":"closed","ping_status":"open","template":"","meta":{"ngg_post_thumbnail":0,"footnotes":"","_mc_calendar":[]},"aioseo_notices":[],"_links":{"self":[{"href":"https:\/\/blogsaverroes.juntadeandalucia.es\/iessebastianfernandez\/wp-json\/wp\/v2\/pages\/158"}],"collection":[{"href":"https:\/\/blogsaverroes.juntadeandalucia.es\/iessebastianfernandez\/wp-json\/wp\/v2\/pages"}],"about":[{"href":"https:\/\/blogsaverroes.juntadeandalucia.es\/iessebastianfernandez\/wp-json\/wp\/v2\/types\/page"}],"author":[{"embeddable":true,"href":"https:\/\/blogsaverroes.juntadeandalucia.es\/iessebastianfernandez\/wp-json\/wp\/v2\/users\/1"}],"replies":[{"embeddable":true,"href":"https:\/\/blogsaverroes.juntadeandalucia.es\/iessebastianfernandez\/wp-json\/wp\/v2\/comments?post=158"}],"version-history":[{"count":8,"href":"https:\/\/blogsaverroes.juntadeandalucia.es\/iessebastianfernandez\/wp-json\/wp\/v2\/pages\/158\/revisions"}],"predecessor-version":[{"id":3616,"href":"https:\/\/blogsaverroes.juntadeandalucia.es\/iessebastianfernandez\/wp-json\/wp\/v2\/pages\/158\/revisions\/3616"}],"wp:attachment":[{"href":"https:\/\/blogsaverroes.juntadeandalucia.es\/iessebastianfernandez\/wp-json\/wp\/v2\/media?parent=158"}],"curies":[{"name":"wp","href":"https:\/\/api.w.org\/{rel}","templated":true}]}}