{"id":176,"date":"2015-03-17T07:56:30","date_gmt":"2015-03-17T07:56:30","guid":{"rendered":"http:\/\/blogsaverroes.juntadeandalucia.es\/pre\/ceip\/?page_id=176"},"modified":"2023-10-09T18:55:53","modified_gmt":"2023-10-09T18:55:53","slug":"educacion-fisica","status":"publish","type":"page","link":"https:\/\/blogsaverroes.juntadeandalucia.es\/iesseneca\/educacion-fisica\/","title":{"rendered":"Educaci\u00f3n F\u00edsica"},"content":{"rendered":"<p><a href=\"https:\/\/blogsaverroes.juntadeandalucia.es\/iesseneca\/files\/2021\/01\/educaci\u00f3n-f\u00edsica-color-escalado.png\"><img loading=\"lazy\" decoding=\"async\" class=\"wp-image-3207 alignleft\" src=\"https:\/\/blogsaverroes.juntadeandalucia.es\/iesseneca\/files\/2021\/01\/educaci\u00f3n-f\u00edsica-color-escalado.png\" alt=\"\" width=\"450\" height=\"100\" srcset=\"https:\/\/blogsaverroes.juntadeandalucia.es\/iesseneca\/files\/2021\/01\/educaci\u00f3n-f\u00edsica-color-escalado.png 1000w, https:\/\/blogsaverroes.juntadeandalucia.es\/iesseneca\/files\/2021\/01\/educaci\u00f3n-f\u00edsica-color-escalado-300x67.png 300w, https:\/\/blogsaverroes.juntadeandalucia.es\/iesseneca\/files\/2021\/01\/educaci\u00f3n-f\u00edsica-color-escalado-768x170.png 768w, https:\/\/blogsaverroes.juntadeandalucia.es\/iesseneca\/files\/2021\/01\/educaci\u00f3n-f\u00edsica-color-escalado-24x5.png 24w, https:\/\/blogsaverroes.juntadeandalucia.es\/iesseneca\/files\/2021\/01\/educaci\u00f3n-f\u00edsica-color-escalado-36x8.png 36w, https:\/\/blogsaverroes.juntadeandalucia.es\/iesseneca\/files\/2021\/01\/educaci\u00f3n-f\u00edsica-color-escalado-48x11.png 48w\" sizes=\"(max-width: 450px) 100vw, 450px\" \/><\/a><\/p>\n<p>&nbsp;<\/p>\n<p>&nbsp;<\/p>\n<p>&nbsp;<\/p>\n<p>&nbsp;<\/p>\n<p style=\"text-align: justify\"><span style=\"color: #000000\">Componentes curso acad\u00e9mico 2023-2024.<\/span><\/p>\n<p style=\"text-align: justify\"><span style=\"color: #000000\">&#8211; D. Jer\u00f3nimo Reloba Hurtado.<\/span><\/p>\n<p style=\"text-align: justify\"><span style=\"color: #000000\">&#8211; D. Manuel Marta L\u00f3pez Aguilar.<\/span><\/p>\n<p style=\"text-align: justify\"><span style=\"color: #000000\">&#8211; D. Juli\u00e1n P\u00e9rez-Parras Castillo.<\/span><\/p>\n<p style=\"text-align: justify\"><span style=\"color: #000000\">&#8211; D. Leopoldo Valverde Mart\u00ednez.&nbsp;<\/span><\/p>\n<p style=\"text-align: justify\"><span style=\"color: #000000\">La asignatura de Educaci\u00f3n F\u00edsica es obligatoria en todos los niveles de ense\u00f1anza secundaria, <\/span><span style=\"color: #000000\">con dos horas lectivas semanales para cada grupo.<\/span><\/p>\n<p style=\"text-align: justify\"><span style=\"color: #000000\">La materia de <strong>EDUCACI\u00d3N F\u00cdSICA<\/strong> est\u00e1 orientada fundamentalmente, a profundizar en el conocimiento del propio cuerpo y sus posibilidades motrices y expresivas como medio para la mejora de la salud y la calidad de vida, en relaci\u00f3n con la consolidaci\u00f3n de h\u00e1bitos regulares de pr\u00e1ctica de actividad f\u00edsica saludable en la vida cotidiana y, tambi\u00e9n, ocupaci\u00f3n activa del ocio y tiempo libre. Todo esto brindar\u00e1 al alumnado las oportunidades necesarias para adquirir aptitudes caracter\u00edsticas de ciudadanos y ciudadanas con confianza en si mismas y socialmente responsable, promoviendo una vida activa a lo largo de los a\u00f1os y una mejor calidad de vida en todos los aspectos.<\/span><\/p>\n<p style=\"text-align: justify\"><span style=\"color: #000000\">La <strong>competencia motriz<\/strong> constituye un elemento transversal del curr\u00edculo. La materia de Educaci\u00f3n F\u00edsica tiene una relevancia fundamental en su desarrollo. En este sentido, esta materia se orientar\u00e1 a profundizar en los conocimientos, procedimientos, actitudes y emociones vinculados al propio cuerpo y sus posibilidades motrices y expresivas como fin en s\u00ed mismas y como medio para la mejora de la salud y la calidad de vida.<\/span><\/p>\n<p style=\"text-align: justify\"><span style=\"color: #000000\">Contribuye a que el alumno adquiera las competencias necesarias para responsabilizarse del cuidado y mejora de su <strong>calidad de vida<\/strong> como futuros ciudadanos y ciudadanas, fomentando el ocio activo y los h\u00e1bitos de vida saludable.<\/span><\/p>\n<table width=\"566\" cellspacing=\"0\" cellpadding=\"7\">\n<colgroup>\n<col width=\"550\"> <\/colgroup>\n<tbody>\n<tr>\n<td valign=\"top\" bgcolor=\"#a8d08d\">\n<h3><strong><a href=\"https:\/\/sites.google.com\/g.educaand.es\/efiseneca\">ME GUSTA LA EF<\/a><\/strong><\/h3>\n<\/td>\n<\/tr>\n<\/tbody>\n<\/table>\n<h4>&nbsp;<\/h4>\n<div class=\"pt-cv-wrapper\"><div class=\"pt-cv-view pt-cv-grid pt-cv-colsys\" id=\"pt-cv-view-131e9deeq4\"><div data-id=\"pt-cv-page-1\" class=\"pt-cv-page cv-npf\" data-cvc=\"2\"><div class=\"col-md-6 col-sm-6 col-xs-12 pt-cv-content-item pt-cv-1-col\" ><div class='pt-cv-ifield'><div class=\"pt-cv-no-post\">No se han encontrado entradas.<\/div><\/div><\/div><\/div><\/div><\/div>\n","protected":false},"excerpt":{"rendered":"<p>&nbsp; &nbsp; &nbsp; &nbsp; Componentes curso acad\u00e9mico 2023-2024. &#8211; D. Jer\u00f3nimo Reloba Hurtado. &#8211; D. Manuel Marta L\u00f3pez Aguilar. &#8211; D. Juli\u00e1n P\u00e9rez-Parras Castillo. &#8211; D. Leopoldo Valverde Mart\u00ednez.&nbsp; La asignatura de Educaci\u00f3n F\u00edsica&#46;&#46;&#46;<\/p>\n","protected":false},"author":1,"featured_media":0,"parent":0,"menu_order":0,"comment_status":"open","ping_status":"open","template":"page-templates\/child-menu.php","meta":{"ngg_post_thumbnail":0,"footnotes":"","_mc_calendar":[]},"aioseo_notices":[],"_links":{"self":[{"href":"https:\/\/blogsaverroes.juntadeandalucia.es\/iesseneca\/wp-json\/wp\/v2\/pages\/176"}],"collection":[{"href":"https:\/\/blogsaverroes.juntadeandalucia.es\/iesseneca\/wp-json\/wp\/v2\/pages"}],"about":[{"href":"https:\/\/blogsaverroes.juntadeandalucia.es\/iesseneca\/wp-json\/wp\/v2\/types\/page"}],"author":[{"embeddable":true,"href":"https:\/\/blogsaverroes.juntadeandalucia.es\/iesseneca\/wp-json\/wp\/v2\/users\/1"}],"replies":[{"embeddable":true,"href":"https:\/\/blogsaverroes.juntadeandalucia.es\/iesseneca\/wp-json\/wp\/v2\/comments?post=176"}],"version-history":[{"count":18,"href":"https:\/\/blogsaverroes.juntadeandalucia.es\/iesseneca\/wp-json\/wp\/v2\/pages\/176\/revisions"}],"predecessor-version":[{"id":5842,"href":"https:\/\/blogsaverroes.juntadeandalucia.es\/iesseneca\/wp-json\/wp\/v2\/pages\/176\/revisions\/5842"}],"wp:attachment":[{"href":"https:\/\/blogsaverroes.juntadeandalucia.es\/iesseneca\/wp-json\/wp\/v2\/media?parent=176"}],"curies":[{"name":"wp","href":"https:\/\/api.w.org\/{rel}","templated":true}]}}