{"id":2759,"date":"2020-11-22T19:04:10","date_gmt":"2020-11-22T19:04:10","guid":{"rendered":"https:\/\/blogsaverroes.juntadeandalucia.es\/iesseneca\/?page_id=2759"},"modified":"2022-02-14T17:28:25","modified_gmt":"2022-02-14T17:28:25","slug":"edificacion-y-obra-civil-2","status":"publish","type":"page","link":"https:\/\/blogsaverroes.juntadeandalucia.es\/iesseneca\/oferta-educativa\/edificacion-y-obra-civil-2\/","title":{"rendered":"CFGS: Edificaci\u00f3n y Obra Civil"},"content":{"rendered":"<p>&nbsp;<\/p>\n<p><strong>T\u00c9CNICO SUPERIOR EN PROYECTOS DE EDIFICACI\u00d3N<a href=\"https:\/\/blogsaverroes.juntadeandalucia.es\/iesseneca\/files\/2020\/12\/logo-ancho-ciclos.jpg\"><img loading=\"lazy\" decoding=\"async\" class=\"size-medium wp-image-2992 alignright\" src=\"https:\/\/blogsaverroes.juntadeandalucia.es\/iesseneca\/files\/2020\/12\/logo-ancho-ciclos-300x250.jpg\" alt=\"\" width=\"300\" height=\"250\" srcset=\"https:\/\/blogsaverroes.juntadeandalucia.es\/iesseneca\/files\/2020\/12\/logo-ancho-ciclos-300x250.jpg 300w, https:\/\/blogsaverroes.juntadeandalucia.es\/iesseneca\/files\/2020\/12\/logo-ancho-ciclos-24x20.jpg 24w, https:\/\/blogsaverroes.juntadeandalucia.es\/iesseneca\/files\/2020\/12\/logo-ancho-ciclos-36x30.jpg 36w, https:\/\/blogsaverroes.juntadeandalucia.es\/iesseneca\/files\/2020\/12\/logo-ancho-ciclos-48x40.jpg 48w, https:\/\/blogsaverroes.juntadeandalucia.es\/iesseneca\/files\/2020\/12\/logo-ancho-ciclos.jpg 394w\" sizes=\"(max-width: 300px) 100vw, 300px\" \/><\/a><\/strong><\/p>\n<p>Si quieres trabajar como:<\/p>\n<p>Delineante proyectista de edificaci\u00f3n, maquetista.<\/p>\n<p>T\u00e9cnico en control documental, especialista en replanteos de construcci\u00f3n<\/p>\n<p>T\u00e9cnico de eficiencia energ\u00e9tica de edificios.<\/p>\n<p>Este es tu sitio. Puedes encontrar m\u00e1s informaci\u00f3n siguiendo los enlaces:<\/p>\n<p><a href=\"https:\/\/www.juntadeandalucia.es\/educacion\/portals\/web\/formacion-profesional-andaluza\/fp-grado-superior\/detalle-titulo?idTitulo=60https:\/\/www.boe.es\/eli\/es\/o\/2010\/11\/02\/edu2889\" target=\"_blank\" rel=\"noopener noreferrer\"><strong>FPA: T\u00e9cnico Superior en Proyectos de Edificaci\u00f3n<\/strong><\/a><\/p>\n<p><strong><a href=\"https:\/\/www.boe.es\/eli\/es\/o\/2010\/11\/02\/edu2889\" target=\"_blank\" rel=\"noopener noreferrer\">Orden EDU\/2889\/2010, de 2 de noviembre, por la que se establece el curr\u00edculo del ciclo formativo de Grado Superior correspondiente al t\u00edtulo de T\u00e9cnico Superior en Proyectos de Edificaci\u00f3n<\/a><\/strong><\/p>\n<p>Si te atrae la modalidad DUAL, formarte en un entorno real de trabajo, en contacto con la realidad profesional, de una forma pr\u00e1ctica y mejorando no s\u00f3lo las competencias profesionales, sino tambi\u00e9n las habilidades sociales. Ofertamos plazas en DUAL, para este ciclo formativo. Si quieres conocer en profundidad esta formaci\u00f3n sigue el link.<\/p>\n<p><strong><a href=\"https:\/\/drive.google.com\/file\/d\/14B0ESAvuUhd2mOWAANeBw-QjS3gKbXsu\/view?usp=sharing\">V\u00eddeo Proyecto de Edificaci\u00f3n DUAL<\/a><\/strong><\/p>\n<p><a href=\"https:\/\/www.juntadeandalucia.es\/educacion\/portals\/web\/formacion-profesional-andaluza\/quiero-formarme\/modalidades\/fp-dual\" target=\"_blank\" rel=\"noopener noreferrer\"><strong>Modalidades FP DUAL<\/strong><\/a><\/p>\n<p><strong><a href=\"https:\/\/blogsaverroes.juntadeandalucia.es\/iesseneca\/files\/2021\/10\/PROYECTOS-DE-EDIFICACIO\u0301N-DUAL-1-1.pdf\">PROYECTO DE EDIFICACIO\u0301N DUAL<\/a><\/strong><\/p>\n<p><strong>T\u00c9CNICO SUPERIOR EN PROYECTOS DE OBRA CIVIL<\/strong><\/p>\n<p>Si quieres trabajar como:<\/p>\n<p>Delineante proyectista de obra civil, maquetista.<\/p>\n<p>Especialista en levantamiento de terrenos y construcciones.<\/p>\n<p>T\u00e9cnico de control documental.<\/p>\n<p>Tu sitio es este. Puedes encontrar m\u00e1s informaci\u00f3n siguiendo los enlace<\/p>\n<p><a href=\"https:\/\/www.juntadeandalucia.es\/educacion\/portals\/web\/formacion-profesional-andaluza\/fp-grado-superior\/detalle-titulo?idTitulo=77\"><strong>FPA: T\u00e9cnico superior en Proyectos de obra Civil<\/strong><\/a><\/p>\n<p><strong><a href=\"https:\/\/www.boe.es\/eli\/es\/o\/2011\/06\/01\/edu1546\" target=\"_blank\" rel=\"noopener noreferrer\">Orden EDU\/1546\/2011, de 1 de junio, por la que se establece el curr\u00edculo del ciclo formativo de Grado Superior correspondiente al t\u00edtulo de T\u00e9cnico Superior en Proyectos de Obra Civil.<\/a><\/strong><\/p>\n<p>El fomento del pluriling\u00fcismo y la interacci\u00f3n con empresas, del mismo \u00e1mbito profesional en distintos pa\u00edses de la Uni\u00f3n Europea, lo aseguramos mediante el programa Erasmus+ para educaci\u00f3n superior.<\/p>\n<table width=\"566\" cellspacing=\"0\" cellpadding=\"7\">\n<colgroup>\n<col width=\"550\"> <\/colgroup>\n<tbody>\n<tr>\n<td valign=\"top\" bgcolor=\"#a8d08d\" width=\"550\">El aprendizaje que recibe nuestro alumnado se ve reforzado con la desinteresada colaboraci\u00f3n de empresas de C\u00f3rdoba y provincia a trav\u00e9s de la Formaci\u00f3n en Centros de Trabajo y del proyecto DUAL ofertado. Adem\u00e1s, ofrecemos becas Erasmus+ para estudiantes en pr\u00e1cticas. En la actualidad la demanda de trabajo es superior al n\u00famero de titulaciones<\/td>\n<\/tr>\n<\/tbody>\n<\/table>\n<p>&nbsp;<\/p>\n","protected":false},"excerpt":{"rendered":"<p>&nbsp; T\u00c9CNICO SUPERIOR EN PROYECTOS DE EDIFICACI\u00d3N Si quieres trabajar como: Delineante proyectista de edificaci\u00f3n, maquetista. T\u00e9cnico en control documental, especialista en replanteos de construcci\u00f3n T\u00e9cnico de eficiencia energ\u00e9tica de edificios. Este es tu&#46;&#46;&#46;<\/p>\n","protected":false},"author":11434,"featured_media":0,"parent":2755,"menu_order":0,"comment_status":"closed","ping_status":"closed","template":"page-templates\/child-menu.php","meta":{"ngg_post_thumbnail":0,"footnotes":"","_mc_calendar":[]},"aioseo_notices":[],"_links":{"self":[{"href":"https:\/\/blogsaverroes.juntadeandalucia.es\/iesseneca\/wp-json\/wp\/v2\/pages\/2759"}],"collection":[{"href":"https:\/\/blogsaverroes.juntadeandalucia.es\/iesseneca\/wp-json\/wp\/v2\/pages"}],"about":[{"href":"https:\/\/blogsaverroes.juntadeandalucia.es\/iesseneca\/wp-json\/wp\/v2\/types\/page"}],"author":[{"embeddable":true,"href":"https:\/\/blogsaverroes.juntadeandalucia.es\/iesseneca\/wp-json\/wp\/v2\/users\/11434"}],"replies":[{"embeddable":true,"href":"https:\/\/blogsaverroes.juntadeandalucia.es\/iesseneca\/wp-json\/wp\/v2\/comments?post=2759"}],"version-history":[{"count":7,"href":"https:\/\/blogsaverroes.juntadeandalucia.es\/iesseneca\/wp-json\/wp\/v2\/pages\/2759\/revisions"}],"predecessor-version":[{"id":4805,"href":"https:\/\/blogsaverroes.juntadeandalucia.es\/iesseneca\/wp-json\/wp\/v2\/pages\/2759\/revisions\/4805"}],"up":[{"embeddable":true,"href":"https:\/\/blogsaverroes.juntadeandalucia.es\/iesseneca\/wp-json\/wp\/v2\/pages\/2755"}],"wp:attachment":[{"href":"https:\/\/blogsaverroes.juntadeandalucia.es\/iesseneca\/wp-json\/wp\/v2\/media?parent=2759"}],"curies":[{"name":"wp","href":"https:\/\/api.w.org\/{rel}","templated":true}]}}