{"id":2901,"date":"2020-11-30T09:47:03","date_gmt":"2020-11-30T09:47:03","guid":{"rendered":"https:\/\/blogsaverroes.juntadeandalucia.es\/iesseneca\/?page_id=2901"},"modified":"2023-03-07T10:02:25","modified_gmt":"2023-03-07T10:02:25","slug":"plan-de-autoproteccion","status":"publish","type":"page","link":"https:\/\/blogsaverroes.juntadeandalucia.es\/iesseneca\/planes-y-proyectos\/plan-de-autoproteccion\/","title":{"rendered":"Plan de Autoprotecci\u00f3n"},"content":{"rendered":"<p><span style=\"color: #000000\"><a href=\"https:\/\/blogsaverroes.juntadeandalucia.es\/iesseneca\/files\/2021\/01\/autoprotecci\u00f3n-color-escalado.png\"><img loading=\"lazy\" decoding=\"async\" class=\"wp-image-3317 alignleft\" src=\"https:\/\/blogsaverroes.juntadeandalucia.es\/iesseneca\/files\/2021\/01\/autoprotecci\u00f3n-color-escalado-1024x227.png\" alt=\"\" width=\"447\" height=\"99\" srcset=\"https:\/\/blogsaverroes.juntadeandalucia.es\/iesseneca\/files\/2021\/01\/autoprotecci\u00f3n-color-escalado-1024x227.png 1024w, https:\/\/blogsaverroes.juntadeandalucia.es\/iesseneca\/files\/2021\/01\/autoprotecci\u00f3n-color-escalado-300x67.png 300w, https:\/\/blogsaverroes.juntadeandalucia.es\/iesseneca\/files\/2021\/01\/autoprotecci\u00f3n-color-escalado-768x170.png 768w, https:\/\/blogsaverroes.juntadeandalucia.es\/iesseneca\/files\/2021\/01\/autoprotecci\u00f3n-color-escalado-24x5.png 24w, https:\/\/blogsaverroes.juntadeandalucia.es\/iesseneca\/files\/2021\/01\/autoprotecci\u00f3n-color-escalado-36x8.png 36w, https:\/\/blogsaverroes.juntadeandalucia.es\/iesseneca\/files\/2021\/01\/autoprotecci\u00f3n-color-escalado-48x11.png 48w, https:\/\/blogsaverroes.juntadeandalucia.es\/iesseneca\/files\/2021\/01\/autoprotecci\u00f3n-color-escalado.png 1532w\" sizes=\"(max-width: 447px) 100vw, 447px\" \/><\/a><\/span><\/p>\n<p>&nbsp;<\/p>\n<p>&nbsp;<\/p>\n<p>&nbsp;<\/p>\n<p>&nbsp;<\/p>\n<p><strong><span style=\"color: #000000\">PROTOCOLO EVACUACI\u00d3N IES S\u00c9NECA<\/span><\/strong><\/p>\n<p><span style=\"color: #000000\">Coordinador:<strong> Eulalio Calder\u00f3n Mu\u00f1oz<\/strong><a href=\"https:\/\/blogsaverroes.juntadeandalucia.es\/iesseneca\/files\/2020\/12\/senal-salida-flecha-derecha.jpg\"><img loading=\"lazy\" decoding=\"async\" class=\"alignright\" src=\"https:\/\/blogsaverroes.juntadeandalucia.es\/iesseneca\/files\/2020\/12\/senal-salida-flecha-derecha.jpg\" alt=\"\" width=\"121\" height=\"121\"><\/a><\/span><a style=\"color: #000000\" href=\"https:\/\/blogsaverroes.juntadeandalucia.es\/iesseneca\/files\/2020\/12\/senal-salida-flecha-izquierda.jpg\"><img loading=\"lazy\" decoding=\"async\" class=\"wp-image-2969 alignright\" src=\"https:\/\/blogsaverroes.juntadeandalucia.es\/iesseneca\/files\/2020\/12\/senal-salida-flecha-izquierda.jpg\" alt=\"\" width=\"125\" height=\"125\" srcset=\"https:\/\/blogsaverroes.juntadeandalucia.es\/iesseneca\/files\/2020\/12\/senal-salida-flecha-izquierda.jpg 250w, https:\/\/blogsaverroes.juntadeandalucia.es\/iesseneca\/files\/2020\/12\/senal-salida-flecha-izquierda-150x150.jpg 150w, https:\/\/blogsaverroes.juntadeandalucia.es\/iesseneca\/files\/2020\/12\/senal-salida-flecha-izquierda-100x100.jpg 100w, https:\/\/blogsaverroes.juntadeandalucia.es\/iesseneca\/files\/2020\/12\/senal-salida-flecha-izquierda-80x80.jpg 80w, https:\/\/blogsaverroes.juntadeandalucia.es\/iesseneca\/files\/2020\/12\/senal-salida-flecha-izquierda-24x24.jpg 24w, https:\/\/blogsaverroes.juntadeandalucia.es\/iesseneca\/files\/2020\/12\/senal-salida-flecha-izquierda-36x36.jpg 36w, https:\/\/blogsaverroes.juntadeandalucia.es\/iesseneca\/files\/2020\/12\/senal-salida-flecha-izquierda-48x48.jpg 48w\" sizes=\"(max-width: 125px) 100vw, 125px\" \/><\/a><\/p>\n<p style=\"text-align: justify\"><span style=\"color: #000000\">Para el presente curso hemos establecido los siguientes <strong>objetivos<\/strong>:<\/span><\/p>\n<ol style=\"text-align: justify\">\n<li><span style=\"color: #000000\">Proteger a las personas y los bienes, estableciendo unos procedimientos que aseguren las respuestas m\u00e1s adecuadas ante las posibles emergencias.<\/span><\/li>\n<li><span style=\"color: #000000\">Facilitar los instrumentos y recursos en relaci\u00f3n con la seguridad y control de las posibles situaciones de emergencia.<\/span><\/li>\n<li><span style=\"color: #000000\">Concienciar y sensibilizar a la comunidad educativa sobre la importancia de establecer protocolos de actuaci\u00f3n para solventar situaciones de emergencia.<\/span><br \/>\n<span style=\"color: #000000\">Conocer el centro y su entorno (edificio e instalaciones), estudiar las v\u00edas de evacuaci\u00f3n y adoptar las medidas preventivas necesarias.<\/span><\/li>\n<li><span style=\"color: #000000\">Garantizar la fiabilidad de todos los medios de protecci\u00f3n y disponer de un equipo de personas informadas, organizadas, formadas y adiestradas que garanticen rapidez y eficacia en las acciones a emprender ante las emergencias.<\/span><\/li>\n<li><span style=\"color: #000000\">Realizar el mantenimiento preventivo de las instalaciones, la detecci\u00f3n y eliminaci\u00f3n de los riesgos, definiendo una organizaci\u00f3n que implante y actualice el Plan de Autoprotecci\u00f3n.<\/span><\/li>\n<li><span style=\"color: #000000\">Posibilitar la coordinaci\u00f3n entre los medios de emergencias externos y el centro.<\/span><\/li>\n<\/ol>\n<table style=\"width: 98.3793%\" width=\"566\" cellspacing=\"0\" cellpadding=\"7\">\n<colgroup>\n<col width=\"550\"> <\/colgroup>\n<tbody>\n<tr>\n<td style=\"width: 100%;text-align: center\" valign=\"top\" bgcolor=\"#a8d08d\">\n<h4><strong><a href=\"https:\/\/blogsaverroes.juntadeandalucia.es\/iesseneca\/files\/2021\/12\/PLAN-AUTOPROTECCIO\u0301N-IES-SE\u0301NECA.pdf\">PLAN AUTOPROTECCIO\u0301N IES SE\u0301NECA<\/a><\/strong><\/h4>\n<\/td>\n<\/tr>\n<\/tbody>\n<\/table>\n","protected":false},"excerpt":{"rendered":"<p>&nbsp; &nbsp; &nbsp; &nbsp; PROTOCOLO EVACUACI\u00d3N IES S\u00c9NECA Coordinador: Eulalio Calder\u00f3n Mu\u00f1oz Para el presente curso hemos establecido los siguientes objetivos: Proteger a las personas y los bienes, estableciendo unos procedimientos que aseguren las&#46;&#46;&#46;<\/p>\n","protected":false},"author":11434,"featured_media":0,"parent":44,"menu_order":0,"comment_status":"closed","ping_status":"closed","template":"","meta":{"ngg_post_thumbnail":0,"footnotes":"","_mc_calendar":[]},"aioseo_notices":[],"_links":{"self":[{"href":"https:\/\/blogsaverroes.juntadeandalucia.es\/iesseneca\/wp-json\/wp\/v2\/pages\/2901"}],"collection":[{"href":"https:\/\/blogsaverroes.juntadeandalucia.es\/iesseneca\/wp-json\/wp\/v2\/pages"}],"about":[{"href":"https:\/\/blogsaverroes.juntadeandalucia.es\/iesseneca\/wp-json\/wp\/v2\/types\/page"}],"author":[{"embeddable":true,"href":"https:\/\/blogsaverroes.juntadeandalucia.es\/iesseneca\/wp-json\/wp\/v2\/users\/11434"}],"replies":[{"embeddable":true,"href":"https:\/\/blogsaverroes.juntadeandalucia.es\/iesseneca\/wp-json\/wp\/v2\/comments?post=2901"}],"version-history":[{"count":22,"href":"https:\/\/blogsaverroes.juntadeandalucia.es\/iesseneca\/wp-json\/wp\/v2\/pages\/2901\/revisions"}],"predecessor-version":[{"id":5551,"href":"https:\/\/blogsaverroes.juntadeandalucia.es\/iesseneca\/wp-json\/wp\/v2\/pages\/2901\/revisions\/5551"}],"up":[{"embeddable":true,"href":"https:\/\/blogsaverroes.juntadeandalucia.es\/iesseneca\/wp-json\/wp\/v2\/pages\/44"}],"wp:attachment":[{"href":"https:\/\/blogsaverroes.juntadeandalucia.es\/iesseneca\/wp-json\/wp\/v2\/media?parent=2901"}],"curies":[{"name":"wp","href":"https:\/\/api.w.org\/{rel}","templated":true}]}}