{"id":4607,"date":"2021-10-28T16:16:32","date_gmt":"2021-10-28T16:16:32","guid":{"rendered":"https:\/\/blogsaverroes.juntadeandalucia.es\/iesseneca\/?page_id=4607"},"modified":"2025-10-15T19:46:21","modified_gmt":"2025-10-15T19:46:21","slug":"erasmus","status":"publish","type":"page","link":"https:\/\/blogsaverroes.juntadeandalucia.es\/iesseneca\/erasmus\/","title":{"rendered":"Erasmus +"},"content":{"rendered":"<p>&nbsp;<\/p>\n<p style=\"font-weight: 400;text-align: justify\"><a href=\"https:\/\/blogsaverroes.juntadeandalucia.es\/iesseneca\/files\/2023\/06\/unnamed.png\"><img loading=\"lazy\" decoding=\"async\" class=\"size-full wp-image-5723 alignright\" src=\"https:\/\/blogsaverroes.juntadeandalucia.es\/iesseneca\/files\/2023\/06\/unnamed.png\" alt=\"\" width=\"420\" height=\"120\" srcset=\"https:\/\/blogsaverroes.juntadeandalucia.es\/iesseneca\/files\/2023\/06\/unnamed.png 420w, https:\/\/blogsaverroes.juntadeandalucia.es\/iesseneca\/files\/2023\/06\/unnamed-300x86.png 300w\" sizes=\"(max-width: 420px) 100vw, 420px\" \/><\/a>Erasmus+ es un programa de la UE que pretende reforzar la dimensio\u0301n europea del aprendizaje formal y no formal, mejorar la adquisicio\u0301n de competencias, reducir el desempleo y contribuir a la creacio\u0301n del Espacio Europeo de Educacio\u0301n.<\/p>\n<p style=\"font-weight: 400;text-align: justify\">En nuestro centro se desarrollan dos modalidades del programa Erasmus +:<\/p>\n<p style=\"font-weight: 400;text-align: justify\"><a href=\"https:\/\/blogsaverroes.juntadeandalucia.es\/iesseneca\/erasmus\/erasmus-escolar\/\"><strong>Erasmus escolar<\/strong><\/a><\/p>\n<p style=\"font-weight: 400;text-align: justify\">El programa ofrece oportunidades de aprendizaje de lenguas a los participantes que realicen una actividad de movilidad en un centro educativo extranjero.&nbsp; A los alumnos que participan se les ofrece la posibilidad de mejorar su competencia ling\u00fc\u00edstica en el idioma del centro de destino a la par que se potencian sus habilidades sociales, la adquisici\u00f3n de independencia y confianza en s\u00ed mismo &nbsp;y la &nbsp;introducci\u00f3n &nbsp;en nuevas culturas.<\/p>\n<p><a href=\"https:\/\/blogsaverroes.juntadeandalucia.es\/iesseneca\/files\/2023\/06\/sepie.jpg\"><img loading=\"lazy\" decoding=\"async\" class=\"size-full wp-image-5724 alignright\" src=\"https:\/\/blogsaverroes.juntadeandalucia.es\/iesseneca\/files\/2023\/06\/sepie.jpg\" alt=\"\" width=\"301\" height=\"168\"><\/a><\/p>\n<p>&nbsp;<\/p>\n<p style=\"font-weight: 400;text-align: justify\"><a href=\"https:\/\/blogsaverroes.juntadeandalucia.es\/iesseneca\/erasmus\/erasmus-superior\/\"><strong>Erasmus en Educaci\u00f3n Superior<\/strong><\/a><\/p>\n<p style=\"font-weight: 400;text-align: justify\">Erasmus+ es el programa de la UE en los \u00e1mbitos de la educaci\u00f3n, la formaci\u00f3n, la juventud y el deporte.<\/p>\n<p style=\"font-weight: 400;text-align: justify\">El programa Erasmus+ est\u00e1 dise\u00f1ado para apoyar los esfuerzos de los pa\u00edses participantes por utilizar de manera eficiente el potencial del talento humano y social europeo atendiendo al principio del aprendizaje permanente, vinculando el apoyo al aprendizaje formal, no formal e informal, en los \u00e1mbitos de la educaci\u00f3n, la formaci\u00f3n y la juventud. Por otra parte el programa mejora las oportunidades de cooperaci\u00f3n y movilidad con los pa\u00edses asociados, en las esferas de la Educaci\u00f3n Superior y la juventud.<\/p>\n<p style=\"font-weight: 400;text-align: justify\">&nbsp;Dentro del programa se plantean los siguientes temas espec\u00edficos:<\/p>\n<ul>\n<li style=\"font-weight: 400;text-align: justify\">Reducir el desempleo, especialmente entre los j\u00f3venes.<\/li>\n<li style=\"font-weight: 400;text-align: justify\">Fomentar la educaci\u00f3n de adultos, nuevas competencias y cualificaciones exigidas por el mundo laboral.<\/li>\n<li style=\"font-weight: 400;text-align: justify\">Animar a los j\u00f3venes a participar en la vida democr\u00e1tica de Europa.<\/li>\n<li style=\"font-weight: 400;text-align: justify\">Apoyar la innovaci\u00f3n, cooperaci\u00f3n y reformas.<\/li>\n<li style=\"font-weight: 400;text-align: justify\">Reducir el abandono escolar prematuro.<\/li>\n<li style=\"font-weight: 400;text-align: justify\">Promover la cooperaci\u00f3n y la movilidad con los pa\u00edses asociados de la UE.<\/li>\n<\/ul>\n<p>&nbsp;<\/p>\n<p><strong><a href=\"https:\/\/sites.google.com\/g.educaand.es\/erasmus-seneca\/inicio\">Sitio web de las movilidades escolares de nuestro centro: divulgaci\u00f3n de resultados<\/a><\/strong><\/p>\n<p><strong><a href=\"https:\/\/sites.google.com\/g.educaand.es\/erasmus-eoc-ies-seneca-cordoba\/inicio\">Sitio web sobre los proyectos Erasmus de FP<\/a><\/strong><\/p>\n","protected":false},"excerpt":{"rendered":"<p>&nbsp; Erasmus+ es un programa de la UE que pretende reforzar la dimensio\u0301n europea del aprendizaje formal y no formal, mejorar la adquisicio\u0301n de competencias, reducir el desempleo y contribuir a la creacio\u0301n del&#46;&#46;&#46;<\/p>\n","protected":false},"author":11434,"featured_media":0,"parent":0,"menu_order":0,"comment_status":"closed","ping_status":"closed","template":"","meta":{"ngg_post_thumbnail":0,"footnotes":"","_mc_calendar":[]},"aioseo_notices":[],"_links":{"self":[{"href":"https:\/\/blogsaverroes.juntadeandalucia.es\/iesseneca\/wp-json\/wp\/v2\/pages\/4607"}],"collection":[{"href":"https:\/\/blogsaverroes.juntadeandalucia.es\/iesseneca\/wp-json\/wp\/v2\/pages"}],"about":[{"href":"https:\/\/blogsaverroes.juntadeandalucia.es\/iesseneca\/wp-json\/wp\/v2\/types\/page"}],"author":[{"embeddable":true,"href":"https:\/\/blogsaverroes.juntadeandalucia.es\/iesseneca\/wp-json\/wp\/v2\/users\/11434"}],"replies":[{"embeddable":true,"href":"https:\/\/blogsaverroes.juntadeandalucia.es\/iesseneca\/wp-json\/wp\/v2\/comments?post=4607"}],"version-history":[{"count":11,"href":"https:\/\/blogsaverroes.juntadeandalucia.es\/iesseneca\/wp-json\/wp\/v2\/pages\/4607\/revisions"}],"predecessor-version":[{"id":6627,"href":"https:\/\/blogsaverroes.juntadeandalucia.es\/iesseneca\/wp-json\/wp\/v2\/pages\/4607\/revisions\/6627"}],"wp:attachment":[{"href":"https:\/\/blogsaverroes.juntadeandalucia.es\/iesseneca\/wp-json\/wp\/v2\/media?parent=4607"}],"curies":[{"name":"wp","href":"https:\/\/api.w.org\/{rel}","templated":true}]}}