{"id":4734,"date":"2022-01-14T11:56:11","date_gmt":"2022-01-14T11:56:11","guid":{"rendered":"https:\/\/blogsaverroes.juntadeandalucia.es\/iesseneca\/?page_id=4734"},"modified":"2024-11-19T12:56:55","modified_gmt":"2024-11-19T12:56:55","slug":"acredita","status":"publish","type":"page","link":"https:\/\/blogsaverroes.juntadeandalucia.es\/iesseneca\/secretaria\/acredita\/","title":{"rendered":"Acredita"},"content":{"rendered":"<div class=\"page\" title=\"Page 1\">\n<div class=\"section\">\n<div class=\"layoutArea\">\n<div class=\"column\">\n<p><a href=\"https:\/\/blogsaverroes.juntadeandalucia.es\/iesseneca\/files\/2024\/09\/Captura-de-pantalla-2024-09-03-a-las-9.59.03.png\"><img loading=\"lazy\" decoding=\"async\" class=\"size-full wp-image-6156 aligncenter\" src=\"https:\/\/blogsaverroes.juntadeandalucia.es\/iesseneca\/files\/2024\/09\/Captura-de-pantalla-2024-09-03-a-las-9.59.03.png\" alt=\"\" width=\"1572\" height=\"187\" srcset=\"https:\/\/blogsaverroes.juntadeandalucia.es\/iesseneca\/files\/2024\/09\/Captura-de-pantalla-2024-09-03-a-las-9.59.03.png 1572w, https:\/\/blogsaverroes.juntadeandalucia.es\/iesseneca\/files\/2024\/09\/Captura-de-pantalla-2024-09-03-a-las-9.59.03-300x36.png 300w, https:\/\/blogsaverroes.juntadeandalucia.es\/iesseneca\/files\/2024\/09\/Captura-de-pantalla-2024-09-03-a-las-9.59.03-1024x122.png 1024w, https:\/\/blogsaverroes.juntadeandalucia.es\/iesseneca\/files\/2024\/09\/Captura-de-pantalla-2024-09-03-a-las-9.59.03-768x91.png 768w, https:\/\/blogsaverroes.juntadeandalucia.es\/iesseneca\/files\/2024\/09\/Captura-de-pantalla-2024-09-03-a-las-9.59.03-1536x183.png 1536w\" sizes=\"(max-width: 1572px) 100vw, 1572px\" \/><\/a><\/p>\n<p style=\"text-align: center\"><strong style=\"text-align: center\">Procedimiento <\/strong><strong style=\"text-align: center\">financiado por el Ministerio de Educaci\u00f3n, Formaci\u00f3n Profesional y Deportes y la Uni\u00f3n Europea-NextGenerationEU, en el marco del Plan de Recuperaci\u00f3n, Transformaci\u00f3n y Resiliencia<\/strong><\/p>\n<\/div>\n<div class=\"column\">\n<p>&nbsp;<\/p>\n<p>Enlace a la web del Instituto Andaluz de Cualificaciones Profesionales:<\/p>\n<p style=\"text-align: center\"><strong>&nbsp;<a href=\"https:\/\/www.juntadeandalucia.es\/educacion\/portals\/web\/iacp\/convocatorias\" target=\"_blank\" rel=\"noopener\" data-saferedirecturl=\"https:\/\/www.google.com\/url?q=https:\/\/www.juntadeandalucia.es\/educacion\/portals\/web\/iacp\/convocatorias&amp;source=gmail&amp;ust=1732101216167000&amp;usg=AOvVaw3SWlHWX7C7WigSYGH02RsE\">https:\/\/www.juntadeandalucia.es\/educacion\/portals\/web\/iacp\/convocatorias<\/a><\/strong><\/p>\n<p>&nbsp;<\/p>\n<p>&nbsp;<\/p>\n<p>&nbsp;<\/p>\n<div class=\"pt-cv-wrapper\"><div class=\"pt-cv-view pt-cv-grid pt-cv-colsys\" id=\"pt-cv-view-fc0e248i6q\"><div data-id=\"pt-cv-page-1\" class=\"pt-cv-page cv-npf\" data-cvc=\"2\"><div class=\"col-md-6 col-sm-6 col-xs-12 pt-cv-content-item pt-cv-1-col\" ><div class='pt-cv-ifield'><div class=\"pt-cv-no-post\">No se han encontrado entradas.<\/div><\/div><\/div><\/div><\/div><\/div>\n<p>&nbsp;<\/p>\n<\/div>\n<\/div>\n<\/div>\n<\/div>\n","protected":false},"excerpt":{"rendered":"<p>Procedimiento financiado por el Ministerio de Educaci\u00f3n, Formaci\u00f3n Profesional y Deportes y la Uni\u00f3n Europea-NextGenerationEU, en el marco del Plan de Recuperaci\u00f3n, Transformaci\u00f3n y Resiliencia &nbsp; Enlace a la web del Instituto Andaluz de&#46;&#46;&#46;<\/p>\n","protected":false},"author":11434,"featured_media":0,"parent":77,"menu_order":0,"comment_status":"closed","ping_status":"closed","template":"","meta":{"ngg_post_thumbnail":0,"footnotes":"","_mc_calendar":[]},"aioseo_notices":[],"_links":{"self":[{"href":"https:\/\/blogsaverroes.juntadeandalucia.es\/iesseneca\/wp-json\/wp\/v2\/pages\/4734"}],"collection":[{"href":"https:\/\/blogsaverroes.juntadeandalucia.es\/iesseneca\/wp-json\/wp\/v2\/pages"}],"about":[{"href":"https:\/\/blogsaverroes.juntadeandalucia.es\/iesseneca\/wp-json\/wp\/v2\/types\/page"}],"author":[{"embeddable":true,"href":"https:\/\/blogsaverroes.juntadeandalucia.es\/iesseneca\/wp-json\/wp\/v2\/users\/11434"}],"replies":[{"embeddable":true,"href":"https:\/\/blogsaverroes.juntadeandalucia.es\/iesseneca\/wp-json\/wp\/v2\/comments?post=4734"}],"version-history":[{"count":11,"href":"https:\/\/blogsaverroes.juntadeandalucia.es\/iesseneca\/wp-json\/wp\/v2\/pages\/4734\/revisions"}],"predecessor-version":[{"id":6323,"href":"https:\/\/blogsaverroes.juntadeandalucia.es\/iesseneca\/wp-json\/wp\/v2\/pages\/4734\/revisions\/6323"}],"up":[{"embeddable":true,"href":"https:\/\/blogsaverroes.juntadeandalucia.es\/iesseneca\/wp-json\/wp\/v2\/pages\/77"}],"wp:attachment":[{"href":"https:\/\/blogsaverroes.juntadeandalucia.es\/iesseneca\/wp-json\/wp\/v2\/media?parent=4734"}],"curies":[{"name":"wp","href":"https:\/\/api.w.org\/{rel}","templated":true}]}}