{"id":9264,"date":"2025-01-04T14:00:36","date_gmt":"2025-01-04T13:00:36","guid":{"rendered":"https:\/\/blogsaverroes.juntadeandalucia.es\/iessierradegrazalema\/?page_id=9264"},"modified":"2025-02-14T00:01:03","modified_gmt":"2025-02-13T23:01:03","slug":"volveran-las-oscuras-golondrinas","status":"publish","type":"page","link":"https:\/\/blogsaverroes.juntadeandalucia.es\/iessierradegrazalema\/biblioteca\/noticias-y-comunicaciones\/volveran-las-oscuras-golondrinas\/","title":{"rendered":"Recordando a Gustavo Adolfo B\u00e9cquer"},"content":{"rendered":"<p>Estimados alumnos:<\/p>\n<p><strong>En v\u00edsperas de San Valent\u00edn<\/strong>, que celebraremos recitando poemas y recomendando obras literarias, os dejo un poema precioso de un poeta de referencia en nuestra literatura, ineludible, que lleva poniendo palabras a sentimientos de generaciones sucesivas desde el siglo XIX. Un <strong>poeta rom\u00e1ntico<\/strong> a quien su temprana muerte, falleci\u00f3 con tan solo 34 a\u00f1os, no le impidi\u00f3 dejarnos composiciones que nos suenan o conocemos de memoria y a quien relacionamos con los <strong>sentimientos m\u00e1s delicados y m\u00e1s intensos<\/strong>.&nbsp;<br \/>\n\u00bfSab\u00e9is de qui\u00e9n os hablo? Ni m\u00e1s ni menos que el&nbsp;poeta sevillano Gustavo Adolfo B\u00e9cquer.&nbsp;<\/p>\n<p><a href=\"https:\/\/blogsaverroes.juntadeandalucia.es\/iessierradegrazalema\/files\/2025\/01\/4.1Recordando-a-Gustavo-Adolfo-Becquer.jpg\" target=\"_blank\" rel=\"noopener\"><img loading=\"lazy\" decoding=\"async\" class=\"aligncenter wp-image-9275\" title=\"Recordando a Gustavo Adolfo B\u00e9cquer\" src=\"https:\/\/blogsaverroes.juntadeandalucia.es\/iessierradegrazalema\/files\/2025\/01\/4.1Recordando-a-Gustavo-Adolfo-Becquer.jpg\" alt=\"\" width=\"800\" height=\"450\" srcset=\"https:\/\/blogsaverroes.juntadeandalucia.es\/iessierradegrazalema\/files\/2025\/01\/4.1Recordando-a-Gustavo-Adolfo-Becquer.jpg 640w, https:\/\/blogsaverroes.juntadeandalucia.es\/iessierradegrazalema\/files\/2025\/01\/4.1Recordando-a-Gustavo-Adolfo-Becquer-300x169.jpg 300w\" sizes=\"(max-width: 800px) 100vw, 800px\" \/><\/a><br \/>\nOs dejo una de sus rimas m\u00e1s conocidas, la&nbsp;<strong>rima LIII<\/strong>,&nbsp;recitada que ten\u00e9is a disposici\u00f3n en el&nbsp;<strong>Centro Virtual Cervantes<\/strong>.<\/p>\n<p><iframe loading=\"lazy\" src=\"\/\/www.youtube.com\/embed\/-Y3dB4ugsCs?si=VCZAtARuzv0V-Zpq\" width=\"350\" height=\"315\" frameborder=\"0\"><\/iframe><\/p>\n<p>Pod\u00e9is pasar un rato agradable escuchando poes\u00eda, porque encontrar\u00e9is toda la obra de B\u00e9cquer,&nbsp; -cuentos, cartas, poemas- de viva voz y de la que os dejo el enlace.<\/p>\n<p style=\"text-align: center\"><span style=\"color: #339966\"><a style=\"color: #339966\" href=\"https:\/\/www.cervantesvirtual.com\/obras\/autor\/becquer-gustavo-adolfo-1836-1870-13\/\" target=\"_blank\" rel=\"noopener\"><span style=\"font-size: 14pt\">Recordando a Gustavo Adolfo B\u00e9cquer<\/span><\/a><\/span><\/p>\n<p><a href=\"https:\/\/www.cervantesvirtual.com\/obras\/autor\/becquer-gustavo-adolfo-1836-1870-13\/\" target=\"_blank\" rel=\"noopener\"><img loading=\"lazy\" decoding=\"async\" class=\"aligncenter wp-image-9279\" title=\"Recordando a Gustavo Adolfo B\u00e9cquer\" src=\"https:\/\/blogsaverroes.juntadeandalucia.es\/iessierradegrazalema\/files\/2025\/01\/4.2Recordando-a-Gustavo-Adolfo-Becquer.png\" alt=\"\" width=\"800\" height=\"337\" srcset=\"https:\/\/blogsaverroes.juntadeandalucia.es\/iessierradegrazalema\/files\/2025\/01\/4.2Recordando-a-Gustavo-Adolfo-Becquer.png 2842w, https:\/\/blogsaverroes.juntadeandalucia.es\/iessierradegrazalema\/files\/2025\/01\/4.2Recordando-a-Gustavo-Adolfo-Becquer-300x126.png 300w, https:\/\/blogsaverroes.juntadeandalucia.es\/iessierradegrazalema\/files\/2025\/01\/4.2Recordando-a-Gustavo-Adolfo-Becquer-1024x431.png 1024w, https:\/\/blogsaverroes.juntadeandalucia.es\/iessierradegrazalema\/files\/2025\/01\/4.2Recordando-a-Gustavo-Adolfo-Becquer-768x323.png 768w, https:\/\/blogsaverroes.juntadeandalucia.es\/iessierradegrazalema\/files\/2025\/01\/4.2Recordando-a-Gustavo-Adolfo-Becquer-1536x646.png 1536w, https:\/\/blogsaverroes.juntadeandalucia.es\/iessierradegrazalema\/files\/2025\/01\/4.2Recordando-a-Gustavo-Adolfo-Becquer-2048x862.png 2048w\" sizes=\"(max-width: 800px) 100vw, 800px\" \/><\/a><\/p>\n<p>Tambi\u00e9n pod\u00e9is escuchar rimas de B\u00e9cquer cantadas por cantautores espa\u00f1oles:<\/p>\n<!--[if lt IE 9]><script>document.createElement('audio');<\/script><![endif]-->\n\t<div class=\"wp-playlist wp-audio-playlist wp-playlist-light\">\n\t\t\t<div class=\"wp-playlist-current-item\"><\/div>\n\t\t<audio controls=\"controls\" preload=\"none\" width=\"640\"\n\t\t\t><\/audio>\n\t<div class=\"wp-playlist-next\"><\/div>\n\t<div class=\"wp-playlist-prev\"><\/div>\n\t<noscript>\n\t<ol>\n\t\t<li><a href='https:\/\/blogsaverroes.juntadeandalucia.es\/iessierradegrazalema\/files\/2025\/01\/05-Volveran-las-Oscuras-Golondrinas.m4a'>Volver\u00e1n las Oscuras Golondrinas<\/a><\/li>\t<\/ol>\n\t<\/noscript>\n\t<script type=\"application\/json\" class=\"wp-playlist-script\">{\"type\":\"audio\",\"tracklist\":true,\"tracknumbers\":true,\"images\":true,\"artists\":true,\"tracks\":[{\"src\":\"https:\\\/\\\/blogsaverroes.juntadeandalucia.es\\\/iessierradegrazalema\\\/files\\\/2025\\\/01\\\/05-Volveran-las-Oscuras-Golondrinas.m4a\",\"type\":\"audio\\\/mpeg\",\"title\":\"Volver\\u00e1n las Oscuras Golondrinas\",\"caption\":\"\",\"description\":\"\\u00abVolver\\u00e1n las Oscuras Golondrinas\\u00bb.\",\"meta\":{\"artist\":\"Amancio Prada\",\"album\":\"Gustavo Adolfo B\\u00e9cquer\",\"length_formatted\":\"3:27\"},\"image\":{\"src\":\"https:\\\/\\\/blogsaverroes.juntadeandalucia.es\\\/iessierradegrazalema\\\/wp-includes\\\/images\\\/media\\\/audio.png\",\"width\":48,\"height\":64},\"thumb\":{\"src\":\"https:\\\/\\\/blogsaverroes.juntadeandalucia.es\\\/iessierradegrazalema\\\/wp-includes\\\/images\\\/media\\\/audio.png\",\"width\":48,\"height\":64}}]}<\/script>\n<\/div>\n\t\n<div class=\"wp-playlist wp-audio-playlist wp-playlist-light\">\n\t\t\t<div class=\"wp-playlist-current-item\"><\/div>\n\t\t<audio controls=\"controls\" preload=\"none\" width=\"640\"\n\t\t\t><\/audio>\n\t<div class=\"wp-playlist-next\"><\/div>\n\t<div class=\"wp-playlist-prev\"><\/div>\n\t<noscript>\n\t<ol>\n\t\t<li><a href='https:\/\/blogsaverroes.juntadeandalucia.es\/iessierradegrazalema\/files\/2025\/01\/2-14-Espiritu-Sin-Nombre.m4a'>Esp\u00edritu Sin Nombre<\/a><\/li>\t<\/ol>\n\t<\/noscript>\n\t<script type=\"application\/json\" class=\"wp-playlist-script\">{\"type\":\"audio\",\"tracklist\":true,\"tracknumbers\":true,\"images\":true,\"artists\":true,\"tracks\":[{\"src\":\"https:\\\/\\\/blogsaverroes.juntadeandalucia.es\\\/iessierradegrazalema\\\/files\\\/2025\\\/01\\\/2-14-Espiritu-Sin-Nombre.m4a\",\"type\":\"audio\\\/mpeg\",\"title\":\"Esp\\u00edritu Sin Nombre\",\"caption\":\"\",\"description\":\"\\u00abEsp\\u00edritu Sin Nombre\\u00bb.\",\"meta\":{\"artist\":\"Manzanita\",\"album\":\"Lo Mejor de Manzanita\",\"length_formatted\":\"3:10\"},\"image\":{\"src\":\"https:\\\/\\\/blogsaverroes.juntadeandalucia.es\\\/iessierradegrazalema\\\/files\\\/2025\\\/01\\\/2-14-Espiritu-Sin-Nombre-m4a-image.png\",\"width\":940,\"height\":939},\"thumb\":{\"src\":\"https:\\\/\\\/blogsaverroes.juntadeandalucia.es\\\/iessierradegrazalema\\\/files\\\/2025\\\/01\\\/2-14-Espiritu-Sin-Nombre-m4a-image-150x150.png\",\"width\":150,\"height\":150}}]}<\/script>\n<\/div>\n\t\n<div class=\"wp-playlist wp-audio-playlist wp-playlist-light\">\n\t\t\t<div class=\"wp-playlist-current-item\"><\/div>\n\t\t<audio controls=\"controls\" preload=\"none\" width=\"640\"\n\t\t\t><\/audio>\n\t<div class=\"wp-playlist-next\"><\/div>\n\t<div class=\"wp-playlist-prev\"><\/div>\n\t<noscript>\n\t<ol>\n\t\t<li><a href='https:\/\/blogsaverroes.juntadeandalucia.es\/iessierradegrazalema\/files\/2025\/01\/06-Por-una-Mirada.m4a'>Por una Mirada<\/a><\/li>\t<\/ol>\n\t<\/noscript>\n\t<script type=\"application\/json\" class=\"wp-playlist-script\">{\"type\":\"audio\",\"tracklist\":true,\"tracknumbers\":true,\"images\":true,\"artists\":true,\"tracks\":[{\"src\":\"https:\\\/\\\/blogsaverroes.juntadeandalucia.es\\\/iessierradegrazalema\\\/files\\\/2025\\\/01\\\/06-Por-una-Mirada.m4a\",\"type\":\"audio\\\/mpeg\",\"title\":\"Por una Mirada\",\"caption\":\"\",\"description\":\"\\u00abPor una Mirada\\u00bb.\",\"meta\":{\"artist\":\"Amancio Prada\",\"album\":\"Gustavo Adolfo B\\u00e9cquer\",\"length_formatted\":\"1:25\"},\"image\":{\"src\":\"https:\\\/\\\/blogsaverroes.juntadeandalucia.es\\\/iessierradegrazalema\\\/wp-includes\\\/images\\\/media\\\/audio.png\",\"width\":48,\"height\":64},\"thumb\":{\"src\":\"https:\\\/\\\/blogsaverroes.juntadeandalucia.es\\\/iessierradegrazalema\\\/wp-includes\\\/images\\\/media\\\/audio.png\",\"width\":48,\"height\":64}}]}<\/script>\n<\/div>\n\t\n<p>Espero que os guste.<br \/>\nRosa P\u00e9rez Gonz\u00e1lez<\/p>\n<p>Recordando a Gustavo Adolfo B\u00e9cquer by <a href=\"https:\/\/blogsaverroes.juntadeandalucia.es\/iessierradegrazalema\/\" target=\"_blank\" rel=\"cc:attributionURL noopener noreferrer\">Biblioteca IES Sierra de Grazalema <\/a>is licensed under <a href=\"https:\/\/creativecommons.org\/licenses\/by-sa\/4.0\/?ref=chooser-v1\" target=\"_blank\" rel=\"license noopener noreferrer\">CC BY-SA 4.0 <span class=\"icon\" data-v-a0d4e8a8=\"\"><img loading=\"lazy\" decoding=\"async\" src=\"https:\/\/chooser-beta.creativecommons.org\/img\/cc-logo.f0ab4ebe.svg\" width=\"20\" height=\"20\" data-v-a0d4e8a8=\"\"><img loading=\"lazy\" decoding=\"async\" src=\"https:\/\/chooser-beta.creativecommons.org\/img\/cc-by.21b728bb.svg\" width=\"20\" height=\"20\" data-v-a0d4e8a8=\"\"><img loading=\"lazy\" decoding=\"async\" src=\"https:\/\/chooser-beta.creativecommons.org\/img\/cc-sa.d1572b71.svg\" width=\"20\" height=\"20\" data-v-a0d4e8a8=\"\"><\/span><\/a><\/p>\n","protected":false},"excerpt":{"rendered":"<p>Estimados alumnos: En v\u00edsperas de San Valent\u00edn, que celebraremos recitando poemas y recomendando obras literarias, os dejo un poema precioso de un poeta de referencia en nuestra literatura, ineludible, que lleva poniendo palabras a&#46;&#46;&#46;<\/p>\n","protected":false},"author":2162,"featured_media":10093,"parent":7657,"menu_order":4,"comment_status":"closed","ping_status":"closed","template":"page-templates\/child-menu.php","meta":{"ngg_post_thumbnail":0,"footnotes":""},"aioseo_notices":[],"_links":{"self":[{"href":"https:\/\/blogsaverroes.juntadeandalucia.es\/iessierradegrazalema\/wp-json\/wp\/v2\/pages\/9264"}],"collection":[{"href":"https:\/\/blogsaverroes.juntadeandalucia.es\/iessierradegrazalema\/wp-json\/wp\/v2\/pages"}],"about":[{"href":"https:\/\/blogsaverroes.juntadeandalucia.es\/iessierradegrazalema\/wp-json\/wp\/v2\/types\/page"}],"author":[{"embeddable":true,"href":"https:\/\/blogsaverroes.juntadeandalucia.es\/iessierradegrazalema\/wp-json\/wp\/v2\/users\/2162"}],"replies":[{"embeddable":true,"href":"https:\/\/blogsaverroes.juntadeandalucia.es\/iessierradegrazalema\/wp-json\/wp\/v2\/comments?post=9264"}],"version-history":[{"count":14,"href":"https:\/\/blogsaverroes.juntadeandalucia.es\/iessierradegrazalema\/wp-json\/wp\/v2\/pages\/9264\/revisions"}],"predecessor-version":[{"id":9290,"href":"https:\/\/blogsaverroes.juntadeandalucia.es\/iessierradegrazalema\/wp-json\/wp\/v2\/pages\/9264\/revisions\/9290"}],"up":[{"embeddable":true,"href":"https:\/\/blogsaverroes.juntadeandalucia.es\/iessierradegrazalema\/wp-json\/wp\/v2\/pages\/7657"}],"wp:featuredmedia":[{"embeddable":true,"href":"https:\/\/blogsaverroes.juntadeandalucia.es\/iessierradegrazalema\/wp-json\/wp\/v2\/media\/10093"}],"wp:attachment":[{"href":"https:\/\/blogsaverroes.juntadeandalucia.es\/iessierradegrazalema\/wp-json\/wp\/v2\/media?parent=9264"}],"curies":[{"name":"wp","href":"https:\/\/api.w.org\/{rel}","templated":true}]}}