{"id":1725,"date":"2015-05-21T19:52:41","date_gmt":"2015-05-21T19:52:41","guid":{"rendered":"http:\/\/blogsaverroes.juntadeandalucia.es\/iessilena\/?page_id=1725"},"modified":"2017-04-24T17:19:37","modified_gmt":"2017-04-24T17:19:37","slug":"informacion","status":"publish","type":"page","link":"https:\/\/blogsaverroes.juntadeandalucia.es\/iessilena\/informacion\/","title":{"rendered":"Informaci\u00f3n"},"content":{"rendered":"<p>\t<!--\n\t\t@page { margin: 2cm }\n\t\tH3 { margin-top: 0.49cm; margin-bottom: 0.49cm; page-break-after: auto }\n\t\tH3.western { font-family: \"Times New Roman\", serif; font-size: 13pt }\n\t\tH3.cjk { font-family: \"Arial Unicode MS\"; font-size: 13pt }\n\t\tH3.ctl { font-family: \"Tahoma\"; font-size: 13pt }\n\t\tP { margin-bottom: 0.21cm }\n\t\tA:link { color: #0000ff }\n\t--><\/p>\n<p><span style=\"color: #797979\"><span style=\"font-family: 'Comic Sans MS', cursive\"><span style=\"font-size: medium\">Gilena, es una localidad de la provincia de Sevilla que se encuentra enclavada en el coraz\u00f3n de la geograf\u00eda andaluza, situada a la misma distancia de las provincias de Sevilla, M\u00e1laga y C\u00f3rdoba, de las que dista unos 100 kil\u00f3metros, y a poco m\u00e1s de Granada, Ja\u00e9n y C\u00e1diz, interconectada a trav\u00e9s de la A-92.<\/span><\/span><\/span><\/p>\n<p><span style=\"color: #797979\"><span style=\"font-family: 'Comic Sans MS', cursive\"><span style=\"font-size: medium\">Tiene una extensi\u00f3n de 51,8 Km2, y su altura sobre el nivel del mar es de 467 metros. Se encuentra situada en el valle que rodea el macizo monta\u00f1oso denominado \u00abSierras de Gilena\u00bb. Por estas sierras, simbolizadas en su escudo, transcurren numerosos senderos, por el que se desarrollan tanto actividades y deportes de la naturaleza como el turismo de ocio, sumi\u00e9ndose los visitantes en la belleza y majestuosidad de sus paisajes.<\/span><\/span><\/span><\/p>\n<h3 class=\"western\"><span style=\"color: #888888\"><span style=\"font-family: 'Comic Sans MS', cursive\"><span style=\"font-size: medium\">DISTANCIA DE LAS PRINCIPALES CAPITALES DE PROVINCIA<\/span><\/span><\/span><\/h3>\n<p><span style=\"color: #797979\"><span style=\"font-family: 'Comic Sans MS', cursive\"><span style=\"font-size: medium\">Como se puede apreciar en la relaci\u00f3n de datos que mostramos a continuaci\u00f3n, esta localidad goza de una situaci\u00f3n geogr\u00e1fica privilegiada puesto que est\u00e1 situada en el centro geogr\u00e1fico de la comunidad andaluza:<\/span><\/span><\/span><\/p>\n<table border=\"0\" width=\"575\" cellspacing=\"0\" cellpadding=\"4\">\n<colgroup>\n<col width=\"139\">\n<col width=\"195\">\n<col width=\"216\"> <\/colgroup>\n<tbody>\n<tr valign=\"BOTTOM\">\n<td bgcolor=\"#aaaaaa\" width=\"139\"><span style=\"color: #ffffff\">&nbsp;<\/span><\/td>\n<td bgcolor=\"#aaaaaa\" width=\"195\"><span style=\"color: #ffffff\"><span style=\"font-family: 'Comic Sans MS', cursive\"><span style=\"font-size: medium\"><b>Distancias por Carreteras<\/b><\/span><\/span><\/span><\/td>\n<td bgcolor=\"#aaaaaa\" width=\"216\"><span style=\"color: #ffffff\"><span style=\"font-family: 'Comic Sans MS', cursive\"><span style=\"font-size: medium\"><b>Horas Aproximadas de Viaje<\/b><\/span><\/span><\/span><\/td>\n<\/tr>\n<tr>\n<td bgcolor=\"#ffffff\" width=\"139\"><span style=\"color: #797979\"><span style=\"font-family: 'Comic Sans MS', cursive\"><span style=\"font-size: medium\">Huelva &#8211; Gilena<\/span><\/span><\/span><\/td>\n<td bgcolor=\"#ffffff\" width=\"195\">\n<p align=\"CENTER\"><span style=\"color: #797979\"><span style=\"font-family: 'Comic Sans MS', cursive\"><span style=\"font-size: medium\">207 Km<\/span><\/span><\/span><\/p>\n<\/td>\n<td bgcolor=\"#ffffff\" width=\"216\">\n<p align=\"CENTER\"><span style=\"color: #797979\"><span style=\"font-family: 'Comic Sans MS', cursive\"><span style=\"font-size: medium\">3 horas<\/span><\/span><\/span><\/p>\n<\/td>\n<\/tr>\n<tr>\n<td width=\"139\"><span style=\"color: #797979\"><span style=\"font-family: 'Comic Sans MS', cursive\"><span style=\"font-size: medium\">C\u00e1diz &#8211; Gilena<\/span><\/span><\/span><\/td>\n<td width=\"195\">\n<p align=\"CENTER\"><span style=\"color: #797979\"><span style=\"font-family: 'Comic Sans MS', cursive\"><span style=\"font-size: medium\">226 Km<\/span><\/span><\/span><\/p>\n<\/td>\n<td width=\"216\">\n<p align=\"CENTER\"><span style=\"color: #797979\"><span style=\"font-family: 'Comic Sans MS', cursive\"><span style=\"font-size: medium\">3 horas<\/span><\/span><\/span><\/p>\n<\/td>\n<\/tr>\n<tr>\n<td bgcolor=\"#ffffff\" width=\"139\"><span style=\"color: #797979\"><span style=\"font-family: 'Comic Sans MS', cursive\"><span style=\"font-size: medium\">Granada &#8211; Gilena<\/span><\/span><\/span><\/td>\n<td bgcolor=\"#ffffff\" width=\"195\">\n<p align=\"CENTER\"><span style=\"color: #797979\"><span style=\"font-family: 'Comic Sans MS', cursive\"><span style=\"font-size: medium\">161 Km<\/span><\/span><\/span><\/p>\n<\/td>\n<td bgcolor=\"#ffffff\" width=\"216\">\n<p align=\"CENTER\"><span style=\"color: #797979\"><span style=\"font-family: 'Comic Sans MS', cursive\"><span style=\"font-size: medium\">2 horas y cuarto<\/span><\/span><\/span><\/p>\n<\/td>\n<\/tr>\n<tr>\n<td width=\"139\"><span style=\"color: #797979\"><span style=\"font-family: 'Comic Sans MS', cursive\"><span style=\"font-size: medium\">Sevilla &#8211; Gilena<\/span><\/span><\/span><\/td>\n<td width=\"195\">\n<p align=\"CENTER\"><span style=\"color: #797979\"><span style=\"font-family: 'Comic Sans MS', cursive\"><span style=\"font-size: medium\">112 Km<\/span><\/span><\/span><\/p>\n<\/td>\n<td width=\"216\">\n<p align=\"CENTER\"><span style=\"color: #797979\"><span style=\"font-family: 'Comic Sans MS', cursive\"><span style=\"font-size: medium\">1 hora<\/span><\/span><\/span><\/p>\n<\/td>\n<\/tr>\n<tr>\n<td bgcolor=\"#ffffff\" width=\"139\"><span style=\"color: #797979\"><span style=\"font-family: 'Comic Sans MS', cursive\"><span style=\"font-size: medium\">M\u00e1laga &#8211; Gilena<\/span><\/span><\/span><\/td>\n<td bgcolor=\"#ffffff\" width=\"195\">\n<p align=\"CENTER\"><span style=\"color: #797979\"><span style=\"font-family: 'Comic Sans MS', cursive\"><span style=\"font-size: medium\">96,6 Km<\/span><\/span><\/span><\/p>\n<\/td>\n<td bgcolor=\"#ffffff\" width=\"216\">\n<p align=\"CENTER\"><span style=\"color: #797979\"><span style=\"font-family: 'Comic Sans MS', cursive\"><span style=\"font-size: medium\">1 hora y media<\/span><\/span><\/span><\/p>\n<\/td>\n<\/tr>\n<tr>\n<td width=\"139\"><span style=\"color: #797979\"><span style=\"font-family: 'Comic Sans MS', cursive\"><span style=\"font-size: medium\">C\u00f3rdoba &#8211; Gilena<\/span><\/span><\/span><\/td>\n<td width=\"195\">\n<p align=\"CENTER\"><span style=\"color: #797979\"><span style=\"font-family: 'Comic Sans MS', cursive\"><span style=\"font-size: medium\">99,2 Km<\/span><\/span><\/span><\/p>\n<\/td>\n<td width=\"216\">\n<p align=\"CENTER\"><span style=\"color: #797979\"><span style=\"font-family: 'Comic Sans MS', cursive\"><span style=\"font-size: medium\">1 hora y media<\/span><\/span><\/span><\/p>\n<\/td>\n<\/tr>\n<tr>\n<td bgcolor=\"#ffffff\" width=\"139\"><span style=\"color: #797979\"><span style=\"font-family: 'Comic Sans MS', cursive\"><span style=\"font-size: medium\">Almer\u00eda &#8211; Gilena<\/span><\/span><\/span><\/td>\n<td bgcolor=\"#ffffff\" width=\"195\">\n<p align=\"CENTER\"><span style=\"color: #797979\"><span style=\"font-family: 'Comic Sans MS', cursive\"><span style=\"font-size: medium\">312 Km<\/span><\/span><\/span><\/p>\n<\/td>\n<td bgcolor=\"#ffffff\" width=\"216\">\n<p align=\"CENTER\"><span style=\"color: #797979\"><span style=\"font-family: 'Comic Sans MS', cursive\"><span style=\"font-size: medium\">4 horas<\/span><\/span><\/span><\/p>\n<\/td>\n<\/tr>\n<tr>\n<td width=\"139\"><span style=\"color: #797979\"><span style=\"font-family: 'Comic Sans MS', cursive\"><span style=\"font-size: medium\">Jaen &#8211; Gilena<\/span><\/span><\/span><\/td>\n<td width=\"195\">\n<p align=\"CENTER\"><span style=\"color: #797979\"><span style=\"font-family: 'Comic Sans MS', cursive\"><span style=\"font-size: medium\">148 Km<\/span><\/span><\/span><\/p>\n<\/td>\n<td width=\"216\">\n<p align=\"CENTER\"><span style=\"color: #797979\"><span style=\"font-family: 'Comic Sans MS', cursive\"><span style=\"font-size: medium\">3 horas y media<\/span><\/span><\/span><\/p>\n<\/td>\n<\/tr>\n<tr>\n<td bgcolor=\"#ffffff\" width=\"139\"><span style=\"color: #797979\"><span style=\"font-family: 'Comic Sans MS', cursive\"><span style=\"font-size: medium\">Madrid &#8211; Gilena<\/span><\/span><\/span><\/td>\n<td bgcolor=\"#ffffff\" width=\"195\">\n<p align=\"CENTER\"><span style=\"color: #797979\"><span style=\"font-family: 'Comic Sans MS', cursive\"><span style=\"font-size: medium\">490 Km<\/span><\/span><\/span><\/p>\n<\/td>\n<td bgcolor=\"#ffffff\" width=\"216\">\n<p align=\"CENTER\"><span style=\"color: #797979\"><span style=\"font-family: 'Comic Sans MS', cursive\"><span style=\"font-size: medium\">7 horas y media<\/span><\/span><\/span><\/p>\n<\/td>\n<\/tr>\n<tr>\n<td width=\"139\"><span style=\"color: #797979\"><span style=\"font-family: 'Comic Sans MS', cursive\"><span style=\"font-size: medium\">Barcelona &#8211; Gilena<\/span><\/span><\/span><\/td>\n<td width=\"195\">\n<p align=\"CENTER\"><span style=\"color: #797979\"><span style=\"font-family: 'Comic Sans MS', cursive\"><span style=\"font-size: medium\">1035 Km<\/span><\/span><\/span><\/p>\n<\/td>\n<td width=\"216\">\n<p align=\"CENTER\"><span style=\"color: #797979\"><span style=\"font-family: 'Comic Sans MS', cursive\"><span style=\"font-size: medium\">13 horas y media<\/span><\/span><\/span><\/p>\n<\/td>\n<\/tr>\n<tr>\n<td colspan=\"3\" bgcolor=\"#aaaaaa\" width=\"567\">\n<p align=\"CENTER\"><span style=\"color: #797979\"><span style=\"font-family: 'Comic Sans MS', cursive\"><span style=\"font-size: medium\">Tabla de Distancias de Gilena con las Principales Capitales<\/span><\/span><\/span><\/p>\n<\/td>\n<\/tr>\n<\/tbody>\n<\/table>\n<h3 class=\"western\"><span style=\"color: #888888\"><span style=\"font-family: 'Comic Sans MS', cursive\"><span style=\"font-size: medium\">\u00bfC\u00d3MO LLEGAR?<\/span><\/span><\/span><\/h3>\n<p><span style=\"color: #797979\"><span style=\"font-family: 'Comic Sans MS', cursive\"><span style=\"font-size: medium\">Por Carretera:<\/span><\/span><\/span><\/p>\n<ul>\n<li><span style=\"color: #797979\"><span style=\"font-family: 'Comic Sans MS', cursive\"><span style=\"font-size: medium\">Desde Sevilla hacia M\u00e1laga, por la autov\u00eda A- 92, en el kil\u00f3metro 97, enlazaremos con la carretera comarcal SE 486, y girando hacia la izquierda en el primer cruce hacia la izquierda por la carretera A 353 que nos lleva directamente hacia el pueblo.<\/span><\/span><\/span><\/li>\n<li><span style=\"color: #797979\"><span style=\"font-family: 'Comic Sans MS', cursive\"><span style=\"font-size: medium\">Desde Madrid, C\u00f3rdoba por la carretera Nacional IV en direcci\u00f3n a Sevilla, al llegar a \u00c9cija, nos desviaremos por la carretera A 351 hacia Osuna, a la que llegaremos por una carretera casi recta, una vez que lleguemos a Osuna, continuaremos por la autov\u00eda A- 92 en sentido hacia M\u00e1laga<\/span><\/span><\/span><\/li>\n<\/ul>\n<p>&nbsp;<\/p>\n<p><span style=\"color: #797979\"><span style=\"font-family: 'Comic Sans MS', cursive\"><span style=\"font-size: medium\">Por Autob\u00fas:<\/span><\/span><\/span><\/p>\n<ul>\n<li><span style=\"color: #797979\"><span style=\"font-family: 'Comic Sans MS', cursive\"><span style=\"font-size: medium\">Sevilla &#8211; Gilena en D\u00edas Laborables (<\/span><\/span><\/span><span style=\"color: #0000ff\"><u><a href=\"http:\/\/www.gilena.es\/opencms\/export\/sites\/default\/gilena\/galeriaFicheros\/sevilla-gilena-laborales.pdf\" target=\"_blank\"><span style=\"color: #3b6ec2\"><span style=\"font-family: 'Comic Sans MS', cursive\"><span style=\"font-size: medium\">PDF<\/span><\/span><\/span><\/a><\/u><\/span><span style=\"color: #797979\"><span style=\"font-family: 'Comic Sans MS', cursive\"><span style=\"font-size: medium\">)<\/span><\/span><\/span><\/li>\n<li><span style=\"color: #797979\"><span style=\"font-family: 'Comic Sans MS', cursive\"><span style=\"font-size: medium\">Gilena &#8211; Sevilla en D\u00edas Laborables (<\/span><\/span><\/span><span style=\"color: #0000ff\"><u><a href=\"http:\/\/www.gilena.es\/opencms\/export\/sites\/default\/gilena\/galeriaFicheros\/gilena-sevilla-laborales.pdf\" target=\"_blank\"><span style=\"color: #3b6ec2\"><span style=\"font-family: 'Comic Sans MS', cursive\"><span style=\"font-size: medium\">PDF<\/span><\/span><\/span><\/a><\/u><\/span><span style=\"color: #797979\"><span style=\"font-family: 'Comic Sans MS', cursive\"><span style=\"font-size: medium\">)<\/span><\/span><\/span><\/li>\n<li><span style=\"color: #797979\"><span style=\"font-family: 'Comic Sans MS', cursive\"><span style=\"font-size: medium\">S\u00e1bados (<\/span><\/span><\/span><span style=\"color: #0000ff\"><u><a href=\"http:\/\/www.gilena.es\/opencms\/export\/sites\/default\/gilena\/galeriaFicheros\/sabados.pdf\" target=\"_blank\"><span style=\"color: #3b6ec2\"><span style=\"font-family: 'Comic Sans MS', cursive\"><span style=\"font-size: medium\">PDF<\/span><\/span><\/span><\/a><\/u><\/span><span style=\"color: #797979\"><span style=\"font-family: 'Comic Sans MS', cursive\"><span style=\"font-size: medium\">)<\/span><\/span><\/span><\/li>\n<li><span style=\"color: #797979\"><span style=\"font-family: 'Comic Sans MS', cursive\"><span style=\"font-size: medium\">Domingos y Festivos (<\/span><\/span><\/span><span style=\"color: #0000ff\"><u><a href=\"http:\/\/www.gilena.es\/opencms\/export\/sites\/default\/gilena\/galeriaFicheros\/domingosyfestivos.pdf\" target=\"_blank\"><span style=\"color: #3b6ec2\"><span style=\"font-family: 'Comic Sans MS', cursive\"><span style=\"font-size: medium\">PDF<\/span><\/span><\/span><\/a><\/u><\/span><span style=\"color: #797979\"><span style=\"font-family: 'Comic Sans MS', cursive\"><span style=\"font-size: medium\">)<\/span><\/span><\/span><\/li>\n<\/ul>\n<p>&nbsp;<\/p>\n<p><span style=\"color: #797979\"><span style=\"font-family: 'Comic Sans MS', cursive\"><span style=\"font-size: medium\">HISTORIA<\/span><\/span><\/span><\/p>\n<p><span style=\"color: #797979\"><span style=\"font-family: 'Comic Sans MS', cursive\"><span style=\"font-size: medium\">Debido a su situaci\u00f3n geogr\u00e1fica y a la abundancia de agua, por las tierras de este t\u00e9rmino Municipal, han pasado toda clase de civilizaciones, y cada una de ellas nos dej\u00f3 su huella, y prueba de ello son los numerosos restos arqueol\u00f3gicos del Calcol\u00edtico, final del Bronce, Ib\u00e9ricos, Romanos, Visigodos y \u00c1rabes.<\/span><\/span><\/span><\/p>\n<p><span style=\"color: #797979\"><span style=\"font-family: 'Comic Sans MS', cursive\"><span style=\"font-size: medium\">Los primeros asentamientos tuvieron lugar junto al manantial de aguas cristalinas que flu\u00edan de las Sierras por el \u201cOjo de Gilena\u201d, as\u00ed como a lo largo de su cauce.<\/span><\/span><\/span><\/p>\n<p><span style=\"color: #797979\"><span style=\"font-family: 'Comic Sans MS', cursive\"><span style=\"font-size: medium\">Sobre el nombre de Gilena no sabemos a ciencia cierta cu\u00e1les fueron sus or\u00edgenes, si bien, pudiera provenir de \u201cSilex\u201d, piedra, o \u201cSilena\u201d, lugar de la piedra.<\/span><\/span><\/span><\/p>\n<p><span style=\"color: #797979\"><span style=\"font-family: 'Comic Sans MS', cursive\"><span style=\"font-size: medium\">En tiempos de la dominaci\u00f3n musulmana ya se le conoc\u00eda con el nombre de \u201cYilyana\u201d, posteriormente con el nombre de \u201cLugar de Gilena\u201d, despu\u00e9s \u201cPuebla de Gilena\u201d, y finalmente \u201cVilla de Gilena\u201d.<\/span><\/span><\/span><\/p>\n<p><span style=\"color: #797979\"><span style=\"font-family: 'Comic Sans MS', cursive\"><span style=\"font-size: medium\">Gilena fue cabecera de un distrito de la \u201cCora\u201d, y tuvo el honor de figurar en la obra del ge\u00f3grafo de los siglos XII y XIII Yaqut Al-Hamawi, \u201cEl Libro de las Naciones\u201d, donde se alababan los maravillosos productos cosechados en su Ribera, con especial menci\u00f3n la de sus manzanas, famosas en todo Al-Andalus.<\/span><\/span><\/span><\/p>\n<p><span style=\"color: #797979\"><span style=\"font-family: 'Comic Sans MS', cursive\"><span style=\"font-size: medium\">De las aguas del Ojo de Gilena se utilizaba su energ\u00eda hidr\u00e1ulica, para mover los molinos de harina que construyeron los \u00e1rabes a lo largo de la Ribera. Verificada la Reconquista y en poder de sus nuevos due\u00f1os cristianos, los molinos y huertas de Gilena fueron platos codiciados por los Alcaides y Comendadores para sus mayorazgos.<\/span><\/span><\/span><\/p>\n<p><span style=\"color: #797979\"><span style=\"font-family: 'Comic Sans MS', cursive\"><span style=\"font-size: medium\">En marzo de 1985 se descubri\u00f3, casualmente, \u201cuna sepultura Calcol\u00edtica\u201d del tipo denominado \u201cCueva Artificial\u201d, formada por una c\u00e1mara central, cuatro nichos y corredor escalonado. Se rescataron numerosos vasos, puntas de flechas, \u00eddolos de hueso, adornos, etc. En los trabajos de excavaci\u00f3n realizados posteriormente aparecieron dos sepulturas m\u00e1s y restos de caba\u00f1as. De la misma \u00e9poca tambi\u00e9n aparecieron sepulturas en distintos sitios de la localidad con motivos de realizaci\u00f3n de obras.<\/span><\/span><\/span><\/p>\n<p><span style=\"color: #797979\"><span style=\"font-family: 'Comic Sans MS', cursive\"><span style=\"font-size: medium\">Seg\u00fan estudios de algunos investigadores numism\u00e1ticos contempor\u00e1neos, en nuestro t\u00e9rmino Municipal pudo haber estado ubicada la ciudad ib\u00e9rica de \u201cIlse\u201d, fundada en el siglo I a.C.<\/span><\/span><\/span><\/p>\n","protected":false},"excerpt":{"rendered":"<p>Gilena, es una localidad de la provincia de Sevilla que se encuentra enclavada en el coraz\u00f3n de la geograf\u00eda andaluza, situada a la misma distancia de las provincias de Sevilla,&#46;&#46;&#46;<\/p>\n","protected":false},"author":1,"featured_media":0,"parent":0,"menu_order":0,"comment_status":"open","ping_status":"closed","template":"","meta":{"ngg_post_thumbnail":0,"footnotes":"","_mc_calendar":[]},"aioseo_notices":[],"_links":{"self":[{"href":"https:\/\/blogsaverroes.juntadeandalucia.es\/iessilena\/wp-json\/wp\/v2\/pages\/1725"}],"collection":[{"href":"https:\/\/blogsaverroes.juntadeandalucia.es\/iessilena\/wp-json\/wp\/v2\/pages"}],"about":[{"href":"https:\/\/blogsaverroes.juntadeandalucia.es\/iessilena\/wp-json\/wp\/v2\/types\/page"}],"author":[{"embeddable":true,"href":"https:\/\/blogsaverroes.juntadeandalucia.es\/iessilena\/wp-json\/wp\/v2\/users\/1"}],"replies":[{"embeddable":true,"href":"https:\/\/blogsaverroes.juntadeandalucia.es\/iessilena\/wp-json\/wp\/v2\/comments?post=1725"}],"version-history":[{"count":2,"href":"https:\/\/blogsaverroes.juntadeandalucia.es\/iessilena\/wp-json\/wp\/v2\/pages\/1725\/revisions"}],"predecessor-version":[{"id":2350,"href":"https:\/\/blogsaverroes.juntadeandalucia.es\/iessilena\/wp-json\/wp\/v2\/pages\/1725\/revisions\/2350"}],"wp:attachment":[{"href":"https:\/\/blogsaverroes.juntadeandalucia.es\/iessilena\/wp-json\/wp\/v2\/media?parent=1725"}],"curies":[{"name":"wp","href":"https:\/\/api.w.org\/{rel}","templated":true}]}}