{"id":2426,"date":"2017-10-27T16:20:12","date_gmt":"2017-10-27T16:20:12","guid":{"rendered":"http:\/\/blogsaverroes.juntadeandalucia.es\/iessilena\/?page_id=2426"},"modified":"2018-05-10T07:00:05","modified_gmt":"2018-05-10T07:00:05","slug":"comunica-201718","status":"publish","type":"page","link":"https:\/\/blogsaverroes.juntadeandalucia.es\/iessilena\/comunica-201718\/","title":{"rendered":"COMUNICA 2017\/18"},"content":{"rendered":"<div style=\"width: 1920px;\" class=\"wp-video\"><!--[if lt IE 9]><script>document.createElement('video');<\/script><![endif]-->\n<video class=\"wp-video-shortcode\" id=\"video-2426-1\" width=\"1920\" height=\"1080\" preload=\"metadata\" controls=\"controls\"><source type=\"video\/mp4\" src=\"https:\/\/blogsaverroes.juntadeandalucia.es\/iessilena\/files\/2017\/10\/VID_20180306_112931-1.mp4?_=1\" \/><a href=\"https:\/\/blogsaverroes.juntadeandalucia.es\/iessilena\/files\/2017\/10\/VID_20180306_112931-1.mp4\">https:\/\/blogsaverroes.juntadeandalucia.es\/iessilena\/files\/2017\/10\/VID_20180306_112931-1.mp4<\/a><\/video><\/div>\n<div style=\"width: 1920px;\" class=\"wp-video\"><video class=\"wp-video-shortcode\" id=\"video-2426-2\" width=\"1920\" height=\"1080\" preload=\"metadata\" controls=\"controls\"><source type=\"video\/mp4\" src=\"https:\/\/blogsaverroes.juntadeandalucia.es\/iessilena\/files\/2017\/10\/VID_20180306_112854.mp4?_=2\" \/><a href=\"https:\/\/blogsaverroes.juntadeandalucia.es\/iessilena\/files\/2017\/10\/VID_20180306_112854.mp4\">https:\/\/blogsaverroes.juntadeandalucia.es\/iessilena\/files\/2017\/10\/VID_20180306_112854.mp4<\/a><\/video><\/div>\n<p>NUESTRO PLAN DE ACTUACI\u00d3N:&nbsp;<a href=\"https:\/\/blogsaverroes.juntadeandalucia.es\/iessilena\/files\/2017\/10\/Plan-actuaci\u00f3n-ComunicA-IES-Silena.pdf\">Plan actuaci\u00f3n ComunicA IES Silena<\/a><\/p>\n<p>CELEBRACI\u00d3N DEL D\u00cdA DE LA MUJER:<\/p>\n<div style=\"width: 1920px;\" class=\"wp-video\"><video class=\"wp-video-shortcode\" id=\"video-2426-3\" width=\"1920\" height=\"1080\" preload=\"metadata\" controls=\"controls\"><source type=\"video\/mp4\" src=\"https:\/\/blogsaverroes.juntadeandalucia.es\/iessilena\/files\/2017\/10\/VID_20180306_112931.mp4?_=3\" \/><a href=\"https:\/\/blogsaverroes.juntadeandalucia.es\/iessilena\/files\/2017\/10\/VID_20180306_112931.mp4\">https:\/\/blogsaverroes.juntadeandalucia.es\/iessilena\/files\/2017\/10\/VID_20180306_112931.mp4<\/a><\/video><\/div>\n<p>&nbsp;<\/p>\n<p>Semana cultural 2018<\/p>\n<p>Teatro de marionetas en ingl\u00e9s y franc\u00e9s<\/p>\n<div style=\"width: 1920px;\" class=\"wp-video\"><video class=\"wp-video-shortcode\" id=\"video-2426-4\" width=\"1920\" height=\"1080\" preload=\"metadata\" controls=\"controls\"><source type=\"video\/mp4\" src=\"https:\/\/blogsaverroes.juntadeandalucia.es\/iessilena\/files\/2017\/10\/VID_20180322_100529.mp4?_=4\" \/><a href=\"https:\/\/blogsaverroes.juntadeandalucia.es\/iessilena\/files\/2017\/10\/VID_20180322_100529.mp4\">https:\/\/blogsaverroes.juntadeandalucia.es\/iessilena\/files\/2017\/10\/VID_20180322_100529.mp4<\/a><\/video><\/div>\n<div style=\"width: 1920px;\" class=\"wp-video\"><video class=\"wp-video-shortcode\" id=\"video-2426-5\" width=\"1920\" height=\"1080\" preload=\"metadata\" controls=\"controls\"><source type=\"video\/mp4\" src=\"https:\/\/blogsaverroes.juntadeandalucia.es\/iessilena\/files\/2017\/10\/VID_20180322_102614.mp4?_=5\" \/><a href=\"https:\/\/blogsaverroes.juntadeandalucia.es\/iessilena\/files\/2017\/10\/VID_20180322_102614.mp4\">https:\/\/blogsaverroes.juntadeandalucia.es\/iessilena\/files\/2017\/10\/VID_20180322_102614.mp4<\/a><\/video><\/div>\n<div style=\"width: 1920px;\" class=\"wp-video\"><video class=\"wp-video-shortcode\" id=\"video-2426-6\" width=\"1920\" height=\"1080\" preload=\"metadata\" controls=\"controls\"><source type=\"video\/mp4\" src=\"https:\/\/blogsaverroes.juntadeandalucia.es\/iessilena\/files\/2017\/10\/VID_20180322_100542.mp4?_=6\" \/><a href=\"https:\/\/blogsaverroes.juntadeandalucia.es\/iessilena\/files\/2017\/10\/VID_20180322_100542.mp4\">https:\/\/blogsaverroes.juntadeandalucia.es\/iessilena\/files\/2017\/10\/VID_20180322_100542.mp4<\/a><\/video><\/div>\n<div style=\"width: 1920px;\" class=\"wp-video\"><video class=\"wp-video-shortcode\" id=\"video-2426-7\" width=\"1920\" height=\"1080\" preload=\"metadata\" controls=\"controls\"><source type=\"video\/mp4\" src=\"https:\/\/blogsaverroes.juntadeandalucia.es\/iessilena\/files\/2017\/10\/VID_20180322_102614-1.mp4?_=7\" \/><a href=\"https:\/\/blogsaverroes.juntadeandalucia.es\/iessilena\/files\/2017\/10\/VID_20180322_102614-1.mp4\">https:\/\/blogsaverroes.juntadeandalucia.es\/iessilena\/files\/2017\/10\/VID_20180322_102614-1.mp4<\/a><\/video><\/div>\n","protected":false},"excerpt":{"rendered":"<p>NUESTRO PLAN DE ACTUACI\u00d3N:&nbsp;Plan actuaci\u00f3n ComunicA IES Silena CELEBRACI\u00d3N DEL D\u00cdA DE LA MUJER: &nbsp; Semana cultural 2018 Teatro de marionetas en ingl\u00e9s y franc\u00e9s<\/p>\n","protected":false},"author":4855,"featured_media":0,"parent":0,"menu_order":0,"comment_status":"closed","ping_status":"closed","template":"","meta":{"ngg_post_thumbnail":0,"footnotes":"","_mc_calendar":[]},"aioseo_notices":[],"_links":{"self":[{"href":"https:\/\/blogsaverroes.juntadeandalucia.es\/iessilena\/wp-json\/wp\/v2\/pages\/2426"}],"collection":[{"href":"https:\/\/blogsaverroes.juntadeandalucia.es\/iessilena\/wp-json\/wp\/v2\/pages"}],"about":[{"href":"https:\/\/blogsaverroes.juntadeandalucia.es\/iessilena\/wp-json\/wp\/v2\/types\/page"}],"author":[{"embeddable":true,"href":"https:\/\/blogsaverroes.juntadeandalucia.es\/iessilena\/wp-json\/wp\/v2\/users\/4855"}],"replies":[{"embeddable":true,"href":"https:\/\/blogsaverroes.juntadeandalucia.es\/iessilena\/wp-json\/wp\/v2\/comments?post=2426"}],"version-history":[{"count":6,"href":"https:\/\/blogsaverroes.juntadeandalucia.es\/iessilena\/wp-json\/wp\/v2\/pages\/2426\/revisions"}],"predecessor-version":[{"id":2734,"href":"https:\/\/blogsaverroes.juntadeandalucia.es\/iessilena\/wp-json\/wp\/v2\/pages\/2426\/revisions\/2734"}],"wp:attachment":[{"href":"https:\/\/blogsaverroes.juntadeandalucia.es\/iessilena\/wp-json\/wp\/v2\/media?parent=2426"}],"curies":[{"name":"wp","href":"https:\/\/api.w.org\/{rel}","templated":true}]}}