{"id":775,"date":"2021-03-12T12:19:50","date_gmt":"2021-03-12T11:19:50","guid":{"rendered":"https:\/\/blogsaverroes.juntadeandalucia.es\/iessofia\/?page_id=775"},"modified":"2021-03-12T12:19:53","modified_gmt":"2021-03-12T11:19:53","slug":"becas-y-ayudas","status":"publish","type":"page","link":"https:\/\/blogsaverroes.juntadeandalucia.es\/iessofia\/becas-y-ayudas\/","title":{"rendered":"Becas y ayudas"},"content":{"rendered":"<p>[et_pb_section fb_built=&#8221;1&#8243; _builder_version=&#8221;3.22&#8243;][et_pb_row _builder_version=&#8221;3.25&#8243; background_size=&#8221;initial&#8221; background_position=&#8221;top_left&#8221; background_repeat=&#8221;repeat&#8221; custom_padding=&#8221;0px|||||&#8221;][et_pb_column type=&#8221;4_4&#8243; _builder_version=&#8221;3.0.47&#8243; custom_padding=&#8221;|||&#8221; custom_padding__hover=&#8221;|||&#8221;][et_pb_image src=&#8221;https:\/\/blogsaverroes.juntadeandalucia.es\/iessofia\/files\/2021\/03\/secretaria.jpg&#8221; title_text=&#8221;secretaria&#8221; admin_label=&#8221;Imagen de la portada&#8221; _builder_version=&#8221;4.5.0&#8243; vertical_offset_tablet=&#8221;0&#8243; horizontal_offset_tablet=&#8221;0&#8243; custom_margin=&#8221;1px|||||&#8221; z_index_tablet=&#8221;500&#8243; box_shadow_horizontal_tablet=&#8221;0px&#8221; box_shadow_vertical_tablet=&#8221;0px&#8221; box_shadow_blur_tablet=&#8221;40px&#8221; box_shadow_spread_tablet=&#8221;0px&#8221;][\/et_pb_image][et_pb_text admin_label=&#8221;Texto descriptivo&#8221; _builder_version=&#8221;4.5.0&#8243; z_index_tablet=&#8221;500&#8243; text_text_shadow_horizontal_length_tablet=&#8221;0px&#8221; text_text_shadow_vertical_length_tablet=&#8221;0px&#8221; text_text_shadow_blur_strength_tablet=&#8221;1px&#8221; link_text_shadow_horizontal_length_tablet=&#8221;0px&#8221; link_text_shadow_vertical_length_tablet=&#8221;0px&#8221; link_text_shadow_blur_strength_tablet=&#8221;1px&#8221; ul_text_shadow_horizontal_length_tablet=&#8221;0px&#8221; ul_text_shadow_vertical_length_tablet=&#8221;0px&#8221; ul_text_shadow_blur_strength_tablet=&#8221;1px&#8221; ol_text_shadow_horizontal_length_tablet=&#8221;0px&#8221; ol_text_shadow_vertical_length_tablet=&#8221;0px&#8221; ol_text_shadow_blur_strength_tablet=&#8221;1px&#8221; quote_text_shadow_horizontal_length_tablet=&#8221;0px&#8221; quote_text_shadow_vertical_length_tablet=&#8221;0px&#8221; quote_text_shadow_blur_strength_tablet=&#8221;1px&#8221; header_text_shadow_horizontal_length_tablet=&#8221;0px&#8221; header_text_shadow_vertical_length_tablet=&#8221;0px&#8221; header_text_shadow_blur_strength_tablet=&#8221;1px&#8221; header_2_text_shadow_horizontal_length_tablet=&#8221;0px&#8221; header_2_text_shadow_vertical_length_tablet=&#8221;0px&#8221; header_2_text_shadow_blur_strength_tablet=&#8221;1px&#8221; header_3_text_shadow_horizontal_length_tablet=&#8221;0px&#8221; header_3_text_shadow_vertical_length_tablet=&#8221;0px&#8221; header_3_text_shadow_blur_strength_tablet=&#8221;1px&#8221; header_4_text_shadow_horizontal_length_tablet=&#8221;0px&#8221; header_4_text_shadow_vertical_length_tablet=&#8221;0px&#8221; header_4_text_shadow_blur_strength_tablet=&#8221;1px&#8221; header_5_text_shadow_horizontal_length_tablet=&#8221;0px&#8221; header_5_text_shadow_vertical_length_tablet=&#8221;0px&#8221; header_5_text_shadow_blur_strength_tablet=&#8221;1px&#8221; header_6_text_shadow_horizontal_length_tablet=&#8221;0px&#8221; header_6_text_shadow_vertical_length_tablet=&#8221;0px&#8221; header_6_text_shadow_blur_strength_tablet=&#8221;1px&#8221; box_shadow_horizontal_tablet=&#8221;0px&#8221; box_shadow_vertical_tablet=&#8221;0px&#8221; box_shadow_blur_tablet=&#8221;40px&#8221; box_shadow_spread_tablet=&#8221;0px&#8221;]<\/p>\n<h3 id=\"tituloItem\" class=\"blockTituloItem\"><strong><span class=\"tituloItem\">Becas<\/span><span class=\"tituloItem\"> y ayudas al estudio<\/span><\/strong><\/h3>\n<div id=\"contenido_sitio\">\n<p>Las administraciones ponen a disposici\u00f3n del alumnado becas y ayudas al estudio. El <strong>Ministerio de Educaci\u00f3n Cultura y Deporte<\/strong> realiza<span>\u00a0<\/span><a href=\"http:\/\/www.mecd.gob.es\/educacion\/mc\/becas-generales\/2017-2018\/estudios-no-universitarios.html\" target=\"_blank\" rel=\"noopener noreferrer\">convocatorias generales de becas<span>\u00a0<\/span><\/a>que son complenetadas por las que realizan las<strong>\u00a0<a href=\"http:\/\/www.juntadeandalucia.es\/educacion\/portals\/web\/becas-y-ayudas\/\" target=\"_blank\" rel=\"noopener noreferrer\">comunidades aut\u00f3nomas<\/a><\/strong>.<\/p>\n<p><strong>Las m\u00e1s destacadas son:<\/strong><\/p>\n<p><strong><\/strong><\/p>\n<ul>\n<li><span style=\"color: #ff0000\"><a href=\"https:\/\/www.educacionyfp.gob.es\/servicios-al-ciudadano\/catalogo\/estudiantes\/becas-ayudas.html\" target=\"_blank\" rel=\"noopener noreferrer\" style=\"color: #ff0000\"><span style=\"text-decoration: underline\">Becas y ayudas convocadas por el Ministerio de Educaci\u00f3n, Cultura y Deporte del Gobierno de Espa\u00f1a.<\/span><\/a><\/span>\n<ul>\n<li><a href=\"https:\/\/www.educacionyfp.gob.es\/servicios-al-ciudadano\/catalogo\/estudiantes\/becas-ayudas\/para-estudiar\/primaria-secundaria\/necesidad-especifica-apoyo-educativo.html\" target=\"_blank\" rel=\"noopener noreferrer\">Becas y ayudas para alumnos con necesidad espec\u00edfica de apoyo educativo.<\/a><\/li>\n<li><a href=\"https:\/\/www.educacionyfp.gob.es\/servicios-al-ciudadano\/catalogo\/estudiantes\/becas-ayudas\/para-estudiar\/primaria-secundaria\/campus-profundizacion-cientifica.html\" target=\"_blank\" rel=\"noopener noreferrer\">Campus de Profundizaci\u00f3n Cient\u00edfica.<\/a><\/li>\n<li><a href=\"https:\/\/www.educacionyfp.gob.es\/servicios-al-ciudadano\/catalogo\/estudiantes\/becas-ayudas\/para-estudiar.html\" target=\"_blank\" rel=\"noopener noreferrer\">Becas y ayudas a alumnos de niveles postobligatorios. No universitarios.<\/a><\/li>\n<\/ul>\n<\/li>\n<li><span style=\"text-decoration: underline;color: #ff0000\">Becas y ayudas convocadas por la Consejer\u00eda de Educaci\u00f3n de la Junta de Andaluc\u00eda.<\/span>\n<ul>\n<li><a href=\"https:\/\/www.juntadeandalucia.es\/educacion\/portals\/web\/becas-y-ayudas\/gratuidad-de-libros\"><span style=\"text-decoration: underline\">Programa de Gratuidad de Libros de Texto.<\/span><\/a><\/li>\n<li><a href=\"https:\/\/www.juntadeandalucia.es\/educacion\/portals\/web\/becas-y-ayudas\/beca-6000\" target=\"_blank\" rel=\"noopener noreferrer\">Beca 6000<\/a><\/li>\n<li><a href=\"https:\/\/www.juntadeandalucia.es\/educacion\/portals\/web\/becas-y-ayudas\/beca-adriano\" target=\"_blank\" rel=\"noopener noreferrer\">Beca Adriano<\/a><\/li>\n<\/ul>\n<\/li>\n<\/ul>\n<\/div>\n<p>[\/et_pb_text][\/et_pb_column][\/et_pb_row][et_pb_row column_structure=&#8221;1_3,1_3,1_3&#8243; _builder_version=&#8221;3.25&#8243; background_size=&#8221;initial&#8221; background_position=&#8221;top_left&#8221; background_repeat=&#8221;repeat&#8221;][et_pb_column type=&#8221;1_3&#8243; _builder_version=&#8221;3.0.47&#8243; custom_padding=&#8221;|||&#8221; custom_padding__hover=&#8221;|||&#8221;][et_pb_blurb title=&#8221;Innovaci\u00f3n&#8221; use_icon=&#8221;on&#8221; font_icon=&#8221;%%121%%&#8221; use_circle=&#8221;on&#8221; circle_color=&#8221;#5d58ef&#8221; admin_label=&#8221;Informaci\u00f3n sobre innovaci\u00f3n (icono, titulo y texto)&#8221; _builder_version=&#8221;3.23.3&#8243; text_orientation=&#8221;center&#8221; z_index_tablet=&#8221;500&#8243; header_text_shadow_horizontal_length_tablet=&#8221;0px&#8221; header_text_shadow_vertical_length_tablet=&#8221;0px&#8221; header_text_shadow_blur_strength_tablet=&#8221;1px&#8221; body_text_shadow_horizontal_length_tablet=&#8221;0px&#8221; body_text_shadow_vertical_length_tablet=&#8221;0px&#8221; body_text_shadow_blur_strength_tablet=&#8221;1px&#8221; body_link_text_shadow_horizontal_length_tablet=&#8221;0px&#8221; body_link_text_shadow_vertical_length_tablet=&#8221;0px&#8221; body_link_text_shadow_blur_strength_tablet=&#8221;1px&#8221; body_ul_text_shadow_horizontal_length_tablet=&#8221;0px&#8221; body_ul_text_shadow_vertical_length_tablet=&#8221;0px&#8221; body_ul_text_shadow_blur_strength_tablet=&#8221;1px&#8221; body_ol_text_shadow_horizontal_length_tablet=&#8221;0px&#8221; body_ol_text_shadow_vertical_length_tablet=&#8221;0px&#8221; body_ol_text_shadow_blur_strength_tablet=&#8221;1px&#8221; body_quote_text_shadow_horizontal_length_tablet=&#8221;0px&#8221; body_quote_text_shadow_vertical_length_tablet=&#8221;0px&#8221; body_quote_text_shadow_blur_strength_tablet=&#8221;1px&#8221; box_shadow_horizontal_tablet=&#8221;0px&#8221; box_shadow_vertical_tablet=&#8221;0px&#8221; box_shadow_blur_tablet=&#8221;40px&#8221; box_shadow_spread_tablet=&#8221;0px&#8221; box_shadow_horizontal_image_tablet=&#8221;0px&#8221; box_shadow_vertical_image_tablet=&#8221;0px&#8221; box_shadow_blur_image_tablet=&#8221;40px&#8221; box_shadow_spread_image_tablet=&#8221;0px&#8221; text_shadow_horizontal_length_tablet=&#8221;0px&#8221; text_shadow_vertical_length_tablet=&#8221;0px&#8221; text_shadow_blur_strength_tablet=&#8221;1px&#8221;]<\/p>\n<p>Nuevas tecnolog\u00edas en el centro<\/p>\n<p>[\/et_pb_blurb][\/et_pb_column][et_pb_column type=&#8221;1_3&#8243; _builder_version=&#8221;3.0.47&#8243; custom_padding=&#8221;|||&#8221; custom_padding__hover=&#8221;|||&#8221;][et_pb_blurb title=&#8221;centro biling\u00fce&#8221; use_icon=&#8221;on&#8221; font_icon=&#8221;%%289%%&#8221; use_circle=&#8221;on&#8221; circle_color=&#8221;#ff236c&#8221; admin_label=&#8221;Informaci\u00f3n sobre centro biling\u00fce (icono, titulo y texto)&#8221; _builder_version=&#8221;4.5.0&#8243; text_orientation=&#8221;center&#8221; z_index_tablet=&#8221;500&#8243; header_text_shadow_horizontal_length_tablet=&#8221;0px&#8221; header_text_shadow_vertical_length_tablet=&#8221;0px&#8221; header_text_shadow_blur_strength_tablet=&#8221;1px&#8221; body_text_shadow_horizontal_length_tablet=&#8221;0px&#8221; body_text_shadow_vertical_length_tablet=&#8221;0px&#8221; body_text_shadow_blur_strength_tablet=&#8221;1px&#8221; body_link_text_shadow_horizontal_length_tablet=&#8221;0px&#8221; body_link_text_shadow_vertical_length_tablet=&#8221;0px&#8221; body_link_text_shadow_blur_strength_tablet=&#8221;1px&#8221; body_ul_text_shadow_horizontal_length_tablet=&#8221;0px&#8221; body_ul_text_shadow_vertical_length_tablet=&#8221;0px&#8221; body_ul_text_shadow_blur_strength_tablet=&#8221;1px&#8221; body_ol_text_shadow_horizontal_length_tablet=&#8221;0px&#8221; body_ol_text_shadow_vertical_length_tablet=&#8221;0px&#8221; body_ol_text_shadow_blur_strength_tablet=&#8221;1px&#8221; body_quote_text_shadow_horizontal_length_tablet=&#8221;0px&#8221; body_quote_text_shadow_vertical_length_tablet=&#8221;0px&#8221; body_quote_text_shadow_blur_strength_tablet=&#8221;1px&#8221; box_shadow_horizontal_tablet=&#8221;0px&#8221; box_shadow_vertical_tablet=&#8221;0px&#8221; box_shadow_blur_tablet=&#8221;40px&#8221; box_shadow_spread_tablet=&#8221;0px&#8221; box_shadow_horizontal_image_tablet=&#8221;0px&#8221; box_shadow_vertical_image_tablet=&#8221;0px&#8221; box_shadow_blur_image_tablet=&#8221;40px&#8221; box_shadow_spread_image_tablet=&#8221;0px&#8221; text_shadow_horizontal_length_tablet=&#8221;0px&#8221; text_shadow_vertical_length_tablet=&#8221;0px&#8221; text_shadow_blur_strength_tablet=&#8221;1px&#8221;]<\/p>\n<p>Impartimos las materias en Ingl\u00e9s y Castellano<\/p>\n<p>[\/et_pb_blurb][et_pb_blurb title=&#8221;centro biling\u00fce&#8221; use_icon=&#8221;on&#8221; font_icon=&#8221;%%289%%&#8221; use_circle=&#8221;on&#8221; circle_color=&#8221;#ff236c&#8221; admin_label=&#8221;Informaci\u00f3n sobre centro biling\u00fce (icono, titulo y texto)&#8221; _builder_version=&#8221;4.5.0&#8243; text_orientation=&#8221;center&#8221; z_index_tablet=&#8221;500&#8243; header_text_shadow_horizontal_length_tablet=&#8221;0px&#8221; header_text_shadow_vertical_length_tablet=&#8221;0px&#8221; header_text_shadow_blur_strength_tablet=&#8221;1px&#8221; body_text_shadow_horizontal_length_tablet=&#8221;0px&#8221; body_text_shadow_vertical_length_tablet=&#8221;0px&#8221; body_text_shadow_blur_strength_tablet=&#8221;1px&#8221; body_link_text_shadow_horizontal_length_tablet=&#8221;0px&#8221; body_link_text_shadow_vertical_length_tablet=&#8221;0px&#8221; body_link_text_shadow_blur_strength_tablet=&#8221;1px&#8221; body_ul_text_shadow_horizontal_length_tablet=&#8221;0px&#8221; body_ul_text_shadow_vertical_length_tablet=&#8221;0px&#8221; body_ul_text_shadow_blur_strength_tablet=&#8221;1px&#8221; body_ol_text_shadow_horizontal_length_tablet=&#8221;0px&#8221; body_ol_text_shadow_vertical_length_tablet=&#8221;0px&#8221; body_ol_text_shadow_blur_strength_tablet=&#8221;1px&#8221; body_quote_text_shadow_horizontal_length_tablet=&#8221;0px&#8221; body_quote_text_shadow_vertical_length_tablet=&#8221;0px&#8221; body_quote_text_shadow_blur_strength_tablet=&#8221;1px&#8221; box_shadow_horizontal_tablet=&#8221;0px&#8221; box_shadow_vertical_tablet=&#8221;0px&#8221; box_shadow_blur_tablet=&#8221;40px&#8221; box_shadow_spread_tablet=&#8221;0px&#8221; box_shadow_horizontal_image_tablet=&#8221;0px&#8221; box_shadow_vertical_image_tablet=&#8221;0px&#8221; box_shadow_blur_image_tablet=&#8221;40px&#8221; box_shadow_spread_image_tablet=&#8221;0px&#8221; text_shadow_horizontal_length_tablet=&#8221;0px&#8221; text_shadow_vertical_length_tablet=&#8221;0px&#8221; text_shadow_blur_strength_tablet=&#8221;1px&#8221;]<\/p>\n<p>Impartimos las materias en Ingl\u00e9s y Castellano<\/p>\n<p>[\/et_pb_blurb][\/et_pb_column][et_pb_column type=&#8221;1_3&#8243; _builder_version=&#8221;3.0.47&#8243; custom_padding=&#8221;|||&#8221; custom_padding__hover=&#8221;|||&#8221;][et_pb_blurb title=&#8221;Contacta&#8221; use_icon=&#8221;on&#8221; font_icon=&#8221;%%153%%&#8221; use_circle=&#8221;on&#8221; circle_color=&#8221;#ffc259&#8243; admin_label=&#8221;Informaci\u00f3n de contacto (icono, titulo y texto)&#8221; _builder_version=&#8221;3.23.3&#8243; text_orientation=&#8221;center&#8221; z_index_tablet=&#8221;500&#8243; header_text_shadow_horizontal_length_tablet=&#8221;0px&#8221; header_text_shadow_vertical_length_tablet=&#8221;0px&#8221; header_text_shadow_blur_strength_tablet=&#8221;1px&#8221; body_text_shadow_horizontal_length_tablet=&#8221;0px&#8221; body_text_shadow_vertical_length_tablet=&#8221;0px&#8221; body_text_shadow_blur_strength_tablet=&#8221;1px&#8221; body_link_text_shadow_horizontal_length_tablet=&#8221;0px&#8221; body_link_text_shadow_vertical_length_tablet=&#8221;0px&#8221; body_link_text_shadow_blur_strength_tablet=&#8221;1px&#8221; body_ul_text_shadow_horizontal_length_tablet=&#8221;0px&#8221; body_ul_text_shadow_vertical_length_tablet=&#8221;0px&#8221; body_ul_text_shadow_blur_strength_tablet=&#8221;1px&#8221; body_ol_text_shadow_horizontal_length_tablet=&#8221;0px&#8221; body_ol_text_shadow_vertical_length_tablet=&#8221;0px&#8221; body_ol_text_shadow_blur_strength_tablet=&#8221;1px&#8221; body_quote_text_shadow_horizontal_length_tablet=&#8221;0px&#8221; body_quote_text_shadow_vertical_length_tablet=&#8221;0px&#8221; body_quote_text_shadow_blur_strength_tablet=&#8221;1px&#8221; box_shadow_horizontal_tablet=&#8221;0px&#8221; box_shadow_vertical_tablet=&#8221;0px&#8221; box_shadow_blur_tablet=&#8221;40px&#8221; box_shadow_spread_tablet=&#8221;0px&#8221; box_shadow_horizontal_image_tablet=&#8221;0px&#8221; box_shadow_vertical_image_tablet=&#8221;0px&#8221; box_shadow_blur_image_tablet=&#8221;40px&#8221; box_shadow_spread_image_tablet=&#8221;0px&#8221; text_shadow_horizontal_length_tablet=&#8221;0px&#8221; text_shadow_vertical_length_tablet=&#8221;0px&#8221; text_shadow_blur_strength_tablet=&#8221;1px&#8221;]<\/p>\n<p>Tenemos abierto nuestro buz\u00f3n de sugerencias<\/p>\n<p>[\/et_pb_blurb][\/et_pb_column][\/et_pb_row][\/et_pb_section]<\/p>\n","protected":false},"excerpt":{"rendered":"<p>Becas y ayudas al estudio Las administraciones ponen a disposici\u00f3n del alumnado becas y ayudas al estudio. El Ministerio de Educaci\u00f3n Cultura y Deporte realiza\u00a0convocatorias generales de becas\u00a0que son complenetadas por las que realizan las\u00a0comunidades aut\u00f3nomas. Las m\u00e1s destacadas son: Becas y ayudas convocadas por el Ministerio de Educaci\u00f3n, Cultura y Deporte del Gobierno de [&hellip;]<\/p>\n","protected":false},"author":12560,"featured_media":0,"parent":0,"menu_order":0,"comment_status":"closed","ping_status":"closed","template":"","meta":{"_et_pb_use_builder":"on","_et_pb_old_content":"","_et_gb_content_width":"","ngg_post_thumbnail":0,"footnotes":""},"aioseo_notices":[],"_links":{"self":[{"href":"https:\/\/blogsaverroes.juntadeandalucia.es\/iessofia\/wp-json\/wp\/v2\/pages\/775"}],"collection":[{"href":"https:\/\/blogsaverroes.juntadeandalucia.es\/iessofia\/wp-json\/wp\/v2\/pages"}],"about":[{"href":"https:\/\/blogsaverroes.juntadeandalucia.es\/iessofia\/wp-json\/wp\/v2\/types\/page"}],"author":[{"embeddable":true,"href":"https:\/\/blogsaverroes.juntadeandalucia.es\/iessofia\/wp-json\/wp\/v2\/users\/12560"}],"replies":[{"embeddable":true,"href":"https:\/\/blogsaverroes.juntadeandalucia.es\/iessofia\/wp-json\/wp\/v2\/comments?post=775"}],"version-history":[{"count":7,"href":"https:\/\/blogsaverroes.juntadeandalucia.es\/iessofia\/wp-json\/wp\/v2\/pages\/775\/revisions"}],"predecessor-version":[{"id":786,"href":"https:\/\/blogsaverroes.juntadeandalucia.es\/iessofia\/wp-json\/wp\/v2\/pages\/775\/revisions\/786"}],"wp:attachment":[{"href":"https:\/\/blogsaverroes.juntadeandalucia.es\/iessofia\/wp-json\/wp\/v2\/media?parent=775"}],"curies":[{"name":"wp","href":"https:\/\/api.w.org\/{rel}","templated":true}]}}