{"id":155,"date":"2024-04-25T22:56:15","date_gmt":"2024-04-25T20:56:15","guid":{"rendered":"https:\/\/blogsaverroes.juntadeandalucia.es\/iestartessoscamas\/?page_id=155"},"modified":"2024-10-10T14:00:34","modified_gmt":"2024-10-10T12:00:34","slug":"erasmus","status":"publish","type":"page","link":"https:\/\/blogsaverroes.juntadeandalucia.es\/iestartessoscamas\/erasmus\/","title":{"rendered":"Erasmus +"},"content":{"rendered":"<p><span style=\"color: #0000ff\"><strong>\u2013 <a style=\"color: #0000ff\" href=\"https:\/\/www.juntadeandalucia.es\/averroes\/centros-tic\/41000880\/helvia\/sitio\/upload\/ACC_20201ES01KA120VET095988..pdf\">Carta acreditaci\u00f3n Centro Coordinador Consorcio Erasmu<\/a>s FP<\/strong><\/span><\/p>\n<p><span style=\"color: #0000ff\"><strong><a style=\"color: #0000ff\" href=\"https:\/\/www.juntadeandalucia.es\/averroes\/centros-tic\/41000880\/helvia\/sitio\/upload\/Erasmus_Charter_for_Higher_Education_2127_1.pdf\">\u2013 Carta acreditaci\u00f3n Centro de programa Erasmus G.S. (Carta ECHE)<\/a><\/strong><\/span><\/p>\n<h3 class=\"detail-t large\">Programa Erasmus+ Aljarafe en Europa<\/h3>\n<div class=\"detail-p\">\n<p>A trav\u00e9s de la Convocatoria ERASMUS+, Mancomunidad de Desarrollo y Fomento del Aljarafe se recibi\u00f3 la concesi\u00f3n de un proyecto denominado ALJARAFE EN EUROPA cuya finalidad ha sido el desarrollo de un programa de movilidad para la realizaci\u00f3n de pr\u00e1cticas becadas en pa\u00edses de la Uni\u00f3n Europea para alumnos pertenecientes a Ciclo Formativo de Grado Medio de institutos de la comarca del Aljarafe.<\/p>\n<p>Se ha constituido un Consorcio de Entidades que forman el proyecto, entre las que est\u00e1n:<\/p>\n<p>Mancomunidad de Desarrollo y Fomento del Aljarafe<\/p>\n<p>Centro Municipal de Formaci\u00f3n Integral OAL AYto. de Pilas<\/p>\n<p>Ayuntamiento de Isla Mayor<\/p>\n<p>IES Alixar (Castilleja de la Cuesta)<\/p>\n<p>IES El Majuelo (Gines)<\/p>\n<p>IES Heliche (Olivares)<\/p>\n<p>IES Lucus Solis (Sanlucar la Mayor)<\/p>\n<p>IES Severo Ochoa (San Juan de Aznalfarache)<\/p>\n<p>IES Torre del Rey (Pilas)<\/p>\n<p>IES Rodrigo Caro (Camas)<\/p>\n<p>IES Caura (Coria del R\u00edo)<\/p>\n<p>IES Tartessos (Camas)<\/p>\n<p>La finalidad del programa es ofrecer a los alumnos de Institutos y Centros de Formaci\u00f3n profesional la posibilidad de realizar practicas profesionales becadas en empresas relacionadas con su rama profesional.Para ello, las pr\u00e1cticas se pueden realizar a trav\u00e9s de dos modelos:<\/p>\n<ul>\n<li>Pr\u00e1cticas FCT homologadas por la Junta de Andalucia<\/li>\n<li>Pr\u00e1cticas profesionales sin relaci\u00f3n con la Junta de Andalucia.<\/li>\n<\/ul>\n<\/div>\n","protected":false},"excerpt":{"rendered":"<p>\u2013 Carta acreditaci\u00f3n Centro Coordinador Consorcio Erasmus FP \u2013 Carta acreditaci\u00f3n Centro de programa Erasmus G.S. (Carta ECHE) Programa Erasmus+ Aljarafe en Europa A trav\u00e9s de la Convocatoria ERASMUS+, Mancomunidad de Desarrollo y Fomento&#46;&#46;&#46;<\/p>\n","protected":false},"author":18085,"featured_media":0,"parent":0,"menu_order":0,"comment_status":"closed","ping_status":"closed","template":"","meta":{"_exactmetrics_skip_tracking":false,"_exactmetrics_sitenote_active":false,"_exactmetrics_sitenote_note":"","_exactmetrics_sitenote_category":0,"footnotes":"","_mc_calendar":[]},"aioseo_notices":[],"_links":{"self":[{"href":"https:\/\/blogsaverroes.juntadeandalucia.es\/iestartessoscamas\/wp-json\/wp\/v2\/pages\/155"}],"collection":[{"href":"https:\/\/blogsaverroes.juntadeandalucia.es\/iestartessoscamas\/wp-json\/wp\/v2\/pages"}],"about":[{"href":"https:\/\/blogsaverroes.juntadeandalucia.es\/iestartessoscamas\/wp-json\/wp\/v2\/types\/page"}],"author":[{"embeddable":true,"href":"https:\/\/blogsaverroes.juntadeandalucia.es\/iestartessoscamas\/wp-json\/wp\/v2\/users\/18085"}],"replies":[{"embeddable":true,"href":"https:\/\/blogsaverroes.juntadeandalucia.es\/iestartessoscamas\/wp-json\/wp\/v2\/comments?post=155"}],"version-history":[{"count":7,"href":"https:\/\/blogsaverroes.juntadeandalucia.es\/iestartessoscamas\/wp-json\/wp\/v2\/pages\/155\/revisions"}],"predecessor-version":[{"id":1211,"href":"https:\/\/blogsaverroes.juntadeandalucia.es\/iestartessoscamas\/wp-json\/wp\/v2\/pages\/155\/revisions\/1211"}],"wp:attachment":[{"href":"https:\/\/blogsaverroes.juntadeandalucia.es\/iestartessoscamas\/wp-json\/wp\/v2\/media?parent=155"}],"curies":[{"name":"wp","href":"https:\/\/api.w.org\/{rel}","templated":true}]}}