{"id":36,"date":"2024-04-25T20:21:33","date_gmt":"2024-04-25T18:21:33","guid":{"rendered":"https:\/\/blogsaverroes.juntadeandalucia.es\/iestartessoscamas\/?page_id=36"},"modified":"2025-09-14T22:00:42","modified_gmt":"2025-09-14T20:00:42","slug":"calendario-escolar","status":"publish","type":"page","link":"https:\/\/blogsaverroes.juntadeandalucia.es\/iestartessoscamas\/calendario-escolar\/","title":{"rendered":"Calendario Escolar Para El Curso 25\/26"},"content":{"rendered":"<p>&nbsp;<\/p>\n<p><a href=\"https:\/\/drive.google.com\/file\/d\/1b1MN8qqfwvekpObKghmbPT4GvUdOEY20\/view?usp=sharing\"><img fetchpriority=\"high\" decoding=\"async\" class=\"aligncenter  wp-image-1618\" src=\"https:\/\/blogsaverroes.juntadeandalucia.es\/iestartessoscamas\/files\/2025\/09\/Captura-de-pantalla-2025-09-14-a-las-21.59.11-265x300.png\" alt=\"\" width=\"486\" height=\"550\" srcset=\"https:\/\/blogsaverroes.juntadeandalucia.es\/iestartessoscamas\/files\/2025\/09\/Captura-de-pantalla-2025-09-14-a-las-21.59.11-265x300.png 265w, https:\/\/blogsaverroes.juntadeandalucia.es\/iestartessoscamas\/files\/2025\/09\/Captura-de-pantalla-2025-09-14-a-las-21.59.11-905x1024.png 905w, https:\/\/blogsaverroes.juntadeandalucia.es\/iestartessoscamas\/files\/2025\/09\/Captura-de-pantalla-2025-09-14-a-las-21.59.11-768x869.png 768w, https:\/\/blogsaverroes.juntadeandalucia.es\/iestartessoscamas\/files\/2025\/09\/Captura-de-pantalla-2025-09-14-a-las-21.59.11.png 1276w\" sizes=\"(max-width: 486px) 100vw, 486px\" \/><\/a><\/p>\n<p dir=\"ltr\">Adem\u00e1s el\u00a0 Centro permanecer\u00e1 cerrado los siguientes d\u00edas festivos locales y de libre disposici\u00f3n aprobados en el Consejo Escolar Municipal de Camas:<\/p>\n<ul>\n<li dir=\"ltr\">\n<p dir=\"ltr\" role=\"presentation\">(d\u00eda de libre disposici\u00f3n)<\/p>\n<\/li>\n<li dir=\"ltr\">\n<p dir=\"ltr\" role=\"presentation\">\u00a0(Festivo Local)<\/p>\n<\/li>\n<\/ul>\n<p>&nbsp;<\/p>\n","protected":false},"excerpt":{"rendered":"<p>&nbsp; Adem\u00e1s el\u00a0 Centro permanecer\u00e1 cerrado los siguientes d\u00edas festivos locales y de libre disposici\u00f3n aprobados en el Consejo Escolar Municipal de Camas: (d\u00eda de libre disposici\u00f3n) \u00a0(Festivo Local) &nbsp;<\/p>\n","protected":false},"author":18085,"featured_media":0,"parent":0,"menu_order":0,"comment_status":"closed","ping_status":"closed","template":"","meta":{"_exactmetrics_skip_tracking":false,"_exactmetrics_sitenote_active":false,"_exactmetrics_sitenote_note":"","_exactmetrics_sitenote_category":0,"footnotes":"","_mc_calendar":[]},"aioseo_notices":[],"_links":{"self":[{"href":"https:\/\/blogsaverroes.juntadeandalucia.es\/iestartessoscamas\/wp-json\/wp\/v2\/pages\/36"}],"collection":[{"href":"https:\/\/blogsaverroes.juntadeandalucia.es\/iestartessoscamas\/wp-json\/wp\/v2\/pages"}],"about":[{"href":"https:\/\/blogsaverroes.juntadeandalucia.es\/iestartessoscamas\/wp-json\/wp\/v2\/types\/page"}],"author":[{"embeddable":true,"href":"https:\/\/blogsaverroes.juntadeandalucia.es\/iestartessoscamas\/wp-json\/wp\/v2\/users\/18085"}],"replies":[{"embeddable":true,"href":"https:\/\/blogsaverroes.juntadeandalucia.es\/iestartessoscamas\/wp-json\/wp\/v2\/comments?post=36"}],"version-history":[{"count":31,"href":"https:\/\/blogsaverroes.juntadeandalucia.es\/iestartessoscamas\/wp-json\/wp\/v2\/pages\/36\/revisions"}],"predecessor-version":[{"id":1619,"href":"https:\/\/blogsaverroes.juntadeandalucia.es\/iestartessoscamas\/wp-json\/wp\/v2\/pages\/36\/revisions\/1619"}],"wp:attachment":[{"href":"https:\/\/blogsaverroes.juntadeandalucia.es\/iestartessoscamas\/wp-json\/wp\/v2\/media?parent=36"}],"curies":[{"name":"wp","href":"https:\/\/api.w.org\/{rel}","templated":true}]}}