{"id":652,"date":"2024-06-12T11:39:19","date_gmt":"2024-06-12T09:39:19","guid":{"rendered":"https:\/\/blogsaverroes.juntadeandalucia.es\/iestartessoscamas\/?page_id=652"},"modified":"2024-06-28T12:14:08","modified_gmt":"2024-06-28T10:14:08","slug":"secretaria-2","status":"publish","type":"page","link":"https:\/\/blogsaverroes.juntadeandalucia.es\/iestartessoscamas\/secretaria-2\/","title":{"rendered":"Secretar\u00eda"},"content":{"rendered":"<div class=\"et_pb_row et_pb_row_0\">\n<div class=\"et_pb_column et_pb_column_4_4 et_pb_column_0 et_pb_css_mix_blend_mode_passthrough et-last-child\">\n<div class=\"et_pb_module et_pb_text et_pb_text_0 et_pb_text_align_left et_pb_bg_layout_light\">\n<div class=\"et_pb_text_inner\">En la Secretar\u00eda del IES Tartessos tenemos a nuestros grandes profesionales como Borja y Tanya que desarrollan muchas funciones importantes en la vida de un centro, especialmente en la relaci\u00f3n que mantiene con las familias en los diferentes tr\u00e1mites administrativos a lo largo de la vida acad\u00e9mica del alumnado: escolarizaci\u00f3n, matr\u00edcula, transporte, comedor escolar, becas, gesti\u00f3n de t\u00edtulos, expedici\u00f3n de certificados, \u2026<\/div>\n<\/div>\n<div class=\"et_pb_module et_pb_text et_pb_text_1 et_pb_text_align_left et_pb_bg_layout_light\">\n<div><\/div>\n<div class=\"et_pb_text_inner\">Se pretende que este sitio sea una puerta de entrada y canal de informaci\u00f3n a la comunidad educativa, dond\u00e9 encontrar\u00e1 informaci\u00f3n sobre el horario de la secretar\u00eda, tr\u00e1mites a realizar, plazos, documentaci\u00f3n, \u2026, con el objetivo de conseguir una mayor transparencia, agilidad y eficiencia.<\/div>\n<\/div>\n<div class=\"et_pb_module et_pb_divider et_pb_divider_0 et_pb_divider_position_center et_pb_space\">\n<div class=\"et_pb_divider_internal\"><\/div>\n<\/div>\n<\/div>\n<\/div>\n<div class=\"et_pb_row et_pb_row_1 et_pb_row_1-4_1-2_1-4\">\n<div class=\"et_pb_column et_pb_column_1_4 et_pb_column_1 et_pb_css_mix_blend_mode_passthrough et_pb_column_empty\"><\/div>\n<div class=\"et_pb_column et_pb_column_1_2 et_pb_column_2 et_pb_css_mix_blend_mode_passthrough\">\n<div class=\"et_pb_module et_pb_text et_pb_text_2 et_pb_text_align_left et_pb_bg_layout_light\">\n<div class=\"et_pb_text_inner\">\n<h2><strong><a href=\"https:\/\/www.juntadeandalucia.es\/educacion\/secretariavirtual\/\"><span style=\"color: #0000ff\">Presentaci\u00f3n Electr\u00f3nica General<\/span><\/a><br \/>\n<\/strong><\/h2>\n<p><strong>Se ha puesto a disposici\u00f3n de la comunidad educativa a trav\u00e9s de la Secretar\u00eda Virtual, un nuevo servicio que permite presentar documentos, escritos y solicitudes diversas en el registro electr\u00f3nico de los centros.<\/strong><\/p>\n<\/div>\n<\/div>\n<\/div>\n<\/div>\n<div><a href=\"https:\/\/www.juntadeandalucia.es\/educacion\/secretariavirtual\/\"><img decoding=\"async\" class=\"aligncenter wp-image-765 size-medium\" src=\"https:\/\/blogsaverroes.juntadeandalucia.es\/iestartessoscamas\/files\/2024\/06\/Captura-de-pantalla-2024-06-14-a-las-19.16.34-300x85.png\" alt=\"\" width=\"300\" height=\"85\" srcset=\"https:\/\/blogsaverroes.juntadeandalucia.es\/iestartessoscamas\/files\/2024\/06\/Captura-de-pantalla-2024-06-14-a-las-19.16.34-300x85.png 300w, https:\/\/blogsaverroes.juntadeandalucia.es\/iestartessoscamas\/files\/2024\/06\/Captura-de-pantalla-2024-06-14-a-las-19.16.34.png 700w\" sizes=\"(max-width: 300px) 100vw, 300px\" \/><\/a><\/div>\n<div><a href=\"https:\/\/www.juntadeandalucia.es\/educacion\/secretariavirtual\/\">ESCOLARIZACI\u00d3N E IMPRESOS DESDE INFANTIL A BACHILERATO<\/a><\/div>\n<p><a href=\"https:\/\/www.juntadeandalucia.es\/educacion\/portales\/web\/escolarizacion\/infantil-a-bachillerato\"><img fetchpriority=\"high\" decoding=\"async\" class=\"aligncenter wp-image-1173\" src=\"https:\/\/blogsaverroes.juntadeandalucia.es\/iestartessoscamas\/files\/2024\/06\/Captura-de-pantalla-2024-06-28-a-las-12.08.48-300x67.png\" alt=\"\" width=\"533\" height=\"119\" srcset=\"https:\/\/blogsaverroes.juntadeandalucia.es\/iestartessoscamas\/files\/2024\/06\/Captura-de-pantalla-2024-06-28-a-las-12.08.48-300x67.png 300w, https:\/\/blogsaverroes.juntadeandalucia.es\/iestartessoscamas\/files\/2024\/06\/Captura-de-pantalla-2024-06-28-a-las-12.08.48-1024x227.png 1024w, https:\/\/blogsaverroes.juntadeandalucia.es\/iestartessoscamas\/files\/2024\/06\/Captura-de-pantalla-2024-06-28-a-las-12.08.48-768x170.png 768w, https:\/\/blogsaverroes.juntadeandalucia.es\/iestartessoscamas\/files\/2024\/06\/Captura-de-pantalla-2024-06-28-a-las-12.08.48-1536x341.png 1536w, https:\/\/blogsaverroes.juntadeandalucia.es\/iestartessoscamas\/files\/2024\/06\/Captura-de-pantalla-2024-06-28-a-las-12.08.48-2048x454.png 2048w, https:\/\/blogsaverroes.juntadeandalucia.es\/iestartessoscamas\/files\/2024\/06\/Captura-de-pantalla-2024-06-28-a-las-12.08.48-24x5.png 24w, https:\/\/blogsaverroes.juntadeandalucia.es\/iestartessoscamas\/files\/2024\/06\/Captura-de-pantalla-2024-06-28-a-las-12.08.48-36x8.png 36w, https:\/\/blogsaverroes.juntadeandalucia.es\/iestartessoscamas\/files\/2024\/06\/Captura-de-pantalla-2024-06-28-a-las-12.08.48-48x11.png 48w\" sizes=\"(max-width: 533px) 100vw, 533px\" \/><\/a><\/p>\n<p><span style=\"color: #0000ee\"><u>\u00a0<\/u><\/span><\/p>\n<div><\/div>\n<div><a href=\"https:\/\/www.juntadeandalucia.es\/educacion\/portales\/web\/escolarizacion\/fp\">ESCOLARIZACI\u00d3N E IMPRESOS EN CICLOS FORMATIVOS<\/a><\/div>\n<div class=\"et_pb_divider_internal\"><img decoding=\"async\" class=\"aligncenter wp-image-1174\" src=\"https:\/\/blogsaverroes.juntadeandalucia.es\/iestartessoscamas\/files\/2024\/06\/Captura-de-pantalla-2024-06-28-a-las-12.11.07-300x98.png\" alt=\"\" width=\"640\" height=\"209\" srcset=\"https:\/\/blogsaverroes.juntadeandalucia.es\/iestartessoscamas\/files\/2024\/06\/Captura-de-pantalla-2024-06-28-a-las-12.11.07-300x98.png 300w, https:\/\/blogsaverroes.juntadeandalucia.es\/iestartessoscamas\/files\/2024\/06\/Captura-de-pantalla-2024-06-28-a-las-12.11.07-1024x336.png 1024w, https:\/\/blogsaverroes.juntadeandalucia.es\/iestartessoscamas\/files\/2024\/06\/Captura-de-pantalla-2024-06-28-a-las-12.11.07-768x252.png 768w, https:\/\/blogsaverroes.juntadeandalucia.es\/iestartessoscamas\/files\/2024\/06\/Captura-de-pantalla-2024-06-28-a-las-12.11.07-1536x504.png 1536w, https:\/\/blogsaverroes.juntadeandalucia.es\/iestartessoscamas\/files\/2024\/06\/Captura-de-pantalla-2024-06-28-a-las-12.11.07-2048x672.png 2048w, https:\/\/blogsaverroes.juntadeandalucia.es\/iestartessoscamas\/files\/2024\/06\/Captura-de-pantalla-2024-06-28-a-las-12.11.07-24x8.png 24w, https:\/\/blogsaverroes.juntadeandalucia.es\/iestartessoscamas\/files\/2024\/06\/Captura-de-pantalla-2024-06-28-a-las-12.11.07-36x12.png 36w, https:\/\/blogsaverroes.juntadeandalucia.es\/iestartessoscamas\/files\/2024\/06\/Captura-de-pantalla-2024-06-28-a-las-12.11.07-48x16.png 48w\" sizes=\"(max-width: 640px) 100vw, 640px\" \/><\/div>\n<div class=\"et_pb_row et_pb_row_3 et_pb_row_4col\">\n<div class=\"et_pb_column et_pb_column_1_4 et_pb_column_5 et_pb_css_mix_blend_mode_passthrough\">\n<div class=\"et_pb_module et_pb_image et_pb_image_1\"><\/div>\n<div class=\"et_pb_module et_pb_text et_pb_text_3 et_pb_text_align_left et_pb_bg_layout_light\">\n<div class=\"et_pb_text_inner\">\n<h2><strong>Contacto de nuestra Secretar\u00eda en el IES Tartessos:<br \/>\n<\/strong><\/h2>\n<p>HORARIO DE ATENCI\u00d3N AL P\u00daBLICO DE <strong>10:00<\/strong> a <strong>13:00<\/strong> HORAS.<\/p>\n<p>Tel\u00e9fono: 671 534 434 \/ 955 62 31 93<\/p>\n<p>Fax: 955 62 31 99<\/p>\n<\/div>\n<\/div>\n<\/div>\n<div class=\"et_pb_column et_pb_column_1_4 et_pb_column_6 et_pb_css_mix_blend_mode_passthrough\">\n<div class=\"et_pb_module et_pb_text et_pb_text_4 et_pb_text_align_left et_pb_bg_layout_light\">\n<div class=\"et_pb_text_inner\">\n<h2><a href=\"https:\/\/blogsaverroes.juntadeandalucia.es\/iestartessoscamas\/escolarizacion-y-matriculacion\/\" target=\"_blank\" rel=\"noopener\"><strong><span style=\"color: #0000ff\">Escolarizaci\u00f3n y matriculaci\u00f3n<\/span><\/strong><\/a><\/h2>\n<\/div>\n<\/div>\n<\/div>\n<div class=\"et_pb_column et_pb_column_1_4 et_pb_column_7 et_pb_css_mix_blend_mode_passthrough\">\n<div class=\"et_pb_module et_pb_image et_pb_image_3\"><\/div>\n<\/div>\n<div class=\"et_pb_column et_pb_column_1_4 et_pb_column_8 et_pb_css_mix_blend_mode_passthrough et-last-child\">\n<div class=\"et_pb_module et_pb_text et_pb_text_6 et_pb_text_align_left et_pb_bg_layout_light\">\n<div class=\"et_pb_text_inner\">\n<h2><span style=\"color: #0000ff\"><a style=\"color: #0000ff\" href=\"https:\/\/iesalhambra.es\/el-centro\/secretaria\/seguroescolar\/\" target=\"_blank\" rel=\"noopener\"><strong>Seguro Escolar<br \/>\n<\/strong><\/a><\/span><\/h2>\n<\/div>\n<\/div>\n<\/div>\n<\/div>\n<div class=\"et_pb_row et_pb_row_4 et_pb_row_4col\">\n<div class=\"et_pb_column et_pb_column_1_4 et_pb_column_9 et_pb_css_mix_blend_mode_passthrough\">\n<div class=\"et_pb_module et_pb_image et_pb_image_5\"><\/div>\n<div class=\"et_pb_module et_pb_text et_pb_text_7 et_pb_text_align_left et_pb_bg_layout_light\">\n<div class=\"et_pb_text_inner\">\n<h2><span style=\"color: #0000ff\"><a style=\"color: #0000ff\" href=\"https:\/\/blogsaverroes.juntadeandalucia.es\/iestartessoscamas\/becas-del-alumnado\/\" target=\"_blank\" rel=\"noopener\"><strong>Becas y Ayudas<br \/>\n<\/strong><\/a><\/span><\/h2>\n<\/div>\n<\/div>\n<\/div>\n<div class=\"et_pb_column et_pb_column_1_4 et_pb_column_10 et_pb_css_mix_blend_mode_passthrough\">\n<div class=\"et_pb_module et_pb_image et_pb_image_6\"><\/div>\n<div class=\"et_pb_module et_pb_text et_pb_text_8 et_pb_text_align_left et_pb_bg_layout_light\">\n<div class=\"et_pb_text_inner\">\n<h2><span style=\"color: #0000ff\"><a style=\"color: #0000ff\" href=\"https:\/\/www.juntadeandalucia.es\/educacion\/secretariavirtual\/accesoTramite\/302\/\" target=\"_blank\" rel=\"noopener\"><strong>Gesti\u00f3n de t\u00edtulos<br \/>\n<\/strong><\/a><\/span><\/h2>\n<\/div>\n<\/div>\n<\/div>\n<div class=\"et_pb_column et_pb_column_1_4 et_pb_column_11 et_pb_css_mix_blend_mode_passthrough\">\n<div class=\"et_pb_module et_pb_image et_pb_image_7\"><\/div>\n<\/div>\n<div class=\"et_pb_column et_pb_column_1_4 et_pb_column_12 et_pb_css_mix_blend_mode_passthrough et-last-child\">\n<div class=\"et_pb_module et_pb_text et_pb_text_10 et_pb_text_align_left et_pb_bg_layout_light\">\n<div class=\"et_pb_text_inner\">\n<h2><strong><span style=\"color: #0000ff\">Convalidaciones<\/span><br \/>\n<\/strong><\/h2>\n<h5>\u00bfQu\u00e9 es una convalidaci\u00f3n de m\u00f3dulos profesionales de Formaci\u00f3n Profesional?<\/h5>\n<p>La convalidaci\u00f3n es el procedimiento por el cual se reconoce que unos estudios reglados oficiales del sistema educativo contienen los resultados de aprendizaje, contenidos y carga horaria del m\u00f3dulo o m\u00f3dulos profesionales que se solicite convalidar, siendo requisito imprescindible estar matriculado en un centro educativo para poder solicitarla.<\/p>\n<h5>\u00bfQu\u00e9 estudios se pueden convalidar por estos m\u00f3dulos profesionales?<\/h5>\n<p>Si la matr\u00edcula es en ciclos de Formaci\u00f3n Profesional B\u00e1sica, se pueden convalidar m\u00f3dulos de otro ciclo formativo de FP B\u00e1sica que se haya cursado.<\/p>\n<p>Si la matr\u00edcula es en ciclos de grado medio, se pueden convalidar unidades de competencia oficialmente reconocidas, estudios de FPI, FPII, M\u00f3dulos experimentales de FP de nivel II, nivel III, estudios de ciclos formativos de grado medio, de grado superior y estudios de ense\u00f1anzas de r\u00e9gimen especial del sistema educativo.<\/p>\n<p>Si la matr\u00edcula es en ciclos de grado superior, se pueden aportar unidades de competencia oficialmente reconocidas, estudios de FPII, M\u00f3dulos experimentales de FP de nivel II, de nivel III, estudios de ciclos formativos de grado medio, de grado superior, estudios de ense\u00f1anzas de r\u00e9gimen especial del sistema educativo y estudios universitarios oficiales de diplomado, licenciado o grado.<\/p>\n<p>Para la convalidaci\u00f3n del m\u00f3dulo de FOL cuando se aportan ciclos formativos de formaci\u00f3n profesional de la LOGSE, es necesario acreditar mediante diploma, el curso de prevenci\u00f3n de riesgos laborales, donde deben constar las horas, el contenido y la menci\u00f3n expresa de que el curso realizado se ajusta a lo establecido en el Real Decreto 39\/1997, de 17 de enero Enlace externo, se abre en ventana nuevaNueva ventana, por el que se aprueba el Reglamento de los Servicios de Prevenci\u00f3n.<\/p>\n<p>Para la convalidaci\u00f3n del m\u00f3dulo de FOL de un ciclo formativo LOE a otro LOE, no hay que aportar nada ya que la Orden ECD\/1055\/2017, de 26 de octubreEnlace externo, se abre en ventana nueva Nueva ventanaEnlace externo, se abre en ventana nueva, establece que se convalidar\u00e1n con independencia del ciclo formativo de grado medio o superior al que pertenezcan.<\/p>\n<\/div>\n<\/div>\n<\/div>\n<\/div>\n<div class=\"et_pb_row et_pb_row_5 et_pb_row_4col\">\n<div class=\"et_pb_column et_pb_column_1_4 et_pb_column_13 et_pb_css_mix_blend_mode_passthrough\">\n<div class=\"et_pb_module et_pb_text et_pb_text_11 et_pb_text_align_left et_pb_bg_layout_light\">\n<div class=\"et_pb_text_inner\">\n<h2><strong><span style=\"color: #0000ff\"><a style=\"color: #0000ff\" href=\"https:\/\/blogsaverroes.juntadeandalucia.es\/iestartessoscamas\/recogida-electronica-de-documentos\/\">Pto. recogida electr\u00f3nico<\/a><\/span><br \/>\n<\/strong><\/h2>\n<\/div>\n<\/div>\n<\/div>\n<div class=\"et_pb_column et_pb_column_1_4 et_pb_column_14 et_pb_css_mix_blend_mode_passthrough\">\n<div class=\"et_pb_module et_pb_image et_pb_image_10\"><\/div>\n<\/div>\n<div class=\"et_pb_column et_pb_column_1_4 et_pb_column_15 et_pb_css_mix_blend_mode_passthrough\">\n<div class=\"et_pb_module et_pb_text et_pb_text_13 et_pb_text_align_left et_pb_bg_layout_light\">\n<div class=\"et_pb_text_inner\">\n<h2><\/h2>\n<\/div>\n<\/div>\n<\/div>\n<\/div>\n","protected":false},"excerpt":{"rendered":"<p>En la Secretar\u00eda del IES Tartessos tenemos a nuestros grandes profesionales como Borja y Tanya que desarrollan muchas funciones importantes en la vida de un centro, especialmente en la relaci\u00f3n que mantiene con las&#46;&#46;&#46;<\/p>\n","protected":false},"author":18085,"featured_media":0,"parent":0,"menu_order":0,"comment_status":"closed","ping_status":"closed","template":"","meta":{"_exactmetrics_skip_tracking":false,"_exactmetrics_sitenote_active":false,"_exactmetrics_sitenote_note":"","_exactmetrics_sitenote_category":0,"footnotes":"","_mc_calendar":[]},"aioseo_notices":[],"_links":{"self":[{"href":"https:\/\/blogsaverroes.juntadeandalucia.es\/iestartessoscamas\/wp-json\/wp\/v2\/pages\/652"}],"collection":[{"href":"https:\/\/blogsaverroes.juntadeandalucia.es\/iestartessoscamas\/wp-json\/wp\/v2\/pages"}],"about":[{"href":"https:\/\/blogsaverroes.juntadeandalucia.es\/iestartessoscamas\/wp-json\/wp\/v2\/types\/page"}],"author":[{"embeddable":true,"href":"https:\/\/blogsaverroes.juntadeandalucia.es\/iestartessoscamas\/wp-json\/wp\/v2\/users\/18085"}],"replies":[{"embeddable":true,"href":"https:\/\/blogsaverroes.juntadeandalucia.es\/iestartessoscamas\/wp-json\/wp\/v2\/comments?post=652"}],"version-history":[{"count":10,"href":"https:\/\/blogsaverroes.juntadeandalucia.es\/iestartessoscamas\/wp-json\/wp\/v2\/pages\/652\/revisions"}],"predecessor-version":[{"id":1177,"href":"https:\/\/blogsaverroes.juntadeandalucia.es\/iestartessoscamas\/wp-json\/wp\/v2\/pages\/652\/revisions\/1177"}],"wp:attachment":[{"href":"https:\/\/blogsaverroes.juntadeandalucia.es\/iestartessoscamas\/wp-json\/wp\/v2\/media?parent=652"}],"curies":[{"name":"wp","href":"https:\/\/api.w.org\/{rel}","templated":true}]}}