{"id":2798,"date":"2021-02-09T01:15:12","date_gmt":"2021-02-09T01:15:12","guid":{"rendered":"https:\/\/blogsaverroes.juntadeandalucia.es\/iestorreolvidada\/?page_id=2798"},"modified":"2022-06-06T15:28:45","modified_gmt":"2022-06-06T15:28:45","slug":"formacion-profesional","status":"publish","type":"page","link":"https:\/\/blogsaverroes.juntadeandalucia.es\/iestorreolvidada\/formacion-profesional\/","title":{"rendered":"Formaci\u00f3n Profesional"},"content":{"rendered":"\t\t<div data-elementor-type=\"wp-page\" data-elementor-id=\"2798\" class=\"elementor elementor-2798\">\n\t\t\t\t\t\t<section class=\"elementor-section elementor-top-section elementor-element elementor-element-d797c7 elementor-section-boxed elementor-section-height-default elementor-section-height-default\" data-id=\"d797c7\" data-element_type=\"section\">\n\t\t\t\t\t\t<div class=\"elementor-container elementor-column-gap-default\">\n\t\t\t\t\t<div class=\"elementor-column elementor-col-100 elementor-top-column elementor-element elementor-element-3b41404f\" data-id=\"3b41404f\" data-element_type=\"column\">\n\t\t\t<div class=\"elementor-widget-wrap elementor-element-populated\">\n\t\t\t\t\t\t<div class=\"elementor-element elementor-element-5e929125 elementor-widget elementor-widget-text-editor\" data-id=\"5e929125\" data-element_type=\"widget\" data-widget_type=\"text-editor.default\">\n\t\t\t\t<div class=\"elementor-widget-container\">\n\t\t\t\t\t\t\t\t\t<a href=\"https:\/\/blogsaverroes.juntadeandalucia.es\/iestorreolvidada\/files\/2021\/02\/Quiero-formarme.png\"><img fetchpriority=\"high\" decoding=\"async\" class=\"aligncenter wp-image-2799\" src=\"https:\/\/blogsaverroes.juntadeandalucia.es\/iestorreolvidada\/files\/2021\/02\/Quiero-formarme.png\" alt=\"\" width=\"523\" height=\"217\" srcset=\"https:\/\/blogsaverroes.juntadeandalucia.es\/iestorreolvidada\/files\/2021\/02\/Quiero-formarme.png 282w, https:\/\/blogsaverroes.juntadeandalucia.es\/iestorreolvidada\/files\/2021\/02\/Quiero-formarme-280x117.png 280w\" sizes=\"(max-width: 523px) 100vw, 523px\" \/><\/a>\n<p style=\"text-align: justify\">La <strong>Formaci\u00f3n Profesional<\/strong>&nbsp;es un conjunto de ense\u00f1anzas del sistema educativo, cuyo punto fuerte es la&nbsp;<strong>formaci\u00f3n pr\u00e1ctica<\/strong>, adecuada a las necesidades de la econom\u00eda y a los diferentes sectores productivos.<\/p>\n<p style=\"text-align: justify\">La&nbsp;<strong>Formaci\u00f3n Profesional<\/strong> prepara para la actividad en un campo profesional, facilita el acceso al empleo, la adaptaci\u00f3n a los cambios del mundo laboral y la participaci\u00f3n activa en la vida social, cultural y econ\u00f3mica. La estructura de sus ense\u00f1anzas fomenta el aprendizaje a lo largo de la vida porque permite planificar un itinerario formativo y acumular el aprendizaje adquirido.<\/p>\n<p style=\"text-align: justify\">La Formaci\u00f3n Profesional se ajusta a las necesidades e intereses personales y permite que se certifiquen los conocimientos (acreditaci\u00f3n de competencias profesionales) adquiridas a trav\u00e9s de la experiencia laboral y otras v\u00edas de formaci\u00f3n.&nbsp;<\/p>\n<p style=\"text-align: justify\">Los estudios de Formaci\u00f3n Profesional se organizan en&nbsp;<strong>ciclos formativos<\/strong>. Cada uno de ellos se estructura en varios&nbsp;<strong>m\u00f3dulos profesionales<\/strong>&nbsp;(asignaturas), de formaci\u00f3n te\u00f3rica y pr\u00e1ctica. Esta formaci\u00f3n incluye la Formaci\u00f3n en Centros de Trabajo, pr\u00e1cticas formativas que desarrollar\u00e9 en una empresa, donde contar\u00e9 con un tutor laboral que me asesorar\u00e1 durante, junto con mi tutor del centro educativo.<\/p>\n<p style=\"text-align: justify\">Los ciclos formativos, a su vez, se clasifican en&nbsp;<strong>ciclos formativos de grado medio y grado superior<\/strong>. Aunque se accede directamente a las ense\u00f1anzas de grado medio con el t\u00edtulo de Graduado en Educaci\u00f3n Secundaria Obligatoria, y a las de grado superior con el t\u00edtulo de Bachiller, las personas que no tengan estas titulaciones podr\u00e1n acceder superando una prueba espec\u00edfica para cada uno de los niveles formativos.<\/p>\n<p style=\"text-align: justify\">Si superas un ciclo formativo de <strong>grado medio<\/strong>,&nbsp;<strong>obtendr\u00e1s un t\u00edtulo de T\u00e9cnico<\/strong> en la correspondiente profesi\u00f3n, que te dar\u00e1 acceso a cualquier modalidad de Bachillerato. Todas estas titulaciones tienen validez en todo el Estado.<\/p>\n\n\n<hr>\n\n<h4>Oferta educativa<\/h4>\n<p style=\"padding-left: 40px\"><b>Formaci\u00f3n Profesional B\u00e1sica<\/b><\/p>\n<p style=\"padding-left: 80px\"><img decoding=\"async\" src=\"http:\/\/www.juntadeandalucia.es\/educacion\/vscripts\/centros\/datoscuract\/archivos\/bullet03.gif\" alt=\"\">&nbsp;Industrias Alimentarias<\/p>\n<p style=\"padding-left: 40px\"><b>Formaci\u00f3n Profesional Inicial de Grado Medio<\/b><\/p>\n<p style=\"padding-left: 80px\"><img decoding=\"async\" src=\"http:\/\/www.juntadeandalucia.es\/educacion\/vscripts\/centros\/datoscuract\/archivos\/bullet03.gif\" alt=\"\">&nbsp;Elaboraci\u00f3n de productos alimenticios<\/p>\n&nbsp;\n\n&nbsp;\t\t\t\t\t\t\t\t<\/div>\n\t\t\t\t<\/div>\n\t\t\t\t\t<\/div>\n\t\t<\/div>\n\t\t\t\t\t<\/div>\n\t\t<\/section>\n\t\t\t\t<section class=\"elementor-section elementor-top-section elementor-element elementor-element-e3bc5bb elementor-section-boxed elementor-section-height-default elementor-section-height-default\" data-id=\"e3bc5bb\" data-element_type=\"section\">\n\t\t\t\t\t\t<div class=\"elementor-container elementor-column-gap-default\">\n\t\t\t\t\t<div class=\"elementor-column elementor-col-33 elementor-top-column elementor-element elementor-element-ee99431\" data-id=\"ee99431\" data-element_type=\"column\">\n\t\t\t<div class=\"elementor-widget-wrap elementor-element-populated\">\n\t\t\t\t\t\t<div class=\"elementor-element elementor-element-a7d9799 elementor-view-default elementor-position-top elementor-mobile-position-top elementor-widget elementor-widget-icon-box\" data-id=\"a7d9799\" data-element_type=\"widget\" data-widget_type=\"icon-box.default\">\n\t\t\t\t<div class=\"elementor-widget-container\">\n\t\t\t\t\t\t\t<div class=\"elementor-icon-box-wrapper\">\n\n\t\t\t\t\t\t<div class=\"elementor-icon-box-icon\">\n\t\t\t\t<a href=\"https:\/\/blogsaverroes.juntadeandalucia.es\/iestorreolvidada\/formacion-profesional\/organigrama-industrias-alimentarias\/\" class=\"elementor-icon\" tabindex=\"-1\" aria-label=\"Organigrama\">\n\t\t\t\t<i aria-hidden=\"true\" class=\"fas fa-users\"><\/i>\t\t\t\t<\/a>\n\t\t\t<\/div>\n\t\t\t\n\t\t\t\t\t\t<div class=\"elementor-icon-box-content\">\n\n\t\t\t\t\t\t\t\t\t<h3 class=\"elementor-icon-box-title\">\n\t\t\t\t\t\t<a href=\"https:\/\/blogsaverroes.juntadeandalucia.es\/iestorreolvidada\/formacion-profesional\/organigrama-industrias-alimentarias\/\" >\n\t\t\t\t\t\t\tOrganigrama\t\t\t\t\t\t<\/a>\n\t\t\t\t\t<\/h3>\n\t\t\t\t\n\t\t\t\t\n\t\t\t<\/div>\n\t\t\t\n\t\t<\/div>\n\t\t\t\t\t\t<\/div>\n\t\t\t\t<\/div>\n\t\t\t\t\t<\/div>\n\t\t<\/div>\n\t\t\t\t<div class=\"elementor-column elementor-col-33 elementor-top-column elementor-element elementor-element-cdaa7f8\" data-id=\"cdaa7f8\" data-element_type=\"column\">\n\t\t\t<div class=\"elementor-widget-wrap elementor-element-populated\">\n\t\t\t\t\t\t<div class=\"elementor-element elementor-element-a9b4cea elementor-view-default elementor-position-top elementor-mobile-position-top elementor-widget elementor-widget-icon-box\" data-id=\"a9b4cea\" data-element_type=\"widget\" data-widget_type=\"icon-box.default\">\n\t\t\t\t<div class=\"elementor-widget-container\">\n\t\t\t\t\t\t\t<div class=\"elementor-icon-box-wrapper\">\n\n\t\t\t\t\t\t<div class=\"elementor-icon-box-icon\">\n\t\t\t\t<a href=\"https:\/\/blogsaverroes.juntadeandalucia.es\/iestorreolvidada\/formacion-profesional\/criterios-de-evaluacion-ina\/\" class=\"elementor-icon\" tabindex=\"-1\" aria-label=\"Criterios de Evaluaci\u00f3n\">\n\t\t\t\t<i aria-hidden=\"true\" class=\"far fa-check-square\"><\/i>\t\t\t\t<\/a>\n\t\t\t<\/div>\n\t\t\t\n\t\t\t\t\t\t<div class=\"elementor-icon-box-content\">\n\n\t\t\t\t\t\t\t\t\t<h3 class=\"elementor-icon-box-title\">\n\t\t\t\t\t\t<a href=\"https:\/\/blogsaverroes.juntadeandalucia.es\/iestorreolvidada\/formacion-profesional\/criterios-de-evaluacion-ina\/\" >\n\t\t\t\t\t\t\tCriterios de Evaluaci\u00f3n\t\t\t\t\t\t<\/a>\n\t\t\t\t\t<\/h3>\n\t\t\t\t\n\t\t\t\t\n\t\t\t<\/div>\n\t\t\t\n\t\t<\/div>\n\t\t\t\t\t\t<\/div>\n\t\t\t\t<\/div>\n\t\t\t\t\t<\/div>\n\t\t<\/div>\n\t\t\t\t<div class=\"elementor-column elementor-col-33 elementor-top-column elementor-element elementor-element-d9aa17f\" data-id=\"d9aa17f\" data-element_type=\"column\">\n\t\t\t<div class=\"elementor-widget-wrap elementor-element-populated\">\n\t\t\t\t\t\t<div class=\"elementor-element elementor-element-256aeb4 elementor-view-default elementor-position-top elementor-mobile-position-top elementor-widget elementor-widget-icon-box\" data-id=\"256aeb4\" data-element_type=\"widget\" data-widget_type=\"icon-box.default\">\n\t\t\t\t<div class=\"elementor-widget-container\">\n\t\t\t\t\t\t\t<div class=\"elementor-icon-box-wrapper\">\n\n\t\t\t\t\t\t<div class=\"elementor-icon-box-icon\">\n\t\t\t\t<a href=\"https:\/\/blogsaverroes.juntadeandalucia.es\/iestorreolvidada\/formacion-profesional\/programaciones-fp\/\" class=\"elementor-icon\" tabindex=\"-1\" aria-label=\"Programaciones\">\n\t\t\t\t<i aria-hidden=\"true\" class=\"fas fa-file-invoice\"><\/i>\t\t\t\t<\/a>\n\t\t\t<\/div>\n\t\t\t\n\t\t\t\t\t\t<div class=\"elementor-icon-box-content\">\n\n\t\t\t\t\t\t\t\t\t<h3 class=\"elementor-icon-box-title\">\n\t\t\t\t\t\t<a href=\"https:\/\/blogsaverroes.juntadeandalucia.es\/iestorreolvidada\/formacion-profesional\/programaciones-fp\/\" >\n\t\t\t\t\t\t\tProgramaciones\t\t\t\t\t\t<\/a>\n\t\t\t\t\t<\/h3>\n\t\t\t\t\n\t\t\t\t\n\t\t\t<\/div>\n\t\t\t\n\t\t<\/div>\n\t\t\t\t\t\t<\/div>\n\t\t\t\t<\/div>\n\t\t\t\t\t<\/div>\n\t\t<\/div>\n\t\t\t\t\t<\/div>\n\t\t<\/section>\n\t\t\t\t<section class=\"elementor-section elementor-top-section elementor-element elementor-element-9957303 elementor-section-boxed elementor-section-height-default elementor-section-height-default\" data-id=\"9957303\" data-element_type=\"section\">\n\t\t\t\t\t\t<div class=\"elementor-container elementor-column-gap-default\">\n\t\t\t\t\t<div class=\"elementor-column elementor-col-33 elementor-top-column elementor-element elementor-element-e2da3f3\" data-id=\"e2da3f3\" data-element_type=\"column\">\n\t\t\t<div class=\"elementor-widget-wrap elementor-element-populated\">\n\t\t\t\t\t\t<div class=\"elementor-element elementor-element-781b505 elementor-view-default elementor-position-top elementor-mobile-position-top elementor-widget elementor-widget-icon-box\" data-id=\"781b505\" data-element_type=\"widget\" data-widget_type=\"icon-box.default\">\n\t\t\t\t<div class=\"elementor-widget-container\">\n\t\t\t\t\t\t\t<div class=\"elementor-icon-box-wrapper\">\n\n\t\t\t\t\t\t<div class=\"elementor-icon-box-icon\">\n\t\t\t\t<a href=\"https:\/\/blogsaverroes.juntadeandalucia.es\/iestorreolvidada\/formacion-profesional\/materiales-recursos-enlaces-de-interes-fpb\/\" class=\"elementor-icon\" tabindex=\"-1\" aria-label=\"Enlaces de Inter\u00e9s\">\n\t\t\t\t<i aria-hidden=\"true\" class=\"fas fa-link\"><\/i>\t\t\t\t<\/a>\n\t\t\t<\/div>\n\t\t\t\n\t\t\t\t\t\t<div class=\"elementor-icon-box-content\">\n\n\t\t\t\t\t\t\t\t\t<h3 class=\"elementor-icon-box-title\">\n\t\t\t\t\t\t<a href=\"https:\/\/blogsaverroes.juntadeandalucia.es\/iestorreolvidada\/formacion-profesional\/materiales-recursos-enlaces-de-interes-fpb\/\" >\n\t\t\t\t\t\t\tEnlaces de Inter\u00e9s\t\t\t\t\t\t<\/a>\n\t\t\t\t\t<\/h3>\n\t\t\t\t\n\t\t\t\t\n\t\t\t<\/div>\n\t\t\t\n\t\t<\/div>\n\t\t\t\t\t\t<\/div>\n\t\t\t\t<\/div>\n\t\t\t\t\t<\/div>\n\t\t<\/div>\n\t\t\t\t<div class=\"elementor-column elementor-col-33 elementor-top-column elementor-element elementor-element-a91e97a\" data-id=\"a91e97a\" data-element_type=\"column\">\n\t\t\t<div class=\"elementor-widget-wrap elementor-element-populated\">\n\t\t\t\t\t\t<div class=\"elementor-element elementor-element-4b9ef2e elementor-view-default elementor-position-top elementor-mobile-position-top elementor-widget elementor-widget-icon-box\" data-id=\"4b9ef2e\" data-element_type=\"widget\" data-widget_type=\"icon-box.default\">\n\t\t\t\t<div class=\"elementor-widget-container\">\n\t\t\t\t\t\t\t<div class=\"elementor-icon-box-wrapper\">\n\n\t\t\t\t\t\t<div class=\"elementor-icon-box-icon\">\n\t\t\t\t<a href=\"https:\/\/blogsaverroes.juntadeandalucia.es\/iestorreolvidada\/formacion-profesional\/galeria-de-fotos-fp\/\" class=\"elementor-icon\" tabindex=\"-1\" aria-label=\"Galer\u00eda Fotos\">\n\t\t\t\t<i aria-hidden=\"true\" class=\"fas fa-photo-video\"><\/i>\t\t\t\t<\/a>\n\t\t\t<\/div>\n\t\t\t\n\t\t\t\t\t\t<div class=\"elementor-icon-box-content\">\n\n\t\t\t\t\t\t\t\t\t<h3 class=\"elementor-icon-box-title\">\n\t\t\t\t\t\t<a href=\"https:\/\/blogsaverroes.juntadeandalucia.es\/iestorreolvidada\/formacion-profesional\/galeria-de-fotos-fp\/\" >\n\t\t\t\t\t\t\tGaler\u00eda Fotos\t\t\t\t\t\t<\/a>\n\t\t\t\t\t<\/h3>\n\t\t\t\t\n\t\t\t\t\n\t\t\t<\/div>\n\t\t\t\n\t\t<\/div>\n\t\t\t\t\t\t<\/div>\n\t\t\t\t<\/div>\n\t\t\t\t\t<\/div>\n\t\t<\/div>\n\t\t\t\t<div class=\"elementor-column elementor-col-33 elementor-top-column elementor-element elementor-element-7d388a6\" data-id=\"7d388a6\" data-element_type=\"column\">\n\t\t\t<div class=\"elementor-widget-wrap elementor-element-populated\">\n\t\t\t\t\t\t<div class=\"elementor-element elementor-element-4403e9c elementor-view-stacked elementor-shape-circle elementor-widget elementor-widget-icon\" data-id=\"4403e9c\" data-element_type=\"widget\" data-widget_type=\"icon.default\">\n\t\t\t\t<div class=\"elementor-widget-container\">\n\t\t\t\t\t\t\t<div class=\"elementor-icon-wrapper\">\n\t\t\t<a class=\"elementor-icon\" href=\"https:\/\/sites.google.com\/g.educaand.es\/iestorreolvidadacfgm\/inicio%20\" target=\"_blank\">\n\t\t\t<i aria-hidden=\"true\" class=\"fas fa-info\"><\/i>\t\t\t<\/a>\n\t\t<\/div>\n\t\t\t\t\t\t<\/div>\n\t\t\t\t<\/div>\n\t\t\t\t\t<\/div>\n\t\t<\/div>\n\t\t\t\t\t<\/div>\n\t\t<\/section>\n\t\t\t\t<\/div>\n\t\t","protected":false},"excerpt":{"rendered":"<p>La Formaci\u00f3n Profesional&nbsp;es un conjunto de ense\u00f1anzas del sistema educativo, cuyo punto fuerte es la&nbsp;formaci\u00f3n pr\u00e1ctica, adecuada a las necesidades de la econom\u00eda y a los diferentes sectores productivos. La&nbsp;Formaci\u00f3n Profesional prepara para la&#46;&#46;&#46;<\/p>\n","protected":false},"author":6516,"featured_media":0,"parent":0,"menu_order":0,"comment_status":"closed","ping_status":"closed","template":"page-c.php","meta":{"ngg_post_thumbnail":0,"footnotes":"","_mc_calendar":[]},"aioseo_notices":[],"post_mailing_queue_ids":[],"_links":{"self":[{"href":"https:\/\/blogsaverroes.juntadeandalucia.es\/iestorreolvidada\/wp-json\/wp\/v2\/pages\/2798"}],"collection":[{"href":"https:\/\/blogsaverroes.juntadeandalucia.es\/iestorreolvidada\/wp-json\/wp\/v2\/pages"}],"about":[{"href":"https:\/\/blogsaverroes.juntadeandalucia.es\/iestorreolvidada\/wp-json\/wp\/v2\/types\/page"}],"author":[{"embeddable":true,"href":"https:\/\/blogsaverroes.juntadeandalucia.es\/iestorreolvidada\/wp-json\/wp\/v2\/users\/6516"}],"replies":[{"embeddable":true,"href":"https:\/\/blogsaverroes.juntadeandalucia.es\/iestorreolvidada\/wp-json\/wp\/v2\/comments?post=2798"}],"version-history":[{"count":26,"href":"https:\/\/blogsaverroes.juntadeandalucia.es\/iestorreolvidada\/wp-json\/wp\/v2\/pages\/2798\/revisions"}],"predecessor-version":[{"id":3544,"href":"https:\/\/blogsaverroes.juntadeandalucia.es\/iestorreolvidada\/wp-json\/wp\/v2\/pages\/2798\/revisions\/3544"}],"wp:attachment":[{"href":"https:\/\/blogsaverroes.juntadeandalucia.es\/iestorreolvidada\/wp-json\/wp\/v2\/media?parent=2798"}],"curies":[{"name":"wp","href":"https:\/\/api.w.org\/{rel}","templated":true}]}}