{"id":3006,"date":"2021-04-20T18:04:58","date_gmt":"2021-04-20T18:04:58","guid":{"rendered":"https:\/\/blogsaverroes.juntadeandalucia.es\/iestorreolvidada\/?page_id=3006"},"modified":"2022-03-02T21:01:31","modified_gmt":"2022-03-02T21:01:31","slug":"materiales-recursos-enlaces-de-interes-fpb","status":"publish","type":"page","link":"https:\/\/blogsaverroes.juntadeandalucia.es\/iestorreolvidada\/formacion-profesional\/materiales-recursos-enlaces-de-interes-fpb\/","title":{"rendered":"Materiales, recursos, enlaces de inter\u00e9s FPB"},"content":{"rendered":"\t\t<div data-elementor-type=\"wp-page\" data-elementor-id=\"3006\" class=\"elementor elementor-3006\">\n\t\t\t\t\t\t<section class=\"elementor-section elementor-top-section elementor-element elementor-element-e7f7cad elementor-section-boxed elementor-section-height-default elementor-section-height-default\" data-id=\"e7f7cad\" data-element_type=\"section\">\n\t\t\t\t\t\t<div class=\"elementor-container elementor-column-gap-default\">\n\t\t\t\t\t<div class=\"elementor-column elementor-col-50 elementor-top-column elementor-element elementor-element-165ddbf\" data-id=\"165ddbf\" data-element_type=\"column\">\n\t\t\t<div class=\"elementor-widget-wrap elementor-element-populated\">\n\t\t\t\t\t\t<div class=\"elementor-element elementor-element-f960225 elementor-widget elementor-widget-wp-widget-media_audio\" data-id=\"f960225\" data-element_type=\"widget\" data-widget_type=\"wp-widget-media_audio.default\">\n\t\t\t\t<div class=\"elementor-widget-container\">\n\t\t\t\t\t<h5>Podcast FPB y GM<\/h5><!--[if lt IE 9]><script>document.createElement('audio');<\/script><![endif]-->\n<audio class=\"wp-audio-shortcode\" id=\"audio-3006-1\" preload=\"none\" style=\"width: 100%;\" controls=\"controls\"><source type=\"audio\/mpeg\" src=\"https:\/\/blogsaverroes.juntadeandalucia.es\/iestorreolvidada\/files\/2022\/03\/Podcast-fpb-y-gm.mp3?_=1\" \/><source type=\"audio\/mpeg\" src=\"https:\/\/blogsaverroes.juntadeandalucia.es\/iestorreolvidada\/files\/2022\/03\/Podcast-fpb-y-gm.mp3?_=1\" \/><a href=\"https:\/\/blogsaverroes.juntadeandalucia.es\/iestorreolvidada\/files\/2022\/03\/Podcast-fpb-y-gm.mp3\">https:\/\/blogsaverroes.juntadeandalucia.es\/iestorreolvidada\/files\/2022\/03\/Podcast-fpb-y-gm.mp3<\/a><\/audio>\t\t\t\t<\/div>\n\t\t\t\t<\/div>\n\t\t\t\t\t<\/div>\n\t\t<\/div>\n\t\t\t\t<div class=\"elementor-column elementor-col-50 elementor-top-column elementor-element elementor-element-c71dd66\" data-id=\"c71dd66\" data-element_type=\"column\">\n\t\t\t<div class=\"elementor-widget-wrap elementor-element-populated\">\n\t\t\t\t\t\t<div class=\"elementor-element elementor-element-f18aab4 elementor-widget elementor-widget-wp-widget-media_video\" data-id=\"f18aab4\" data-element_type=\"widget\" data-widget_type=\"wp-widget-media_video.default\">\n\t\t\t\t<div class=\"elementor-widget-container\">\n\t\t\t\t\t<h5>V\u00eddeo Difusi\u00f3n Ciclos Formativos<\/h5><div style=\"width:100%;\" class=\"wp-video\"><!--[if lt IE 9]><script>document.createElement('video');<\/script><![endif]-->\n<video class=\"wp-video-shortcode\" id=\"video-3006-1\" preload=\"metadata\" controls=\"controls\"><source type=\"video\/mp4\" src=\"https:\/\/blogsaverroes.juntadeandalucia.es\/iestorreolvidada\/files\/2022\/03\/Video-difusion-ciclos-formativos.mp4?_=1\" \/><source type=\"video\/mp4\" src=\"https:\/\/blogsaverroes.juntadeandalucia.es\/iestorreolvidada\/files\/2022\/03\/Video-difusion-ciclos-formativos.mp4?_=1\" \/><a href=\"https:\/\/blogsaverroes.juntadeandalucia.es\/iestorreolvidada\/files\/2022\/03\/Video-difusion-ciclos-formativos.mp4\">https:\/\/blogsaverroes.juntadeandalucia.es\/iestorreolvidada\/files\/2022\/03\/Video-difusion-ciclos-formativos.mp4<\/a><\/video><\/div>\t\t\t\t<\/div>\n\t\t\t\t<\/div>\n\t\t\t\t\t<\/div>\n\t\t<\/div>\n\t\t\t\t\t<\/div>\n\t\t<\/section>\n\t\t\t\t<section class=\"elementor-section elementor-top-section elementor-element elementor-element-29413655 elementor-section-boxed elementor-section-height-default elementor-section-height-default\" data-id=\"29413655\" data-element_type=\"section\">\n\t\t\t\t\t\t<div class=\"elementor-container elementor-column-gap-default\">\n\t\t\t\t\t<div class=\"elementor-column elementor-col-100 elementor-top-column elementor-element elementor-element-5dbc2ad7\" data-id=\"5dbc2ad7\" data-element_type=\"column\">\n\t\t\t<div class=\"elementor-widget-wrap elementor-element-populated\">\n\t\t\t\t\t\t<div class=\"elementor-element elementor-element-2917021e elementor-widget elementor-widget-text-editor\" data-id=\"2917021e\" data-element_type=\"widget\" data-widget_type=\"text-editor.default\">\n\t\t\t\t<div class=\"elementor-widget-container\">\n\t\t\t\t\t\t\t\t\t<h1>Materiales y Recursos<\/h1>\r\n<h4><a href=\"https:\/\/blogsaverroes.juntadeandalucia.es\/iestorreolvidada\/files\/2021\/04\/InformacionFPDual.pdf\">Informaci\u00f3n FP Dual<\/a><\/h4>\r\n<h4><a href=\"https:\/\/blogsaverroes.juntadeandalucia.es\/iestorreolvidada\/files\/2021\/04\/Mural-Informativo-FP-.pdf\">Mural Informativo FP<\/a><\/h4>\r\n<h1>Enlaces de Inter\u00e9s<\/h1>\r\n<h4><span style=\"text-decoration: underline\">F.P. B\u00e1sica<\/span><\/h4>\r\n<p style=\"padding-left: 40px\"><em><a href=\"https:\/\/view.genial.ly\/5ccc31b3decf900f57fbc883\/presentation-fp-basica\">https:\/\/view.genial.ly\/5ccc31b3decf900f57fbc883\/presentation-fp-basica<\/a><\/em><\/p>\r\n\r\n<h4><span style=\"text-decoration: underline\">Ciclo Formativo de Grado Medio<\/span>&nbsp;&nbsp;<\/h4>\r\n<p style=\"padding-left: 40px\"><em><a href=\"https:\/\/view.genial.ly\/5cd51eac54bdc10f6bf9f64f\/presentation-grado-medio-2020\">https:\/\/view.genial.ly\/5cd51eac54bdc10f6bf9f64f\/presentation-grado-medio-2020<\/a><\/em><\/p>\r\n\r\n<h4><span style=\"text-decoration: underline\">Facebook<\/span><\/h4>\r\n<p style=\"padding-left: 40px\"><a href=\"https:\/\/www.facebook.com\/Epa-IES-Torreolvidada-100815081805944\"><em>https:\/\/www.facebook.com\/Epa-IES-Torreolvidada-100815081805944<\/em><\/a><\/p>\r\n\r\n<h4><span style=\"text-decoration: underline\">Fp en Espa\u00f1a<\/span><\/h4>\r\n<p style=\"padding-left: 40px\"><a href=\"https:\/\/www.todofp.es\/inicio.html\"><em>https:\/\/www.todofp.es\/inicio.html<\/em><\/a><\/p>\r\n\r\n<h4>Cualificaciones profesionales en industria alimentaria<\/h4>\r\n<p style=\"padding-left: 40px\"><a href=\"https:\/\/incual.mecd.es\/alimentarias_cualificaciones\"><em>https:\/\/incual.mecd.es\/alimentarias_cualificaciones<\/em><\/a><\/p>\r\n\r\n<h4><span style=\"text-decoration: underline\">Fp dual en Andaluc\u00eda<\/span><\/h4>\r\n<p style=\"padding-left: 40px\"><em><a href=\"https:\/\/www.juntadeandalucia.es\/educacion\/portals\/web\/formacion-profesional-andaluza\/empresa\/fp-dual\">https:\/\/www.juntadeandalucia.es\/educacion\/portals\/web\/formacion-profesional-andaluza\/empresa\/fp-dual<\/a><\/em><\/p>\t\t\t\t\t\t\t\t<\/div>\n\t\t\t\t<\/div>\n\t\t\t\t\t<\/div>\n\t\t<\/div>\n\t\t\t\t\t<\/div>\n\t\t<\/section>\n\t\t\t\t<\/div>\n\t\t","protected":false},"excerpt":{"rendered":"<p>Materiales y Recursos Informaci\u00f3n FP Dual Mural Informativo FP Enlaces de Inter\u00e9s F.P. B\u00e1sica https:\/\/view.genial.ly\/5ccc31b3decf900f57fbc883\/presentation-fp-basica Ciclo Formativo de Grado Medio&nbsp;&nbsp; https:\/\/view.genial.ly\/5cd51eac54bdc10f6bf9f64f\/presentation-grado-medio-2020 Facebook https:\/\/www.facebook.com\/Epa-IES-Torreolvidada-100815081805944 Fp en Espa\u00f1a https:\/\/www.todofp.es\/inicio.html Cualificaciones profesionales en industria alimentaria https:\/\/incual.mecd.es\/alimentarias_cualificaciones Fp&#46;&#46;&#46;<\/p>\n","protected":false},"author":6516,"featured_media":0,"parent":2798,"menu_order":0,"comment_status":"closed","ping_status":"closed","template":"page-c.php","meta":{"ngg_post_thumbnail":0,"footnotes":"","_mc_calendar":[]},"aioseo_notices":[],"post_mailing_queue_ids":[],"_links":{"self":[{"href":"https:\/\/blogsaverroes.juntadeandalucia.es\/iestorreolvidada\/wp-json\/wp\/v2\/pages\/3006"}],"collection":[{"href":"https:\/\/blogsaverroes.juntadeandalucia.es\/iestorreolvidada\/wp-json\/wp\/v2\/pages"}],"about":[{"href":"https:\/\/blogsaverroes.juntadeandalucia.es\/iestorreolvidada\/wp-json\/wp\/v2\/types\/page"}],"author":[{"embeddable":true,"href":"https:\/\/blogsaverroes.juntadeandalucia.es\/iestorreolvidada\/wp-json\/wp\/v2\/users\/6516"}],"replies":[{"embeddable":true,"href":"https:\/\/blogsaverroes.juntadeandalucia.es\/iestorreolvidada\/wp-json\/wp\/v2\/comments?post=3006"}],"version-history":[{"count":4,"href":"https:\/\/blogsaverroes.juntadeandalucia.es\/iestorreolvidada\/wp-json\/wp\/v2\/pages\/3006\/revisions"}],"predecessor-version":[{"id":3401,"href":"https:\/\/blogsaverroes.juntadeandalucia.es\/iestorreolvidada\/wp-json\/wp\/v2\/pages\/3006\/revisions\/3401"}],"up":[{"embeddable":true,"href":"https:\/\/blogsaverroes.juntadeandalucia.es\/iestorreolvidada\/wp-json\/wp\/v2\/pages\/2798"}],"wp:attachment":[{"href":"https:\/\/blogsaverroes.juntadeandalucia.es\/iestorreolvidada\/wp-json\/wp\/v2\/media?parent=3006"}],"curies":[{"name":"wp","href":"https:\/\/api.w.org\/{rel}","templated":true}]}}