{"id":1038,"date":"2022-04-09T12:57:48","date_gmt":"2022-04-09T11:57:48","guid":{"rendered":"https:\/\/blogsaverroes.juntadeandalucia.es\/iestorrredelosguzmanes\/?page_id=1038"},"modified":"2024-09-09T18:08:13","modified_gmt":"2024-09-09T17:08:13","slug":"formacion-profesional","status":"publish","type":"page","link":"https:\/\/blogsaverroes.juntadeandalucia.es\/iestorrredelosguzmanes\/formacion-profesional\/","title":{"rendered":"Formaci\u00f3n Profesional"},"content":{"rendered":"<p>La&nbsp;<b>Formaci\u00f3n Profesional<\/b>&nbsp;(FP) es aquella ense\u00f1anza&nbsp;que&nbsp;engloba diferentes estudios o aprendizajes&nbsp;que&nbsp;est\u00e1n encaminados a la inserci\u00f3n laboral. Es un sistema formativo igualmente v\u00e1lido&nbsp;que&nbsp;la educaci\u00f3n universitaria, caracterizado por su vertiente pr\u00e1ctica y cercan\u00eda a las empresas.<\/p>\n<p>La&nbsp;<strong>Formaci\u00f3n Profesional&nbsp;<\/strong>comprende el conjunto de acciones formativas que capacitan para el desempe\u00f1o cualificado de las diversa profesiones, el acceso al empleo y la participaci\u00f3n activa en la vida social, cultural y econ\u00f3mica. Incluye las ense\u00f1anzas propias de la formaci\u00f3n inicial, las acciones de inserci\u00f3n y reinserci\u00f3n laboral as\u00ed como las orientadas a la formaci\u00f3n continua en las empresas, que permitan la adquisici\u00f3n y actualizaci\u00f3n permanente de las competencias profesionales.<\/p>\n<p>La&nbsp;<strong>Formaci\u00f3n Profesional&nbsp;<\/strong>en el sistema educativo, tiene por finalidad preparar a los alumnos y las alumnas para la actividad en un campo profesional y facilitar su adaptaci\u00f3n a las modificaciones laborales que puedan producirse a lo largo de su vida, as\u00ed como contribuir a su desarrollo personal y al ejercicio de una ciudadan\u00eda democr\u00e1tica. Comprende un conjunto de ense\u00f1anzas con una organizaci\u00f3n modular, de duraci\u00f3n variable y contenidos te\u00f3rico-pr\u00e1cticos adecuados a los diversos campos profesionales.<\/p>\n<p>Estas ense\u00f1anzas se estructuran en&nbsp;<strong>ciclos de&nbsp;formaci\u00f3n profesional b\u00e1sica<\/strong>,<strong>&nbsp;ciclos formativos de grado medio y de grado superior<\/strong>, que responden cada uno a niveles de cualificaci\u00f3n diferentes. El de grado medio est\u00e1 relacionado con funciones de elaboraci\u00f3n, ejecuci\u00f3n, realizaci\u00f3n, etc., mientras que el de grado superior se relaciona con las de organizaci\u00f3n, coordinaci\u00f3n, planificaci\u00f3n, control, supervisi\u00f3n, etc. Una vez que se han superado dichos ciclos formativos, se obtiene respectivamente la titulaci\u00f3n de&nbsp;<strong>T\u00e9cnico<\/strong>&nbsp;o&nbsp;<strong>T\u00e9cnico Superior<\/strong>&nbsp;de Formaci\u00f3n Profesional en la especialidad correspondiente.<\/p>\n<p>En nuestro centro ofertamos los siguientes Ciclos formativos en modadlidad dual:<\/p>\n<p><strong>Grado B\u00e1sico en Agro-jardiner\u00eda y composiciones florales.<\/strong><\/p>\n<p><strong>Grado Medio en Gu\u00eda en el medio natural y de tiempo libre.<\/strong><\/p>\n<p><strong>Grado Superior en Desarrollo de aplicaciones multiplataformas.<\/strong><\/p>\n<h3>Im\u00e1genes Relacionadas:<\/h3>","protected":false},"excerpt":{"rendered":"<p>La&nbsp;Formaci\u00f3n Profesional&nbsp;(FP) es aquella ense\u00f1anza&nbsp;que&nbsp;engloba diferentes estudios o aprendizajes&nbsp;que&nbsp;est\u00e1n encaminados a la inserci\u00f3n laboral. Es un sistema formativo igualmente v\u00e1lido&nbsp;que&nbsp;la educaci\u00f3n universitaria, caracterizado por su vertiente pr\u00e1ctica y cercan\u00eda a las empresas. La&nbsp;Formaci\u00f3n Profesional&nbsp;comprende el conjunto de acciones formativas que capacitan para el desempe\u00f1o cualificado de las diversa profesiones, el&#46;&#46;&#46;<\/p>\n","protected":false},"author":13735,"featured_media":0,"parent":0,"menu_order":0,"comment_status":"closed","ping_status":"closed","template":"","meta":{"ngg_post_thumbnail":0,"footnotes":""},"aioseo_notices":[],"_links":{"self":[{"href":"https:\/\/blogsaverroes.juntadeandalucia.es\/iestorrredelosguzmanes\/wp-json\/wp\/v2\/pages\/1038"}],"collection":[{"href":"https:\/\/blogsaverroes.juntadeandalucia.es\/iestorrredelosguzmanes\/wp-json\/wp\/v2\/pages"}],"about":[{"href":"https:\/\/blogsaverroes.juntadeandalucia.es\/iestorrredelosguzmanes\/wp-json\/wp\/v2\/types\/page"}],"author":[{"embeddable":true,"href":"https:\/\/blogsaverroes.juntadeandalucia.es\/iestorrredelosguzmanes\/wp-json\/wp\/v2\/users\/13735"}],"replies":[{"embeddable":true,"href":"https:\/\/blogsaverroes.juntadeandalucia.es\/iestorrredelosguzmanes\/wp-json\/wp\/v2\/comments?post=1038"}],"version-history":[{"count":8,"href":"https:\/\/blogsaverroes.juntadeandalucia.es\/iestorrredelosguzmanes\/wp-json\/wp\/v2\/pages\/1038\/revisions"}],"predecessor-version":[{"id":2093,"href":"https:\/\/blogsaverroes.juntadeandalucia.es\/iestorrredelosguzmanes\/wp-json\/wp\/v2\/pages\/1038\/revisions\/2093"}],"wp:attachment":[{"href":"https:\/\/blogsaverroes.juntadeandalucia.es\/iestorrredelosguzmanes\/wp-json\/wp\/v2\/media?parent=1038"}],"curies":[{"name":"wp","href":"https:\/\/api.w.org\/{rel}","templated":true}]}}