{"id":5048,"date":"2021-02-04T11:27:24","date_gmt":"2021-02-04T11:27:24","guid":{"rendered":"https:\/\/blogsaverroes.juntadeandalucia.es\/iestriana\/?page_id=5048"},"modified":"2023-02-13T13:13:51","modified_gmt":"2023-02-13T13:13:51","slug":"bachibac","status":"publish","type":"page","link":"https:\/\/blogsaverroes.juntadeandalucia.es\/iestriana\/bachibac\/","title":{"rendered":"Bachibac"},"content":{"rendered":"<p class=\"western\"><img loading=\"lazy\" decoding=\"async\" class=\"alignleft wp-image-5109 size-full\" src=\"https:\/\/blogsaverroes.juntadeandalucia.es\/iestriana\/files\/2021\/02\/bachibac01.png\" alt=\"\" width=\"165\" height=\"69\"><span style=\"color: #000000\"><span style=\"font-family: Calibri, serif\"><span style=\"font-size: small\"><span style=\"font-family: Arial, serif\"><span style=\"font-size: large\"><b>PROGRAMA BACHIBAC<\/b><\/span><\/span><\/span><\/span><\/span><\/p>\n<p class=\"western\" style=\"text-align: justify\" align=\"justify\"><span style=\"font-family: Calibri, serif;color: #000000\"><span style=\"font-size: small\"><span style=\"font-family: Times New Roman, serif\"><span style=\"font-size: medium\"><b>Bachibac<\/b><\/span><\/span><span style=\"font-family: Times New Roman, serif\"><span style=\"font-size: medium\"> es un programa de doble titulaci\u00f3n que brinda al alumnado la posibilidad de&nbsp;alcanzar simult\u00e1neamente el T\u00edtulo de Bachiller espa\u00f1ol y el Dipl\u00f4me du Baccalaur\u00e9at franc\u00e9s&nbsp;al t\u00e9rmino de sus estudios secundarios postobligatorios. Este programa de excelencia se puede cursar en los centros escolares de ambos pa\u00edses en los que se oferte el curr\u00edculo mixto.<\/span><\/span><\/span><\/span><\/p>\n<p class=\"western\" style=\"text-align: justify\" align=\"justify\"><span style=\"font-family: Calibri, serif;color: #000000\"><span style=\"font-size: small\"><span style=\"font-family: Times New Roman, serif\"><span style=\"font-size: medium\">Bachibac nace al amparo del Acuerdo entre el Gobierno del Reino de Espa\u00f1a y el Gobierno de la Rep\u00fablica Francesa relativo a la doble titulaci\u00f3n de Bachiller y de Baccalaur\u00e9at, hecho \u00abad referendum\u00bb en Par\u00eds el 10 de enero de 2008, y permite al alumnado, en virtud de la doble titulaci\u00f3n,&nbsp;acceder a los estudios superiores y a la formaci\u00f3n y actividad profesional de ambos pa\u00edses en condiciones ventajosas.<\/span><\/span><\/span><\/span><\/p>\n<p class=\"western\" align=\"justify\"><img loading=\"lazy\" decoding=\"async\" class=\"size-full wp-image-5112 alignleft\" src=\"https:\/\/blogsaverroes.juntadeandalucia.es\/iestriana\/files\/2021\/02\/bachibac02.jpg\" alt=\"\" width=\"100\" height=\"100\" srcset=\"https:\/\/blogsaverroes.juntadeandalucia.es\/iestriana\/files\/2021\/02\/bachibac02.jpg 100w, https:\/\/blogsaverroes.juntadeandalucia.es\/iestriana\/files\/2021\/02\/bachibac02-80x80.jpg 80w\" sizes=\"(max-width: 100px) 100vw, 100px\" \/> <span style=\"color: #004a80\"> <span style=\"font-family: Calibri, serif\"><span style=\"font-size: small\"><span style=\"font-family: Times New Roman, serif\"><span style=\"font-size: medium\"><b>I. \u00bfEn qu\u00e9 consiste el curr\u00edculo mixto? <\/b><\/span><\/span><\/span><\/span><\/span><\/p>\n<p class=\"western\" style=\"text-align: justify\" align=\"justify\"><span style=\"font-family: Calibri, serif;color: #000000\"><span style=\"font-size: small\"><span style=\"font-family: Times New Roman, serif\"><span style=\"font-size: medium\">Mediante&nbsp;el&nbsp;curr\u00edculo mixto, que&nbsp;supone un tercio del horario semanal del alumno, se incorporan en cada curso los contenidos que se consideran esenciales para el conocimiento de la lengua y la cultura del otro pa\u00eds. De esa manera, se hace posible que los alumnos y alumnas de Bachibac puedan alcanzar a su t\u00e9rmino el T\u00edtulo de Bachiller espa\u00f1ol y el Dipl\u00f4me du Baccalaur\u00e9at franc\u00e9s.<\/span><\/span><\/span><\/span><\/p>\n<p class=\"western\"><span style=\"font-family: Calibri, serif\"><span style=\"font-size: small\"><span style=\"color: #004a80\"><span style=\"font-family: Times New Roman, serif\"><span style=\"font-size: medium\"><b>II. Materias del curr\u00edculo mixto espa\u00f1ol<\/b><\/span><\/span><\/span><\/span><\/span><\/p>\n<p class=\"western\" style=\"text-align: justify\" align=\"justify\"><span style=\"font-family: Calibri, serif;color: #000000\"><span style=\"font-size: small\"><span style=\"font-family: Times New Roman, serif\"><span style=\"font-size: medium\">Las materias espec\u00edficas del curr\u00edculo mixto que deben cursar los alumnos espa\u00f1oles en el programa Bachibac son Lengua y Literatura Francesas e Historia de Espa\u00f1a y Francia, esta \u00faltima, cursada en el marco de la materia de Historia de Espa\u00f1a de 2\u00ba de Bachillerato. Ambas se imparten en franc\u00e9s en su totalidad y sobre sus contenidos versa la prueba externa para la obtenci\u00f3n del Baccalaur\u00e9at. Se espera que los alumnos y alumnas adquieran, merced al curr\u00edculo mixto, un nivel de franc\u00e9s equivalente al B2 del MCERL, como m\u00ednimo, al tiempo que se familiarizan y hacen suyos unos m\u00e9todos de trabajo que conllevan una mayor autonom\u00eda personal. Por este motivo, los horarios semanales de las dos materias -Lengua y Literatura Francesas e Historia de Espa\u00f1a y Francia- se incrementan habitualmente en una hora.<\/span><\/span><\/span><\/span><\/p>\n<p class=\"western\" style=\"text-align: justify\" align=\"justify\"><span style=\"font-family: Calibri, serif;color: #000000\"><span style=\"font-size: small\"><span style=\"font-family: Times New Roman, serif\"><span style=\"font-size: medium\">Con el fin de completar el horario semanal que obligatoriamente debe cursarse en franc\u00e9s (un tercio del total) se pueden impartir en franc\u00e9s otras materias no ling\u00fc\u00edsticas, pero no son objeto de examen en la prueba externa.<\/span><\/span><\/span><\/span><\/p>\n<ul>\n<li>\n<p align=\"justify\"><span style=\"font-size: small\"><span style=\"font-family: Times New Roman, serif\"><span style=\"font-size: medium\"><b>Lengua y Literatura Francesas<\/b><\/span><\/span><\/span><\/p>\n<\/li>\n<\/ul>\n<p class=\"western\" style=\"text-align: justify\" align=\"justify\"><span style=\"font-family: Calibri, serif;color: #000000\"><span style=\"font-size: small\"><span style=\"font-family: Times New Roman, serif\"><span style=\"font-size: medium\">Esta materia del curr\u00edculo mixto trasciende el estricto aprendizaje ling\u00fc\u00edstico, ya que se propone como objetivo formar al alumnado desde una perspectiva global que favorezca el respeto y la comunicaci\u00f3n intercultural.<\/span><\/span><\/span><\/span><\/p>\n<p class=\"western\" style=\"text-align: justify\" align=\"justify\"><span style=\"font-family: Calibri, serif;color: #000000\"><span style=\"font-size: small\"><span style=\"font-family: Times New Roman, serif\"><span style=\"font-size: medium\">El acercamiento a la lengua y la literatura francesas se configura alrededor de un tema monogr\u00e1fico, con la ayuda de unas lecturas seleccionadas por su idoneidad para el conjunto del alumnado Bachibac.<\/span><\/span><\/span><\/span><\/p>\n<ul>\n<li>\n<p align=\"justify\"><span style=\"font-size: small\"><span style=\"font-family: Times New Roman, serif\"><span style=\"font-size: medium\"><b>Historia de Espa\u00f1a y Francia<\/b><\/span><\/span><\/span><\/p>\n<\/li>\n<\/ul>\n<p class=\"western\" style=\"text-align: justify\" align=\"justify\"><span style=\"font-family: Calibri, serif;color: #000000\"><span style=\"font-size: small\"><span style=\"font-family: Times New Roman, serif\"><span style=\"font-size: medium\">Esta materia aborda una visi\u00f3n conjunta de la historia reciente de Espa\u00f1a y Francia dentro de unos l\u00edmites cronol\u00f3gicos que, en lo que respecta a la prueba externa, comprenden desde mediados del siglo XIX hasta nuestros d\u00edas.<\/span><\/span><\/span><\/span><\/p>\n<p class=\"western\" style=\"text-align: justify\" align=\"justify\"><span style=\"font-family: Calibri, serif;color: #000000\"><span style=\"font-size: small\"><span style=\"font-family: Times New Roman, serif\"><span style=\"font-size: medium\">Paulatinamente, los alumnos y alumnas van adquiriendo los recursos necesarios para analizar y comentar los acontecimientos de la historia de Espa\u00f1a y Francia a partir de documentos originales.<\/span><\/span><\/span><\/span><\/p>\n<p class=\"western\" style=\"text-align: justify\" align=\"justify\"><span style=\"font-family: Calibri, serif;color: #000000\"><span style=\"font-size: small\"><span style=\"font-family: Times New Roman, serif\"><span style=\"font-size: medium\">Por ello, sin desatender los contenidos propios de la asignatura de Historia de Espa\u00f1a de 2\u00ba de Bachillerato, el estudio en paralelo de la historia de Francia que se lleva a cabo proporciona al alumnado del programa Bachibac una comprensi\u00f3n profunda del mundo de hoy.<\/span><\/span><\/span><\/span><\/p>\n<p class=\"western\" style=\"text-align: justify\"><span style=\"font-family: Calibri, serif;color: #000000\"><span style=\"font-size: small\"><span style=\"font-family: Times New Roman, serif\"><span style=\"font-size: medium\">El curr\u00edculo de Bachibac <\/span><\/span><span style=\"font-family: Times New Roman, serif\"><span style=\"font-size: medium\"><b>comprende en nuestro instituto<\/b><\/span><\/span><span style=\"font-family: Times New Roman, serif\"><span style=\"font-size: medium\"> las siguientes materias, todas impartidas en franc\u00e9s:<\/span><\/span><\/span><\/span><\/p>\n<p style=\"text-align: justify\"><span style=\"font-family: Times New Roman, serif;color: #000000\"><span style=\"font-size: medium\"><u><b>1\u00ba Bachillerato-Bachibac<\/b><\/u><\/span><\/span><\/p>\n<ul>\n<li style=\"text-align: justify\"><span style=\"font-family: Times New Roman, serif;color: #000000\"><span style=\"font-size: medium\">Lengua y Literatura Francesa (4 horas)<\/span><\/span><\/li>\n<li style=\"text-align: justify\"><span style=\"font-family: Times New Roman, serif;color: #000000\"><span style=\"font-size: medium\">Filosof\u00eda (3 horas)<\/span><\/span><\/li>\n<li style=\"text-align: justify\"><span style=\"font-family: Times New Roman, serif;color: #000000\"><span style=\"font-size: medium\">Matem\u00e1ticas (Bach. Ciencias) \u00f3 Historia del Mundo Contempor\u00e1neo (Bach. Sociales y Humanidades). (4 horas)<\/span><\/span><\/li>\n<\/ul>\n<p style=\"text-align: justify\"><span style=\"font-family: Times New Roman, serif;color: #000000\"><span style=\"font-size: medium\"><u><b>2\u00ba Bachillerato- Bachibac<\/b><\/u><\/span><\/span><\/p>\n<ul>\n<li style=\"text-align: justify\"><span style=\"font-family: Times New Roman, serif;color: #000000\"><span style=\"font-size: medium\">Lengua y Literatura Francesa (5 horas)<\/span><\/span><\/li>\n<li style=\"text-align: justify\"><span style=\"font-family: Times New Roman, serif;color: #000000\"><span style=\"font-size: medium\">Filosof\u00eda (3 horas)<\/span><\/span><\/li>\n<li style=\"text-align: justify\"><span style=\"font-family: Times New Roman, serif;color: #000000\"><span style=\"font-size: medium\">Historia de Espa\u00f1a y Francia. (4 horas)<\/span><\/span><\/li>\n<\/ul>\n<p class=\"western\" style=\"text-align: justify\"><img loading=\"lazy\" decoding=\"async\" class=\"alignleft wp-image-5114 size-thumbnail\" src=\"https:\/\/blogsaverroes.juntadeandalucia.es\/iestriana\/files\/2021\/02\/bachibac03-150x150.jpg\" alt=\"\" width=\"150\" height=\"150\" srcset=\"https:\/\/blogsaverroes.juntadeandalucia.es\/iestriana\/files\/2021\/02\/bachibac03-150x150.jpg 150w, https:\/\/blogsaverroes.juntadeandalucia.es\/iestriana\/files\/2021\/02\/bachibac03-80x80.jpg 80w\" sizes=\"(max-width: 150px) 100vw, 150px\" \/> <span style=\"color: #004a80\"> <span style=\"font-family: Calibri, serif\"><span style=\"font-size: small\"><span style=\"font-family: Times New Roman, serif\"><span style=\"font-size: large\">III. <\/span><\/span><\/span><span style=\"font-family: Times New Roman, serif\"><span style=\"font-size: large\"><b>Prueba externa<\/b><\/span><\/span> <\/span><\/span><\/p>\n<p class=\"western\" style=\"text-align: justify\" align=\"justify\"><span style=\"font-family: Calibri, serif;color: #000000\"><span style=\"font-size: small\"><span style=\"font-family: Times New Roman, serif\"><span style=\"font-size: medium\">Para obtener <\/span><\/span><span style=\"font-family: Times New Roman, serif\"><span style=\"font-size: medium\"><b>el Dipl\u00f4me du Baccalaur\u00e9at<\/b><\/span><\/span><span style=\"font-family: Times New Roman, serif\"><span style=\"font-size: medium\">, se deben cumplir dos premisas:<\/span><\/span><\/span><\/span><\/p>\n<p class=\"western\" style=\"text-align: justify\" align=\"justify\"><span style=\"font-family: Calibri, serif;color: #000000\"><span style=\"font-size: small\"><span style=\"font-family: Times New Roman, serif\"><span style=\"font-size: medium\">Estar en condiciones de obtener el T\u00edtulo de Bachiller (es decir, superar todas las materias de 1\u00ba y 2\u00ba de Bachillerato).<\/span><\/span><\/span><\/span><\/p>\n<p class=\"western\" style=\"text-align: justify\" align=\"justify\"><span style=\"font-family: Calibri, serif;color: #000000\"><span style=\"font-size: small\"><span style=\"font-family: Times New Roman, serif\"><span style=\"font-size: medium\">Superar la prueba externa establecida al efecto sobre las materias espec\u00edficas del curr\u00edculo mixto correspondientes al segundo curso de Bachillerato.<\/span><\/span><\/span><\/span><\/p>\n<p class=\"western\" style=\"text-align: justify\" align=\"justify\"><span style=\"font-family: Calibri, serif;color: #000000\"><span style=\"font-size: small\"><span style=\"font-family: Times New Roman, serif\"><span style=\"font-size: medium\">Esta prueba externa se convoca al final del 2\u00ba curso de Bachillerato y es \u00fanica para todo alumnado del programa. Los ex\u00e1menes deben realizarse \u00edntegramente en lengua francesa y son evaluados por un tribunal externo al centro, al que pueden incorporarse, si as\u00ed lo desean, observadores franceses.<\/span><\/span><\/span><\/span><\/p>\n<p class=\"western\" style=\"text-align: justify\" align=\"justify\"><span style=\"font-family: Calibri, serif\"><span style=\"font-size: small\"><span style=\"font-family: Times New Roman, serif\"><span style=\"font-size: medium\"><b><img loading=\"lazy\" decoding=\"async\" class=\"alignleft wp-image-5116 size-thumbnail\" src=\"https:\/\/blogsaverroes.juntadeandalucia.es\/iestriana\/files\/2021\/02\/bachibac04-150x150.jpg\" alt=\"\" width=\"150\" height=\"150\" srcset=\"https:\/\/blogsaverroes.juntadeandalucia.es\/iestriana\/files\/2021\/02\/bachibac04-150x150.jpg 150w, https:\/\/blogsaverroes.juntadeandalucia.es\/iestriana\/files\/2021\/02\/bachibac04-80x80.jpg 80w, https:\/\/blogsaverroes.juntadeandalucia.es\/iestriana\/files\/2021\/02\/bachibac04.jpg 242w\" sizes=\"(max-width: 150px) 100vw, 150px\" \/>A &#8211; Prueba de Lengua y Literatura Francesas (escrito y oral)<\/b><\/span><\/span><\/span><\/span><\/p>\n<ol style=\"text-align: justify\">\n<li>\n<p style=\"text-align: justify\" align=\"justify\"><span style=\"font-size: small;color: #000000\"><span style=\"font-family: Times New Roman, serif\"><span style=\"font-size: medium\">Ejercicio escrito<\/span><\/span><\/span><\/p>\n<\/li>\n<\/ol>\n<p style=\"text-align: justify\" align=\"justify\"><span style=\"font-size: small;color: #000000\"><span style=\"font-family: Times New Roman, serif\"><span style=\"font-size: medium\">El ejercicio escrito se divide en dos partes de dos horas de duraci\u00f3n cada una.<\/span><\/span><\/span><\/p>\n<p class=\"western\" style=\"text-align: justify\" align=\"justify\"><span style=\"font-family: Calibri, serif;color: #000000\"><span style=\"font-size: small\"><span style=\"font-family: Times New Roman, serif\"><span style=\"font-size: medium\">En la primera parte, el alumno debe responder brevemente a unas cuestiones y redactar una exposici\u00f3n, de 250 palabras como m\u00e1ximo, sobre un texto propuesto.<\/span><\/span><\/span><\/span><\/p>\n<p class=\"western\" style=\"text-align: justify\" align=\"justify\"><span style=\"font-family: Calibri, serif;color: #000000\"><span style=\"font-size: small\"><span style=\"font-family: Times New Roman, serif\"><span style=\"font-size: medium\">La segunda parte consiste en la elaboraci\u00f3n de un ensayo, de 300 palabras como m\u00e1ximo, sobre uno de los temas de estudio del programa de literatura.<\/span><\/span><\/span><\/span><\/p>\n<ol style=\"text-align: justify\" start=\"2\">\n<li>\n<p align=\"justify\"><span style=\"font-size: small;color: #000000\"><span style=\"font-family: Times New Roman, serif\"><span style=\"font-size: medium\">Ejercicio oral<\/span><\/span><\/span><\/p>\n<\/li>\n<\/ol>\n<p style=\"text-align: justify\" align=\"justify\"><span style=\"font-size: small;color: #000000\"><span style=\"font-family: Times New Roman, serif\"><span style=\"font-size: medium\">El ejercicio oral consta de dos partes y tiene una duraci\u00f3n de 40 minutos.<\/span><\/span><\/span><\/p>\n<p class=\"western\" style=\"text-align: justify\" align=\"justify\"><span style=\"font-family: Calibri, serif;color: #000000\"><span style=\"font-size: small\"><span style=\"font-family: Times New Roman, serif\"><span style=\"font-size: medium\">En la primera parte, de 20 minutos, el alumno debe preparar un tema a partir de un texto y\/o documento gr\u00e1fico propuesto, en relaci\u00f3n con los contenidos trabajados en el 2\u00ba curso de Bachillerato.<\/span><\/span><\/span><\/span><\/p>\n<p class=\"western\" style=\"text-align: justify\" align=\"justify\"><span style=\"font-family: Calibri, serif;color: #000000\"><span style=\"font-size: small\"><span style=\"font-family: Times New Roman, serif\"><span style=\"font-size: medium\">En la segunda parte, de 20 minutos, se eval\u00faa la comprensi\u00f3n y expresi\u00f3n oral, tanto individualmente como en interacci\u00f3n, a partir del documento propuesto.<\/span><\/span><\/span><\/span><\/p>\n<p class=\"western\" style=\"text-align: justify\" align=\"justify\"><span style=\"font-family: Calibri, serif;color: #000000\"><span style=\"font-size: small\"><span style=\"font-family: Times New Roman, serif\"><span style=\"font-size: medium\">Para cada ejercicio se proponen dos opciones diferentes entre las que cada estudiante deber\u00e1 elegir una.<\/span><\/span><\/span><\/span><\/p>\n<p class=\"western\" style=\"text-align: justify\" align=\"justify\"><span style=\"color: #000000\"><img loading=\"lazy\" decoding=\"async\" class=\"alignleft wp-image-5118 size-thumbnail\" src=\"https:\/\/blogsaverroes.juntadeandalucia.es\/iestriana\/files\/2021\/02\/bachibac05-150x150.jpg\" alt=\"\" width=\"150\" height=\"150\" srcset=\"https:\/\/blogsaverroes.juntadeandalucia.es\/iestriana\/files\/2021\/02\/bachibac05-150x150.jpg 150w, https:\/\/blogsaverroes.juntadeandalucia.es\/iestriana\/files\/2021\/02\/bachibac05-80x80.jpg 80w, https:\/\/blogsaverroes.juntadeandalucia.es\/iestriana\/files\/2021\/02\/bachibac05.jpg 242w\" sizes=\"(max-width: 150px) 100vw, 150px\" \/> <span style=\"font-family: Calibri, serif\"><span style=\"font-size: small\"><span style=\"font-family: Times New Roman, serif\"><span style=\"font-size: medium\"><b>B- Prueba de Historia de Espa\u00f1a y Francia (escrita)<\/b><\/span><\/span><\/span><\/span><\/span><\/p>\n<p class=\"western\" style=\"text-align: justify\" align=\"justify\"><span style=\"font-family: Calibri, serif;color: #000000\"><span style=\"font-size: small\"><span style=\"font-family: Times New Roman, serif\"><span style=\"font-size: medium\">La prueba externa de Historia de Espa\u00f1a y de Francia consta de un ejercicio escrito sobre la Historia desde mediados del siglo XIX a nuestros d\u00edas, dividido en dos partes de dos horas de duraci\u00f3n cada una.<\/span><\/span><\/span><\/span><\/p>\n<p class=\"western\" style=\"text-align: justify\" align=\"justify\"><span style=\"font-family: Calibri, serif;color: #000000\"><span style=\"font-size: small\"><span style=\"font-family: Times New Roman, serif\"><span style=\"font-size: medium\">La primera parte consiste en la realizaci\u00f3n de un comentario guiado sobre un texto y\/o un documento gr\u00e1fico.<\/span><\/span><\/span><\/span><\/p>\n<p class=\"western\" style=\"text-align: justify\" align=\"justify\"><span style=\"font-family: Calibri, serif;color: #000000\"><span style=\"font-size: small\"><span style=\"font-family: Times New Roman, serif\"><span style=\"font-size: medium\">La segunda parte consiste en el desarrollo de un tema relacionado con el curr\u00edculo integrado que se ha estudiado en 2\u00ba de Bachillerato.<\/span><\/span><\/span><\/span><\/p>\n<p class=\"western\" style=\"text-align: justify\" align=\"justify\"><span style=\"font-family: Calibri, serif;color: #000000\"><span style=\"font-size: small\"><span style=\"font-family: Times New Roman, serif\"><span style=\"font-size: medium\">Para cada parte se proponen dos opciones diferentes entre las que cada estudiante deber\u00e1 elegir una.<\/span><\/span><\/span><\/span><\/p>\n<p class=\"western\" style=\"text-align: justify\"><a href=\"http:\/\/w3.recursostic.edu.es\/bachillerato\/bachibac\/web\/fr\/prueba-externa\/modelos-de-prueba-externa\" target=\"_blank\" rel=\"noopener noreferrer\"><span style=\"font-family: Calibri, serif\"><span style=\"font-size: small\"><span style=\"font-family: Century Gothic, serif\"><u><b>VER MODELOS DE PRUEBAS EXTERNAS<\/b><\/u><\/span><\/span><\/span><\/a><u><\/u><\/p>\n<p class=\"western\" style=\"text-align: justify\"><span style=\"font-family: Calibri, serif\"><span style=\"font-size: small\"><span style=\"color: #004a80\"><span style=\"font-family: Times New Roman, serif\"><span style=\"font-size: large\"><b>IV. Acceso y admisi\u00f3n a la universidad espa\u00f1ola desde el programa Bachibac<\/b><\/span><\/span><\/span><\/span><\/span><\/p>\n<p style=\"text-align: justify\"><span style=\"font-family: Times New Roman, serif;color: #000000\"><span style=\"font-size: medium\">Los alumnos que han terminado sus estudios con la doble titulaci\u00f3n disponen de dos v\u00edas para acceder a la universidad en Espa\u00f1a:<\/span><\/span><\/p>\n<p align=\"justify\"><span style=\"font-family: Times New Roman, serif;color: #000000\"><span style=\"font-size: medium\">1) <b>Mediante el t\u00edtulo de Bachiller:<\/b><\/span><\/span><\/p>\n<p align=\"justify\"><span style=\"font-family: Times New Roman, serif;color: #000000\"><span style=\"font-size: medium\"><b>&#8211; Fase de acceso (hasta 10 puntos)<\/b>. Como cualquier alumno que haya aprobado Bachillerato, pueden acceder a los estudios de grado present\u00e1ndose a la Fase General de la PEVAU. Si tienen superada la prueba externa para la obtenci\u00f3n del t\u00edtulo de Baccalaur\u00e9at, no necesitar\u00e1n presentarse a las pruebas de Historia de Espa\u00f1a y 1\u00aa Lengua Extranjera de la PEVAU. La nota de dichas materias ser\u00e1 la obtenida en la prueba externa en las materias de Historia de Espa\u00f1a y Francia y Lengua y Literatura Francesas, respectivamente.<\/span><\/span><\/p>\n<p style=\"text-align: justify\"><span style=\"font-family: Times New Roman, serif;color: #000000\"><span style=\"font-size: medium\">La nota de acceso ser\u00e1 la media ponderada de las calificaciones de 1\u00ba y 2\u00ba de Bachillerato (60%) y de la Fase General de la PEVAU (40%).<\/span><\/span><\/p>\n<p><span style=\"font-family: Times New Roman, serif;color: #000000\"><span style=\"font-size: medium\">&#8211; <b>Fase de admisi\u00f3n (hasta 14 puntos).<\/b> <\/span><\/span><\/p>\n<p style=\"text-align: justify\"><span style=\"font-family: Times New Roman, serif;color: #000000\"><span style=\"font-size: medium\">Como cualquier alumno que haya aprobado Bachillerato, pueden presentarse a la Fase espec\u00edfica de la PEVAU para sumar hasta 4 puntos m\u00e1s, en funci\u00f3n de las ponderaciones.<\/span><\/span><\/p>\n<p style=\"text-align: justify\"><span style=\"font-family: Times New Roman, serif;color: #000000\"><span style=\"font-size: medium\"><b>2) Mediante el t\u00edtulo de Baccalaur\u00e9at:<\/b><\/span><\/span><\/p>\n<p style=\"text-align: justify\"><span style=\"font-family: Times New Roman, serif;color: #000000\"><span style=\"font-size: medium\"><b>&#8211; Fase de acceso (hasta 10 puntos). <\/b>Pueden acceder a los estudios de grado presentando simplemente el t\u00edtulo de Baccalaur\u00e9at.<\/span><\/span><\/p>\n<p style=\"text-align: justify\"><span style=\"color: #000000\"><span style=\"font-family: Times New Roman, serif\"><span style=\"font-size: medium\">La nota de acceso ser\u00e1 la de su titulaci\u00f3n de Baccalaur\u00e9at, es decir la media ponderada de las calificaciones de 1\u00ba y 2\u00ba de bachillerato (70%) y de la <\/span><\/span><span style=\"font-family: Times New Roman, serif\"><span style=\"font-size: medium\">prueba externa de Lengua y Literatura Francesas y de Historia de Espa\u00f1a y Francia (30%).<\/span><\/span><\/span><\/p>\n<p style=\"text-align: justify\"><span style=\"font-family: Times New Roman, serif;color: #000000\"><span style=\"font-size: medium\"><b>&#8211; Fase de admisi\u00f3n (hasta 14 puntos)<\/b>. Con el t\u00edtulo de Baccalaur\u00e9at, pueden presentarse tambi\u00e9n a la fase voluntaria de la PEVAU para sumar hasta 4 puntos m\u00e1s, en funci\u00f3n de las ponderaciones, en las mismas condiciones que cualquier alumno de Bachillerato.<\/span><\/span><\/p>\n<p style=\"text-align: justify\"><span style=\"font-family: Times New Roman, serif;color: #000000\"><span style=\"font-size: medium\">(Resoluci\u00f3n de 24 de julio de 2019, de la Secretar\u00eda de Estado de Educaci\u00f3n, Formaci\u00f3n Profesional y Universidades, para el curso 2019-2020.)<\/span><\/span><\/p>\n<p class=\"western\"><span style=\"font-family: Calibri, serif\"><span style=\"font-size: small\"><span style=\"color: #004a80\"><span style=\"font-family: Times New Roman, serif\"><span style=\"font-size: large\"><b>Acceso y admisi\u00f3n a la universidad francesa desde el programa Bachibac <\/b><\/span><\/span><\/span><\/span><\/span><\/p>\n<p style=\"text-align: justify\" align=\"justify\"><span style=\"font-family: Times New Roman, serif;color: #000000\"><span style=\"font-size: medium\">Los alumnos pueden acceder directamente a la universidad francesa con su t\u00edtulo de Baccalaur\u00e9at, siendo valorado muy positivamente en sus procesos de admisi\u00f3n el perfil de doble titulaci\u00f3n.<\/span><\/span><\/p>\n<p class=\"western\"><span style=\"font-family: Calibri, serif\"><span style=\"font-size: small\"><span style=\"color: #004a80\"><span style=\"font-family: Times New Roman, serif\"><span style=\"font-size: large\"><b>V. REQUISITOS E INSCRIPCI\u00d3N<\/b><\/span><\/span><\/span><\/span><\/span><\/p>\n<p style=\"text-align: justify\" align=\"justify\"><span style=\"font-family: Times New Roman, serif;color: #000000\"><span style=\"font-size: medium\">Podr\u00e1n ser admitidos en este programa los alumnos y alumnas que hayan cursado la Educaci\u00f3n secundaria obligatoria en una secci\u00f3n biling\u00fce hispano-francesa, los que hayan efectuado toda o parte de su escolaridad obligatoria en el sistema educativo de un pa\u00eds de lengua francesa, as\u00ed como los que puedan acreditar un nivel equivalente al B1 del Marco com\u00fan europeo de referencia para las lenguas, en el uso de la lengua francesa al comienzo del Bachillerato. (Art\u00edculo 4.3 R.D) (DELF \/EOI<span style=\"font-family: Calibri, serif\">)).<\/span><\/span><\/span><\/p>\n<p style=\"text-align: justify\" align=\"justify\"><span style=\"font-family: Times New Roman, serif;color: #000000\"><span style=\"font-size: medium\">En el periodo oficial de inscripci\u00f3n y\/o matriculaci\u00f3n de Bachillerato, deber\u00e1 rellenar <i>la Solicitud de admisi\u00f3n en el programa Bachibac<\/i>, que se adjunta m\u00e1s abajo.<\/span><\/span><\/p>\n<p align=\"justify\"><span style=\"font-family: Times New Roman, serif\"><span style=\"font-size: large\"><span style=\"color: #000000\"><a href=\"https:\/\/blogsaverroes.juntadeandalucia.es\/iestriana\/files\/2021\/02\/SOLICITUD-DE-ADMISI\u00d3N-EN-BACHIBAC.pdf\" target=\"_blank\" rel=\"noopener noreferrer\">SOLICITUD DE ADMISI\u00d3N EN BACHIBAC<\/a><\/span><\/span><\/span><\/p>\n<blockquote>\n<p style=\"text-align: justify\" align=\"justify\"><span style=\"color: #000000\">OTROS ENLACES DE INTER\u00c9S<\/span><\/p>\n<\/blockquote>\n<ul>\n<li><a href=\"https:\/\/www.youtube.com\/watch?v=inJDzvFV1rA&amp;t=7s\" target=\"_blank\" rel=\"noopener noreferrer\">Destination Francophonie S\u00e9ville<\/a><\/li>\n<li><a href=\"https:\/\/blogsaverroes.juntadeandalucia.es\/iestriana\/files\/2021\/02\/Bachibac-19-20-PRESENTACION-PUERTAS-ABIERTAS.pdf\">Presentaci\u00f3n: PROGRAMA DE DOBLE TITULACI\u00d3N DE BACHILLER Y BACCALAUR\u00c9AT EN CENTROS DOCENTES ESPA\u00d1OLES<\/a><\/li>\n<li><a href=\"https:\/\/www.educacionyfp.gob.es\/mc\/bachibac\/presentacion.html\" target=\"_blank\" rel=\"noopener noreferrer\">WEB Bachibac del Ministerio de Educaci\u00f3n <\/a><\/li>\n<li><a href=\"https:\/\/www.juntadeandalucia.es\/educacion\/portals\/web\/ced\/programa-bachibac\" target=\"_blank\" rel=\"noopener noreferrer\">Web Bachibac de la Junta de Andaluc\u00eda<\/a><\/li>\n<li><a href=\"https:\/\/blogsaverroes.juntadeandalucia.es\/iestriana\/files\/2015\/03\/Estudiar-en-Francia.pdf\" target=\"_blank\" rel=\"noopener noreferrer\">Estudiar en Francia<\/a><\/li>\n<\/ul>\n<p align=\"justify\">&nbsp;<img loading=\"lazy\" decoding=\"async\" class=\" wp-image-5128 alignleft\" src=\"https:\/\/blogsaverroes.juntadeandalucia.es\/iestriana\/files\/2021\/02\/bachibac06.png\" alt=\"\" width=\"187\" height=\"107\">&nbsp;&nbsp; <img loading=\"lazy\" decoding=\"async\" class=\"size-full wp-image-5129 alignleft\" src=\"https:\/\/blogsaverroes.juntadeandalucia.es\/iestriana\/files\/2021\/02\/bachibac07.gif\" alt=\"\" width=\"297\" height=\"72\"><img loading=\"lazy\" decoding=\"async\" class=\"alignleft wp-image-5126 size-full\" src=\"https:\/\/blogsaverroes.juntadeandalucia.es\/iestriana\/files\/2021\/02\/bachibac08.png\" alt=\"\" width=\"134\" height=\"105\"><\/p>\n","protected":false},"excerpt":{"rendered":"<p>PROGRAMA BACHIBAC Bachibac es un programa de doble titulaci\u00f3n que brinda al alumnado la posibilidad de&nbsp;alcanzar simult\u00e1neamente el T\u00edtulo de Bachiller espa\u00f1ol y el Dipl\u00f4me du Baccalaur\u00e9at franc\u00e9s&nbsp;al t\u00e9rmino de sus estudios secundarios postobligatorios. Este programa de excelencia se puede cursar en los centros escolares de ambos pa\u00edses en los que se oferte el curr\u00edculo mixto. Bachibac nace al amparo&#46;&#46;&#46;<\/p>\n","protected":false},"author":2000,"featured_media":0,"parent":0,"menu_order":0,"comment_status":"closed","ping_status":"closed","template":"","meta":{"ngg_post_thumbnail":0,"footnotes":"","_mc_calendar":[]},"aioseo_notices":[],"_links":{"self":[{"href":"https:\/\/blogsaverroes.juntadeandalucia.es\/iestriana\/wp-json\/wp\/v2\/pages\/5048"}],"collection":[{"href":"https:\/\/blogsaverroes.juntadeandalucia.es\/iestriana\/wp-json\/wp\/v2\/pages"}],"about":[{"href":"https:\/\/blogsaverroes.juntadeandalucia.es\/iestriana\/wp-json\/wp\/v2\/types\/page"}],"author":[{"embeddable":true,"href":"https:\/\/blogsaverroes.juntadeandalucia.es\/iestriana\/wp-json\/wp\/v2\/users\/2000"}],"replies":[{"embeddable":true,"href":"https:\/\/blogsaverroes.juntadeandalucia.es\/iestriana\/wp-json\/wp\/v2\/comments?post=5048"}],"version-history":[{"count":23,"href":"https:\/\/blogsaverroes.juntadeandalucia.es\/iestriana\/wp-json\/wp\/v2\/pages\/5048\/revisions"}],"predecessor-version":[{"id":5953,"href":"https:\/\/blogsaverroes.juntadeandalucia.es\/iestriana\/wp-json\/wp\/v2\/pages\/5048\/revisions\/5953"}],"wp:attachment":[{"href":"https:\/\/blogsaverroes.juntadeandalucia.es\/iestriana\/wp-json\/wp\/v2\/media?parent=5048"}],"curies":[{"name":"wp","href":"https:\/\/api.w.org\/{rel}","templated":true}]}}