{"id":2198,"date":"2023-11-15T08:11:25","date_gmt":"2023-11-15T07:11:25","guid":{"rendered":"https:\/\/blogsaverroes.juntadeandalucia.es\/iesvalledelalmanzora\/?page_id=2198"},"modified":"2025-11-12T13:39:26","modified_gmt":"2025-11-12T12:39:26","slug":"plan-de-centro","status":"publish","type":"page","link":"https:\/\/blogsaverroes.juntadeandalucia.es\/iesvalledelalmanzora\/plan-de-centro\/","title":{"rendered":"PLAN DE CENTRO"},"content":{"rendered":"<p><span style=\"color: #000000\">El Plan de Centro del IES Valle del Almanzora se puede consultar al completo en el siguiente enlace:<\/span>&nbsp;<span style=\"color: #0000ff\"><strong><a style=\"color: #0000ff\" href=\"https:\/\/drive.google.com\/drive\/folders\/1Z7NUhPGvWvVisC8qyiHhK2MqVGYxF8Oy?usp=sharing\" target=\"_blank\" rel=\"noopener noreferrer\">PLAN DE CENTRO<\/a><\/strong><\/span>&nbsp;<\/p>\n<p><span style=\"color: #000000\">El Plan de Centro consta de los siguientes documentos:<\/span><\/p>\n<ul>\n<li>\n<p lang=\"zxx\" align=\"justify\"><span style=\"font-family: 'Noto Sans HK', sans-serif;color: #000080;font-size: 12pt\"><b>PROYECTO EDUCATIVO<\/b><\/span><\/p>\n<\/li>\n<\/ul>\n<p lang=\"zxx\" align=\"justify\"><span style=\"font-family: 'Noto Sans HK', sans-serif;color: #000000\"><span style=\"font-size: small\"><b>Proyecto Educativo<\/b><\/span><\/span><\/p>\n<p lang=\"zxx\" align=\"justify\"><span style=\"font-family: 'Noto Sans HK', sans-serif;color: #000000\"><span style=\"font-size: small\"><b>Anexo I<\/b>. Plan de Actuaci\u00f3n Tratamiento de la Lectura<\/span><\/span><\/p>\n<p lang=\"zxx\" align=\"justify\"><span style=\"font-family: 'Noto Sans HK', sans-serif;color: #000000\"><span style=\"font-size: small\"><b>Anexo II<\/b>. Plan de Fomento del Razonamiento Matem\u00e1tico<\/span><\/span><\/p>\n<p lang=\"zxx\" align=\"justify\"><span style=\"font-family: 'Noto Sans HK', sans-serif;color: #000000\"><span style=\"font-size: small\"><b>Anexo III<\/b>. Plan de Orientaci\u00f3n y Acci\u00f3n Tutorial<\/span><\/span><\/p>\n<p lang=\"zxx\" align=\"justify\"><span style=\"font-family: 'Noto Sans HK', sans-serif;color: #000000\"><span style=\"font-size: small\">&#8211; <b><i>Plan de de Orientaci\u00f3n y Acci\u00f3n Tutorial<\/i><\/b><\/span><\/span><\/p>\n<p lang=\"zxx\" align=\"justify\"><span style=\"font-family: 'Noto Sans HK', sans-serif;color: #000000\"><span style=\"font-size: small\"><b>Anexo I<\/b>. Plan de Prevenci\u00f3n de Absentismo Escolar<\/span><\/span><\/p>\n<p lang=\"zxx\" align=\"justify\"><span style=\"font-family: 'Noto Sans HK', sans-serif;color: #000000\"><span style=\"font-size: small\"><b>Anexo II<\/b>. Plan de Actuaci\u00f3n frente al Absentismo Escolar<\/span><\/span><\/p>\n<p lang=\"zxx\" align=\"justify\"><span style=\"font-family: 'Noto Sans HK', sans-serif;color: #000000\"><span style=\"font-size: small\">&#8211; <i><b>Forma de Atenci\u00f3n a la Diversidad<\/b><\/i><\/span><\/span><\/p>\n<p><span style=\"font-family: 'Noto Sans HK', sans-serif;color: #000000\"><span style=\"font-size: small\">La Forma de Atenci\u00f3n a la Diversidad<\/span><\/span><\/p>\n<p lang=\"zxx\" align=\"justify\"><span style=\"font-family: 'Noto Sans HK', sans-serif;color: #000000\"><span style=\"font-size: small\">&nbsp; &nbsp; &nbsp;Anexo I. Protocolo de Detecci\u00f3n, Identificaci\u00f3n de alumnado NEAE y organizaci\u00f3n de la respuesta educativa<\/span><\/span><\/p>\n<p lang=\"zxx\" align=\"justify\"><span style=\"font-family: 'Noto Sans HK', sans-serif;color: #000000\"><span style=\"font-size: small\">&nbsp; &nbsp; &nbsp;Anexo II. Programaci\u00f3n AAI.<\/span><\/span><\/p>\n<p lang=\"zxx\" align=\"justify\"><span style=\"color: #000000\"><span style=\"font-family: Noto Sans HK, sans-serif\"><span style=\"font-size: small\">&nbsp; &nbsp; &nbsp;Anexo II<\/span><\/span><span style=\"font-family: Noto Sans HK, sans-serif\"><span style=\"font-size: small\">I<\/span><\/span><span style=\"font-family: Noto Sans HK, sans-serif\"><span style=\"font-size: small\">. P<\/span><\/span><span style=\"font-family: Noto Sans HK, sans-serif\"><span style=\"font-size: small\"><span lang=\"zxx\">rogramas de Refuerzo del Aprendizaje<\/span><\/span><\/span><\/span><\/p>\n<p lang=\"zxx\" align=\"justify\"><span style=\"color: #000000\"><span style=\"font-family: Noto Sans HK, sans-serif\"><span style=\"font-size: small\">&nbsp; &nbsp; &nbsp;Anexo I<\/span><\/span><span style=\"font-family: Noto Sans HK, sans-serif\"><span style=\"font-size: small\">V<\/span><\/span><span style=\"font-family: Noto Sans HK, sans-serif\"><span style=\"font-size: small\">. Programa<\/span><\/span><span style=\"font-family: Noto Sans HK, sans-serif\"><span style=\"font-size: small\"><span lang=\"zxx\">s de Profundizaci\u00f3n<\/span><\/span><\/span><\/span><\/p>\n<p lang=\"zxx\" align=\"justify\"><span style=\"font-family: 'Noto Sans HK', sans-serif;color: #000000\"><span style=\"font-size: small\">&nbsp; &nbsp; &nbsp;Anexo V. Compromiso Educativo<\/span><\/span><\/p>\n<p lang=\"zxx\" align=\"justify\"><span style=\"font-family: 'Noto Sans HK', sans-serif;color: #000000\"><span style=\"font-size: small\">&nbsp; &nbsp; &nbsp;Anexo VI. Compromiso de Convivencia<\/span><\/span><\/p>\n<p lang=\"zxx\" align=\"justify\"><span style=\"font-family: 'Noto Sans HK', sans-serif;color: #000000\"><span style=\"font-size: small\">&nbsp; &nbsp; &nbsp;Anexo VII. Hoja de Seguimiento de Trabajo y Actitud<\/span><\/span><\/p>\n<p lang=\"zxx\" align=\"justify\"><span style=\"font-family: 'Noto Sans HK', sans-serif;color: #000000\"><span style=\"font-size: small\"><b>&nbsp; &nbsp; &nbsp;Anexo VIII<\/b>. Programaci\u00f3n \u00c1rea Ling\u00fc\u00edstica de Car\u00e1cter Transversal<\/span><\/span><\/p>\n<p lang=\"zxx\" align=\"justify\"><span style=\"color: #000000\"><span style=\"font-family: Noto Sans HK, sans-serif\"><span style=\"font-size: small\">&#8211; <\/span><\/span><span style=\"font-family: Noto Sans HK, sans-serif\"><span style=\"font-size: small\"><i><b>P<\/b><\/i><\/span><\/span><span style=\"font-family: Noto Sans HK, sans-serif\"><span style=\"font-size: small\"><span lang=\"zxx\"><i><b>rograma de Diversificaci\u00f3n Curricular (PDC)<\/b><\/i><\/span><\/span><\/span><\/span><\/p>\n<p lang=\"zxx\" align=\"justify\"><span style=\"color: #000000\"><span style=\"font-family: Noto Sans HK, sans-serif\"><span style=\"font-size: small\">&nbsp; &nbsp; &nbsp;Programaci\u00f3n <\/span><\/span><span style=\"font-family: Noto Sans HK, sans-serif\"><span style=\"font-size: small\"><span lang=\"zxx\">PDC<\/span><\/span><\/span><span style=\"font-family: Noto Sans HK, sans-serif\"><span style=\"font-size: small\"> IES Valle del Almanzora.<\/span><\/span><\/span><\/p>\n<p lang=\"zxx\" align=\"justify\"><span style=\"color: #000000\"><span style=\"font-family: Noto Sans HK, sans-serif\"><span style=\"font-size: small\">&nbsp; &nbsp; &nbsp;Anexo <\/span><\/span><span style=\"font-family: Noto Sans HK, sans-serif\"><span style=\"font-size: small\">I<\/span><\/span><span style=\"font-family: Noto Sans HK, sans-serif\"><span style=\"font-size: small\">. Profesorado y alumnado<\/span><\/span><\/span><\/p>\n<p lang=\"zxx\" align=\"justify\"><span style=\"font-family: 'Noto Sans HK', sans-serif;color: #000000\"><span style=\"font-size: small\">&#8211; <i><b>Tr\u00e1nsito<\/b><\/i><\/span><\/span><\/p>\n<p lang=\"zxx\" align=\"justify\"><span style=\"color: #000000\"><span style=\"font-family: Noto Sans HK, sans-serif\"><span style=\"font-size: small\">&nbsp; &nbsp; &nbsp;Programa de Tr\u00e1nsito IES Valle del Almanzora.<\/span><\/span><\/span><\/p>\n<p lang=\"zxx\" align=\"justify\"><span style=\"font-family: 'Noto Sans HK', sans-serif;color: #000000\"><span style=\"font-size: small\">&nbsp; &nbsp; &nbsp;Guion Primera Reuni\u00f3n madres y padres<\/span><\/span><\/p>\n<p lang=\"zxx\" align=\"justify\"><span style=\"font-family: 'Noto Sans HK', sans-serif;color: #000000\"><span style=\"font-size: small\">&nbsp; &nbsp; &nbsp;Guion Reuni\u00f3n madres y padres alumnado de nueva incorporaci\u00f3n<\/span><\/span><\/p>\n<p lang=\"zxx\" align=\"justify\"><span style=\"font-family: 'Noto Sans HK', sans-serif;color: #000000\"><span style=\"font-size: small\"><b>Anexo IV<\/b>. Plan de Convivencia (<em>Incluye Protocolo de Derivaci\u00f3n a Mediaci\u00f3n<\/em>)<\/span><\/span><\/p>\n<p lang=\"zxx\" align=\"justify\"><span style=\"font-family: 'Noto Sans HK', sans-serif;color: #000000\"><span style=\"font-size: small\"><b>Anexo V<\/b>. Plan de Formaci\u00f3n IES Valle del Almanzora<\/span><\/span><\/p>\n<p lang=\"zxx\" align=\"justify\"><span style=\"color: #000000\"><span style=\"font-family: Noto Sans HK, sans-serif\"><span style=\"font-size: small\"><b>Anexo VI<\/b><\/span><\/span><span style=\"font-family: Noto Sans HK, sans-serif\"><span style=\"font-size: small\">. <\/span><\/span><span style=\"font-family: Noto Sans HK, sans-serif\"><span style=\"font-size: small\"><span lang=\"zxx\">Plan de Actuaci\u00f3n Digital<\/span><\/span><\/span><\/span><\/p>\n<p lang=\"zxx\" align=\"justify\"><span style=\"font-family: 'Noto Sans HK', sans-serif;color: #000000\"><span style=\"font-size: small\"><b>Anexo VII<\/b>. Compromiso de Uso Responsable de Equipos y Dispositivos<\/span><\/span><\/p>\n<p lang=\"zxx\" align=\"justify\"><span style=\"font-family: 'Noto Sans HK', sans-serif;color: #000000\"><span style=\"font-size: small\"><b>Anexo VIII<\/b>. Plan de Actuaci\u00f3n de la Biblioteca<\/span><\/span><\/p>\n<ul>\n<li>\n<p lang=\"zxx\" align=\"justify\"><span style=\"font-family: 'Noto Sans HK', sans-serif;color: #000080;font-size: 12pt\"><b>REGLAMENTO DE ORGANIZACI\u00d3N Y FUNCIONAMIENTO<\/b><\/span><b><\/b><b><\/b><\/p>\n<\/li>\n<\/ul>\n<p lang=\"zxx\" align=\"justify\"><b><\/b><span style=\"font-family: 'Noto Sans HK', sans-serif;color: #000000\"><span style=\"font-size: small\"><b>Reglamento de Organizaci\u00f3n y Funcionamiento.<\/b><\/span><\/span><\/p>\n<p lang=\"zxx\" align=\"justify\"><span style=\"color: #000000\"><span style=\"font-family: Noto Sans HK, sans-serif\"><span style=\"font-size: small\"><b>Anexo <\/b><\/span><\/span><span style=\"font-family: Noto Sans HK, sans-serif\"><span style=\"font-size: small\"><span lang=\"zxx\"><b>I<\/b><\/span><\/span><\/span><span style=\"font-family: Noto Sans HK, sans-serif\"><span style=\"font-size: small\">. <\/span><\/span><span style=\"font-family: Noto Sans HK, sans-serif\"><span style=\"font-size: small\"><span lang=\"zxx\">Plan de Autoprotecci\u00f3n del Centro<\/span><\/span><\/span><\/span><\/p>\n<p lang=\"zxx\" align=\"justify\"><span style=\"color: #000000\"><span style=\"font-family: Noto Sans HK, sans-serif\"><span style=\"font-size: small\"><span lang=\"zxx\"><b>Anexo II<\/b><\/span><\/span><\/span><span style=\"font-family: Noto Sans HK, sans-serif\"><span style=\"font-size: small\"><span lang=\"zxx\">. <\/span><\/span><\/span><span style=\"font-family: Noto Sans HK, sans-serif\"><span style=\"font-size: small\"><span lang=\"zxx\">Protocolo Olas de Calor o Altas Temperaturas<\/span><\/span><\/span><\/span><\/p>\n<p lang=\"zxx\" align=\"justify\"><span style=\"color: #000000\"><span style=\"font-family: Noto Sans HK, sans-serif\"><span style=\"font-size: small\"><b>Anexo <\/b><\/span><\/span><span style=\"font-family: Noto Sans HK, sans-serif\"><span style=\"font-size: small\"><span lang=\"zxx\"><b>III<\/b><\/span><\/span><\/span><span style=\"font-family: Noto Sans HK, sans-serif\"><span style=\"font-size: small\">. <\/span><\/span><span style=\"font-family: Noto Sans HK, sans-serif\"><span style=\"font-size: small\"><span lang=\"zxx\">Plan de Acogida de Profesorado de Nueva Incorporaci\u00f3n<\/span><\/span><\/span><\/span><\/p>\n<p lang=\"zxx\" align=\"justify\"><span style=\"color: #000000\"><span style=\"font-family: Noto Sans HK, sans-serif\"><span style=\"font-size: small\"><span lang=\"zxx\"><b>Anexo IV<\/b><\/span><\/span><\/span><span style=\"font-family: Noto Sans HK, sans-serif\"><span style=\"font-size: small\"><span lang=\"zxx\">. <\/span><\/span><\/span><span style=\"font-family: Noto Sans HK, sans-serif\"><span style=\"font-size: small\"><span lang=\"zxx\">Baremo para la selecci\u00f3n de libros de texto del PGLT<\/span><\/span><\/span><\/span><\/p>\n<ul>\n<li>\n<p lang=\"zxx\" align=\"justify\"><span style=\"font-family: 'Noto Sans HK', sans-serif;color: #000080;font-size: 12pt\"><b>PROYECTO DE GESTI\u00d3N<\/b><\/span><\/p>\n<\/li>\n<\/ul>\n<p>&nbsp;<\/p>\n<ul>\n<li>\n<p lang=\"zxx\" align=\"justify\"><span style=\"font-family: 'Noto Sans HK', sans-serif;color: #000080;font-size: 12pt\"><b>PROTOCOLOS<\/b><\/span><\/p>\n<\/li>\n<\/ul>\n<p lang=\"zxx\" align=\"justify\"><span style=\"font-family: 'Noto Sans HK', sans-serif;color: #000000\"><span style=\"font-size: small\">Protocolo de Cambio de Identidad de G\u00e9nero<\/span><\/span><\/p>\n<p lang=\"zxx\" align=\"justify\"><span style=\"font-family: 'Noto Sans HK', sans-serif;color: #000000\"><span style=\"font-size: small\">ANEXO Enfermedad-Accidente Alumnado<\/span><\/span><\/p>\n<p lang=\"zxx\" align=\"justify\"><span style=\"font-family: 'Noto Sans HK', sans-serif;color: #000000\"><span style=\"font-size: small\">Instrucciones protocolo de ciberacoso<\/span><\/span><\/p>\n<p lang=\"zxx\" align=\"justify\"><span style=\"font-family: 'Noto Sans HK', sans-serif;color: #000000\"><span style=\"font-size: small\">Normas actuaci\u00f3n incendio<\/span><\/span><\/p>\n<p lang=\"zxx\" align=\"justify\"><span style=\"font-family: 'Noto Sans HK', sans-serif;color: #000000\"><span style=\"font-size: small\">Protocolo Accidente<\/span><\/span><\/p>\n<p lang=\"zxx\" align=\"justify\"><span style=\"font-family: 'Noto Sans HK', sans-serif;color: #000000\"><span style=\"font-size: small\">Protocolo acoso escolar<\/span><\/span><\/p>\n<p lang=\"zxx\" align=\"justify\"><span style=\"font-family: 'Noto Sans HK', sans-serif;color: #000000\"><span style=\"font-size: small\">Protocolo Conductas Suicidas y Autolesiones<\/span><\/span><\/p>\n<p lang=\"zxx\" align=\"justify\"><span style=\"font-family: 'Noto Sans HK', sans-serif;color: #000000\"><span style=\"font-size: small\">Protocolo Pediculosis<\/span><\/span><\/p>\n<p lang=\"zxx\" align=\"justify\"><span style=\"font-family: 'Noto Sans HK', sans-serif;color: #000000\"><span style=\"font-size: small\">Protocolo agresi\u00f3n profesorado<\/span><\/span><\/p>\n<p lang=\"zxx\" align=\"justify\"><span style=\"font-family: 'Noto Sans HK', sans-serif;color: #000000\"><span style=\"font-size: small\">Protocolo maltrato infantil<\/span><\/span><\/p>\n<p lang=\"zxx\" align=\"justify\"><span style=\"font-family: 'Noto Sans HK', sans-serif;color: #000000\"><span style=\"font-size: small\">&#8211; Protocolo padres separados<\/span><\/span><\/p>\n<p lang=\"zxx\" align=\"justify\"><span style=\"font-family: 'Noto Sans HK', sans-serif;color: #000000\"><span style=\"font-size: small\">Protocolo violencia genero<\/span><\/span><\/p>\n<p lang=\"zxx\" align=\"justify\"><span style=\"font-family: 'Noto Sans HK', sans-serif;color: #000000\"><span style=\"font-size: small\">riesgos.guia_simulacros_carm.oct10<\/span><\/span><\/p>\n<p lang=\"zxx\" align=\"justify\">&nbsp;<\/p>\n<ul>\n<li>\n<p lang=\"zxx\" align=\"justify\"><span style=\"font-family: 'Noto Sans HK', sans-serif;color: #000080;font-size: 12pt\"><b>PLAN DE MEJORA 25<\/b><b>-26<\/b><\/span><\/p>\n<\/li>\n<\/ul>\n<p>&nbsp;<\/p>\n<ul>\n<li>\n<p lang=\"zxx\" align=\"justify\"><span style=\"font-family: 'Noto Sans HK', sans-serif;color: #000000;font-size: 12pt\"><b><span style=\"color: #000080\">Calendario reuniones \u00d3rganos del Centro 25-26<\/span>.<\/b><\/span><\/p>\n<\/li>\n<\/ul>\n","protected":false},"excerpt":{"rendered":"<p>El Plan de Centro del IES Valle del Almanzora se puede consultar al completo en el siguiente enlace:&nbsp;PLAN DE CENTRO&nbsp; El Plan de Centro consta de los siguientes documentos: PROYECTO EDUCATIVO Proyecto Educativo Anexo I. Plan de Actuaci\u00f3n Tratamiento de la Lectura Anexo II. Plan de Fomento del Razonamiento Matem\u00e1tico Anexo III. Plan de Orientaci\u00f3n [&hellip;]<\/p>\n","protected":false},"author":12871,"featured_media":0,"parent":0,"menu_order":0,"comment_status":"closed","ping_status":"closed","template":"","meta":{"_et_pb_use_builder":"","_et_pb_old_content":"","_et_gb_content_width":"","ngg_post_thumbnail":0,"footnotes":""},"aioseo_notices":[],"_links":{"self":[{"href":"https:\/\/blogsaverroes.juntadeandalucia.es\/iesvalledelalmanzora\/wp-json\/wp\/v2\/pages\/2198"}],"collection":[{"href":"https:\/\/blogsaverroes.juntadeandalucia.es\/iesvalledelalmanzora\/wp-json\/wp\/v2\/pages"}],"about":[{"href":"https:\/\/blogsaverroes.juntadeandalucia.es\/iesvalledelalmanzora\/wp-json\/wp\/v2\/types\/page"}],"author":[{"embeddable":true,"href":"https:\/\/blogsaverroes.juntadeandalucia.es\/iesvalledelalmanzora\/wp-json\/wp\/v2\/users\/12871"}],"replies":[{"embeddable":true,"href":"https:\/\/blogsaverroes.juntadeandalucia.es\/iesvalledelalmanzora\/wp-json\/wp\/v2\/comments?post=2198"}],"version-history":[{"count":6,"href":"https:\/\/blogsaverroes.juntadeandalucia.es\/iesvalledelalmanzora\/wp-json\/wp\/v2\/pages\/2198\/revisions"}],"predecessor-version":[{"id":2425,"href":"https:\/\/blogsaverroes.juntadeandalucia.es\/iesvalledelalmanzora\/wp-json\/wp\/v2\/pages\/2198\/revisions\/2425"}],"wp:attachment":[{"href":"https:\/\/blogsaverroes.juntadeandalucia.es\/iesvalledelalmanzora\/wp-json\/wp\/v2\/media?parent=2198"}],"curies":[{"name":"wp","href":"https:\/\/api.w.org\/{rel}","templated":true}]}}