{"id":2208,"date":"2023-11-29T09:59:01","date_gmt":"2023-11-29T08:59:01","guid":{"rendered":"https:\/\/blogsaverroes.juntadeandalucia.es\/iesvalledelalmanzora\/?page_id=2208"},"modified":"2025-10-16T07:49:33","modified_gmt":"2025-10-16T06:49:33","slug":"solicitud-movilidades","status":"publish","type":"page","link":"https:\/\/blogsaverroes.juntadeandalucia.es\/iesvalledelalmanzora\/solicitud-movilidades\/","title":{"rendered":"Solicitud MOVILIDADES"},"content":{"rendered":"<p><img loading=\"lazy\" decoding=\"async\" class=\"aligncenter size-full wp-image-2193\" src=\"https:\/\/blogsaverroes.juntadeandalucia.es\/iesvalledelalmanzora\/files\/2023\/10\/Logos-Erasmus-.jpg\" alt=\"\" width=\"908\" height=\"118\" srcset=\"https:\/\/blogsaverroes.juntadeandalucia.es\/iesvalledelalmanzora\/files\/2023\/10\/Logos-Erasmus-.jpg 908w, https:\/\/blogsaverroes.juntadeandalucia.es\/iesvalledelalmanzora\/files\/2023\/10\/Logos-Erasmus--480x62.jpg 480w\" sizes=\"(min-width: 0px) and (max-width: 480px) 480px, (min-width: 481px) 908px, 100vw\" \/><\/p>\n<p lang=\"zxx\" align=\"center\"><span style=\"color: #000000;font-size: 14pt;font-family: verdana, geneva, sans-serif\"><b>SELECCI\u00d3N DE ALUMNADO PARA EL PROYECTO ERASMUS+<\/b><\/span><\/p>\n<p lang=\"zxx\" align=\"center\"><span style=\"color: #000000;font-size: 14pt;font-family: verdana, geneva, sans-serif\"><b>&#8220;Students Mediate&#8221; Movilidad 2025-2026.<\/b><\/span><\/p>\n<p lang=\"zxx\" align=\"center\"><span style=\"color: #000000;font-size: 14pt\"> <span style=\"font-family: Noto Sans HK, sans-serif\"><b>&#8220;Riverbeds Guardians Cantoria&#8221;<\/b><\/span><\/span><\/p>\n<p lang=\"zxx\" align=\"justify\"><span style=\"color: #000000;font-family: verdana, geneva, sans-serif\">&nbsp; &nbsp;El proyecto 2025-1-ES01-KA121-SCH-000317042 asignado a nuestro centro para el presente curso est\u00e1 centrado en la Mediaci\u00f3n Escolar y Medio Ambiente.<\/span><\/p>\n<p lang=\"zxx\" align=\"justify\"><span style=\"font-family: verdana, geneva, sans-serif\"><span style=\"color: #000000\">&nbsp; &nbsp;Du<\/span><span style=\"color: #000000\">r<\/span><span style=\"color: #000000\">ante este curso escola<\/span><span style=\"color: #000000\">r<\/span><span style=\"color: #000000\"> e<\/span><span style=\"color: #000000\">l proyecto <\/span><span style=\"color: #000000\">Erasmus+ de nuestro centro, <\/span><span style=\"color: #000000\">enmarcado en<\/span><span style=\"color: #000000\"> la Mediaci\u00f3n <\/span><span style=\"color: #000000\">Escolar<\/span><span style=\"color: #000000\">, <\/span><span style=\"color: #000000\">va dirigido<\/span> <span style=\"color: #000000\">a<\/span><span style=\"color: #000000\"> cumplir <\/span><span style=\"color: #000000\">un<\/span><span style=\"color: #000000\"> objetivo dedicado al Medioambiente. <\/span><span style=\"color: #000000\">S<\/span><span style=\"color: #000000\">e trata de <\/span><span style=\"color: #000000\">b\u00fasqueda y limpieza de residuos dentro del cauce del r\u00edo y las ramblas que vierten sus aguas en \u00e9l<\/span><span style=\"color: #000000\">.<\/span> <span style=\"color: #000000\">Al mismo tiempo intentaremos localizar vertederos ilegales y realizar un mapa interactivo a trav\u00e9s de la aplicaci\u00f3n Google Earth. Al final interemos acudir a un pleno de los ayuntamientos implicados para poner en conocimiento de los responsables de los responsables p\u00fablicos competentes.<\/span><\/span><\/p>\n<p lang=\"zxx\" align=\"justify\"><span style=\"color: #000000;font-family: verdana, geneva, sans-serif\"> Para participar en este proyecto desde el centro estamos contactando con centros europeos que trabajen en en \u00e1mbito similar, sobre el tratamiento de residuos.<\/span><\/p>\n<p lang=\"zxx\" align=\"justify\"><span style=\"color: #000000;font-family: verdana, geneva, sans-serif\"> Se nos han concedido 9 movilidades de alumnado para viajar a un pa\u00eds europeo, durante un per\u00edodo de 7 d\u00edas. Los\/las participantes deber\u00e1n firmar un &#8220;Compromiso de Acogida y Difusi\u00f3n&#8221; que se adjuntar\u00e1 a esta convocatoria, as\u00ed como los requisitos que pasamos a detallar:<\/span><\/p>\n<ul>\n<li>\n<p lang=\"zxx\" align=\"justify\"><span style=\"color: #000000;font-family: verdana, geneva, sans-serif\">Presentar firmado el &#8220;<span style=\"text-decoration: underline\"><a href=\"https:\/\/drive.google.com\/file\/d\/1-fbje1tpp5eQHrdYUOEcRstxP7qVBl7l\/view?usp=sharing\" target=\"_blank\" rel=\"noopener\">Compromiso de Acogida y Difusi\u00f3n<\/a><\/span>&#8220;, por el alumnado y por los tutores legales.<\/span><\/p>\n<\/li>\n<li>\n<p lang=\"zxx\" align=\"justify\"><span style=\"color: #000000;font-family: verdana, geneva, sans-serif\">Estar cursando 4\u00ba de la ESO o 1\u00ba de Bachillerato.<\/span><\/p>\n<\/li>\n<li>\n<p lang=\"zxx\" align=\"justify\"><span style=\"color: #000000;font-family: verdana, geneva, sans-serif\">No incurrir en m\u00e1s de una conducta contraria o no haber incurrido en ninguna conducta gravemente perjudicial para la convivencia del centro.<\/span><\/p>\n<\/li>\n<\/ul>\n<p>&nbsp;<\/p>\n<p lang=\"zxx\" align=\"justify\"><span style=\"color: #000000;font-family: verdana, geneva, sans-serif\">PROCESO DE SELECCI\u00d3N:<\/span><\/p>\n<ul>\n<li lang=\"zxx\"><span style=\"font-family: verdana, geneva, sans-serif;color: #000000\">Haber participado en la Formaci\u00f3n en Mediaci\u00f3n impartida en el Centro: 1 punto.<\/span><\/li>\n<li lang=\"zxx\"><span style=\"font-family: verdana, geneva, sans-serif;color: #000000\">Calificaci\u00f3n en la materia de Ingl\u00e9s: 0,1 puntos por n\u00famero entero en la calificaci\u00f3n de la materia en el curso 2024-2025.<\/span><\/li>\n<li><span style=\"font-family: verdana, geneva, sans-serif;color: #000000\">Haber recibido a un\/a estudiante ateniense durante su estancia en nuestro Centro en el curso 2024-2025, no habiendo tenido la posibilidad de devolver la visita a Grecia (5 puntos).<\/span><\/li>\n<li><span style=\"font-family: verdana, geneva, sans-serif;color: #000000\">Recibir a un alumno\/a de intercambio durante el curso 2025-2026 (5 puntos).<\/span><\/li>\n<\/ul>\n<p>&nbsp;<\/p>\n<p lang=\"zxx\" align=\"justify\"><span style=\"color: #000000;font-family: verdana, geneva, sans-serif\"> La recepci\u00f3n de las solicitudes se har\u00e1n por medios telem\u00e1ticos:<\/span><\/p>\n<ul>\n<li>\n<p lang=\"zxx\" align=\"justify\"><span style=\"color: #000000;font-family: verdana, geneva, sans-serif\">V\u00eda PASEN a la Direcci\u00f3n del Centro<\/span><\/p>\n<\/li>\n<li>\n<p lang=\"zxx\" align=\"justify\"><span style=\"font-family: verdana, geneva, sans-serif\"><span style=\"color: #000000\">V\u00eda email: <\/span><span style=\"text-decoration: underline\"><a href=\"mailto:04001931.edu@juntadeandalucia.es\">04001931.edu@juntadeandalucia.es<\/a><\/span><\/span><\/p>\n<\/li>\n<\/ul>\n<p>&nbsp;<\/p>\n<p lang=\"zxx\" align=\"justify\"><span style=\"font-family: verdana, geneva, sans-serif;color: #000000\">El plazo de entrega de solicitudes ser\u00e1 <strong>del 20 de octubre al 3 de noviembre de 2025<\/strong>, ambos inclusive. <\/span><\/p>\n<p lang=\"zxx\" align=\"justify\"><span style=\"font-family: verdana, geneva, sans-serif;color: #000000\">El 4 de noviembre se publicar\u00e1 una lista provisional con los seleccionados\/as. A partir de dicha publicaci\u00f3n se habilitar\u00e1 un plazo de alegaciones que finalizar\u00e1 el <strong>11 de noviembre a las 23:59 h<\/strong>. <\/span><\/p>\n<p lang=\"zxx\" align=\"justify\"><span style=\"font-family: verdana, geneva, sans-serif;color: #000000\">La publicaci\u00f3n definitiva del alumnado seleccionado se har\u00e1 el <strong>12 de noviembre de 2025<\/strong> a trav\u00e9s de la web del centro y del Tabl\u00f3n de Anuncios de S\u00e9neca.<\/span><\/p>\n","protected":false},"excerpt":{"rendered":"<p>SELECCI\u00d3N DE ALUMNADO PARA EL PROYECTO ERASMUS+ &#8220;Students Mediate&#8221; Movilidad 2025-2026. &#8220;Riverbeds Guardians Cantoria&#8221; &nbsp; &nbsp;El proyecto 2025-1-ES01-KA121-SCH-000317042 asignado a nuestro centro para el presente curso est\u00e1 centrado en la Mediaci\u00f3n Escolar y Medio Ambiente. &nbsp; &nbsp;Durante este curso escolar el proyecto Erasmus+ de nuestro centro, enmarcado en la Mediaci\u00f3n Escolar, va dirigido a cumplir [&hellip;]<\/p>\n","protected":false},"author":12871,"featured_media":0,"parent":0,"menu_order":0,"comment_status":"closed","ping_status":"closed","template":"","meta":{"_et_pb_use_builder":"","_et_pb_old_content":"","_et_gb_content_width":"","ngg_post_thumbnail":0,"footnotes":""},"aioseo_notices":[],"_links":{"self":[{"href":"https:\/\/blogsaverroes.juntadeandalucia.es\/iesvalledelalmanzora\/wp-json\/wp\/v2\/pages\/2208"}],"collection":[{"href":"https:\/\/blogsaverroes.juntadeandalucia.es\/iesvalledelalmanzora\/wp-json\/wp\/v2\/pages"}],"about":[{"href":"https:\/\/blogsaverroes.juntadeandalucia.es\/iesvalledelalmanzora\/wp-json\/wp\/v2\/types\/page"}],"author":[{"embeddable":true,"href":"https:\/\/blogsaverroes.juntadeandalucia.es\/iesvalledelalmanzora\/wp-json\/wp\/v2\/users\/12871"}],"replies":[{"embeddable":true,"href":"https:\/\/blogsaverroes.juntadeandalucia.es\/iesvalledelalmanzora\/wp-json\/wp\/v2\/comments?post=2208"}],"version-history":[{"count":7,"href":"https:\/\/blogsaverroes.juntadeandalucia.es\/iesvalledelalmanzora\/wp-json\/wp\/v2\/pages\/2208\/revisions"}],"predecessor-version":[{"id":2408,"href":"https:\/\/blogsaverroes.juntadeandalucia.es\/iesvalledelalmanzora\/wp-json\/wp\/v2\/pages\/2208\/revisions\/2408"}],"wp:attachment":[{"href":"https:\/\/blogsaverroes.juntadeandalucia.es\/iesvalledelalmanzora\/wp-json\/wp\/v2\/media?parent=2208"}],"curies":[{"name":"wp","href":"https:\/\/api.w.org\/{rel}","templated":true}]}}