{"id":2260,"date":"2024-07-05T08:14:31","date_gmt":"2024-07-05T07:14:31","guid":{"rendered":"https:\/\/blogsaverroes.juntadeandalucia.es\/iesvalledelalmanzora\/?page_id=2260"},"modified":"2026-03-27T10:51:07","modified_gmt":"2026-03-27T09:51:07","slug":"difusion-actuaciones-2022-2027","status":"publish","type":"page","link":"https:\/\/blogsaverroes.juntadeandalucia.es\/iesvalledelalmanzora\/difusion-actuaciones-2022-2027\/","title":{"rendered":"DIFUSI\u00d3N ACTUACIONES 2022-2027"},"content":{"rendered":"<p><img loading=\"lazy\" decoding=\"async\" class=\"aligncenter size-full wp-image-2193\" src=\"https:\/\/blogsaverroes.juntadeandalucia.es\/iesvalledelalmanzora\/files\/2023\/10\/Logos-Erasmus-.jpg\" alt=\"\" width=\"908\" height=\"118\" srcset=\"https:\/\/blogsaverroes.juntadeandalucia.es\/iesvalledelalmanzora\/files\/2023\/10\/Logos-Erasmus-.jpg 908w, https:\/\/blogsaverroes.juntadeandalucia.es\/iesvalledelalmanzora\/files\/2023\/10\/Logos-Erasmus--480x62.jpg 480w\" sizes=\"(min-width: 0px) and (max-width: 480px) 480px, (min-width: 481px) 908px, 100vw\" \/><\/p>\n<p><span style=\"font-size: 18pt;color: #000080;font-family: 'comic sans ms', sans-serif\">En esta p\u00e1gina compartimos fotos y v\u00eddeos de los diferentes proyectos desarrollados a lo largo del periodo de Acreditaci\u00f3n 2022-2027, distribuidos por cursos acad\u00e9micos.<\/span><\/p>\n<p><img loading=\"lazy\" decoding=\"async\" class=\"aligncenter size-full wp-image-2559\" src=\"https:\/\/blogsaverroes.juntadeandalucia.es\/iesvalledelalmanzora\/files\/2026\/03\/nggallery_import\/photo_2026-03-27_10-22-46.jpg\" alt=\"\" width=\"1275\" height=\"656\" srcset=\"https:\/\/blogsaverroes.juntadeandalucia.es\/iesvalledelalmanzora\/files\/2026\/03\/nggallery_import\/photo_2026-03-27_10-22-46.jpg 1275w, https:\/\/blogsaverroes.juntadeandalucia.es\/iesvalledelalmanzora\/files\/2026\/03\/nggallery_import\/photo_2026-03-27_10-22-46-980x504.jpg 980w, https:\/\/blogsaverroes.juntadeandalucia.es\/iesvalledelalmanzora\/files\/2026\/03\/nggallery_import\/photo_2026-03-27_10-22-46-480x247.jpg 480w\" sizes=\"(min-width: 0px) and (max-width: 480px) 480px, (min-width: 481px) and (max-width: 980px) 980px, (min-width: 981px) 1275px, 100vw\" \/><\/p>\n<div class=\"group\/conversation-turn relative flex w-full min-w-0 flex-col agent-turn\">\n<div class=\"flex-col gap-1 md:gap-3\">\n<div class=\"flex flex-grow flex-col max-w-full\">\n<div class=\"min-h-[20px] text-message flex flex-col items-start whitespace-pre-wrap break-words [.text-message+&amp;]:mt-5 juice:w-full juice:items-end overflow-x-auto gap-2\" dir=\"auto\" data-message-author-role=\"assistant\" data-message-id=\"05f28dff-83a7-47bc-829e-8741e04959a9\">\n<div class=\"flex w-full flex-col gap-1 juice:empty:hidden juice:first:pt-[3px]\">\n<div class=\"markdown prose w-full break-words dark:prose-invert light\">\n<p>&nbsp;<\/p>\n<p>&nbsp;<\/p>\n<\/div>\n<\/div>\n<\/div>\n<\/div>\n<\/div>\n<\/div>\n<p>&nbsp;<\/p>\n","protected":false},"excerpt":{"rendered":"<p>En esta p\u00e1gina compartimos fotos y v\u00eddeos de los diferentes proyectos desarrollados a lo largo del periodo de Acreditaci\u00f3n 2022-2027, distribuidos por cursos acad\u00e9micos. &nbsp; &nbsp; &nbsp;<\/p>\n","protected":false},"author":12871,"featured_media":2559,"parent":0,"menu_order":0,"comment_status":"closed","ping_status":"closed","template":"","meta":{"_et_pb_use_builder":"","_et_pb_old_content":"","_et_gb_content_width":"","ngg_post_thumbnail":0,"footnotes":""},"aioseo_notices":[],"_links":{"self":[{"href":"https:\/\/blogsaverroes.juntadeandalucia.es\/iesvalledelalmanzora\/wp-json\/wp\/v2\/pages\/2260"}],"collection":[{"href":"https:\/\/blogsaverroes.juntadeandalucia.es\/iesvalledelalmanzora\/wp-json\/wp\/v2\/pages"}],"about":[{"href":"https:\/\/blogsaverroes.juntadeandalucia.es\/iesvalledelalmanzora\/wp-json\/wp\/v2\/types\/page"}],"author":[{"embeddable":true,"href":"https:\/\/blogsaverroes.juntadeandalucia.es\/iesvalledelalmanzora\/wp-json\/wp\/v2\/users\/12871"}],"replies":[{"embeddable":true,"href":"https:\/\/blogsaverroes.juntadeandalucia.es\/iesvalledelalmanzora\/wp-json\/wp\/v2\/comments?post=2260"}],"version-history":[{"count":9,"href":"https:\/\/blogsaverroes.juntadeandalucia.es\/iesvalledelalmanzora\/wp-json\/wp\/v2\/pages\/2260\/revisions"}],"predecessor-version":[{"id":2574,"href":"https:\/\/blogsaverroes.juntadeandalucia.es\/iesvalledelalmanzora\/wp-json\/wp\/v2\/pages\/2260\/revisions\/2574"}],"wp:featuredmedia":[{"embeddable":true,"href":"https:\/\/blogsaverroes.juntadeandalucia.es\/iesvalledelalmanzora\/wp-json\/wp\/v2\/media\/2559"}],"wp:attachment":[{"href":"https:\/\/blogsaverroes.juntadeandalucia.es\/iesvalledelalmanzora\/wp-json\/wp\/v2\/media?parent=2260"}],"curies":[{"name":"wp","href":"https:\/\/api.w.org\/{rel}","templated":true}]}}