{"id":999,"date":"2022-02-01T14:21:27","date_gmt":"2022-02-01T13:21:27","guid":{"rendered":"https:\/\/blogsaverroes.juntadeandalucia.es\/iesvcmarmolejo\/?page_id=999"},"modified":"2022-08-30T17:53:13","modified_gmt":"2022-08-30T16:53:13","slug":"999-2","status":"publish","type":"page","link":"https:\/\/blogsaverroes.juntadeandalucia.es\/iesvcmarmolejo\/inicio\/999-2\/","title":{"rendered":"Bienvenido a nuestro IES"},"content":{"rendered":"[et_pb_section fb_built=&#8221;1&#8243; _builder_version=&#8221;3.22&#8243; global_colors_info=&#8221;{}&#8221;][et_pb_row _builder_version=&#8221;3.25&#8243; background_size=&#8221;initial&#8221; background_position=&#8221;top_left&#8221; background_repeat=&#8221;repeat&#8221; global_colors_info=&#8221;{}&#8221;][et_pb_column type=&#8221;4_4&#8243; _builder_version=&#8221;3.25&#8243; custom_padding=&#8221;|||&#8221; global_colors_info=&#8221;{}&#8221; custom_padding__hover=&#8221;|||&#8221;][et_pb_text _builder_version=&#8221;4.14.5&#8243; background_size=&#8221;initial&#8221; background_position=&#8221;top_left&#8221; background_repeat=&#8221;repeat&#8221; hover_enabled=&#8221;0&#8243; global_colors_info=&#8221;{}&#8221; sticky_enabled=&#8221;0&#8243;]\n<p>&nbsp;<\/p>\n<div class=\"titulo\" style=\"text-align: center\">Instituto de Educaci\u00f3n Secundaria<\/div>\n<div class=\"titulo\" style=\"text-align: center\"><span style=\"font-size: 12pt\">I.E.S<\/span><span style=\"font-size: 12pt\">. Virgen de la Cabeza. Marmolejo (Ja\u00e9n)<\/span><\/div>\n<div class=\"titulo\" style=\"text-align: center\">&#8212;&#8212;&#8212;&#8212;&#8212;&#8212;&#8212;&#8212;&#8212;&#8212;&#8212;&#8212;&#8212;&#8212;&#8212;&#8212;&#8212;&#8212;&#8211;<\/div>\n<div class=\"titulo\" style=\"text-align: center\"><img decoding=\"async\" title=\"Entrada Collage\" src=\"http:\/\/www.juntadeandalucia.es\/averroes\/centros-tic\/23700293\/helvia\/sitio\/upload\/img\/entradaies2_collage_1.png\" alt=\"Entrada Collage\" border=\"0\" \/><\/div>\n<div class=\"titulo\" style=\"text-align: center\">.<\/div>\n<div class=\"titulo\" style=\"text-align: center\"><span style=\"color: #000000\"><img decoding=\"async\" title=\"Linea punteada 50%\" src=\"http:\/\/www.juntadeandalucia.es\/averroes\/centros-tic\/23700293\/helvia\/sitio\/upload\/img\/doted_line_50.gif\" alt=\"Linea punteada 50%\" border=\"0\" \/><\/span><\/div>\n<div class=\"titulo\" style=\"text-align: center\"><span style=\"color: #008000;font-size: 14pt;font-family: book antiqua, palatino\">RELACI\u00d3N DEFINITVA DE PERSONAS ADMITIDAS AL PROCEDIMIENTO DE EVALUACI\u00d3N Y ACREDITACI\u00d3N DE LAS COMPETENCIAS PROFESIONALES. CONVOCATORIA MILITAR 2021<br \/><\/span><\/div>\n<div class=\"titulo\" style=\"text-align: center\">\n<p style=\"text-align: justify\"><span style=\"color: #000000;font-size: 10pt;font-family: helvetica\">Si has solicitado la acreditaci\u00f3n de competencias profesionales en nuestro centro, ya puedes acceder al listado definitivo de admitidos. Pulsa <a title=\"Listado definitivo ACREDITA Convocatoria militar 2021\" href=\"https:\/\/www.juntadeandalucia.es\/averroes\/centros-tic\/23700293\/helvia\/sitio\/upload\/Listado_admitidos_definitivos_convocatoria_militar_2021.pdf\" target=\"_blank\" rel=\"noopener noreferrer\">aqu\u00ed<\/a>.<\/span><\/p>\n<p><span style=\"color: #000000;font-size: 18pt\"><span style=\"font-size: 12pt\"><img decoding=\"async\" title=\"Linea punteada 50%\" src=\"https:\/\/www.juntadeandalucia.es\/averroes\/centros-tic\/23700293\/helvia\/sitio\/upload\/img\/doted_line_50.gif\" alt=\"Linea punteada 50%\" border=\"0\" \/><\/span><\/span><\/p>\n<p><span style=\"font-family: book antiqua, palatino;font-size: 14pt;color: #008000\"> <span style=\"text-decoration: underline\"><strong>NOTA INFORMATIVA <\/strong><\/span><\/span><\/p>\n<\/div>\n<p style=\"text-align: justify\"><span style=\"font-family: helvetica;font-size: 10pt\"><strong>NOTA INFORMATIVA COMPLEMENTARIA A LA CIRCULAR DE 07 DE SEPTIEMBRE DE 2021 POR LA QUE SE INFORMA DEL PROCEDIMIENTO A SEGUIR PARA POSIBILITAR, SI PROCEDE, LA TRAMITACI\u00d3N DEL PAGO DE LAS BECAS Y AYUDAS GESTIONADAS POR LA DIRECCI\u00d3N GENERAL DE ATENCI\u00d3N A LA DIVERSIDAD, PARTICIPACI\u00d3N Y CONVIVENCIA ESCOLAR.<br \/><\/strong><\/span><\/p>\n<p><span style=\"font-family: helvetica;font-size: 10pt\">La Consejer\u00eda de Educaci\u00f3n y Deporte informa de que con el objetivo de facilitar la tramitaci\u00f3n del procedimiento de alta de cuentas corrientes a las personas solicitantes de las becas que gestiona la Direcci\u00f3n General de Atenci\u00f3n a la Diversidad, Participaci\u00f3n y Convivencia Escolar, est\u00e1 a disposici\u00f3n de las personas solicitantes <strong>un nuevo mecanismo <\/strong>a trav\u00e9s de la <strong>Secretar\u00eda Virtual<\/strong>:<\/span><\/p>\n<p><span style=\"font-family: helvetica;font-size: 10pt\"><a href=\"https:\/\/www.juntadeandalucia.es\/educacion\/secretariavirtual\/accesoTramite\/624\/\" target=\"_blank\" rel=\"noopener noreferrer\">https:\/\/www.juntadeandalucia.es\/educacion\/secretariavirtual\/accesoTramite\/624\/<\/a><\/span><\/p>\n<p style=\"text-align: justify\"><span style=\"font-family: helvetica;font-size: 10pt\"><strong>Se trata de un sistema alternativo que permitir\u00e1 trasladar a la Consejer\u00eda de Hacienda y Financiaci\u00f3n Europea la solicitud de alta de cuentas corrientes sin necesidad de realizar ning\u00fan otro tr\u00e1mite.<\/strong><\/span><\/p>\n<p><span style=\"font-family: helvetica;font-size: 10pt\"><strong>\u00a0<\/strong><\/span><\/p>\n<p><span style=\"font-family: helvetica;font-size: 10pt\">Las becas a las que se hace referencia son las siguientes:<\/span><\/p>\n<ul>\n<li><span style=\"font-family: helvetica;font-size: 10pt\">Beca General (en virtud del Convenio con el Ministerio de Educaci\u00f3n y Formaci\u00f3n Profesional). <\/span>\n<ul>\n<li><span style=\"font-family: helvetica;font-size: 10pt\">Ayudas para el alumnado con necesidad espec\u00edfica de apoyo educativo (en virtud del Convenio con el Ministerio de Educaci\u00f3n y Formaci\u00f3n Profesional).<\/span><\/li>\n<li><span style=\"font-family: helvetica;font-size: 10pt\">Beca 6000.<\/span><\/li>\n<li><span style=\"font-family: helvetica;font-size: 10pt\">Beca Andaluc\u00eda Segunda Oportunidad (BASO).<\/span><\/li>\n<li><span style=\"font-family: helvetica;font-size: 10pt\">Beca Adriano.<\/span><\/li>\n<\/ul>\n<\/li>\n<\/ul>\n<p>&nbsp;<\/p>\n<p style=\"text-align: center\"><span style=\"font-family: helvetica;font-size: 10pt\">LA DIRECTOR GENERAL DE ATENCI\u00d3N A LA DIVERSIDAD, PARTICIPACI\u00d3N Y CONVIVENCIA ESCOLAR<\/span><\/p>\n<p style=\"text-align: right\"><span style=\"font-family: helvetica;font-size: 10pt\">Almudena Garc\u00eda Rosado<\/span><\/p>\n<h1 class=\"title style-scope ytd-video-primary-info-renderer\" style=\"text-align: center\"><span style=\"color: #ffffff;font-size: 8pt;background-color: #99cc00\">\u00a0<\/span><\/h1>\n<h1 class=\"title style-scope ytd-video-primary-info-renderer\" style=\"text-align: center\"><span style=\"color: #008000;font-family: book antiqua, palatino;font-size: 14pt\">iPasen lanza su nueva versi\u00f3n<\/span><\/h1>\n<p><span class=\"style-scope yt-formatted-string\">La aplicaci\u00f3n para las familias de la Consejer\u00eda de Educaci\u00f3n y Deporte, iPasen, presenta una nueva versi\u00f3n m\u00e1s intuitiva, completa y f\u00e1cil de usar.<\/span><\/p>\n<p style=\"text-align: center\"><iframe loading=\"lazy\" src=\"https:\/\/www.youtube.com\/embed\/oZAcWLRNFQ0\" width=\"590\" height=\"333\" frameborder=\"0\"><\/iframe><\/p>\n<p><span class=\"style-scope yt-formatted-string\">\u00a0<\/span><\/p>\n<p>&nbsp;<\/p>\n[\/et_pb_text][\/et_pb_column][\/et_pb_row][\/et_pb_section]\n","protected":false},"excerpt":{"rendered":"<p>&nbsp; Instituto de Educaci\u00f3n Secundaria I.E.S. Virgen de la Cabeza. Marmolejo (Ja\u00e9n) &#8212;&#8212;&#8212;&#8212;&#8212;&#8212;&#8212;&#8212;&#8212;&#8212;&#8212;&#8212;&#8212;&#8212;&#8212;&#8212;&#8212;&#8212;&#8211; . RELACI\u00d3N DEFINITVA DE PERSONAS ADMITIDAS AL PROCEDIMIENTO DE EVALUACI\u00d3N Y ACREDITACI\u00d3N DE LAS COMPETENCIAS PROFESIONALES. CONVOCATORIA MILITAR 2021 Si has solicitado la acreditaci\u00f3n de competencias profesionales en nuestro centro, ya puedes acceder al listado definitivo de admitidos. Pulsa aqu\u00ed. NOTA INFORMATIVA [&hellip;]<\/p>\n","protected":false},"author":14440,"featured_media":1018,"parent":15,"menu_order":0,"comment_status":"closed","ping_status":"closed","template":"","meta":{"_et_pb_use_builder":"on","_et_pb_old_content":"<p>\u00a0<\/p><div class=\"titulo\" style=\"text-align: center;\">Instituto de Educaci\u00f3n Secundaria\u00a0<\/div><div class=\"titulo\" style=\"text-align: center;\"><span style=\"font-size: 12pt;\">I.E.S<\/span><span style=\"font-size: 12pt;\">. Virgen de la Cabeza. Marmolejo (Ja\u00e9n)<\/span><\/div><div class=\"titulo\" style=\"text-align: center;\">--------------------------------------------------------<\/div><div class=\"titulo\" style=\"text-align: center;\"><img title=\"Entrada Collage\" src=\"http:\/\/www.juntadeandalucia.es\/averroes\/centros-tic\/23700293\/helvia\/sitio\/upload\/img\/entradaies2_collage_1.png\" alt=\"Entrada Collage\" border=\"0\"><\/div><div class=\"titulo\" style=\"text-align: center;\">.<\/div><div class=\"titulo\" style=\"text-align: center;\"><span style=\"color: #000000;\"><img title=\"Linea punteada 50%\" src=\"http:\/\/www.juntadeandalucia.es\/averroes\/centros-tic\/23700293\/helvia\/sitio\/upload\/img\/doted_line_50.gif\" alt=\"Linea punteada 50%\" border=\"0\"><\/span><\/div><div class=\"titulo\" style=\"text-align: center;\"><span style=\"color: #008000; font-size: 14pt; font-family: book antiqua, palatino;\">RELACI\u00d3N DEFINITVA DE PERSONAS ADMITIDAS AL PROCEDIMIENTO DE EVALUACI\u00d3N Y ACREDITACI\u00d3N DE LAS COMPETENCIAS PROFESIONALES. CONVOCATORIA MILITAR 2021<br><\/span><\/div><div class=\"titulo\" style=\"text-align: center;\"><p style=\"text-align: justify;\"><span style=\"color: #000000; font-size: 10pt; font-family: helvetica;\">Si has solicitado la acreditaci\u00f3n de competencias profesionales en nuestro centro, ya puedes acceder al listado definitivo de admitidos. Pulsa <a title=\"Listado definitivo ACREDITA Convocatoria militar 2021\" href=\"https:\/\/www.juntadeandalucia.es\/averroes\/centros-tic\/23700293\/helvia\/sitio\/upload\/Listado_admitidos_definitivos_convocatoria_militar_2021.pdf\" target=\"_blank\" rel=\"noopener noreferrer\">aqu\u00ed<\/a>.<\/span><\/p><p><span style=\"color: #000000; font-size: 18pt;\"><span style=\"font-size: 12pt;\"><img title=\"Linea punteada 50%\" src=\"https:\/\/www.juntadeandalucia.es\/averroes\/centros-tic\/23700293\/helvia\/sitio\/upload\/img\/doted_line_50.gif\" alt=\"Linea punteada 50%\" border=\"0\"><\/span><\/span><\/p><p><span style=\"font-family: book antiqua, palatino; font-size: 14pt; color: #008000;\"> <span style=\"text-decoration: underline;\"><strong>NOTA INFORMATIVA <\/strong><\/span><\/span><\/p><\/div><p style=\"text-align: justify;\"><span style=\"font-family: helvetica; font-size: 10pt;\"><strong>NOTA INFORMATIVA COMPLEMENTARIA A LA CIRCULAR DE 07 DE SEPTIEMBRE DE 2021 POR LA QUE SE INFORMA DEL PROCEDIMIENTO A SEGUIR PARA POSIBILITAR, SI PROCEDE, LA TRAMITACI\u00d3N DEL PAGO DE LAS BECAS Y AYUDAS GESTIONADAS POR LA DIRECCI\u00d3N GENERAL DE ATENCI\u00d3N A LA DIVERSIDAD, PARTICIPACI\u00d3N Y CONVIVENCIA ESCOLAR.<br><\/strong><\/span><\/p><p><span style=\"font-family: helvetica; font-size: 10pt;\">La Consejer\u00eda de Educaci\u00f3n y Deporte informa de que con el objetivo de facilitar la tramitaci\u00f3n del procedimiento de alta de cuentas corrientes a las personas solicitantes de las becas que gestiona la Direcci\u00f3n General de Atenci\u00f3n a la Diversidad, Participaci\u00f3n y Convivencia Escolar, est\u00e1 a disposici\u00f3n de las personas solicitantes <strong>un nuevo mecanismo <\/strong>a trav\u00e9s de la <strong>Secretar\u00eda Virtual<\/strong>:<\/span><\/p><p><span style=\"font-family: helvetica; font-size: 10pt;\"><a href=\"https:\/\/www.juntadeandalucia.es\/educacion\/secretariavirtual\/accesoTramite\/624\/\" target=\"_blank\" rel=\"noopener noreferrer\">https:\/\/www.juntadeandalucia.es\/educacion\/secretariavirtual\/accesoTramite\/624\/<\/a><\/span><\/p><p style=\"text-align: justify;\"><span style=\"font-family: helvetica; font-size: 10pt;\"><strong>Se trata de un sistema alternativo que permitir\u00e1 trasladar a la Consejer\u00eda de Hacienda y Financiaci\u00f3n Europea la solicitud de alta de cuentas corrientes sin necesidad de realizar ning\u00fan otro tr\u00e1mite.<\/strong><\/span><\/p><p><span style=\"font-family: helvetica; font-size: 10pt;\"><strong>\u00a0<\/strong><\/span><\/p><p><span style=\"font-family: helvetica; font-size: 10pt;\">Las becas a las que se hace referencia son las siguientes:<\/span><\/p><ul><li><span style=\"font-family: helvetica; font-size: 10pt;\">Beca General (en virtud del Convenio con el Ministerio de Educaci\u00f3n y Formaci\u00f3n Profesional). <\/span><ul><li><span style=\"font-family: helvetica; font-size: 10pt;\">Ayudas para el alumnado con necesidad espec\u00edfica de apoyo educativo (en virtud del Convenio con el Ministerio de Educaci\u00f3n y Formaci\u00f3n Profesional).<\/span><\/li><li><span style=\"font-family: helvetica; font-size: 10pt;\">Beca 6000.<\/span><\/li><li><span style=\"font-family: helvetica; font-size: 10pt;\">Beca Andaluc\u00eda Segunda Oportunidad (BASO).<\/span><\/li><li><span style=\"font-family: helvetica; font-size: 10pt;\">Beca Adriano.<\/span><\/li><\/ul><\/li><\/ul><p>\u00a0<\/p><p style=\"text-align: center;\"><span style=\"font-family: helvetica; font-size: 10pt;\">LA DIRECTORA GENERAL DE ATENCI\u00d3N A LA DIVERSIDAD, PARTICIPACI\u00d3N Y CONVIVENCIA ESCOLAR<\/span><\/p><p style=\"text-align: right;\"><span style=\"font-family: helvetica; font-size: 10pt;\">Almudena Garc\u00eda Rosado<\/span><\/p><h1 class=\"title style-scope ytd-video-primary-info-renderer\" style=\"text-align: center;\"><span style=\"color: #ffffff; font-size: 8pt; background-color: #99cc00;\">\u00a0<\/span><\/h1><h1 class=\"title style-scope ytd-video-primary-info-renderer\" style=\"text-align: center;\"><span style=\"color: #008000; font-family: book antiqua, palatino; font-size: 14pt;\">iPasen lanza su nueva versi\u00f3n<\/span><\/h1><p><span class=\"style-scope yt-formatted-string\">La aplicaci\u00f3n para las familias de la Consejer\u00eda de Educaci\u00f3n y Deporte, iPasen, presenta una nueva versi\u00f3n m\u00e1s intuitiva, completa y f\u00e1cil de usar.<\/span><\/p><p style=\"text-align: center;\">\u00a0<\/p><p style=\"text-align: center;\"><iframe src=\"https:\/\/www.youtube.com\/embed\/oZAcWLRNFQ0\" width=\"590\" height=\"333\" frameborder=\"0\"><\/iframe><\/p><p><span class=\"style-scope yt-formatted-string\">\u00a0<\/span><\/p><p>\u00a0<\/p>","_et_gb_content_width":"","ngg_post_thumbnail":0,"footnotes":""},"aioseo_notices":[],"_links":{"self":[{"href":"https:\/\/blogsaverroes.juntadeandalucia.es\/iesvcmarmolejo\/wp-json\/wp\/v2\/pages\/999"}],"collection":[{"href":"https:\/\/blogsaverroes.juntadeandalucia.es\/iesvcmarmolejo\/wp-json\/wp\/v2\/pages"}],"about":[{"href":"https:\/\/blogsaverroes.juntadeandalucia.es\/iesvcmarmolejo\/wp-json\/wp\/v2\/types\/page"}],"author":[{"embeddable":true,"href":"https:\/\/blogsaverroes.juntadeandalucia.es\/iesvcmarmolejo\/wp-json\/wp\/v2\/users\/14440"}],"replies":[{"embeddable":true,"href":"https:\/\/blogsaverroes.juntadeandalucia.es\/iesvcmarmolejo\/wp-json\/wp\/v2\/comments?post=999"}],"version-history":[{"count":9,"href":"https:\/\/blogsaverroes.juntadeandalucia.es\/iesvcmarmolejo\/wp-json\/wp\/v2\/pages\/999\/revisions"}],"predecessor-version":[{"id":1208,"href":"https:\/\/blogsaverroes.juntadeandalucia.es\/iesvcmarmolejo\/wp-json\/wp\/v2\/pages\/999\/revisions\/1208"}],"up":[{"embeddable":true,"href":"https:\/\/blogsaverroes.juntadeandalucia.es\/iesvcmarmolejo\/wp-json\/wp\/v2\/pages\/15"}],"wp:featuredmedia":[{"embeddable":true,"href":"https:\/\/blogsaverroes.juntadeandalucia.es\/iesvcmarmolejo\/wp-json\/wp\/v2\/media\/1018"}],"wp:attachment":[{"href":"https:\/\/blogsaverroes.juntadeandalucia.es\/iesvcmarmolejo\/wp-json\/wp\/v2\/media?parent=999"}],"curies":[{"name":"wp","href":"https:\/\/api.w.org\/{rel}","templated":true}]}}