{"id":1110,"date":"2022-02-04T10:55:27","date_gmt":"2022-02-04T09:55:27","guid":{"rendered":"https:\/\/blogsaverroes.juntadeandalucia.es\/iesvcn\/?page_id=1110"},"modified":"2022-02-20T15:39:53","modified_gmt":"2022-02-20T14:39:53","slug":"espa","status":"publish","type":"page","link":"https:\/\/blogsaverroes.juntadeandalucia.es\/iesvcn\/espa\/","title":{"rendered":"ESPA"},"content":{"rendered":"\t\t<div data-elementor-type=\"wp-page\" data-elementor-id=\"1110\" class=\"elementor elementor-1110\">\n\t\t\t\t\t\t<section class=\"elementor-section elementor-top-section elementor-element elementor-element-94d54b7 elementor-section-boxed elementor-section-height-default elementor-section-height-default\" data-id=\"94d54b7\" data-element_type=\"section\">\n\t\t\t\t\t\t<div class=\"elementor-container elementor-column-gap-default\">\n\t\t\t\t\t<div class=\"elementor-column elementor-col-100 elementor-top-column elementor-element elementor-element-08d2f23\" data-id=\"08d2f23\" data-element_type=\"column\">\n\t\t\t<div class=\"elementor-widget-wrap elementor-element-populated\">\n\t\t\t\t\t\t<div class=\"elementor-element elementor-element-34ec415 elementor-widget elementor-widget-heading\" data-id=\"34ec415\" data-element_type=\"widget\" data-widget_type=\"heading.default\">\n\t\t\t\t<div class=\"elementor-widget-container\">\n\t\t\t\t\t<h2 class=\"elementor-heading-title elementor-size-default\">Educaci\u00f3n Secundaria para Personas Adultas (ESPA)<\/h2>\t\t\t\t<\/div>\n\t\t\t\t<\/div>\n\t\t\t\t\t<\/div>\n\t\t<\/div>\n\t\t\t\t\t<\/div>\n\t\t<\/section>\n\t\t\t\t<section class=\"elementor-section elementor-top-section elementor-element elementor-element-e36f71e elementor-section-boxed elementor-section-height-default elementor-section-height-default\" data-id=\"e36f71e\" data-element_type=\"section\">\n\t\t\t\t\t\t<div class=\"elementor-container elementor-column-gap-default\">\n\t\t\t\t\t<div class=\"elementor-column elementor-col-100 elementor-top-column elementor-element elementor-element-05f3999\" data-id=\"05f3999\" data-element_type=\"column\">\n\t\t\t<div class=\"elementor-widget-wrap elementor-element-populated\">\n\t\t\t\t\t\t<div class=\"elementor-element elementor-element-69f2771 elementor-widget elementor-widget-text-editor\" data-id=\"69f2771\" data-element_type=\"widget\" data-widget_type=\"text-editor.default\">\n\t\t\t\t<div class=\"elementor-widget-container\">\n\t\t\t\t\t\t\t\t\t<p>La Educaci\u00f3n Secundaria para Personas Adultas que ofrece la Consejer\u00eda de Educaci\u00f3n est\u00e1 fundamentada en criterios de flexibilidad y busca adaptarse a los intereses y necesidades de la poblaci\u00f3n adulta. Posee las siguientes caracter\u00edsticas:<\/p>\t\t\t\t\t\t\t\t<\/div>\n\t\t\t\t<\/div>\n\t\t\t\t<div class=\"elementor-element elementor-element-9f350fe elementor-widget elementor-widget-text-editor\" data-id=\"9f350fe\" data-element_type=\"widget\" data-widget_type=\"text-editor.default\">\n\t\t\t\t<div class=\"elementor-widget-container\">\n\t\t\t\t\t\t\t\t\t<ul><li>Contempla la posibilidad de matr\u00edcula parcial y en nuestro centro se ofrece la posibilidad de ense\u00f1anza SEMIPRESENCIAL, que compatibiliza la asistencia a clase y la formaci\u00f3n a trav\u00e9s de internet.<\/li><li>El curr\u00edculo se basa en la integraci\u00f3n y contextualizaci\u00f3n de contenidos en tres \u00e1mbitos (comunicaci\u00f3n, cient\u00edfico-tecnol\u00f3gico y social), y en dos niveles.<\/li><li>Se refuerza el conocimiento de los aprendizajes adquiridos a trav\u00e9s de: Proceso de valoraci\u00f3n inicial, para las personas que acceden a la Educaci\u00f3n secundaria por primera vez; Equivalencia de estudios, para el alumnado procedente del sistema ordinario de estas ense\u00f1anzas.<\/li><\/ul>\t\t\t\t\t\t\t\t<\/div>\n\t\t\t\t<\/div>\n\t\t\t\t<div class=\"elementor-element elementor-element-e379362 elementor-widget elementor-widget-text-editor\" data-id=\"e379362\" data-element_type=\"widget\" data-widget_type=\"text-editor.default\">\n\t\t\t\t<div class=\"elementor-widget-container\">\n\t\t\t\t\t\t\t\t\t<p>Podr\u00e1n acceder las personas mayores de 18 a\u00f1os o que cumplan esa edad dentro del a\u00f1o natural en que comience el curso.<\/p><p>Excepcionalmente tambi\u00e9n las personas mayores de 16 a\u00f1os, o que cumplan esa edad dentro del a\u00f1o natural en que comienza el curso, que lo soliciten y que acrediten alguna de las siguientes situaciones:<\/p>\t\t\t\t\t\t\t\t<\/div>\n\t\t\t\t<\/div>\n\t\t\t\t<div class=\"elementor-element elementor-element-f858b70 elementor-widget elementor-widget-text-editor\" data-id=\"f858b70\" data-element_type=\"widget\" data-widget_type=\"text-editor.default\">\n\t\t\t\t<div class=\"elementor-widget-container\">\n\t\t\t\t\t\t\t\t\t<ul><li>Disponer de un contrato laboral que no les permita acudir a los centros docentes en r\u00e9gimen ordinario.<\/li><li>Ser deportista de alto rendimiento.<\/li><li>Encontrarse en situaci\u00f3n personal extraordinaria de enfermedad, discapacidad o cualquier otra situaci\u00f3n de car\u00e1cter excepcional que le impida realizar las ense\u00f1anzas en r\u00e9gimen ordinario.\u00a0<\/li><\/ul>\t\t\t\t\t\t\t\t<\/div>\n\t\t\t\t<\/div>\n\t\t\t\t<div class=\"elementor-element elementor-element-3bff7c4 elementor-widget elementor-widget-text-editor\" data-id=\"3bff7c4\" data-element_type=\"widget\" data-widget_type=\"text-editor.default\">\n\t\t\t\t<div class=\"elementor-widget-container\">\n\t\t\t\t\t\t\t\t\t<p>La Consejer\u00eda organizar\u00e1 peri\u00f3dicamente pruebas para que las personas mayores de dieciocho a\u00f1os puedan obtener directamente el t\u00edtulo de Graduado en E.S.O. siempre que hayan alcanzado las competencias b\u00e1sicas y los objetivos de la etapa.<\/p>\t\t\t\t\t\t\t\t<\/div>\n\t\t\t\t<\/div>\n\t\t\t\t\t<\/div>\n\t\t<\/div>\n\t\t\t\t\t<\/div>\n\t\t<\/section>\n\t\t\t\t<section class=\"elementor-section elementor-top-section elementor-element elementor-element-9eedcd4 elementor-section-boxed elementor-section-height-default elementor-section-height-default\" data-id=\"9eedcd4\" data-element_type=\"section\">\n\t\t\t\t\t\t<div class=\"elementor-container elementor-column-gap-default\">\n\t\t\t\t\t<div class=\"elementor-column elementor-col-100 elementor-top-column elementor-element elementor-element-91b47a7\" data-id=\"91b47a7\" data-element_type=\"column\">\n\t\t\t<div class=\"elementor-widget-wrap elementor-element-populated\">\n\t\t\t\t\t\t<div class=\"elementor-element elementor-element-038b521 elementor-align-center elementor-widget elementor-widget-button\" data-id=\"038b521\" data-element_type=\"widget\" data-widget_type=\"button.default\">\n\t\t\t\t<div class=\"elementor-widget-container\">\n\t\t\t\t\t\t\t\t\t<div class=\"elementor-button-wrapper\">\n\t\t\t\t\t<a class=\"elementor-button elementor-button-link elementor-size-sm elementor-animation-grow\" href=\"https:\/\/www.juntadeandalucia.es\/temas\/estudiar\/adultos\/educacion-permanente.html#toc-educaci-n-secundaria-para-personas-adultas-espa-y-bachillerato-btopa-\">\n\t\t\t\t\t\t<span class=\"elementor-button-content-wrapper\">\n\t\t\t\t\t\t\t\t\t<span class=\"elementor-button-text\">M\u00e1s informaci\u00f3n sobre ESPA<\/span>\n\t\t\t\t\t<\/span>\n\t\t\t\t\t<\/a>\n\t\t\t\t<\/div>\n\t\t\t\t\t\t\t\t<\/div>\n\t\t\t\t<\/div>\n\t\t\t\t\t<\/div>\n\t\t<\/div>\n\t\t\t\t\t<\/div>\n\t\t<\/section>\n\t\t\t\t<section class=\"elementor-section elementor-top-section elementor-element elementor-element-eea726c elementor-section-boxed elementor-section-height-default elementor-section-height-default\" data-id=\"eea726c\" data-element_type=\"section\">\n\t\t\t\t\t\t<div class=\"elementor-container elementor-column-gap-default\">\n\t\t\t\t\t<div class=\"elementor-column elementor-col-50 elementor-top-column elementor-element elementor-element-0dd01a0\" data-id=\"0dd01a0\" data-element_type=\"column\">\n\t\t\t<div class=\"elementor-widget-wrap elementor-element-populated\">\n\t\t\t\t\t\t<div class=\"elementor-element elementor-element-9287698 elementor-widget elementor-widget-heading\" data-id=\"9287698\" data-element_type=\"widget\" data-widget_type=\"heading.default\">\n\t\t\t\t<div class=\"elementor-widget-container\">\n\t\t\t\t\t<h3 class=\"elementor-heading-title elementor-size-default\"><a href=\"https:\/\/www.juntadeandalucia.es\/educacion\/permanente\/materiales\/index.php?etapa=1\">ESPA I<\/a><\/h3>\t\t\t\t<\/div>\n\t\t\t\t<\/div>\n\t\t\t\t\t<\/div>\n\t\t<\/div>\n\t\t\t\t<div class=\"elementor-column elementor-col-50 elementor-top-column elementor-element elementor-element-5f5e237\" data-id=\"5f5e237\" data-element_type=\"column\">\n\t\t\t<div class=\"elementor-widget-wrap elementor-element-populated\">\n\t\t\t\t\t\t<div class=\"elementor-element elementor-element-921b5ab elementor-widget elementor-widget-heading\" data-id=\"921b5ab\" data-element_type=\"widget\" data-widget_type=\"heading.default\">\n\t\t\t\t<div class=\"elementor-widget-container\">\n\t\t\t\t\t<h2 class=\"elementor-heading-title elementor-size-default\"><a href=\"https:\/\/www.juntadeandalucia.es\/educacion\/permanente\/materiales\/index.php?etapa=2\">ESPA II<\/a><\/h2>\t\t\t\t<\/div>\n\t\t\t\t<\/div>\n\t\t\t\t\t<\/div>\n\t\t<\/div>\n\t\t\t\t\t<\/div>\n\t\t<\/section>\n\t\t\t\t<section class=\"elementor-section elementor-top-section elementor-element elementor-element-6667b68 elementor-section-boxed elementor-section-height-default elementor-section-height-default\" data-id=\"6667b68\" data-element_type=\"section\">\n\t\t\t\t\t\t<div class=\"elementor-container elementor-column-gap-default\">\n\t\t\t\t\t<div class=\"elementor-column elementor-col-100 elementor-top-column elementor-element elementor-element-d991118\" data-id=\"d991118\" data-element_type=\"column\">\n\t\t\t<div class=\"elementor-widget-wrap elementor-element-populated\">\n\t\t\t\t\t\t<div class=\"elementor-element elementor-element-67b481b elementor-widget-divider--view-line elementor-widget elementor-widget-divider\" data-id=\"67b481b\" data-element_type=\"widget\" data-widget_type=\"divider.default\">\n\t\t\t\t<div class=\"elementor-widget-container\">\n\t\t\t\t\t\t\t<div class=\"elementor-divider\">\n\t\t\t<span class=\"elementor-divider-separator\">\n\t\t\t\t\t\t<\/span>\n\t\t<\/div>\n\t\t\t\t\t\t<\/div>\n\t\t\t\t<\/div>\n\t\t\t\t\t<\/div>\n\t\t<\/div>\n\t\t\t\t\t<\/div>\n\t\t<\/section>\n\t\t\t\t<section class=\"elementor-section elementor-top-section elementor-element elementor-element-09ddcd6 elementor-section-boxed elementor-section-height-default elementor-section-height-default\" data-id=\"09ddcd6\" data-element_type=\"section\">\n\t\t\t\t\t\t<div class=\"elementor-container elementor-column-gap-default\">\n\t\t\t\t\t<div class=\"elementor-column elementor-col-100 elementor-top-column elementor-element elementor-element-ed21030\" data-id=\"ed21030\" data-element_type=\"column\">\n\t\t\t<div class=\"elementor-widget-wrap elementor-element-populated\">\n\t\t\t\t\t\t<div class=\"elementor-element elementor-element-126c6de elementor-widget elementor-widget-image\" data-id=\"126c6de\" data-element_type=\"widget\" data-widget_type=\"image.default\">\n\t\t\t\t<div class=\"elementor-widget-container\">\n\t\t\t\t\t\t\t\t\t\t\t\t\t\t\t<img fetchpriority=\"high\" decoding=\"async\" width=\"724\" height=\"1024\" src=\"https:\/\/blogsaverroes.juntadeandalucia.es\/iesvcn\/files\/2022\/02\/Cartel-ESPA-724x1024-1.jpg\" class=\"attachment-large size-large wp-image-1117\" alt=\"\" srcset=\"https:\/\/blogsaverroes.juntadeandalucia.es\/iesvcn\/files\/2022\/02\/Cartel-ESPA-724x1024-1.jpg 724w, https:\/\/blogsaverroes.juntadeandalucia.es\/iesvcn\/files\/2022\/02\/Cartel-ESPA-724x1024-1-212x300.jpg 212w\" sizes=\"(max-width: 724px) 100vw, 724px\" \/>\t\t\t\t\t\t\t\t\t\t\t\t\t\t\t<\/div>\n\t\t\t\t<\/div>\n\t\t\t\t\t<\/div>\n\t\t<\/div>\n\t\t\t\t\t<\/div>\n\t\t<\/section>\n\t\t\t\t<\/div>\n\t\t","protected":false},"excerpt":{"rendered":"<p>Educaci\u00f3n Secundaria para Personas Adultas (ESPA) La Educaci\u00f3n Secundaria para Personas Adultas que ofrece la Consejer\u00eda de Educaci\u00f3n est\u00e1 fundamentada en criterios de flexibilidad y busca adaptarse a los intereses y necesidades de la poblaci\u00f3n adulta. Posee las siguientes caracter\u00edsticas:&#46;&#46;&#46;<\/p>\n","protected":false},"author":14415,"featured_media":0,"parent":0,"menu_order":0,"comment_status":"closed","ping_status":"closed","template":"","meta":{"ngg_post_thumbnail":0,"footnotes":""},"aioseo_notices":[],"_links":{"self":[{"href":"https:\/\/blogsaverroes.juntadeandalucia.es\/iesvcn\/wp-json\/wp\/v2\/pages\/1110"}],"collection":[{"href":"https:\/\/blogsaverroes.juntadeandalucia.es\/iesvcn\/wp-json\/wp\/v2\/pages"}],"about":[{"href":"https:\/\/blogsaverroes.juntadeandalucia.es\/iesvcn\/wp-json\/wp\/v2\/types\/page"}],"author":[{"embeddable":true,"href":"https:\/\/blogsaverroes.juntadeandalucia.es\/iesvcn\/wp-json\/wp\/v2\/users\/14415"}],"replies":[{"embeddable":true,"href":"https:\/\/blogsaverroes.juntadeandalucia.es\/iesvcn\/wp-json\/wp\/v2\/comments?post=1110"}],"version-history":[{"count":15,"href":"https:\/\/blogsaverroes.juntadeandalucia.es\/iesvcn\/wp-json\/wp\/v2\/pages\/1110\/revisions"}],"predecessor-version":[{"id":2600,"href":"https:\/\/blogsaverroes.juntadeandalucia.es\/iesvcn\/wp-json\/wp\/v2\/pages\/1110\/revisions\/2600"}],"wp:attachment":[{"href":"https:\/\/blogsaverroes.juntadeandalucia.es\/iesvcn\/wp-json\/wp\/v2\/media?parent=1110"}],"curies":[{"name":"wp","href":"https:\/\/api.w.org\/{rel}","templated":true}]}}