{"id":924,"date":"2020-02-29T06:34:51","date_gmt":"2020-02-29T05:34:51","guid":{"rendered":"https:\/\/blogsaverroes.juntadeandalucia.es\/iesvegadeatarfe\/?page_id=924"},"modified":"2025-07-02T10:14:24","modified_gmt":"2025-07-02T08:14:24","slug":"solicitud-titulo-de-ciclos-formativos","status":"publish","type":"page","link":"https:\/\/blogsaverroes.juntadeandalucia.es\/iesvegadeatarfe\/solicitud-titulo-de-ciclos-formativos\/","title":{"rendered":"Solicitud T\u00edtulo de Ciclos Formativos"},"content":{"rendered":"<p style=\"font-weight: 400;text-align: center\"><span style=\"font-size: 30pt;color: #246424\">1.- PROCEDIMIENTO ONLINE<\/span><\/p>\n<p style=\"text-align: center\"><span style=\"font-size: 14pt;color: #ff9900\">NO ES NECESARIO presentar la documentaci\u00f3n en la Secretar\u00eda del centro. <\/span><\/p>\n<p style=\"text-align: center\"><span style=\"font-size: 14pt;color: #ff9900\">Tiene un descuento del 10%<\/span><\/p>\n<table style=\"width: 122.933%;border-collapse: collapse;border-color: #4f4c4c;background-color: #e3dcdc;height: 78px\">\n<tbody>\n<tr>\n<td style=\"width: 100%;text-align: center\"><span style=\"font-size: 18pt;color: #246424\">PAGO TELEM\u00c1TICO DE TASAS Y SOLICITUD DEL T\u00cdTULO DE CICLO FORMATIVO:<\/span><\/td>\n<\/tr>\n<\/tbody>\n<\/table>\n<p>&nbsp;<br \/>\n<span style=\"font-size: 24pt;color: #248a24\">1.- Documentaci\u00f3n necesaria:<\/span><\/p>\n<p><span style=\"font-size: 14pt\">1.1.- Clave iAnde o certificado electr\u00f3nico (<span style=\"color: #00c800\"><a style=\"color: #00c800\" href=\"https:\/\/blogsaverroes.juntadeandalucia.es\/iesvegadeatarfe\/tutoriales-para-rellenar-impresos\/\" target=\"_blank\" rel=\"noopener noreferrer\">acceso a tutorial<\/a><\/span>)<\/span><br \/>\n&nbsp;<br \/>\n&nbsp;<br \/>\n<span style=\"color: #248a24;font-size: 24pt\">2.- <a href=\"https:\/\/blogsaverroes.juntadeandalucia.es\/iesvegadeatarfe\/files\/2023\/06\/exenciones_tasas_titulo.pdf\" target=\"_blank\" rel=\"noopener noreferrer\">Exenci\u00f3n de pago<\/a><\/span><br \/>\n&nbsp;<br \/>\n&nbsp;<br \/>\n<span style=\"font-size: 24pt;color: #248a24\">3.- Acceso a <\/span><span style=\"color: #00c800\"><a style=\"color: #00c800\" href=\"https:\/\/www.juntadeandalucia.es\/educacion\/secretariavirtual\/accesoTramite\/302\/\" target=\"_blank\" rel=\"noopener noreferrer\"><span style=\"font-size: 24pt\">solicitud de expedici\u00f3n de t\u00edtulo&nbsp;<\/span><\/a><\/span><\/p>\n<p>&nbsp;<\/p>\n<p style=\"font-weight: 400;text-align: center\"><span style=\"font-size: 30pt;color: #246424\">2.- PROCEDIMIENTO PRESENCIAL<\/span><\/p>\n<p style=\"text-align: center\"><span style=\"font-size: 14pt;color: #ff9900\">ES NECESARIO presentar la documentaci\u00f3n en la Secretar\u00eda del centro. <\/span><\/p>\n<p style=\"text-align: center\"><span style=\"font-size: 14pt;color: #ff9900\">No t<\/span><span style=\"color: #ff9900;font-size: 14pt\">iene un descuento del 10%<\/span><\/p>\n<table style=\"width: 122.933%;border-collapse: collapse;border-color: #4f4c4c;background-color: #e3dcdc;height: 78px\">\n<tbody>\n<tr>\n<td style=\"width: 100%;text-align: center\"><span style=\"font-size: 18pt;color: #246424\">SOLICITUD PRESENCIAL DEL T\u00cdTULO DE CICLO FORMATIVO:<\/span><\/td>\n<\/tr>\n<\/tbody>\n<\/table>\n<p>&nbsp;<br \/>\n<span style=\"font-size: 24pt\"><span style=\"color: #248a24\">1.- Cumplimentar el<\/span> <span style=\"color: #00c800\"><a style=\"color: #00c800\" href=\"http:\/\/www.juntadeandalucia.es\/economiayhacienda\/apl\/surweb\/modelos\/modelo046\/046.jsp\" target=\"_blank\" rel=\"noopener noreferrer\">Modelo 046<\/a><\/span><\/span><br \/>\n&nbsp;<br \/>\n&nbsp;<br \/>\n<span style=\"color: #248a24;font-size: 24pt\">2.- <a href=\"https:\/\/blogsaverroes.juntadeandalucia.es\/iesvegadeatarfe\/files\/2023\/06\/exenciones_tasas_titulo.pdf\" target=\"_blank\" rel=\"noopener noreferrer\">Exenci\u00f3n de pago<\/a><\/span><br \/>\n&nbsp;<br \/>\n&nbsp;<br \/>\n<span style=\"font-size: 24pt;color: #248a24\">3.- Instrucciones para rellenar la pesta\u00f1a &#8216;Datos Generales\u2019 en el anexo 046:<\/span><\/p>\n<p><span style=\"font-size: 14pt\">3.1.- Obligado al pago: Introducir datos personales.<\/span><\/p>\n<p><span style=\"font-size: 14pt\">3.2.- Datos Generales<\/span><\/p>\n<ul>\n<li style=\"list-style-type: none\">\n<ul>\n<li><span style=\"font-size: 14pt\">3.2.1.- Seleccionar &#8216;Autoliquidaci\u00f3n&#8217;.<\/span><\/li>\n<li><span style=\"font-size: 14pt\">3.2.2.- Concepto: &#8216;Expedici\u00f3n del T\u00edtulo de __________&#8217;<\/span>\n<ul>\n<li><span style=\"font-size: 14pt\">Alumnado del Ciclo Formativo de Grado Superior: &#8216;Ciclo Formativo de Grado Superior de Administraci\u00f3n y Finanzas&#8217;<\/span><\/li>\n<li><span style=\"font-size: 14pt\">Alumnado del Ciclo Formativo Grado Medio: &#8216;Ciclo Formativo de Grado Medio de Gesti\u00f3n Administrativa&#8217;<\/span><\/li>\n<\/ul>\n<\/li>\n<li><span style=\"font-size: 14pt\">3.2.3.- Fecha de Devengo: Indicar la Fecha de pago<\/span><\/li>\n<\/ul>\n<\/li>\n<\/ul>\n<p>&nbsp;<br \/>\n<span style=\"font-size: 14pt\">3.2.4.- Total a Ingresar:&nbsp;<\/span><\/p>\n<ul>\n<li style=\"list-style-type: none\">\n<ul>\n<li><span style=\"font-size: 14pt\">Alumnado del Ciclo Formativo de Grado Superior: <a href=\"https:\/\/blogsaverroes.juntadeandalucia.es\/iesvegadeatarfe\/files\/2025\/05\/Tasas_titulos_2025.pdf\" target=\"_blank\" rel=\"noopener noreferrer\">Tasas<\/a><\/span><\/li>\n<li><span style=\"font-size: 14pt\">Alumnado del Ciclo Formativo Grado Medio: <a href=\"https:\/\/blogsaverroes.juntadeandalucia.es\/iesvegadeatarfe\/files\/2025\/05\/Tasas_titulos_2025.pdf\" target=\"_blank\" rel=\"noopener noreferrer\">Tasas<\/a><\/span><\/li>\n<\/ul>\n<\/li>\n<\/ul>\n<p>&nbsp;<br \/>\n<span style=\"font-size: 14pt\">3.2.5.- C\u00f3digo Territorial: &#8216;ED18A7&#8217;<\/span><\/p>\n<p><span style=\"font-size: 14pt\">3.2.6.- Concepto de Pago: &#8216;0049&#8217;<\/span><\/p>\n<p><span style=\"font-size: 14pt\">3.2.7.- \u2018VALIDAR\u2018 en la esquina superior derecha de la pantalla<\/span><\/p>\n<p><span style=\"font-size: 14pt\"><img loading=\"lazy\" decoding=\"async\" class=\"wp-image-911 aligncenter\" src=\"https:\/\/blogsaverroes.juntadeandalucia.es\/iesvegadeatarfe\/files\/2020\/02\/Tasas-y-T\u00edtulos-Modelo-046-Datos-Generales-300x147.png\" alt=\"\" width=\"414\" height=\"203\" srcset=\"https:\/\/blogsaverroes.juntadeandalucia.es\/iesvegadeatarfe\/files\/2020\/02\/Tasas-y-T\u00edtulos-Modelo-046-Datos-Generales-300x147.png 300w, https:\/\/blogsaverroes.juntadeandalucia.es\/iesvegadeatarfe\/files\/2020\/02\/Tasas-y-T\u00edtulos-Modelo-046-Datos-Generales-768x375.png 768w, https:\/\/blogsaverroes.juntadeandalucia.es\/iesvegadeatarfe\/files\/2020\/02\/Tasas-y-T\u00edtulos-Modelo-046-Datos-Generales-1024x500.png 1024w, https:\/\/blogsaverroes.juntadeandalucia.es\/iesvegadeatarfe\/files\/2020\/02\/Tasas-y-T\u00edtulos-Modelo-046-Datos-Generales-24x12.png 24w, https:\/\/blogsaverroes.juntadeandalucia.es\/iesvegadeatarfe\/files\/2020\/02\/Tasas-y-T\u00edtulos-Modelo-046-Datos-Generales-36x18.png 36w, https:\/\/blogsaverroes.juntadeandalucia.es\/iesvegadeatarfe\/files\/2020\/02\/Tasas-y-T\u00edtulos-Modelo-046-Datos-Generales-48x23.png 48w, https:\/\/blogsaverroes.juntadeandalucia.es\/iesvegadeatarfe\/files\/2020\/02\/Tasas-y-T\u00edtulos-Modelo-046-Datos-Generales.png 1647w\" sizes=\"(max-width: 414px) 100vw, 414px\" \/><\/span><\/p>\n<p>&nbsp;<\/p>\n<p><span style=\"font-size: 24pt;color: #248a24\">4.- Documento en formato .pdf.<\/span><\/p>\n<p><span style=\"font-size: 14pt\">Autom\u00e1ticamente se genera un documento en .pdf con tres copias:<\/span><\/p>\n<ul>\n<li style=\"list-style-type: none\">\n<ul>\n<li><span style=\"font-size: 14pt\">Ejemplar para la administraci\u00f3n<\/span><\/li>\n<li><span style=\"font-size: 14pt\">Ejemplar para el interesado<\/span><\/li>\n<li><span style=\"font-size: 14pt\">Tal\u00f3n de cargo<\/span><\/li>\n<\/ul>\n<\/li>\n<\/ul>\n<p>&nbsp;<br \/>\n<span style=\"font-size: 24pt;color: #248a24\">5.- Abonar las tasas correspondientes en la Entidad Bancaria o a trav\u00e9s del pago Telem\u00e1tico.<\/span><\/p>\n<p>&nbsp;<\/p>\n<p><span style=\"font-size: 24pt;color: #248a24\">6.- Entregar la siguiente documentaci\u00f3n en la Secretar\u00eda del Centro:<\/span><\/p>\n<p><span style=\"font-size: 14pt\">6.1.- Solicitud del T\u00edtulo debidamente cumplimentada y firmada: <span style=\"color: #00c800;font-size: 18pt\"><a style=\"color: #00c800\" href=\"https:\/\/blogsaverroes.juntadeandalucia.es\/iesvegadeatarfe\/files\/2020\/02\/Anexo-IV-Solicitud-de-T\u00edtulo.pdf\" target=\"_blank\" rel=\"noopener noreferrer\">Anexo IV<\/a><\/span><\/span><\/p>\n<p><span style=\"font-size: 14pt\">6.2.- MOD 046 pagado.<\/span><\/p>\n<p><span style=\"font-size: 14pt\">6.3.- Fotocopia del DNI.<\/span><\/p>\n<p><span style=\"font-size: 14pt\">6.4.- Original y fotocopia del t\u00edtulo de familia numerosa, si procede.<\/span><\/p>\n","protected":false},"excerpt":{"rendered":"<p>1.- PROCEDIMIENTO ONLINE NO ES NECESARIO presentar la documentaci\u00f3n en la Secretar\u00eda del centro. Tiene un descuento del 10% PAGO TELEM\u00c1TICO DE TASAS Y SOLICITUD DEL T\u00cdTULO DE CICLO FORMATIVO: &nbsp; 1.- Documentaci\u00f3n necesaria: 1.1.- Clave iAnde o certificado electr\u00f3nico (acceso a tutorial) &nbsp; &nbsp; 2.- Exenci\u00f3n de pago &nbsp; &nbsp; 3.- Acceso a solicitud &hellip; <\/p>\n<p><a class=\"more-link btn\" href=\"https:\/\/blogsaverroes.juntadeandalucia.es\/iesvegadeatarfe\/solicitud-titulo-de-ciclos-formativos\/\">Seguir leyendo<\/a><\/p>\n","protected":false},"author":7647,"featured_media":0,"parent":0,"menu_order":0,"comment_status":"closed","ping_status":"closed","template":"","meta":{"ngg_post_thumbnail":0,"footnotes":""},"aioseo_notices":[],"_links":{"self":[{"href":"https:\/\/blogsaverroes.juntadeandalucia.es\/iesvegadeatarfe\/wp-json\/wp\/v2\/pages\/924"}],"collection":[{"href":"https:\/\/blogsaverroes.juntadeandalucia.es\/iesvegadeatarfe\/wp-json\/wp\/v2\/pages"}],"about":[{"href":"https:\/\/blogsaverroes.juntadeandalucia.es\/iesvegadeatarfe\/wp-json\/wp\/v2\/types\/page"}],"author":[{"embeddable":true,"href":"https:\/\/blogsaverroes.juntadeandalucia.es\/iesvegadeatarfe\/wp-json\/wp\/v2\/users\/7647"}],"replies":[{"embeddable":true,"href":"https:\/\/blogsaverroes.juntadeandalucia.es\/iesvegadeatarfe\/wp-json\/wp\/v2\/comments?post=924"}],"version-history":[{"count":37,"href":"https:\/\/blogsaverroes.juntadeandalucia.es\/iesvegadeatarfe\/wp-json\/wp\/v2\/pages\/924\/revisions"}],"predecessor-version":[{"id":6333,"href":"https:\/\/blogsaverroes.juntadeandalucia.es\/iesvegadeatarfe\/wp-json\/wp\/v2\/pages\/924\/revisions\/6333"}],"wp:attachment":[{"href":"https:\/\/blogsaverroes.juntadeandalucia.es\/iesvegadeatarfe\/wp-json\/wp\/v2\/media?parent=924"}],"curies":[{"name":"wp","href":"https:\/\/api.w.org\/{rel}","templated":true}]}}