{"id":2762,"date":"2019-02-22T10:45:06","date_gmt":"2019-02-22T10:45:06","guid":{"rendered":"https:\/\/blogsaverroes.juntadeandalucia.es\/iesveladalhamar\/?page_id=2762"},"modified":"2019-02-22T10:45:06","modified_gmt":"2019-02-22T10:45:06","slug":"tecnicas-de-estudio-ampa","status":"publish","type":"page","link":"https:\/\/blogsaverroes.juntadeandalucia.es\/iesveladalhamar\/tecnicas-de-estudio-ampa\/","title":{"rendered":"T\u00e9cnicas de Estudio &#8211; AMPA"},"content":{"rendered":"<p>El <strong>AMPA \u00abCabecico\u00bb<\/strong>&nbsp;va a contribuir con la impartici\u00f3n de un curso sobre <strong>t\u00e9cnicas de estudio<\/strong> para mejorar los rendimientos acad\u00e9micos de nuestro alumnado. Dicho curso se impartir\u00e1 en el instituto en jornada de tarde todos los jueves con dos sesiones diarias, la primera sesi\u00f3n de 16:30 a 18:00 horas y la segunda de 18:00 a 19:30 horas. La duraci\u00f3n del mismo ser\u00e1 de 8 jornadas, empezando el jueves 25 de enero y acabando el 21 de marzo. Dicho curso lo impartir\u00e1 Jos\u00e9 Juan Molina Teruel (Psic\u00f3logo). Este curso tiene un coste de 30\u20ac para los socios y de 35\u20ac para los no socios.<\/p>\n","protected":false},"excerpt":{"rendered":"<p>El AMPA \u00abCabecico\u00bb&nbsp;va a contribuir con la impartici\u00f3n de un curso sobre t\u00e9cnicas de estudio para mejorar los rendimientos acad\u00e9micos de nuestro alumnado. Dicho curso se impartir\u00e1 en el instituto en jornada de tarde todos los jueves con dos sesiones diarias, la primera sesi\u00f3n de 16:30 a 18:00 horas y la segunda de 18:00 a [&hellip;]<\/p>\n","protected":false},"author":6686,"featured_media":0,"parent":0,"menu_order":0,"comment_status":"closed","ping_status":"closed","template":"","meta":{"_et_pb_use_builder":"","_et_pb_old_content":"","_et_gb_content_width":"","ngg_post_thumbnail":0,"footnotes":"","_mc_calendar":[]},"aioseo_notices":[],"_links":{"self":[{"href":"https:\/\/blogsaverroes.juntadeandalucia.es\/iesveladalhamar\/wp-json\/wp\/v2\/pages\/2762"}],"collection":[{"href":"https:\/\/blogsaverroes.juntadeandalucia.es\/iesveladalhamar\/wp-json\/wp\/v2\/pages"}],"about":[{"href":"https:\/\/blogsaverroes.juntadeandalucia.es\/iesveladalhamar\/wp-json\/wp\/v2\/types\/page"}],"author":[{"embeddable":true,"href":"https:\/\/blogsaverroes.juntadeandalucia.es\/iesveladalhamar\/wp-json\/wp\/v2\/users\/6686"}],"replies":[{"embeddable":true,"href":"https:\/\/blogsaverroes.juntadeandalucia.es\/iesveladalhamar\/wp-json\/wp\/v2\/comments?post=2762"}],"version-history":[{"count":1,"href":"https:\/\/blogsaverroes.juntadeandalucia.es\/iesveladalhamar\/wp-json\/wp\/v2\/pages\/2762\/revisions"}],"predecessor-version":[{"id":2763,"href":"https:\/\/blogsaverroes.juntadeandalucia.es\/iesveladalhamar\/wp-json\/wp\/v2\/pages\/2762\/revisions\/2763"}],"wp:attachment":[{"href":"https:\/\/blogsaverroes.juntadeandalucia.es\/iesveladalhamar\/wp-json\/wp\/v2\/media?parent=2762"}],"curies":[{"name":"wp","href":"https:\/\/api.w.org\/{rel}","templated":true}]}}