{"id":77,"date":"2015-03-16T06:54:56","date_gmt":"2015-03-16T06:54:56","guid":{"rendered":"http:\/\/blogsaverroes.juntadeandalucia.es\/pre\/ceip\/?page_id=77"},"modified":"2026-02-20T08:34:34","modified_gmt":"2026-02-20T08:34:34","slug":"secretaria","status":"publish","type":"page","link":"https:\/\/blogsaverroes.juntadeandalucia.es\/iesveracruz\/secretaria\/","title":{"rendered":"Secretar\u00eda"},"content":{"rendered":"<p data-path-to-node=\"1\">La Secretar\u00eda de nuestro centro desempe\u00f1a un papel fundamental en la vida acad\u00e9mica y organizativa, funcionando como el principal nexo de uni\u00f3n entre las familias y la instituci\u00f3n. A lo largo de toda la etapa de escolarizaci\u00f3n, este departamento se encarga de coordinar y facilitar tr\u00e1mites esenciales para el alumnado, tales como los procesos de admisi\u00f3n y matr\u00edcula, la gesti\u00f3n del comedor escolar, la tramitaci\u00f3n de becas y ayudas, y la expedici\u00f3n de certificaciones oficiales. Nuestro compromiso es ofrecer un servicio eficiente que respalde el recorrido educativo de cada estudiante.<\/p>\n<p data-path-to-node=\"2\">Con el objetivo de mejorar la organizaci\u00f3n y ofrecer una atenci\u00f3n personalizada y sin esperas, desde el a\u00f1o 2020 todos los tr\u00e1mites que requieran presencia f\u00edsica en el centro se realizan bajo el sistema de cita previa. Las familias interesadas pueden concertar su visita llamando directamente al tel\u00e9fono <strong>953 77 95 11<\/strong>, donde les asignaremos un horario para realizar sus gestiones de forma c\u00f3moda y segura.<\/p>\n<p data-path-to-node=\"3\">Asimismo, les recordamos que tienen a su disposici\u00f3n la Secretar\u00eda Virtual de la Junta de Andaluc\u00eda para realizar la mayor\u00eda de estos procedimientos de manera telem\u00e1tica, ahorrando desplazamientos. Para facilitarles el acceso, hemos habilitado un banner espec\u00edfico de la <strong>Secretar\u00eda Virtual <\/strong>en nuestra p\u00e1gina web; simplemente <strong>pinchando sobre el logo del banner<\/strong>, acceder\u00e1n de forma directa al portal oficial para iniciar cualquier tr\u00e1mite administrativo disponible de forma online.<\/p>\n<p data-path-to-node=\"3\"><img fetchpriority=\"high\" decoding=\"async\" class=\"wp-image-3817 aligncenter\" src=\"https:\/\/blogsaverroes.juntadeandalucia.es\/iesveracruz\/files\/2026\/02\/1000106413-300x225.jpg\" alt=\"\" width=\"696\" height=\"522\" srcset=\"https:\/\/blogsaverroes.juntadeandalucia.es\/iesveracruz\/files\/2026\/02\/1000106413-300x225.jpg 300w, https:\/\/blogsaverroes.juntadeandalucia.es\/iesveracruz\/files\/2026\/02\/1000106413-1024x768.jpg 1024w, https:\/\/blogsaverroes.juntadeandalucia.es\/iesveracruz\/files\/2026\/02\/1000106413-768x576.jpg 768w, https:\/\/blogsaverroes.juntadeandalucia.es\/iesveracruz\/files\/2026\/02\/1000106413-1536x1152.jpg 1536w, https:\/\/blogsaverroes.juntadeandalucia.es\/iesveracruz\/files\/2026\/02\/1000106413-2048x1536.jpg 2048w\" sizes=\"(max-width: 696px) 100vw, 696px\" \/><\/p>\n<p>&nbsp;<\/p>\n","protected":false},"excerpt":{"rendered":"<p>La Secretar\u00eda de nuestro centro desempe\u00f1a un papel fundamental en la vida acad\u00e9mica y organizativa, funcionando como el principal nexo de uni\u00f3n entre las familias y la instituci\u00f3n. A lo largo de toda la&#46;&#46;&#46;<\/p>\n","protected":false},"author":1,"featured_media":2283,"parent":0,"menu_order":0,"comment_status":"closed","ping_status":"open","template":"","meta":{"ngg_post_thumbnail":0,"footnotes":"","_mc_calendar":[]},"aioseo_notices":[],"_links":{"self":[{"href":"https:\/\/blogsaverroes.juntadeandalucia.es\/iesveracruz\/wp-json\/wp\/v2\/pages\/77"}],"collection":[{"href":"https:\/\/blogsaverroes.juntadeandalucia.es\/iesveracruz\/wp-json\/wp\/v2\/pages"}],"about":[{"href":"https:\/\/blogsaverroes.juntadeandalucia.es\/iesveracruz\/wp-json\/wp\/v2\/types\/page"}],"author":[{"embeddable":true,"href":"https:\/\/blogsaverroes.juntadeandalucia.es\/iesveracruz\/wp-json\/wp\/v2\/users\/1"}],"replies":[{"embeddable":true,"href":"https:\/\/blogsaverroes.juntadeandalucia.es\/iesveracruz\/wp-json\/wp\/v2\/comments?post=77"}],"version-history":[{"count":14,"href":"https:\/\/blogsaverroes.juntadeandalucia.es\/iesveracruz\/wp-json\/wp\/v2\/pages\/77\/revisions"}],"predecessor-version":[{"id":3842,"href":"https:\/\/blogsaverroes.juntadeandalucia.es\/iesveracruz\/wp-json\/wp\/v2\/pages\/77\/revisions\/3842"}],"wp:featuredmedia":[{"embeddable":true,"href":"https:\/\/blogsaverroes.juntadeandalucia.es\/iesveracruz\/wp-json\/wp\/v2\/media\/2283"}],"wp:attachment":[{"href":"https:\/\/blogsaverroes.juntadeandalucia.es\/iesveracruz\/wp-json\/wp\/v2\/media?parent=77"}],"curies":[{"name":"wp","href":"https:\/\/api.w.org\/{rel}","templated":true}]}}