{"id":7420,"date":"2021-12-15T18:05:03","date_gmt":"2021-12-15T18:05:03","guid":{"rendered":"https:\/\/blogsaverroes.juntadeandalucia.es\/iesvirgendelcampo\/?page_id=7420"},"modified":"2022-12-15T09:46:33","modified_gmt":"2022-12-15T08:46:33","slug":"consejo-escolar","status":"publish","type":"page","link":"https:\/\/blogsaverroes.juntadeandalucia.es\/iesvirgendelcampo\/consejo-escolar\/","title":{"rendered":"Consejo Escolar"},"content":{"rendered":"\t\t<div data-elementor-type=\"wp-page\" data-elementor-id=\"7420\" class=\"elementor elementor-7420\">\n\t\t\t\t\t\t<section class=\"elementor-section elementor-top-section elementor-element elementor-element-6375882 elementor-section-boxed elementor-section-height-default elementor-section-height-default\" data-id=\"6375882\" data-element_type=\"section\">\n\t\t\t\t\t\t<div class=\"elementor-container elementor-column-gap-default\">\n\t\t\t\t\t<div class=\"elementor-column elementor-col-100 elementor-top-column elementor-element elementor-element-08f8cdf\" data-id=\"08f8cdf\" data-element_type=\"column\">\n\t\t\t<div class=\"elementor-widget-wrap elementor-element-populated\">\n\t\t\t\t\t\t<div class=\"elementor-element elementor-element-47280e5 elementor-widget elementor-widget-image\" data-id=\"47280e5\" data-element_type=\"widget\" data-widget_type=\"image.default\">\n\t\t\t\t<div class=\"elementor-widget-container\">\n\t\t\t\t\t\t\t\t\t\t\t\t\t\t\t<img decoding=\"async\" width=\"80\" height=\"80\" src=\"https:\/\/blogsaverroes.juntadeandalucia.es\/iesvirgendelcampo\/files\/2021\/12\/votar-80x80.png\" class=\"attachment-thumb-small size-thumb-small wp-image-7426\" alt=\"\" srcset=\"https:\/\/blogsaverroes.juntadeandalucia.es\/iesvirgendelcampo\/files\/2021\/12\/votar-80x80.png 80w, https:\/\/blogsaverroes.juntadeandalucia.es\/iesvirgendelcampo\/files\/2021\/12\/votar-300x300.png 300w, https:\/\/blogsaverroes.juntadeandalucia.es\/iesvirgendelcampo\/files\/2021\/12\/votar-150x150.png 150w, https:\/\/blogsaverroes.juntadeandalucia.es\/iesvirgendelcampo\/files\/2021\/12\/votar-320x320.png 320w, https:\/\/blogsaverroes.juntadeandalucia.es\/iesvirgendelcampo\/files\/2021\/12\/votar.png 512w\" sizes=\"(max-width: 80px) 100vw, 80px\" \/>\t\t\t\t\t\t\t\t\t\t\t\t\t\t\t<\/div>\n\t\t\t\t<\/div>\n\t\t\t\t\t<\/div>\n\t\t<\/div>\n\t\t\t\t\t<\/div>\n\t\t<\/section>\n\t\t\t\t<section class=\"elementor-section elementor-top-section elementor-element elementor-element-0bae0fc elementor-section-boxed elementor-section-height-default elementor-section-height-default\" data-id=\"0bae0fc\" data-element_type=\"section\">\n\t\t\t\t\t\t<div class=\"elementor-container elementor-column-gap-default\">\n\t\t\t\t\t<div class=\"elementor-column elementor-col-100 elementor-top-column elementor-element elementor-element-d066ce6\" data-id=\"d066ce6\" data-element_type=\"column\">\n\t\t\t<div class=\"elementor-widget-wrap elementor-element-populated\">\n\t\t\t\t\t\t<div class=\"elementor-element elementor-element-617ca17 elementor-widget elementor-widget-heading\" data-id=\"617ca17\" data-element_type=\"widget\" data-widget_type=\"heading.default\">\n\t\t\t\t<div class=\"elementor-widget-container\">\n\t\t\t\t\t<h2 class=\"elementor-heading-title elementor-size-default\">Consejo Escolar 22-23<\/h2>\t\t\t\t<\/div>\n\t\t\t\t<\/div>\n\t\t\t\t\t<\/div>\n\t\t<\/div>\n\t\t\t\t\t<\/div>\n\t\t<\/section>\n\t\t\t\t<section class=\"elementor-section elementor-top-section elementor-element elementor-element-7c3f9c1 elementor-section-boxed elementor-section-height-default elementor-section-height-default\" data-id=\"7c3f9c1\" data-element_type=\"section\">\n\t\t\t\t\t\t<div class=\"elementor-container elementor-column-gap-default\">\n\t\t\t\t\t<div class=\"elementor-column elementor-col-100 elementor-top-column elementor-element elementor-element-bc8485c\" data-id=\"bc8485c\" data-element_type=\"column\">\n\t\t\t<div class=\"elementor-widget-wrap elementor-element-populated\">\n\t\t\t\t\t\t<div class=\"elementor-element elementor-element-5f1b213 elementor-widget elementor-widget-text-editor\" data-id=\"5f1b213\" data-element_type=\"widget\" data-widget_type=\"text-editor.default\">\n\t\t\t\t<div class=\"elementor-widget-container\">\n\t\t\t\t\t\t\t\t\t<p>Nuestro Consejo Escolar est\u00e1 formado por:&nbsp;<\/p>\n<p>El Director, Don Jos\u00e9 Manuel Moya Mu\u00f1oz, la Jefa de Estudios, Do\u00f1a Mercedes Belmonte Espinosa y el Secretario, Don Rafael M. Gallardo Otero.&nbsp;<\/p>\n<p>Representantes del <strong>profesorado<\/strong>:&nbsp;<\/p>\n<ul>\n<li>Do\u00f1a Isabel Agudo Guti\u00e9rrez<\/li>\n<li>Don \u00d3scar David \u00c1lvarez Cortes<\/li>\n<li>Don Carlos Barrag\u00e1n Jurado<\/li>\n<li>Don Jos\u00e9 Jes\u00fas Garc\u00eda Rubio<\/li>\n<li>Do\u00f1a Mar\u00eda Jos\u00e9 Mart\u00edn Fern\u00e1ndez<\/li>\n<li>Don Antonio Pina Ruiz<\/li>\n<li>Do\u00f1a Mar\u00eda del Mar Rela\u00f1o Valverde<\/li>\n<\/ul>\n<p>Representantes de <strong>padres y madres<\/strong> del centro:&nbsp;<\/p>\n<ul>\n<li>Do\u00f1a Francisca Luque Meng\u00edbar<\/li>\n<li>Do\u00f1a Estrella Olmo S\u00e1nchez<\/li>\n<li>Do\u00f1a Mar\u00eda Jos\u00e9 Pons Blanca<\/li>\n<li>Don Antonio V\u00edlchez Romero&nbsp;<\/li>\n<\/ul>\n<p>Representantes del <strong>alumnado<\/strong> del centro:<\/p>\n<ul>\n<li>Do\u00f1a Mar\u00eda Moyano Canalejo<\/li>\n<li>Don Juan Manuel Valverde S\u00e1nchez<\/li>\n<li>Do\u00f1a Sandra Zurita Barea<\/li>\n<\/ul>\n<p>La representante del <strong>PAS<\/strong>, Don Juan Rafael S\u00e1nchez Torres.<\/p>\n<p>La representante del <strong>Ayuntamiento<\/strong>, Do\u00f1a Roc\u00edo Castillo Guti\u00e9rrez.<br><\/p>\t\t\t\t\t\t\t\t<\/div>\n\t\t\t\t<\/div>\n\t\t\t\t\t<\/div>\n\t\t<\/div>\n\t\t\t\t\t<\/div>\n\t\t<\/section>\n\t\t\t\t<\/div>\n\t\t","protected":false},"excerpt":{"rendered":"<p>Consejo Escolar 22-23 Nuestro Consejo Escolar est\u00e1 formado por:&nbsp; El Director, Don Jos\u00e9 Manuel Moya Mu\u00f1oz, la Jefa de Estudios, Do\u00f1a Mercedes Belmonte Espinosa y el Secretario, Don Rafael M.&#46;&#46;&#46;<\/p>\n","protected":false},"author":13601,"featured_media":0,"parent":0,"menu_order":0,"comment_status":"closed","ping_status":"closed","template":"","meta":{"ngg_post_thumbnail":0,"footnotes":"","_mc_calendar":[]},"aioseo_notices":[],"_links":{"self":[{"href":"https:\/\/blogsaverroes.juntadeandalucia.es\/iesvirgendelcampo\/wp-json\/wp\/v2\/pages\/7420"}],"collection":[{"href":"https:\/\/blogsaverroes.juntadeandalucia.es\/iesvirgendelcampo\/wp-json\/wp\/v2\/pages"}],"about":[{"href":"https:\/\/blogsaverroes.juntadeandalucia.es\/iesvirgendelcampo\/wp-json\/wp\/v2\/types\/page"}],"author":[{"embeddable":true,"href":"https:\/\/blogsaverroes.juntadeandalucia.es\/iesvirgendelcampo\/wp-json\/wp\/v2\/users\/13601"}],"replies":[{"embeddable":true,"href":"https:\/\/blogsaverroes.juntadeandalucia.es\/iesvirgendelcampo\/wp-json\/wp\/v2\/comments?post=7420"}],"version-history":[{"count":8,"href":"https:\/\/blogsaverroes.juntadeandalucia.es\/iesvirgendelcampo\/wp-json\/wp\/v2\/pages\/7420\/revisions"}],"predecessor-version":[{"id":8773,"href":"https:\/\/blogsaverroes.juntadeandalucia.es\/iesvirgendelcampo\/wp-json\/wp\/v2\/pages\/7420\/revisions\/8773"}],"wp:attachment":[{"href":"https:\/\/blogsaverroes.juntadeandalucia.es\/iesvirgendelcampo\/wp-json\/wp\/v2\/media?parent=7420"}],"curies":[{"name":"wp","href":"https:\/\/api.w.org\/{rel}","templated":true}]}}