{"id":3774,"date":"2022-09-08T16:09:14","date_gmt":"2022-09-08T14:09:14","guid":{"rendered":"https:\/\/blogsaverroes.juntadeandalucia.es\/iesvirgendelcollado\/?page_id=3774"},"modified":"2023-03-09T18:51:38","modified_gmt":"2023-03-09T16:51:38","slug":"transformacion-digital-educativa-tde","status":"publish","type":"page","link":"https:\/\/blogsaverroes.juntadeandalucia.es\/iesvirgendelcollado\/transformacion-digital-educativa-tde\/","title":{"rendered":"Transformaci\u00f3n Digital Educativa TDE"},"content":{"rendered":"<p style=\"text-align: center\"><a title=\"Portal TDE\" href=\"https:\/\/www.juntadeandalucia.es\/educacion\/portals\/web\/transformacion-digital-educativa\" target=\"_blank\" rel=\"noopener noreferrer\"><img loading=\"lazy\" decoding=\"async\" class=\"size-full wp-image-3797 alignleft\" src=\"https:\/\/blogsaverroes.juntadeandalucia.es\/iesvirgendelcollado\/files\/2022\/09\/6D0C5782-8F9E-402D-A183-6F398F826F19.png\" alt=\"\" width=\"223\" height=\"226\"><\/a><\/p>\n<p><a title=\"Portal TDE\" href=\"https:\/\/www.juntadeandalucia.es\/educacion\/portals\/web\/transformacion-digital-educativa\" target=\"_blank\" rel=\"noopener noreferrer\">Portal TDE<\/a><\/p>\n<p>&nbsp;<\/p>\n<p style=\"text-align: center\"><a title=\"#TDE, Transformaci\u00f3n Digital Educativa\" href=\"https:\/\/youtu.be\/ij2RFtZeTUs\">#TDE, Introducci\u00f3n a la TDE. Transformaci\u00f3n Digital Educativa<\/a><\/p>\n<p style=\"text-align: center\"><a href=\"https:\/\/www.juntadeandalucia.es\/educacion\/portals\/web\/transformacion-digital-educativa\/inicio?p_p_auth=K82OHzc2&amp;p_p_id=49&amp;p_p_lifecycle=1&amp;p_p_state=normal&amp;p_p_mode=view&amp;_49_struts_action=%2Fmy_sites%2Fview&amp;_49_groupId=586411&amp;_49_privateLayout=false\">Enlace a web TDE Consejer\u00eda Desarrollo Educativo y Formaxi\u00f3n Profesional<\/a><\/p>\n<p style=\"text-align: center\"><a href=\"https:\/\/view.genial.ly\/615ae9f62b4cdf0ddc0272a7\/presentation-documentos-tde\">Genially. Documentos TDE accesibles desde S\u00e9neca<\/a><\/p>\n<p style=\"text-align: center\"><a href=\"https:\/\/blogsaverroes.juntadeandalucia.es\/iesvirgendelcollado\/files\/2022\/09\/9B76B6AC-D766-43F6-A465-A7DAA7323F01.jpeg\"><img loading=\"lazy\" decoding=\"async\" class=\"alignnone size-full wp-image-3789\" src=\"https:\/\/blogsaverroes.juntadeandalucia.es\/iesvirgendelcollado\/files\/2022\/09\/9B76B6AC-D766-43F6-A465-A7DAA7323F01.jpeg\" alt=\"\" width=\"216\" height=\"233\"><\/a><\/p>\n<p style=\"text-align: center\"><span style=\"color: #0000ff\"><strong><a style=\"color: #0000ff\" href=\"https:\/\/blogsaverroes.juntadeandalucia.es\/perfiles-de-usuario-en-blogsaverroes\/\">Perfiles de usuario en blog Averroes<\/a><\/strong><\/span><\/p>\n<p style=\"text-align: center\"><a href=\"https:\/\/recursostde.notion.site\/\"><span style=\"color: #000000\"><strong>Bienvenido\/a al mayor <span style=\"color: #ff0000\">repositorio de recursos<\/span> dirigido a la Transformaci\u00f3n Digital Educativa en Andaluc\u00eda.<\/strong><\/span><br \/>\n<\/a><\/p>\n<p><a title=\"Gu\u00eda para la elaboraci\u00f3n del Plan de Acci\u00f3n Digital del Centro\" href=\"https:\/\/www.juntadeandalucia.es\/educacion\/portals\/web\/transformacion-digital-educativa\/contenidos\/-\/contenidos\/detalle\/tde_guias_para_la_elaboracion_del_pad\" target=\"_blank\" rel=\"noopener noreferrer\">Gu\u00eda para la elaboraci\u00f3n del Plan de Acci\u00f3n Digital del Centro<\/a><\/p>\n","protected":false},"excerpt":{"rendered":"<p>Portal TDE &nbsp; #TDE, Introducci\u00f3n a la TDE. Transformaci\u00f3n Digital Educativa Enlace a web TDE Consejer\u00eda Desarrollo Educativo y Formaxi\u00f3n Profesional Genially. Documentos TDE accesibles desde S\u00e9neca Perfiles de usuario en blog Averroes Bienvenido\/a al mayor repositorio de recursos dirigido a la Transformaci\u00f3n Digital Educativa en Andaluc\u00eda. Gu\u00eda para la elaboraci\u00f3n del Plan de Acci\u00f3n &hellip; <a href=\"https:\/\/blogsaverroes.juntadeandalucia.es\/iesvirgendelcollado\/transformacion-digital-educativa-tde\/\" class=\"more-link\">Seguir leyendo <span class=\"screen-reader-text\">Transformaci\u00f3n Digital Educativa TDE<\/span> <span class=\"meta-nav\">&rarr;<\/span><\/a><\/p>\n","protected":false},"author":10578,"featured_media":0,"parent":0,"menu_order":0,"comment_status":"closed","ping_status":"closed","template":"","meta":{"ngg_post_thumbnail":0,"footnotes":"","_mc_calendar":[]},"aioseo_notices":[],"_links":{"self":[{"href":"https:\/\/blogsaverroes.juntadeandalucia.es\/iesvirgendelcollado\/wp-json\/wp\/v2\/pages\/3774"}],"collection":[{"href":"https:\/\/blogsaverroes.juntadeandalucia.es\/iesvirgendelcollado\/wp-json\/wp\/v2\/pages"}],"about":[{"href":"https:\/\/blogsaverroes.juntadeandalucia.es\/iesvirgendelcollado\/wp-json\/wp\/v2\/types\/page"}],"author":[{"embeddable":true,"href":"https:\/\/blogsaverroes.juntadeandalucia.es\/iesvirgendelcollado\/wp-json\/wp\/v2\/users\/10578"}],"replies":[{"embeddable":true,"href":"https:\/\/blogsaverroes.juntadeandalucia.es\/iesvirgendelcollado\/wp-json\/wp\/v2\/comments?post=3774"}],"version-history":[{"count":8,"href":"https:\/\/blogsaverroes.juntadeandalucia.es\/iesvirgendelcollado\/wp-json\/wp\/v2\/pages\/3774\/revisions"}],"predecessor-version":[{"id":4506,"href":"https:\/\/blogsaverroes.juntadeandalucia.es\/iesvirgendelcollado\/wp-json\/wp\/v2\/pages\/3774\/revisions\/4506"}],"wp:attachment":[{"href":"https:\/\/blogsaverroes.juntadeandalucia.es\/iesvirgendelcollado\/wp-json\/wp\/v2\/media?parent=3774"}],"curies":[{"name":"wp","href":"https:\/\/api.w.org\/{rel}","templated":true}]}}