{"id":3972,"date":"2022-09-29T21:34:40","date_gmt":"2022-09-29T19:34:40","guid":{"rendered":"https:\/\/blogsaverroes.juntadeandalucia.es\/iesvirgendelcollado\/?page_id=3972"},"modified":"2026-03-24T13:49:41","modified_gmt":"2026-03-24T11:49:41","slug":"formacion-profesional","status":"publish","type":"page","link":"https:\/\/blogsaverroes.juntadeandalucia.es\/iesvirgendelcollado\/formacion-profesional\/","title":{"rendered":"Formaci\u00f3n Profesional"},"content":{"rendered":"<p>&nbsp;<\/p>\n<p>LISTADO DE MANUALES CICLOS FORMATIVOS CURSO 25\/26<\/p>\n<p>1\u00ba INTEGRACI\u00d3N SOCIAL<\/p>\n<p>\u2717 CONTEXTO DE INTERVENCI\u00d3N SOCIAL EDITORIAL ALTAMAR<\/p>\n<p>\u2717 SOSTENIBILIDAD EDITORIAL TULIBRODEFP<\/p>\n<p>\u2717 PRIMEROS AUXILIOS EDITORIAL ALTAMAR<\/p>\n<p>\u2717 METODOLOG\u00cdA DE LA INTERVENCI\u00d3N SOCIAL EDITORIAL ALTAMAR<\/p>\n<p>\u2717 PROMOCI\u00d3N DE LA AUTONOM\u00cdA PERSONAL EDITORIAL ALTAMAR<\/p>\n<p>\u2717 SISTEMAS AUMENTATIVOS Y ALTERNATIVOS DE COMUNICACI\u00d3N<\/p>\n<p>\u2717 INSERCI\u00d3N SOCIOLABORAL EDITORIAL ALTAMAR<\/p>\n<p>\u2717 DIGITALIZACI\u00d3N EDITORIAL ALTAMAR<\/p>\n<p>\u2717 ITINERARIO PERSONAL PARA LA EMPLEABILIDAD I. EDITORIAL<\/p>\n<p>TULIBRODFP<\/p>\n<p>2\u00ba INTEGRACI\u00d3N SOCIAL<\/p>\n<p>\u2717 HABILIDADES SOCIALES. EDITORIAL ALTAMAR<\/p>\n<p>\u2717 APOYO A LA INTERVENCI\u00d3N EDUCATIVA EDITORIAL ALTAMAR<\/p>\n<p>\u2717 MEDIACI\u00d3N COMUNITARIA. EDITORIAL ALTAMAR<\/p>\n<p>\u2717 ATENCI\u00d3N A LAS UNIDADES DE CONVIVENCIA. EDITORIAL ALTAMAR<\/p>\n<p>\u2717 ITINERARIO PERSONAL PARA LA EMPLEABILIDAD II. EDITORIAL<\/p>\n<p>TULIBRODFP<\/p>\n<p>&nbsp;<\/p>\n<p>___________________________________________________________________________<\/p>\n<p><a href=\"https:\/\/drive.google.com\/file\/d\/1jdvE5a5x_gvgR9Vq0YKJGAPJUDqtP_Ra\/view?usp=drivesdk\">Entrevista en Onda Cero Ja\u00e9n sobre los ciclos formativos del IES Virgen del Collado.<\/a><\/p>\n<hr>\n<p>&nbsp;<\/p>\n<p><a href=\"https:\/\/blogsaverroes.juntadeandalucia.es\/iesvirgendelcollado\/solicitud-de-titulacion\/\">Solicitud de titulaci\u00f3n<\/a><\/p>\n<p style=\"text-align: center\"><a href=\"https:\/\/www.juntadeandalucia.es\/educacion\/secretariavirtual\/accesoTramite\/302\/\"><img loading=\"lazy\" decoding=\"async\" class=\"alignnone size-medium wp-image-6018\" src=\"https:\/\/blogsaverroes.juntadeandalucia.es\/iesvirgendelcollado\/files\/2025\/06\/Diapositiva1-300x74.jpg\" alt=\"\" width=\"300\" height=\"74\" srcset=\"https:\/\/blogsaverroes.juntadeandalucia.es\/iesvirgendelcollado\/files\/2025\/06\/Diapositiva1-300x74.jpg 300w, https:\/\/blogsaverroes.juntadeandalucia.es\/iesvirgendelcollado\/files\/2025\/06\/Diapositiva1-1024x254.jpg 1024w, https:\/\/blogsaverroes.juntadeandalucia.es\/iesvirgendelcollado\/files\/2025\/06\/Diapositiva1-768x191.jpg 768w, https:\/\/blogsaverroes.juntadeandalucia.es\/iesvirgendelcollado\/files\/2025\/06\/Diapositiva1.jpg 1165w\" sizes=\"(max-width: 300px) 100vw, 300px\" \/><\/a><\/p>\n<hr>\n<p><a title=\"Admisi\u00f3n Ciclos FP\" href=\"https:\/\/blogsaverroes.juntadeandalucia.es\/iesvirgendelcollado\/admision-ciclos-fp\/\" target=\"_blank\" rel=\"noopener\">Admisi\u00f3n Ciclos FP<\/a><\/p>\n<ul class=\"listado-recursos mb-0\">\n<li class=\"mb-3\"><a class=\"mb-0\" title=\"Anexo V. Solicitud de renuncia a matr\u00edcula\" href=\"https:\/\/www.juntadeandalucia.es\/haciendayadministracionpublica\/rpa-icms-doc\/icmsDescargaDoc.do?tipo=4b40ba71bf0bae77c7a9e6765035191a&amp;id=e3ecede394b2c0d09dcbfbf8e61f63f5\">Anexo V. Solicitud de renuncia a matr\u00edcula<\/a>&nbsp;N\u00ba: 010218 (Obligatorio)<\/li>\n<li class=\"mb-3\"><a class=\"mb-0\" title=\"Anexo IV. Solicitud de renuncia a convocatoria\" href=\"https:\/\/www.juntadeandalucia.es\/haciendayadministracionpublica\/rpa-icms-doc\/icmsDescargaDoc.do?tipo=4b40ba71bf0bae77c7a9e6765035191a&amp;id=e841e82f67423affae0ab42c379bb031\">Anexo IV. Solicitud de renuncia a convocatoria<\/a> N\u00ba: 010217 (Obligatorio)<\/li>\n<\/ul>\n<hr>\n<p><a href=\"https:\/\/drive.google.com\/file\/d\/1kHJbpYvdjGjF_bVz8PFkspHkwNQZBsgy\/view?usp=sharing\" target=\"_blank\" rel=\"noopener\"><span style=\"text-decoration: underline\"><em><span style=\"color: #ff0000;text-decoration: underline\">P\u00c9RDIDA DE EVALUACI\u00d3N CONT\u00cdNUA<\/span><\/em><\/span><\/a><br \/>\n<span style=\"text-decoration: underline\"><em><span style=\"color: #ff0000;text-decoration: underline\">EN CICLOS FORMATIVOS<\/span><\/em><\/span><\/p>\n<p>La no asistencia a clase, de manera injustificada o justificada, durante el 20% del total de las horas anual en cada uno de los m\u00f3dulos profesionales o \u00e1mbito impedir\u00e1 el proceso de evaluaci\u00f3n continua y el alumno\/a afectado tendr\u00e1 calificaci\u00f3n negativa en todos los ejercicios, actividades y tareas desarrolladas durante la evaluaci\u00f3n debiendo recuperar todas las actividades evaluables (ex\u00e1menes orales, pruebas escritas, trabajos de investigaci\u00f3n\u2026), en el primer curso durante el periodo establecido entre la \u00faltima evaluaci\u00f3n parcial y la evaluaci\u00f3n final; y en el segundo curso durante el periodo establecido entre la sesi\u00f3n previa al inicio del m\u00f3dulo de FCT y la evaluaci\u00f3n final.<\/p>\n<p>Se avisar\u00e1 al alumno\/a cuando haya superado el 10% de faltas justificadas o injustificadas del total de horas anual.<\/p>\n<ul style=\"list-style-type: circle\">\n<li><a href=\"https:\/\/drive.google.com\/file\/d\/1kHJbpYvdjGjF_bVz8PFkspHkwNQZBsgy\/view?usp=sharing\" target=\"_blank\" rel=\"noopener\">Procedimiento Normalizado Tr\u00e1mite P\u00e9rdida Evaluaci\u00f3n Continua Ciclos.<\/a><\/li>\n<li><a href=\"https:\/\/drive.google.com\/file\/d\/1GtGcAnhJ5k15NRftvhXeIj1OWgzUtxpt\/view?usp=sharing\" target=\"_blank\" rel=\"noopener\">Anexo I P\u00e9rdida Derecho Evaluaci\u00f3n Continua FP.<\/a><\/li>\n<\/ul>\n<hr>\n<p><strong><span style=\"color: #ff0000\">Cuenta TIC alumnado de Bachillerato y Ciclos de Grado Superior<\/span><\/strong><\/p>\n<p style=\"font-weight: 400\">Desde hace a\u00f1os, la Universidad de Ja\u00e9n facilita una&nbsp;<strong>cuenta TIC<\/strong>&nbsp;al alumnado de 2\u00ba de Bachillerato y 2\u00ba curso de los Ciclos Formativos de Grado Superior de la provincia de Ja\u00e9n.<\/p>\n<p style=\"font-weight: 400\">Esta cuenta es&nbsp;<strong>necesaria<\/strong>&nbsp;para&nbsp;realizar los tr\u00e1mites relacionados con la&nbsp;<strong>Prueba de Acceso a la Universidad<\/strong>.&nbsp;(Si alg\u00fan estudiante ya la tuviese, por haberla solicitado en a\u00f1os anteriores, no tiene que volver a solicitarla.)<\/p>\n<p style=\"font-weight: 400\">Le ruego que transmita esta informaci\u00f3n al profesorado de su Centro, para que a su vez se lo haga llegar a todos los&nbsp;estudiantes&nbsp;candidatos a presentarse a las Pruebas de Acceso y Admisi\u00f3n a la Universidad.<\/p>\n<p style=\"font-weight: 400\">Los&nbsp;estudiantes&nbsp;de segundo curso de Bachillerato y Ciclos Formativos de Grado Superior&nbsp;que pretendan presentarse a las pruebas de acceso (PEvAU), podr\u00e1n solicitar&nbsp;su&nbsp;Cuenta&nbsp;TIC&nbsp;<strong>hasta el d\u00eda&nbsp;31 de marzo&nbsp;inclusive<\/strong>, a trav\u00e9s del siguiente enlace:<\/p>\n<p style=\"font-weight: 400\"><a href=\"https:\/\/forms.gle\/MoFBks1tQHpgk5GN9\">https:\/\/forms.gle\/MoFBks1tQHpgk5GN9<\/a><\/p>\n<p style=\"font-weight: 400\"><a href=\"https:\/\/www.ujaen.es\/estudios\/acceso-y-matricula\/solicitud-clave-tic-alumnos-bachillerato-y-ciclos\">https:\/\/www.ujaen.es\/estudios\/acceso-y-matricula\/solicitud-clave-tic-alumnos-bachillerato-y-ciclos<\/a><\/p>\n<p style=\"font-weight: 400\">Deber\u00e1n cumplimentar sus datos, adjuntar obligatoriamente el DNI escaneado en formato PDF, junto con su correo electr\u00f3nico personal, ya que a este correo le enviaremos su&nbsp;Cuenta&nbsp;TIC.<\/p>\n<p><a title=\"Generaci\u00f3n de cuenta TIC UJa\u00e9n\" href=\"https:\/\/www.ujaen.es\/estudios\/acceso-y-matricula\/sites\/segundonivel_acceso_y_matricula\/files\/uploads\/acceso\/selectividad\/GENERACI%C3%93N%20DE%20CUENTA%20TIC%20bachillerato%20y%20ciclos%20formativos.pdf\" target=\"_blank\" rel=\"noopener noreferrer\">Generaci\u00f3n de cuenta TIC UJa\u00e9n<\/a><\/p>\n<p><a title=\"Solicitud de nueva clave de cuenta TIC\" href=\"https:\/\/uvirtual.ujaen.es\/pub\/es\/operaciones\/olvidoClave\" target=\"_blank\" rel=\"noopener noreferrer\">Solicitud de nueva clave de cuenta TIC<\/a><\/p>\n<hr>\n<p><span style=\"color: #ff0000\"><strong>Informaci\u00f3n sobre&nbsp;la convocatoria para Pruebas de acceso a Ciclos Formativos, tanto de grado medio o a grado superior.<\/strong><\/span><\/p>\n<p>Las pruebas de acceso a los ciclos formativos de formaci\u00f3n profesional&nbsp;<strong>est\u00e1n destinadas a todas aquellas personas que desean cursar un ciclo formativo y no poseen el requisito acad\u00e9mico necesario.<\/strong><\/p>\n<p><strong>Si deseo acceder a un ciclo formativo de grado medio<\/strong>&nbsp;y no poseo el t\u00edtulo de Graduado en Educaci\u00f3n Secundaria Obligatoria u<strong>&nbsp;<a href=\"http:\/\/www.juntadeandalucia.es\/educacion\/portals\/web\/formacion-profesional-andaluza\/quiero-formarme\/ensenanzas\/fp-grado-medio\/requisitos\" target=\"_blank\" rel=\"noopener noreferrer\">otra de las condiciones acad\u00e9micas de acceso<\/a><\/strong>, la superaci\u00f3n de la prueba de acceso a los ciclos formativos de grado medio me permite continuar mi formaci\u00f3n acreditando que poseo los conocimientos y habilidades suficientes para cursar estas ense\u00f1anzas. Para este caso, deben tener 17 a\u00f1os.<\/p>\n<p>Por otro lado,&nbsp;<strong>si deseo acceder a un ciclo de grado superior<\/strong>&nbsp;y no poseo el t\u00edtulo de Bachiller ni&nbsp;<strong><a href=\"http:\/\/www.juntadeandalucia.es\/educacion\/portals\/web\/formacion-profesional-andaluza\/quiero-formarme\/ensenanzas\/fp-grado-superior\/requisitos\" target=\"_blank\" rel=\"noopener noreferrer\">otra de las condiciones acad\u00e9micas de acceso<\/a><\/strong>, la superaci\u00f3n de la prueba de acceso a los ciclos formativos de grado superior me permite continuar mi formaci\u00f3n acreditando que poseo la madurez en relaci\u00f3n con los objetivos de Bachillerato y sus capacidades referentes al campo profesional de que se trate. Para este caso deben tener 19 a\u00f1os.<\/p>\n<p>La prueba consta de tres partes divididos en \u00e1mbitos.&nbsp;<strong>El plazo para solicitarlo es del 16 de enero al 27 de enero y el examen es en Abril.<\/strong><\/p>\n<p><strong>Os dejo un enlace a p\u00e1gina web donde viene toda la informaci\u00f3n y una infograf\u00eda sobre el calendario.<\/strong><\/p>\n<p><strong>El alumnado que necesite m\u00e1s informaci\u00f3n que acuda al despacho de orientacion.<\/strong><\/p>\n<p><a title=\"Enlace WEB CEJA Pruebas de acceso a ciclos formativos de Formaci\u00f3n Profesional\" href=\"https:\/\/www.juntadeandalucia.es\/educacion\/portals\/web\/formacion-profesional-andaluza\/quiero-formarme\/pruebas-y-procedimientos\/pruebas-acceso\" target=\"_blank\" rel=\"noopener noreferrer\">Enlace WEB CEJA Pruebas de acceso a ciclos formativos de Formaci\u00f3n Profesional<\/a><\/p>\n<hr>\n<p><span style=\"color: #0000ff\"><strong>Ciclos Formativos en el centro:<\/strong><\/span><\/p>\n<p><strong>CFGB <a title=\"T\u00edtulo Profesional B\u00e1sico en Actividades Dom\u00e9sticas y Limpieza de Edificios\" href=\"https:\/\/www.todofp.es\/que-estudiar\/loe\/servicios-socioculturales-comunidad\/activ-domesticas-limpieza-edificios.html\">T\u00edtulo Profesional B\u00e1sico en Actividades Dom\u00e9sticas y Limpieza de Edificios<\/a><\/strong><\/p>\n<p><strong>CFGM <a title=\"T\u00e9cnico en Atenci\u00f3n a Personas en Situaci\u00f3n de Dependencia\" href=\"https:\/\/www.todofp.es\/que-estudiar\/loe\/servicios-socioculturales-comunidad\/atencion-personas-situacion-dependencia.html\">&nbsp;T\u00e9cnico en Atenci\u00f3n a Personas en Situaci\u00f3n de Dependencia<\/a><\/strong><\/p>\n<p><strong>CFGS&nbsp;&nbsp;<a title=\"T\u00e9cnico Superior en Integraci\u00f3n Social\" href=\"https:\/\/www.todofp.es\/que-estudiar\/loe\/servicios-socioculturales-comunidad\/integracion-social.html\">T\u00e9cnico Superior en Integraci\u00f3n Social<\/a><\/strong><\/p>\n<p><strong><a title=\"ATRIBUCI\u00d3N DOCENTE EN CICLOS FORMATIVOS\" href=\"https:\/\/drive.google.com\/drive\/folders\/10SNPvweOurwmmBsKJZGSBDMoVRMT0NYw\" target=\"_blank\" rel=\"noopener\">ATRIBUCI\u00d3N DOCENTE EN CICLOS FORMATIVOS<\/a><\/strong><\/p>\n<hr>\n<p><a title=\"Convalidaciones\" href=\"https:\/\/www.juntadeandalucia.es\/educacion\/portals\/web\/formacion-profesional-andaluza\/estudiante\/posibilidades-tras-formarme\/convalidaciones-modulos\" target=\"_blank\" rel=\"noopener noreferrer\">Convalidaciones<\/a><\/p>\n<p><a title=\"Orden de 29 de septiembre de 2010, por la que se regula la evaluaci\u00f3n, certificaci\u00f3n, acreditaci\u00f3n y titulaci\u00f3n acad\u00e9mica del alumnado que cursa FP en Andaluc\u00eda.\" href=\"https:\/\/www.juntadeandalucia.es\/boja\/2010\/202\/2\" target=\"_blank\" rel=\"noopener noreferrer\">Orden de 29 de septiembre de 2010, por la que se regula la evaluaci\u00f3n, certificaci\u00f3n, acreditaci\u00f3n y titulaci\u00f3n acad\u00e9mica del alumnado que cursa FP en Andaluc\u00eda.<\/a><\/p>\n<p><a href=\"https:\/\/portals.ced.junta-andalucia.es\/educacion\/portals\/web\/formacion-profesional-andaluza\/estudiante\/pruebas-y-procedimientos\/evaluacion\">Evaluaci\u00f3n en Formaci\u00f3n Profesional. Portal FP Andaluc\u00eda<\/a><\/p>\n<p><a title=\"Real Decreto 289\/2023, de 18 de abril, por el que se actualizan los t\u00edtulos de la formaci\u00f3n profesional del sistema educativo de T\u00e9cnico Superior en Integraci\u00f3n Social\" href=\"https:\/\/www.boe.es\/diario_boe\/txt.php?id=BOE-A-2023-10395\" target=\"_blank\" rel=\"noopener noreferrer\">Real Decreto 289\/2023, de 18 de abril, por el que se actualizan los t\u00edtulos de la formaci\u00f3n profesional del sistema educativo de T\u00e9cnico Superior en Integraci\u00f3n Social<\/a><\/p>\n<p><a title=\"Premios Extraordinarios FP\" href=\"https:\/\/www.juntadeandalucia.es\/educacion\/portals\/web\/formacion-profesional-andaluza\/estudiante\/premios-extraordinarios\">Premios Extraordinarios FP<\/a><\/p>\n<p><a title=\"Portal FP Andaluc\u00eda\" href=\"https:\/\/www.juntadeandalucia.es\/educacion\/portals\/web\/formacion-profesional-andaluza\">Portal FP Andaluc\u00eda<\/a><\/p>\n<p><a title=\"Todo FP Ministerio\" href=\"https:\/\/www.todofp.es\/inicio.html\">Todo FP Ministerio<\/a><\/p>\n<p><em><span style=\"text-decoration: underline\">&nbsp;<\/span><\/em><\/p>\n","protected":false},"excerpt":{"rendered":"<p>&nbsp; LISTADO DE MANUALES CICLOS FORMATIVOS CURSO 25\/26 1\u00ba INTEGRACI\u00d3N SOCIAL \u2717 CONTEXTO DE INTERVENCI\u00d3N SOCIAL EDITORIAL ALTAMAR \u2717 SOSTENIBILIDAD EDITORIAL TULIBRODEFP \u2717 PRIMEROS AUXILIOS EDITORIAL ALTAMAR \u2717 METODOLOG\u00cdA DE LA INTERVENCI\u00d3N SOCIAL EDITORIAL ALTAMAR \u2717 PROMOCI\u00d3N DE LA AUTONOM\u00cdA PERSONAL EDITORIAL ALTAMAR \u2717 SISTEMAS AUMENTATIVOS Y ALTERNATIVOS DE COMUNICACI\u00d3N \u2717 INSERCI\u00d3N SOCIOLABORAL EDITORIAL ALTAMAR &hellip; <a href=\"https:\/\/blogsaverroes.juntadeandalucia.es\/iesvirgendelcollado\/formacion-profesional\/\" class=\"more-link\">Seguir leyendo <span class=\"screen-reader-text\">Formaci\u00f3n Profesional<\/span> <span class=\"meta-nav\">&rarr;<\/span><\/a><\/p>\n","protected":false},"author":10578,"featured_media":0,"parent":0,"menu_order":0,"comment_status":"closed","ping_status":"closed","template":"","meta":{"ngg_post_thumbnail":0,"footnotes":"","_mc_calendar":[]},"aioseo_notices":[],"_links":{"self":[{"href":"https:\/\/blogsaverroes.juntadeandalucia.es\/iesvirgendelcollado\/wp-json\/wp\/v2\/pages\/3972"}],"collection":[{"href":"https:\/\/blogsaverroes.juntadeandalucia.es\/iesvirgendelcollado\/wp-json\/wp\/v2\/pages"}],"about":[{"href":"https:\/\/blogsaverroes.juntadeandalucia.es\/iesvirgendelcollado\/wp-json\/wp\/v2\/types\/page"}],"author":[{"embeddable":true,"href":"https:\/\/blogsaverroes.juntadeandalucia.es\/iesvirgendelcollado\/wp-json\/wp\/v2\/users\/10578"}],"replies":[{"embeddable":true,"href":"https:\/\/blogsaverroes.juntadeandalucia.es\/iesvirgendelcollado\/wp-json\/wp\/v2\/comments?post=3972"}],"version-history":[{"count":47,"href":"https:\/\/blogsaverroes.juntadeandalucia.es\/iesvirgendelcollado\/wp-json\/wp\/v2\/pages\/3972\/revisions"}],"predecessor-version":[{"id":6261,"href":"https:\/\/blogsaverroes.juntadeandalucia.es\/iesvirgendelcollado\/wp-json\/wp\/v2\/pages\/3972\/revisions\/6261"}],"wp:attachment":[{"href":"https:\/\/blogsaverroes.juntadeandalucia.es\/iesvirgendelcollado\/wp-json\/wp\/v2\/media?parent=3972"}],"curies":[{"name":"wp","href":"https:\/\/api.w.org\/{rel}","templated":true}]}}