{"id":4481,"date":"2023-03-07T22:06:52","date_gmt":"2023-03-07T20:06:52","guid":{"rendered":"https:\/\/blogsaverroes.juntadeandalucia.es\/iesvirgendelcollado\/?page_id=4481"},"modified":"2023-09-30T19:24:45","modified_gmt":"2023-09-30T17:24:45","slug":"gestion-de-comunicaciones-del-centro","status":"publish","type":"page","link":"https:\/\/blogsaverroes.juntadeandalucia.es\/iesvirgendelcollado\/gestion-de-comunicaciones-del-centro\/","title":{"rendered":"Gesti\u00f3n de comunicaciones del Centro"},"content":{"rendered":"<p style=\"text-align: center\"><em><span style=\"text-decoration: underline\"><span style=\"color: #800080\"><strong><a style=\"color: #800080;text-decoration: underline\" title=\"DEC\u00c1LOGO SOBRE BUENAS PR\u00c1CTICAS TRATAMIENTO Y GESTI\u00d3N DE DATOS\" href=\"https:\/\/drive.google.com\/file\/d\/1Yv_K4MhUKqtICjvJJwkoNVnTvZSX_SCe\/view?usp=share_link\" target=\"_blank\" rel=\"noopener noreferrer\">DEC\u00c1LOGO SOBRE BUENAS PR\u00c1CTICAS TRATAMIENTO Y GESTI\u00d3N DE DATOS<\/a><\/strong><\/span><\/span><\/em><\/p>\n<p><a title=\"Videotutorial de gesti\u00f3n de Pasen por el Centro.\" href=\"https:\/\/youtu.be\/OUEWvR963ns\" target=\"_blank\" rel=\"noopener noreferrer\">Videotutorial de gesti\u00f3n de Pasen por el Centro.<\/a><\/p>\n<p><a title=\"V\u00eddeo sobre la configuraci\u00f3n de los par\u00e1metros del panel de control Pasen.\" href=\"https:\/\/youtu.be\/gviI7lyD2Yw\" target=\"_blank\" rel=\"noopener noreferrer\">V\u00eddeo sobre la configuraci\u00f3n de los par\u00e1metros del panel de control Pasen.<\/a><\/p>\n<p><a title=\"Genially: Gu\u00eda de comunicaci\u00f3n con las familias.\" href=\"https:\/\/view.genial.ly\/61e6a7e585d2eb0e249fff2f\/interactive-content-comunicacion-con-familias\" target=\"_blank\" rel=\"noopener noreferrer\">Genially: Gu\u00eda de comunicaci\u00f3n con las familias.<\/a><\/p>\n<p><a href=\"https:\/\/view.genial.ly\/5ff0687f485b460cf9c75686\">Genially iPasen para familias.<\/a><\/p>\n<p style=\"text-align: center\"><strong>MENSAJER\u00cdA<\/strong><\/p>\n<p><a title=\"Video gesti\u00f3n de la lista de contactos en S\u00e9neca.\" href=\"https:\/\/youtu.be\/AEMsXD1VeIA\" target=\"_blank\" rel=\"noopener noreferrer\">Video gesti\u00f3n de la lista de contactos en S\u00e9neca.<\/a><\/p>\n<p><a title=\"Video mensajer\u00eda de salida en S\u00e9neca.\" href=\"https:\/\/youtu.be\/gICzHru4NDM\" target=\"_blank\" rel=\"noopener noreferrer\">Video mensajer\u00eda de salida en S\u00e9neca.<\/a><\/p>\n<p><a title=\"Video Categorizaci\u00f3n de mensajes S\u00e9neca.\" href=\"https:\/\/youtu.be\/O6Vi5ePPpQg\" target=\"_blank\" rel=\"noopener noreferrer\">Video Categorizaci\u00f3n de mensajes S\u00e9neca.<\/a><\/p>\n<p><a title=\"Mensajer\u00eda con iS\u00e9neca.\" href=\"https:\/\/youtu.be\/Ds_bSTuZlzQ\" target=\"_blank\" rel=\"noopener noreferrer\">Mensajer\u00eda con iS\u00e9neca.<\/a><\/p>\n<p style=\"text-align: center\"><strong>AVISOS PASEN<\/strong><\/p>\n<p><a title=\"Gesti\u00f3n del m\u00f3dulo de comunicaciones (avisos Pasen).\" href=\"https:\/\/youtu.be\/HrwwKZn5Wlc\" target=\"_blank\" rel=\"noopener noreferrer\">Gesti\u00f3n del m\u00f3dulo de comunicaciones (avisos Pasen).<\/a><\/p>\n<p style=\"text-align: center\"><strong>GESTI\u00d3N DE iANDE<\/strong><\/p>\n<p><a title=\"Gesti\u00f3n del m\u00f3dulo de comunicaciones (gesti\u00f3n iAnde).\" href=\"https:\/\/youtu.be\/x8V7DKEZTOw\" target=\"_blank\" rel=\"noopener noreferrer\">Gesti\u00f3n del m\u00f3dulo de comunicaciones (gesti\u00f3n iAnde).<\/a><\/p>\n<p style=\"text-align: center\"><strong>TABL\u00d3N DE ANUNCIOS<\/strong><\/p>\n<p><a title=\"Publicar noticias en el Tabl\u00f3n de Anuncios.\" href=\"https:\/\/youtu.be\/JQ1O10C9jcI\" target=\"_blank\" rel=\"noopener noreferrer\">Publicar noticias en el Tabl\u00f3n de Anuncios.<\/a><\/p>\n<p style=\"text-align: center\"><strong>CALIFICACIONES<\/strong><\/p>\n<p><a title=\"iPasen. Consulta de calificaciones de convocatorias de evaluaci\u00f3n y observaciones a las calificaciones.\" href=\"https:\/\/youtu.be\/eCO_1tIf4-E\" target=\"_blank\" rel=\"noopener noreferrer\">iPasen. Consulta de calificaciones de convocatorias de evaluaci\u00f3n y observaciones a las calificaciones.<\/a><\/p>\n<p style=\"text-align: center\"><strong>OBSERVACIONES COMPARTIDAS<\/strong><\/p>\n<p><a title=\"Observaciones compartidas con iS\u00e9neca.\" href=\"https:\/\/youtu.be\/GfVWgGd8HWw\" target=\"_blank\" rel=\"noopener noreferrer\">Observaciones compartidas con iS\u00e9neca.<\/a><\/p>\n<p><a title=\"Observaciones compartidas vinculadas a la evaluaci\u00f3n con S\u00e9neca.\" href=\"https:\/\/youtu.be\/j3xZSmmUQE0\" target=\"_blank\" rel=\"noopener noreferrer\">Observaciones compartidas vinculadas a la evaluaci\u00f3n con S\u00e9neca.<\/a><\/p>\n<p style=\"text-align: center\"><strong>FALTAS DE ASISTENCIA<\/strong><\/p>\n<p><a title=\"Comunicaci\u00f3n y justificaci\u00f3n de faltas de asistencia.\" href=\"https:\/\/youtu.be\/LqVDRLsPZq4\" target=\"_blank\" rel=\"noopener noreferrer\">Comunicaci\u00f3n y justificaci\u00f3n de faltas de asistencia.<\/a><\/p>\n<p><a title=\"Consultar las comunicaciones de ausencias.\" href=\"https:\/\/youtu.be\/9YPEztP8xuI\" target=\"_blank\" rel=\"noopener noreferrer\">Consultar las comunicaciones de ausencias.<\/a><\/p>\n<p><a title=\"Consultar las justificaciones de ausencias.\" href=\"https:\/\/youtu.be\/q6vA9Ll11ZQ\" target=\"_blank\" rel=\"noopener noreferrer\">Consultar las justificaciones de ausencias.<\/a><\/p>\n<p style=\"text-align: center\"><strong>CONDUCTAS CONTRARIAS<\/strong><\/p>\n<p><a title=\"S\u00e9neca gesti\u00f3n de la comunicaci\u00f3n de conductas contrarias.\" href=\"https:\/\/youtu.be\/rmWCDZs7Yog\" target=\"_blank\" rel=\"noopener noreferrer\">S\u00e9neca gesti\u00f3n de la comunicaci\u00f3n de conductas contrarias.<\/a><\/p>\n<p style=\"text-align: center\"><strong>CUADERNO DEL PROFESOR ACTIVIDADES EVALUABLES<\/strong><\/p>\n<p><a title=\"Comunicar la creaci\u00f3n y calificaci\u00f3n de actividades evaluables con iS\u00e9neca.\" href=\"https:\/\/youtu.be\/pQk7How6wqc\" target=\"_blank\" rel=\"noopener noreferrer\">Comunicar la creaci\u00f3n y calificaci\u00f3n de actividades evaluables con iS\u00e9neca.<\/a><\/p>\n<p style=\"text-align: center\"><strong>AGENDA<\/strong><\/p>\n<p><a title=\"Crear y compartir eventos en la Agenda.\" href=\"https:\/\/youtu.be\/tzJc6QTq7jI\" target=\"_blank\" rel=\"noopener noreferrer\">Crear y compartir eventos en la Agenda.<\/a><\/p>\n<p style=\"text-align: center\"><strong>AUTORIZACIONES Y FIRMAS<\/strong><\/p>\n<p><a title=\"Crear autorizaciones y firmas.\" href=\"https:\/\/youtu.be\/iC42xtT8G9A\" target=\"_blank\" rel=\"noopener noreferrer\">Crear autorizaciones y firmas.<\/a><\/p>\n<p><a title=\"Firmar y autorizar con iPasen.\" href=\"https:\/\/youtu.be\/NglUxPeapJU\" target=\"_blank\" rel=\"noopener noreferrer\">Firmar y autorizar con iPasen.<\/a><\/p>\n<p style=\"text-align: center\"><strong>VISITAS PROGRAMADAS<\/strong><\/p>\n<p><a title=\"Como programar una visita programada.\" href=\"https:\/\/youtu.be\/QvLS1r-OiU0\" target=\"_blank\" rel=\"noopener noreferrer\">Como programar una visita programada.<\/a><\/p>\n<p style=\"text-align: center\"><strong>AUTORIZACI\u00d3N DE RECOGIDA<\/strong><\/p>\n<p><a title=\"Como gestionar la autorizaci\u00f3n de recogida.\" href=\"https:\/\/youtu.be\/q0GCsWyXYYM\" target=\"_blank\" rel=\"noopener noreferrer\"> Como gestionar la autorizaci\u00f3n de recogida.<\/a><\/p>\n<p style=\"text-align: center\"><strong>PUNTO DE RECOGIDA<\/strong><\/p>\n<p><a title=\"Punto de recogida (profesorado).\" href=\"https:\/\/youtu.be\/TqL7BQHiu84\" target=\"_blank\" rel=\"noopener noreferrer\">Punto de recogida (profesorado).<\/a><\/p>\n<p><a title=\"Punto de recogida (tutor\u00eda, equipo directivo).\" href=\"https:\/\/youtu.be\/1MlrIkJCMdw\" target=\"_blank\" rel=\"noopener noreferrer\">Punto de recogida (tutor\u00eda, equipo directivo).<\/a><\/p>\n<p><a title=\"Punto de recogida (publicaci\u00f3n).\" href=\"https:\/\/youtu.be\/l4nj8xtAc7M\" target=\"_blank\" rel=\"noopener noreferrer\">Punto de recogida (publicaci\u00f3n).<\/a><\/p>\n<p>&nbsp;<\/p>\n","protected":false},"excerpt":{"rendered":"<p>DEC\u00c1LOGO SOBRE BUENAS PR\u00c1CTICAS TRATAMIENTO Y GESTI\u00d3N DE DATOS Videotutorial de gesti\u00f3n de Pasen por el Centro. V\u00eddeo sobre la configuraci\u00f3n de los par\u00e1metros del panel de control Pasen. Genially: Gu\u00eda de comunicaci\u00f3n con las familias. Genially iPasen para familias. MENSAJER\u00cdA Video gesti\u00f3n de la lista de contactos en S\u00e9neca. Video mensajer\u00eda de salida en &hellip; <a href=\"https:\/\/blogsaverroes.juntadeandalucia.es\/iesvirgendelcollado\/gestion-de-comunicaciones-del-centro\/\" class=\"more-link\">Seguir leyendo <span class=\"screen-reader-text\">Gesti\u00f3n de comunicaciones del Centro<\/span> <span class=\"meta-nav\">&rarr;<\/span><\/a><\/p>\n","protected":false},"author":10578,"featured_media":0,"parent":0,"menu_order":0,"comment_status":"closed","ping_status":"closed","template":"","meta":{"ngg_post_thumbnail":0,"footnotes":"","_mc_calendar":[]},"aioseo_notices":[],"_links":{"self":[{"href":"https:\/\/blogsaverroes.juntadeandalucia.es\/iesvirgendelcollado\/wp-json\/wp\/v2\/pages\/4481"}],"collection":[{"href":"https:\/\/blogsaverroes.juntadeandalucia.es\/iesvirgendelcollado\/wp-json\/wp\/v2\/pages"}],"about":[{"href":"https:\/\/blogsaverroes.juntadeandalucia.es\/iesvirgendelcollado\/wp-json\/wp\/v2\/types\/page"}],"author":[{"embeddable":true,"href":"https:\/\/blogsaverroes.juntadeandalucia.es\/iesvirgendelcollado\/wp-json\/wp\/v2\/users\/10578"}],"replies":[{"embeddable":true,"href":"https:\/\/blogsaverroes.juntadeandalucia.es\/iesvirgendelcollado\/wp-json\/wp\/v2\/comments?post=4481"}],"version-history":[{"count":10,"href":"https:\/\/blogsaverroes.juntadeandalucia.es\/iesvirgendelcollado\/wp-json\/wp\/v2\/pages\/4481\/revisions"}],"predecessor-version":[{"id":4964,"href":"https:\/\/blogsaverroes.juntadeandalucia.es\/iesvirgendelcollado\/wp-json\/wp\/v2\/pages\/4481\/revisions\/4964"}],"wp:attachment":[{"href":"https:\/\/blogsaverroes.juntadeandalucia.es\/iesvirgendelcollado\/wp-json\/wp\/v2\/media?parent=4481"}],"curies":[{"name":"wp","href":"https:\/\/api.w.org\/{rel}","templated":true}]}}