{"id":4957,"date":"2023-09-26T09:24:38","date_gmt":"2023-09-26T07:24:38","guid":{"rendered":"https:\/\/blogsaverroes.juntadeandalucia.es\/iesvirgendelcollado\/?page_id=4957"},"modified":"2025-10-21T19:34:50","modified_gmt":"2025-10-21T17:34:50","slug":"convalidaciones-entre-modulos-profesionales","status":"publish","type":"page","link":"https:\/\/blogsaverroes.juntadeandalucia.es\/iesvirgendelcollado\/convalidaciones-entre-modulos-profesionales\/","title":{"rendered":"Convalidaciones"},"content":{"rendered":"<h1 class=\"title\"><a href=\"https:\/\/www.juntadeandalucia.es\/servicios\/sede\/tramites\/procedimientos\/detalle\/25874.html\">Convalidaci\u00f3n de estudios con m\u00f3dulos profesionales en grados D y E del Sistema de Formaci\u00f3n Profesional<\/a><\/h1>\n<ul class=\"listado-recursos mb-0\">\n<li class=\"mb-3\"><a class=\"mb-0\" title=\"Anexo XXI. Solicitud de convalidaci\u00f3n de estudios con m\u00f3dulos profesionales\" href=\"https:\/\/www.juntadeandalucia.es\/haciendayadministracionpublica\/rpa-icms-doc\/icmsDescargaDoc.do?tipo=4b40ba71bf0bae77c7a9e6765035191a&amp;id=c8598eda31a77d545e0dd31a717c691d\">Anexo XXI. Solicitud de convalidaci\u00f3n de estudios con m\u00f3dulos profesionales<\/a>&nbsp;N\u00ba: 010220 (Obligatorio)<\/li>\n<\/ul>\n<p style=\"text-align: center\"><iframe loading=\"lazy\" src=\"https:\/\/drive.google.com\/file\/d\/1YO8k-PVcRqpibuIqkOfEObM9K005QLX8\/preview\" width=\"640\" height=\"480\"><\/iframe><\/p>\n<p style=\"text-align: center\"><a title=\"Enlace a p\u00e1gina web de la Consejer\u00eda sobre Convalidaciones\" href=\"https:\/\/www.juntadeandalucia.es\/educacion\/portals\/web\/formacion-profesional-andaluza\/estudiante\/posibilidades-tras-formarme\/convalidaciones-modulos\" target=\"_blank\" rel=\"noopener noreferrer\">Enlace a p\u00e1gina web de la Consejer\u00eda sobre Convalidaciones<\/a><\/p>\n","protected":false},"excerpt":{"rendered":"<p>Convalidaci\u00f3n de estudios con m\u00f3dulos profesionales en grados D y E del Sistema de Formaci\u00f3n Profesional Anexo XXI. Solicitud de convalidaci\u00f3n de estudios con m\u00f3dulos profesionales&nbsp;N\u00ba: 010220 (Obligatorio) Enlace a p\u00e1gina web de la Consejer\u00eda sobre Convalidaciones<\/p>\n","protected":false},"author":10578,"featured_media":0,"parent":0,"menu_order":0,"comment_status":"closed","ping_status":"closed","template":"","meta":{"ngg_post_thumbnail":0,"footnotes":"","_mc_calendar":[]},"aioseo_notices":[],"_links":{"self":[{"href":"https:\/\/blogsaverroes.juntadeandalucia.es\/iesvirgendelcollado\/wp-json\/wp\/v2\/pages\/4957"}],"collection":[{"href":"https:\/\/blogsaverroes.juntadeandalucia.es\/iesvirgendelcollado\/wp-json\/wp\/v2\/pages"}],"about":[{"href":"https:\/\/blogsaverroes.juntadeandalucia.es\/iesvirgendelcollado\/wp-json\/wp\/v2\/types\/page"}],"author":[{"embeddable":true,"href":"https:\/\/blogsaverroes.juntadeandalucia.es\/iesvirgendelcollado\/wp-json\/wp\/v2\/users\/10578"}],"replies":[{"embeddable":true,"href":"https:\/\/blogsaverroes.juntadeandalucia.es\/iesvirgendelcollado\/wp-json\/wp\/v2\/comments?post=4957"}],"version-history":[{"count":7,"href":"https:\/\/blogsaverroes.juntadeandalucia.es\/iesvirgendelcollado\/wp-json\/wp\/v2\/pages\/4957\/revisions"}],"predecessor-version":[{"id":6155,"href":"https:\/\/blogsaverroes.juntadeandalucia.es\/iesvirgendelcollado\/wp-json\/wp\/v2\/pages\/4957\/revisions\/6155"}],"wp:attachment":[{"href":"https:\/\/blogsaverroes.juntadeandalucia.es\/iesvirgendelcollado\/wp-json\/wp\/v2\/media?parent=4957"}],"curies":[{"name":"wp","href":"https:\/\/api.w.org\/{rel}","templated":true}]}}