{"id":5053,"date":"2023-10-12T22:15:31","date_gmt":"2023-10-12T20:15:31","guid":{"rendered":"https:\/\/blogsaverroes.juntadeandalucia.es\/iesvirgendelcollado\/?page_id=5053"},"modified":"2024-11-12T11:52:04","modified_gmt":"2024-11-12T09:52:04","slug":"inmersion-linguistica","status":"publish","type":"page","link":"https:\/\/blogsaverroes.juntadeandalucia.es\/iesvirgendelcollado\/inmersion-linguistica\/","title":{"rendered":"Linguistic immersion"},"content":{"rendered":"<p><strong><span style=\"color: #ff0000\">INMERSI\u00d3N LING\u00dc\u00cdSTICA EN OLIVASURF CURSO 24\/25<\/span><\/strong><\/p>\n<p style=\"text-align: center\"><span style=\"text-decoration: underline\"><em><a title=\"Santisteban &amp; Oliva Two different villages with a lot of charm\" href=\"https:\/\/drive.google.com\/file\/d\/1NbRcLLfPH8kBKIG7X8EsFvFs2fhJOqyq\/view?usp=sharing\" target=\"_blank\" rel=\"noopener\">Santisteban &amp; Oliva Two different villages with a lot of charm<\/a><\/em><\/span><\/p>\n<p style=\"text-align: center\"><iframe loading=\"lazy\" src=\"https:\/\/drive.google.com\/file\/d\/1NbRcLLfPH8kBKIG7X8EsFvFs2fhJOqyq\/preview\" width=\"640\" height=\"480\"><\/iframe><\/p>\n<p style=\"text-align: center\"><iframe loading=\"lazy\" src=\"https:\/\/drive.google.com\/file\/d\/19c3CmSs36129MDT6COfE7NPyd8HoirQ6\/preview\" width=\"640\" height=\"480\"><\/iframe><\/p>\n<p style=\"text-align: center\"><em><span style=\"text-decoration: underline\"><a title=\"What's the real story of halloween?\" href=\"https:\/\/drive.google.com\/drive\/folders\/17Lf5yNa9cJ3n7MroePFHJ-CVc_OGICHw\" target=\"_blank\" rel=\"noopener\">What&#8217;s the real story of halloween?<\/a><\/span><\/em><\/p>\n<p style=\"text-align: center\"><strong><span style=\"text-decoration: underline\"><em><a title=\"Proyecto inmersi\u00f3n en Oliva oct 2024\" href=\"https:\/\/drive.google.com\/drive\/folders\/1IIRjIng46MXc-ZOJFSHM_scmZctx-WjI?usp=sharing\" target=\"_blank\" rel=\"noopener\">Enlace a carpeta Drive con el video, el podcast y diferentes fotograf\u00edas de los productos finales de las experiencias del proyecto.<\/a><\/em><\/span><\/strong><\/p>\n<p style=\"text-align: center\"><a title=\"Inmersi\u00f3n ling\u00fc\u00edstica 2\u00ba ESO IES Virgen del Collado en Oliva (Valencia)\" href=\"https:\/\/blogsaverroes.juntadeandalucia.es\/iesvirgendelcollado\/inmersion-linguistica-2o-eso-ies-virgen-del-collado-en-oliva-valencia\/\"><img loading=\"lazy\" decoding=\"async\" class=\"alignnone wp-image-5730\" src=\"https:\/\/blogsaverroes.juntadeandalucia.es\/iesvirgendelcollado\/files\/2024\/10\/photo_2024-10-27_17-21-51-300x225.jpg\" alt=\"\" width=\"391\" height=\"293\" srcset=\"https:\/\/blogsaverroes.juntadeandalucia.es\/iesvirgendelcollado\/files\/2024\/10\/photo_2024-10-27_17-21-51-300x225.jpg 300w, https:\/\/blogsaverroes.juntadeandalucia.es\/iesvirgendelcollado\/files\/2024\/10\/photo_2024-10-27_17-21-51-1024x768.jpg 1024w, https:\/\/blogsaverroes.juntadeandalucia.es\/iesvirgendelcollado\/files\/2024\/10\/photo_2024-10-27_17-21-51-768x576.jpg 768w, https:\/\/blogsaverroes.juntadeandalucia.es\/iesvirgendelcollado\/files\/2024\/10\/photo_2024-10-27_17-21-51.jpg 1280w\" sizes=\"(max-width: 391px) 100vw, 391px\" \/><\/a><\/p>\n<hr>\n<p><span style=\"color: #ff0000\"><strong>INMERSI\u00d3N LING\u00dc\u00cdSTICA 2023 IES VIRGEN DEL COLLADO<\/strong><\/span><\/p>\n<p>JORNADAS DE INMERSI\u00d3N LING\u00dc\u00cdSTICA I.E.S VIRGEN DEL COLLADO&nbsp;<strong>1\u00ba- 2\u00ba ESO 2022-2023<\/strong><\/p>\n<p><iframe loading=\"lazy\" src=\"https:\/\/drive.google.com\/file\/d\/1eSYDbN9TgZ2RaEBl6nqyPxBiJcqRBrXW\/preview\" width=\"640\" height=\"480\"><\/iframe>Resumen de la reuni\u00f3n de inmersi\u00f3n ling\u00fc\u00cdstica 1\u00ba y 2\u00ba ESO 8 de mayo de 2023.<\/p>\n<p><iframe loading=\"lazy\" src=\"https:\/\/drive.google.com\/file\/d\/1MhX3fDKH2NsWqlicsd7c-wy3CQ1BeelH\/preview\" width=\"640\" height=\"480\"><\/iframe><\/p>\n<p><iframe loading=\"lazy\" src=\"https:\/\/drive.google.com\/file\/d\/1PE-3bmCzY2ZF2Xq8OiDUWc-L7b4A5VCt\/preview\" width=\"640\" height=\"480\"><\/iframe>&nbsp;<\/p>\n","protected":false},"excerpt":{"rendered":"<p>INMERSI\u00d3N LING\u00dc\u00cdSTICA EN OLIVASURF CURSO 24\/25 Santisteban &amp; Oliva Two different villages with a lot of charm What&#8217;s the real story of halloween? Enlace a carpeta Drive con el video, el podcast y diferentes fotograf\u00edas de los productos finales de las experiencias del proyecto. INMERSI\u00d3N LING\u00dc\u00cdSTICA 2023 IES VIRGEN DEL COLLADO JORNADAS DE INMERSI\u00d3N LING\u00dc\u00cdSTICA &hellip; <a href=\"https:\/\/blogsaverroes.juntadeandalucia.es\/iesvirgendelcollado\/inmersion-linguistica\/\" class=\"more-link\">Seguir leyendo <span class=\"screen-reader-text\">Linguistic immersion<\/span> <span class=\"meta-nav\">&rarr;<\/span><\/a><\/p>\n","protected":false},"author":10578,"featured_media":0,"parent":0,"menu_order":0,"comment_status":"closed","ping_status":"closed","template":"","meta":{"ngg_post_thumbnail":0,"footnotes":"","_mc_calendar":[]},"aioseo_notices":[],"_links":{"self":[{"href":"https:\/\/blogsaverroes.juntadeandalucia.es\/iesvirgendelcollado\/wp-json\/wp\/v2\/pages\/5053"}],"collection":[{"href":"https:\/\/blogsaverroes.juntadeandalucia.es\/iesvirgendelcollado\/wp-json\/wp\/v2\/pages"}],"about":[{"href":"https:\/\/blogsaverroes.juntadeandalucia.es\/iesvirgendelcollado\/wp-json\/wp\/v2\/types\/page"}],"author":[{"embeddable":true,"href":"https:\/\/blogsaverroes.juntadeandalucia.es\/iesvirgendelcollado\/wp-json\/wp\/v2\/users\/10578"}],"replies":[{"embeddable":true,"href":"https:\/\/blogsaverroes.juntadeandalucia.es\/iesvirgendelcollado\/wp-json\/wp\/v2\/comments?post=5053"}],"version-history":[{"count":11,"href":"https:\/\/blogsaverroes.juntadeandalucia.es\/iesvirgendelcollado\/wp-json\/wp\/v2\/pages\/5053\/revisions"}],"predecessor-version":[{"id":5748,"href":"https:\/\/blogsaverroes.juntadeandalucia.es\/iesvirgendelcollado\/wp-json\/wp\/v2\/pages\/5053\/revisions\/5748"}],"wp:attachment":[{"href":"https:\/\/blogsaverroes.juntadeandalucia.es\/iesvirgendelcollado\/wp-json\/wp\/v2\/media?parent=5053"}],"curies":[{"name":"wp","href":"https:\/\/api.w.org\/{rel}","templated":true}]}}