{"id":5347,"date":"2024-04-11T10:04:50","date_gmt":"2024-04-11T08:04:50","guid":{"rendered":"https:\/\/blogsaverroes.juntadeandalucia.es\/iesvirgendelcollado\/?page_id=5347"},"modified":"2025-12-03T10:18:05","modified_gmt":"2025-12-03T08:18:05","slug":"nueva-fp-2024","status":"publish","type":"page","link":"https:\/\/blogsaverroes.juntadeandalucia.es\/iesvirgendelcollado\/nueva-fp-2024\/","title":{"rendered":"NUEVA FP 2024"},"content":{"rendered":"<p><strong>NUEVA NORMATIVA FP a partir de sep. 2024<\/strong><\/p>\n<ul>\n<li style=\"list-style-type: none\">\n<ul>\n<li><a href=\"https:\/\/www.boe.es\/buscar\/act.php?id=BOE-A-2022-5139\">Ley Org\u00e1nica 3\/2022, de 31 de marzo, de ordenaci\u00f3n e integraci\u00f3n de la Formaci\u00f3n Profesional.<\/a><\/li>\n<li><a href=\"https:\/\/www.boe.es\/diario_boe\/txt.php?id=BOE-A-2023-16889\">Real Decreto 659\/2023, de 18 de julio, por el que se desarrolla la ordenaci\u00f3n del Sistema de Formaci\u00f3n Profesional.<\/a><\/li>\n<li><a href=\"https:\/\/www.boe.es\/boe\/dias\/2024\/10\/10\/pdfs\/BOE-A-2024-20585.pdf\" target=\"_blank\" rel=\"noopener\">Real Decreto 917\/2024, de 17 de septiembre, por el que se actualizan determinadas cualificaciones profesionales de las familias profesionales Hosteler\u00eda y Turismo; Imagen Personal; Inform\u00e1tica y Comunicaciones; Seguridad y Medio Ambiente; Servicios Socioculturales y a la Comunidad; y Textil, Confecci\u00f3n y Piel, recogidas en el Cat\u00e1logo Nacional de Cualificaciones Profesionales.<\/a><\/li>\n<li><a title=\"Real Decreto 208\/2025, de 18 de marzo, por el que se regulan aspectos espec\u00edficos de los grados A, B y C de Formaci\u00f3n Profesional para las familias profesionales Artes Gr\u00e1ficas; Fabricaci\u00f3n Mec\u00e1nica; Servicios Socioculturales y a la Comunidad; y Vidrio y Cer\u00e1mica.\" href=\"https:\/\/www.boe.es\/buscar\/doc.php?id=BOE-A-2025-7040\" target=\"_blank\" rel=\"noopener\">Real Decreto 208\/2025, de 18 de marzo, por el que se regulan aspectos espec\u00edficos de los grados A, B y C de Formaci\u00f3n Profesional para las familias profesionales Artes Gr\u00e1ficas; Fabricaci\u00f3n Mec\u00e1nica; Servicios Socioculturales y a la Comunidad; y Vidrio y Cer\u00e1mica.<\/a><\/li>\n<li><a title=\"Decreto 147\/2025, de 17 de septiembre de 2025, por el que se establece la ordenaci\u00f3n de las ense\u00f1anzas de los Grados D y E del Sistema de Formaci\u00f3n Profesional en la Comunidad Aut\u00f3noma de Andaluc\u00eda.\" href=\"https:\/\/www.juntadeandalucia.es\/eboja\/2025\/217901\/BOJA25-217901-00033-12402-01_00326000.pdf\" target=\"_blank\" rel=\"noopener\">Decreto 147\/2025, de 17 de septiembre de 2025, por el que se establece la ordenaci\u00f3n de las ense\u00f1anzas de los Grados D y E del Sistema de Formaci\u00f3n Profesional en la Comunidad Aut\u00f3noma de Andaluc\u00eda.<\/a><\/li>\n<li><a title=\"Orden de 18 de septiembre de 2025, por la que se regula la evaluaci\u00f3n, certificaci\u00f3n, acreditaci\u00f3n y titulaci\u00f3n acad\u00e9mica del alumnado que cursa ense\u00f1anzas de los grados D y E del Sistema de Formaci\u00f3n Profesional en la Comunidad Aut\u00f3noma de Andaluc\u00eda.\" href=\"https:\/\/www.juntadeandalucia.es\/eboja\/2025\/180\/c01\/BOJA25-218001-00090-12511-01_00326109.pdf\" target=\"_blank\" rel=\"noopener\">Orden de 18 de septiembre de 2025, por la que se regula la evaluaci\u00f3n, certificaci\u00f3n, acreditaci\u00f3n y titulaci\u00f3n acad\u00e9mica del alumnado que cursa ense\u00f1anzas de los grados D y E del Sistema de Formaci\u00f3n Profesional en la Comunidad Aut\u00f3noma de Andaluc\u00eda.<\/a><\/li>\n<li><a title=\"Orden de 26 de septiembre de 2025, por la que se regula la fase de formaci\u00f3n en empresa\" href=\"https:\/\/www.juntadeandalucia.es\/boja\/2025\/187\/c01\/2\" target=\"_blank\" rel=\"noopener\">Orden de 26 de septiembre de 2025, por la que se regula la fase de formaci\u00f3n en empresa u organismo equiparado de los grados D y E del Sistema de Formaci\u00f3n Profesional de la Comunidad Aut\u00f3noma de Andaluc\u00eda.<\/a><\/li>\n<li><a title=\"Resoluci\u00f3n de 10 de septiembre de 2025, de la Direcci\u00f3n General de Formaci\u00f3n Profesional y Educaci\u00f3n Permanente, por la que se hace p\u00fablica la relaci\u00f3n de m\u00f3dulos optativos admitidos y sus concreciones curriculares, en el marco del procedimiento establecido para su dise\u00f1o y autorizaci\u00f3n en los ciclos formativos de grado medio y superior en los centros docentes de Andaluc\u00eda, para el curso 2025\/2026.\" href=\"https:\/\/www.juntadeandalucia.es\/educacion\/portales\/web\/educacion\/w\/resolucion-de-9-de-septiembre-de-2025-por-la-que-se-hace-publica-la-relacion-de-modulos-optativos-admitidos-y-sus-concreciones-curriculares-en-el-marco-del-procedimiento-establecido-para-su-diseno-y-autorizacion-en-los-ciclos-formativos-de-grado-medio-y-s?redirect=%2Feducacion%2Fportales%2Fweb%2Feducacion\" target=\"_blank\" rel=\"noopener\">Resoluci\u00f3n de 10 de septiembre de 2025, de la Direcci\u00f3n General de Formaci\u00f3n Profesional y Educaci\u00f3n Permanente, por la que se hace p\u00fablica la relaci\u00f3n de m\u00f3dulos optativos admitidos y sus concreciones curriculares, en el marco del procedimiento establecido para su dise\u00f1o y autorizaci\u00f3n en los ciclos formativos de grado medio y superior en los centros docentes de Andaluc\u00eda, para el curso 2025\/2026.<\/a><\/li>\n<li><a title=\"Real Decreto 498\/2024, de 21 de mayo, por el que se modifican determinados reales decretos por los que se establecen t\u00edtulos de Formaci\u00f3n Profesional de grado b\u00e1sico y se fijan sus ense\u00f1anzas m\u00ednimas.\" href=\"https:\/\/www.boe.es\/diario_boe\/txt.php?id=BOE-A-2024-10683\" target=\"_blank\" rel=\"noopener\">Real Decreto 498\/2024, de 21 de mayo, por el que se modifican determinados reales decretos por los que se establecen t\u00edtulos de Formaci\u00f3n Profesional de grado b\u00e1sico y se fijan sus ense\u00f1anzas m\u00ednimas.<\/a><\/li>\n<li><a title=\"Real Decreto 499\/2024, de 21 de mayo, por el que se modifican determinados reales decretos por los que se establecen t\u00edtulos de Formaci\u00f3n Profesional de grado medio y se fijan sus ense\u00f1anzas m\u00ednimas.\" href=\"https:\/\/www.boe.es\/diario_boe\/txt.php?id=BOE-A-2024-10684\" target=\"_blank\" rel=\"noopener\">Real Decreto 499\/2024, de 21 de mayo, por el que se modifican determinados reales decretos por los que se establecen t\u00edtulos de Formaci\u00f3n Profesional de grado medio y se fijan sus ense\u00f1anzas m\u00ednimas.<\/a><\/li>\n<li><a title=\"Real Decreto 500\/2024, de 21 de mayo, por el que se modifican determinados reales decretos por los que se establecen t\u00edtulos de Formaci\u00f3n Profesional de grado superior y se fijan sus ense\u00f1anzas m\u00ednimas.\" href=\"https:\/\/www.boe.es\/diario_boe\/txt.php?id=BOE-A-2024-10685\" target=\"_blank\" rel=\"noopener\">Real Decreto 500\/2024, de 21 de mayo, por el que se modifican determinados reales decretos por los que se establecen t\u00edtulos de Formaci\u00f3n Profesional de grado superior y se fijan sus ense\u00f1anzas m\u00ednimas.<\/a><\/li>\n<\/ul>\n<\/li>\n<\/ul>\n<p style=\"text-align: center\"><span style=\"color: #ff00ff\"><a style=\"color: #ff00ff\" title=\"DOCUMENTO DE PREGUNTAS FRECUENTES SOBRE LA APLICACI\u00d3N DE LA NORMATIVA EN FORMACI\u00d3N PROFESIONAL. Diciembre 2025.\" href=\"https:\/\/drive.google.com\/file\/d\/1JmR-r-ooEDrcGom1Qx3TJeXuSFWNTPGh\/view?usp=sharing\" target=\"_blank\" rel=\"noopener\">DOCUMENTO DE PREGUNTAS FRECUENTES SOBRE LA APLICACI\u00d3N DE LA NORMATIVA EN FORMACI\u00d3N PROFESIONAL. Diciembre 2025<\/a><\/span><span style=\"color: #ff00ff\"><span style=\"color: #0000ff\"><i>.<\/i><\/span><\/span><\/p>\n<hr>\n<p><a style=\"font-size: 24px;font-weight: bold\" href=\"https:\/\/stecyl.net\/borradores-de-los-reales-decretos-que-establecen-los-titulos-de-fp-y-se-fijan-sus-ensenanzas-minimas\/\">Borradores de los RD que establecen los t\u00edtulos de FP<\/a><\/p>\n<h2><span style=\"color: #000080\"><strong><br \/>\nNUEVA NORMATIVA FP a partir de sep. 2024<\/strong><\/span><\/h2>\n<p style=\"text-align: center\"><iframe loading=\"lazy\" src=\"https:\/\/drive.google.com\/file\/d\/1gyl5SPgcoZ1AOuaTzvdPDqEjYM2fN0f7\/preview\" width=\"640\" height=\"480\"><\/iframe><\/p>\n<hr>\n<p><a href=\"https:\/\/www.juntadeandalucia.es\/educacion\/portals\/web\/formacion-profesional-andaluza\/novedades\/detalle\/-\/contenidos\/detalle\/boletin-1-nueva-normativa-y-seguridad-social\" target=\"_blank\" rel=\"noopener\">P\u00e1gina web NOVEDADES NUEVA NORMATIVA EN FP Y SEGURIDAD SOCIAL.<\/a><\/p>\n<p><a title=\"Web Consejer\u00eda. Formaci\u00f3n Profesional Andaluza.Inicio\" href=\"https:\/\/www.juntadeandalucia.es\/educacion\/portals\/web\/formacion-profesional-andaluza\" target=\"_blank\" rel=\"noopener\">Web Consejer\u00eda. Formaci\u00f3n Profesional Andaluza.Inicio<\/a><\/p>\n<hr>\n<p>&nbsp;<\/p>\n<p><iframe loading=\"lazy\" src=\"https:\/\/drive.google.com\/file\/d\/1AaJcx6Kj7H45EtH8TlTRc6KOvqwyeja_\/preview\" width=\"640\" height=\"480\"><\/iframe><\/p>\n<p><iframe loading=\"lazy\" src=\"https:\/\/drive.google.com\/file\/d\/1AEkIBzDFVYKsPS7qDKpt9XpHxe3Go8_r\/preview\" width=\"640\" height=\"480\"><\/iframe><\/p>\n<p><iframe loading=\"lazy\" src=\"https:\/\/drive.google.com\/file\/d\/1AS3bY4jI-Va2KeNqE6E9AbEIc8vKOVxL\/preview\" width=\"640\" height=\"480\"><\/iframe><\/p>\n<p><iframe loading=\"lazy\" src=\"https:\/\/drive.google.com\/file\/d\/1_-7JEglxl8zYoM3xXifbFNF3Dj-adhtw\/preview\" width=\"640\" height=\"480\"><\/iframe><\/p>\n<p><iframe loading=\"lazy\" src=\"https:\/\/drive.google.com\/file\/d\/1bYshVCepIsicUMovK9sjg1rjhVFZfIsy\/preview\" width=\"640\" height=\"480\"><\/iframe><\/p>\n<p>La Fundaci\u00f3n Bertelsmann ha publicado el Manual del Tutor de Empresa de FP Dual actualizado:<\/p>\n<p><iframe loading=\"lazy\" src=\"https:\/\/drive.google.com\/file\/d\/1_cU2Ms-OCMhATKMrT1hdtcopeHAQiR5Z\/preview\" width=\"640\" height=\"480\"><\/iframe><\/p>\n<hr>\n<p><a title=\"Manual para la creaci\u00f3n de adendas para los convenios de la Fase de Formaci\u00f3n en empresas u organismos equiparados. Marzo 2025.\" href=\"https:\/\/drive.google.com\/file\/d\/1BaM6qOBaCbXk8a9gc61LNBobGXykbMRt\/view?usp=sharing\" target=\"_blank\" rel=\"noopener\">Manual para la creaci\u00f3n de adendas para los convenios de la Fase de Formaci\u00f3n en empresas u organismos equiparados. Marzo 2025.<\/a><\/p>\n<p><iframe loading=\"lazy\" src=\"https:\/\/drive.google.com\/file\/d\/1yoS3uafjEABeDVG3eT4znBzPpYHXaqxE\/preview\" width=\"640\" height=\"480\"><\/iframe><\/p>\n","protected":false},"excerpt":{"rendered":"<p>NUEVA NORMATIVA FP a partir de sep. 2024 Ley Org\u00e1nica 3\/2022, de 31 de marzo, de ordenaci\u00f3n e integraci\u00f3n de la Formaci\u00f3n Profesional. Real Decreto 659\/2023, de 18 de julio, por el que se desarrolla la ordenaci\u00f3n del Sistema de Formaci\u00f3n Profesional. Real Decreto 917\/2024, de 17 de septiembre, por el que se actualizan determinadas &hellip; <a href=\"https:\/\/blogsaverroes.juntadeandalucia.es\/iesvirgendelcollado\/nueva-fp-2024\/\" class=\"more-link\">Seguir leyendo <span class=\"screen-reader-text\">NUEVA FP 2024<\/span> <span class=\"meta-nav\">&rarr;<\/span><\/a><\/p>\n","protected":false},"author":10578,"featured_media":0,"parent":0,"menu_order":0,"comment_status":"closed","ping_status":"closed","template":"","meta":{"ngg_post_thumbnail":0,"footnotes":"","_mc_calendar":[]},"aioseo_notices":[],"_links":{"self":[{"href":"https:\/\/blogsaverroes.juntadeandalucia.es\/iesvirgendelcollado\/wp-json\/wp\/v2\/pages\/5347"}],"collection":[{"href":"https:\/\/blogsaverroes.juntadeandalucia.es\/iesvirgendelcollado\/wp-json\/wp\/v2\/pages"}],"about":[{"href":"https:\/\/blogsaverroes.juntadeandalucia.es\/iesvirgendelcollado\/wp-json\/wp\/v2\/types\/page"}],"author":[{"embeddable":true,"href":"https:\/\/blogsaverroes.juntadeandalucia.es\/iesvirgendelcollado\/wp-json\/wp\/v2\/users\/10578"}],"replies":[{"embeddable":true,"href":"https:\/\/blogsaverroes.juntadeandalucia.es\/iesvirgendelcollado\/wp-json\/wp\/v2\/comments?post=5347"}],"version-history":[{"count":24,"href":"https:\/\/blogsaverroes.juntadeandalucia.es\/iesvirgendelcollado\/wp-json\/wp\/v2\/pages\/5347\/revisions"}],"predecessor-version":[{"id":6205,"href":"https:\/\/blogsaverroes.juntadeandalucia.es\/iesvirgendelcollado\/wp-json\/wp\/v2\/pages\/5347\/revisions\/6205"}],"wp:attachment":[{"href":"https:\/\/blogsaverroes.juntadeandalucia.es\/iesvirgendelcollado\/wp-json\/wp\/v2\/media?parent=5347"}],"curies":[{"name":"wp","href":"https:\/\/api.w.org\/{rel}","templated":true}]}}