{"id":5944,"date":"2025-05-26T18:17:30","date_gmt":"2025-05-26T16:17:30","guid":{"rendered":"https:\/\/blogsaverroes.juntadeandalucia.es\/iesvirgendelcollado\/?page_id=5944"},"modified":"2025-05-29T12:16:51","modified_gmt":"2025-05-29T10:16:51","slug":"oferta-formativa-grado-c","status":"publish","type":"page","link":"https:\/\/blogsaverroes.juntadeandalucia.es\/iesvirgendelcollado\/oferta-formativa-grado-c\/","title":{"rendered":"OFERTA FORMATIVA GRADO C"},"content":{"rendered":"<p><strong>Oferta formativa de Grado C, vinculadas al Cat\u00e1logo Nacional de Est\u00e1ndares de Competencias Profesionales en el IES Virgen del Collado:<\/strong><\/p>\n<p>SSCS0208 Atenci\u00f3n Sociosanitaria a Personas Dependientes en Instituciones Sociales. Modalidad C. 450 horas.<\/p>\n<p>MP1732 asociado al SSCS0208 Nivel b\u00e1sico en prevenci\u00f3n de riesgos laborales. Modalidad P. 50 horas.<\/p>\n<hr>\n<ul>\n<li><strong>Participantes y requisitos.<\/strong><br \/>\n1. Podr\u00e1n participar en las acciones formativas, las <strong>personas trabajadoras desempleadas, as\u00ed como las personas trabajadoras ocupadas, cuyo centro de trabajo est\u00e9 ubicado en Andaluc\u00eda<\/strong>. En ambos casos, deber\u00e1n ser m<strong>ayores de dieciocho a\u00f1os en el momento de la presentaci\u00f3n de la solicitud<\/strong>.<br \/>\n2. La condici\u00f3n como persona trabajadora desempleada u ocupada vendr\u00e1 determinada por la situaci\u00f3n laboral en que se halle al inicio de la acci\u00f3n formativa.<br \/>\n3. Las personas destinatarias deber\u00e1n cumplir los siguientes requisitos:<br \/>\na) <strong>Estar inscritas como personas trabajadoras desempleadas en el Servicio Andaluz de Empleo o, tener un contrato laboral vigente<\/strong> en el caso de persona trabajadora ocupada.<br \/>\nb) <strong>Estar en posesi\u00f3n del n\u00famero de la Seguridad Social<\/strong> en el momento de presentaci\u00f3n de la solicitud.<br \/>\nc) <strong>Reunir los requisitos acad\u00e9micos<\/strong> de acceso establecidos en los art\u00edculos 54.4, 61 y 75 del Real Decreto 659\/2023, de 18 de julio para la acci\u00f3n formativa a cursar. ESO, o nivel 2, o nivel 1 de la misma familia profesional.<\/li>\n<\/ul>\n<hr>\n<p><a href=\"https:\/\/drive.google.com\/file\/d\/1sxhhG1R2J7aTtwU1cTOhZpLOjo_Qy9eU\/view?usp=sharing\">Instrucciones para el alumnado candidato.<\/a><\/p>\n<p><a href=\"https:\/\/drive.google.com\/file\/d\/1rphfxdnsVCB4jlsVNmgcfUJKk-UmHqEr\/view?usp=sharing\" target=\"_blank\" rel=\"noopener\">Anexo I SOLICITUD Grado C<\/a><\/p>\n<p><iframe loading=\"lazy\" src=\"https:\/\/drive.google.com\/file\/d\/1rphfxdnsVCB4jlsVNmgcfUJKk-UmHqEr\/preview\" width=\"640\" height=\"480\"><\/iframe><\/p>\n<p><a href=\"https:\/\/drive.google.com\/file\/d\/1t72injlt8hymNzh4RYCrmUJzoaVmcSOg\/view?usp=sharing\" target=\"_blank\" rel=\"noopener\">Anexo II ALEGACIONES<\/a><\/p>\n<p><a href=\"https:\/\/drive.google.com\/file\/d\/1EZRDGwC7cVz5ZraLl3UpUMU3PLUswLHD\/view?usp=sharing\" target=\"_blank\" rel=\"noopener\">Anexo III DOCUMENTACI\u00d3N ACREDITATIVA DE PERTENENCIA A COLECTIVOS PRIORITARIOS.<\/a><\/p>\n<p><iframe loading=\"lazy\" src=\"https:\/\/drive.google.com\/file\/d\/1EZRDGwC7cVz5ZraLl3UpUMU3PLUswLHD\/preview\" width=\"640\" height=\"480\"><\/iframe><\/p>\n<p><a href=\"https:\/\/drive.google.com\/file\/d\/1Ky44wfFbCuykH98mzTI-fSICt07uW8m4\/view?usp=sharing\" target=\"_blank\" rel=\"noopener\">ANEXO IV JUSTIFICACI\u00d3N DE LA EXPERIENCIA LABORAL PARA EXENCI\u00d3N DEL PERIODO DE FORMACI\u00d3N EN EMPRESA U ORGANISMO EQUIPARADO<\/a>.<\/p>\n<p><strong>Entrega de documentaci\u00f3n:<\/strong><\/p>\n<p>en el <strong><span style=\"color: #0000ff\">IES Virgen del Collado martes en horario de ma\u00f1ana de 8:15h a 14h y en horario de tarde lunes y martes de 17 h a 18 h.<\/span><\/strong><\/p>\n<p>O pueden enviar la solicitud por correo electr\u00f3nico:<\/p>\n<p><span style=\"color: #0000ff\"><strong>23700566.edu@juntadeandalucia.es <\/strong><\/span><\/p>\n<p>con el asunto solicitud grado C.<\/p>\n<p><a href=\"https:\/\/blogsaverroes.juntadeandalucia.es\/iesvirgendelcollado\/files\/2025\/05\/Cartel-poster-Ciclos-Grado-C.jpg\"><img loading=\"lazy\" decoding=\"async\" class=\"alignnone wp-image-5976 size-full\" src=\"https:\/\/blogsaverroes.juntadeandalucia.es\/iesvirgendelcollado\/files\/2025\/05\/Cartel-poster-Ciclos-Grado-C.jpg\" alt=\"\" width=\"905\" height=\"1280\" srcset=\"https:\/\/blogsaverroes.juntadeandalucia.es\/iesvirgendelcollado\/files\/2025\/05\/Cartel-poster-Ciclos-Grado-C.jpg 905w, https:\/\/blogsaverroes.juntadeandalucia.es\/iesvirgendelcollado\/files\/2025\/05\/Cartel-poster-Ciclos-Grado-C-212x300.jpg 212w, https:\/\/blogsaverroes.juntadeandalucia.es\/iesvirgendelcollado\/files\/2025\/05\/Cartel-poster-Ciclos-Grado-C-724x1024.jpg 724w, https:\/\/blogsaverroes.juntadeandalucia.es\/iesvirgendelcollado\/files\/2025\/05\/Cartel-poster-Ciclos-Grado-C-768x1086.jpg 768w\" sizes=\"(max-width: 905px) 100vw, 905px\" \/><\/a><\/p>\n","protected":false},"excerpt":{"rendered":"<p>Oferta formativa de Grado C, vinculadas al Cat\u00e1logo Nacional de Est\u00e1ndares de Competencias Profesionales en el IES Virgen del Collado: SSCS0208 Atenci\u00f3n Sociosanitaria a Personas Dependientes en Instituciones Sociales. Modalidad C. 450 horas. MP1732 asociado al SSCS0208 Nivel b\u00e1sico en prevenci\u00f3n de riesgos laborales. Modalidad P. 50 horas. Participantes y requisitos. 1. Podr\u00e1n participar en &hellip; <a href=\"https:\/\/blogsaverroes.juntadeandalucia.es\/iesvirgendelcollado\/oferta-formativa-grado-c\/\" class=\"more-link\">Seguir leyendo <span class=\"screen-reader-text\">OFERTA FORMATIVA GRADO C<\/span> <span class=\"meta-nav\">&rarr;<\/span><\/a><\/p>\n","protected":false},"author":10578,"featured_media":0,"parent":0,"menu_order":0,"comment_status":"closed","ping_status":"closed","template":"","meta":{"ngg_post_thumbnail":0,"footnotes":"","_mc_calendar":[]},"aioseo_notices":[],"_links":{"self":[{"href":"https:\/\/blogsaverroes.juntadeandalucia.es\/iesvirgendelcollado\/wp-json\/wp\/v2\/pages\/5944"}],"collection":[{"href":"https:\/\/blogsaverroes.juntadeandalucia.es\/iesvirgendelcollado\/wp-json\/wp\/v2\/pages"}],"about":[{"href":"https:\/\/blogsaverroes.juntadeandalucia.es\/iesvirgendelcollado\/wp-json\/wp\/v2\/types\/page"}],"author":[{"embeddable":true,"href":"https:\/\/blogsaverroes.juntadeandalucia.es\/iesvirgendelcollado\/wp-json\/wp\/v2\/users\/10578"}],"replies":[{"embeddable":true,"href":"https:\/\/blogsaverroes.juntadeandalucia.es\/iesvirgendelcollado\/wp-json\/wp\/v2\/comments?post=5944"}],"version-history":[{"count":13,"href":"https:\/\/blogsaverroes.juntadeandalucia.es\/iesvirgendelcollado\/wp-json\/wp\/v2\/pages\/5944\/revisions"}],"predecessor-version":[{"id":5978,"href":"https:\/\/blogsaverroes.juntadeandalucia.es\/iesvirgendelcollado\/wp-json\/wp\/v2\/pages\/5944\/revisions\/5978"}],"wp:attachment":[{"href":"https:\/\/blogsaverroes.juntadeandalucia.es\/iesvirgendelcollado\/wp-json\/wp\/v2\/media?parent=5944"}],"curies":[{"name":"wp","href":"https:\/\/api.w.org\/{rel}","templated":true}]}}