{"id":144,"date":"2015-03-17T07:46:28","date_gmt":"2015-03-17T07:46:28","guid":{"rendered":"http:\/\/blogsaverroes.juntadeandalucia.es\/pre\/ceip\/?page_id=144"},"modified":"2023-12-14T08:16:40","modified_gmt":"2023-12-14T08:16:40","slug":"orientacion","status":"publish","type":"page","link":"https:\/\/blogsaverroes.juntadeandalucia.es\/iesvirgendelsocorro\/orientacion\/","title":{"rendered":"Orientaci\u00f3n"},"content":{"rendered":"<p>En breves momentos, nuestros queridos estudiantes emprender\u00e1n un nuevo cap\u00edtulo en su trayectoria educativa. La transici\u00f3n a un nuevo nivel acad\u00e9mico representa no solo un cambio de grados, sino tambi\u00e9n una oportunidad para el crecimiento personal, la adquisici\u00f3n de conocimientos m\u00e1s profundos y la exploraci\u00f3n de nuevas facetas del aprendizaje.<\/p>\n<p>Este pr\u00f3ximo per\u00edodo acad\u00e9mico no solo les brindar\u00e1 la oportunidad de adquirir conocimientos especializados, sino que tambi\u00e9n les permitir\u00e1 establecer nuevas amistades y conexiones valiosas. La diversidad de experiencias enriquecer\u00e1 sus vidas y les ofrecer\u00e1 la posibilidad de aprender no solo de los libros, sino tambi\u00e9n de sus compa\u00f1eros y profesores.<\/p>\n<p>Con el objetivo de facilitar la transici\u00f3n y apoyar en la toma de decisiones acad\u00e9micas, el departamento de orientaci\u00f3n tiene el agrado de compartir recursos \u00fatiles. Les proporcionamos un enlace al programa Orienta, una herramienta interactiva que brinda orientaci\u00f3n acad\u00e9mica y que los estudiantes podr\u00e1n explorar simplemente haciendo clic en el siguiente enlace:<\/p>\n<p style=\"text-align: center\"><strong>&#8211;&gt;&gt; <span style=\"text-decoration: underline\"><a href=\"https:\/\/elorienta.com\/movil\/\/?yafxb=88634\">PROGRAMA ORIENTA<\/a><\/span> &lt;&lt;&#8211;<\/strong><\/p>\n<p>Adem\u00e1s, ponemos a su disposici\u00f3n una infograf\u00eda con c\u00f3digos QR que dirigen a p\u00e1ginas de inter\u00e9s donde encontrar\u00e1n informaci\u00f3n detallada sobre opciones como la Formaci\u00f3n Profesional, el Bachillerato, la Universidad y la b\u00fasqueda de empleo.<\/p>\n<p>Enlaces de los c\u00f3digos QR:<\/p>\n<ul>\n<li><span style=\"text-decoration: underline\"><a href=\"https:\/\/www.formacionimpulsat.com\/oposiciones\/con-eso\/\">Oposiciones desde la ESO<\/a>.<\/span><\/li>\n<li><span style=\"text-decoration: underline\"><a href=\"https:\/\/www.juntadeandalucia.es\/educacion\/secretariavirtual\/consulta\/oferta-educativa-formacion-profesional\/\">Grados medios y superiores<\/a>.<\/span><\/li>\n<li><span style=\"text-decoration: underline\"><a href=\"https:\/\/www.juntadeandalucia.es\/educacion\/portals\/web\/educacion-permanente\/bachillerato\/modalidades\">Modalidades de Bachillerato<\/a>.<\/span><\/li>\n<li><span style=\"text-decoration: underline\"><a href=\"https:\/\/andaluciaorienta.net\/\">Andaluc\u00eda Orienta<\/a>.<\/span><\/li>\n<li><span style=\"text-decoration: underline\"><a href=\"https:\/\/www.juntadeandalucia.es\/economiaconocimientoempresasyuniversidad\/sguit\/?q=grados&amp;d=g_b_parametros_top.php\">Ponderaci\u00f3n asignaturas Bach &#8211; Grados &#8211; UNI<\/a><\/span><\/li>\n<\/ul>\n<p><a href=\"https:\/\/blogsaverroes.juntadeandalucia.es\/iesvirgendelsocorro\/files\/2023\/12\/ANEXO-1-\u00a1Inf\u00f3rmate-.png\"><img loading=\"lazy\" decoding=\"async\" class=\"aligncenter size-large wp-image-2616\" src=\"https:\/\/blogsaverroes.juntadeandalucia.es\/iesvirgendelsocorro\/files\/2023\/12\/ANEXO-1-\u00a1Inf\u00f3rmate--724x1024.png\" alt=\"c\u00f3digos qr orientaci\u00f3n\" width=\"724\" height=\"1024\" srcset=\"https:\/\/blogsaverroes.juntadeandalucia.es\/iesvirgendelsocorro\/files\/2023\/12\/ANEXO-1-\u00a1Inf\u00f3rmate--724x1024.png 724w, https:\/\/blogsaverroes.juntadeandalucia.es\/iesvirgendelsocorro\/files\/2023\/12\/ANEXO-1-\u00a1Inf\u00f3rmate--212x300.png 212w, https:\/\/blogsaverroes.juntadeandalucia.es\/iesvirgendelsocorro\/files\/2023\/12\/ANEXO-1-\u00a1Inf\u00f3rmate--768x1086.png 768w, https:\/\/blogsaverroes.juntadeandalucia.es\/iesvirgendelsocorro\/files\/2023\/12\/ANEXO-1-\u00a1Inf\u00f3rmate--1086x1536.png 1086w, https:\/\/blogsaverroes.juntadeandalucia.es\/iesvirgendelsocorro\/files\/2023\/12\/ANEXO-1-\u00a1Inf\u00f3rmate--1448x2048.png 1448w, https:\/\/blogsaverroes.juntadeandalucia.es\/iesvirgendelsocorro\/files\/2023\/12\/ANEXO-1-\u00a1Inf\u00f3rmate-.png 1131w\" sizes=\"(max-width: 724px) 100vw, 724px\" \/><\/a><\/p>\n<p style=\"text-align: center\">&nbsp;<\/p>\n","protected":false},"excerpt":{"rendered":"<p>En breves momentos, nuestros queridos estudiantes emprender\u00e1n un nuevo cap\u00edtulo en su trayectoria educativa. La transici\u00f3n a un nuevo nivel acad\u00e9mico representa no solo un cambio de grados, sino tambi\u00e9n una oportunidad para el crecimiento personal, la adquisici\u00f3n de conocimientos m\u00e1s profundos y la exploraci\u00f3n de nuevas facetas del aprendizaje. Este pr\u00f3ximo per\u00edodo acad\u00e9mico no [&hellip;]<\/p>\n","protected":false},"author":1,"featured_media":0,"parent":0,"menu_order":0,"comment_status":"closed","ping_status":"closed","template":"","meta":{"ngg_post_thumbnail":0,"footnotes":"","_mc_calendar":[]},"aioseo_notices":[],"_links":{"self":[{"href":"https:\/\/blogsaverroes.juntadeandalucia.es\/iesvirgendelsocorro\/wp-json\/wp\/v2\/pages\/144"}],"collection":[{"href":"https:\/\/blogsaverroes.juntadeandalucia.es\/iesvirgendelsocorro\/wp-json\/wp\/v2\/pages"}],"about":[{"href":"https:\/\/blogsaverroes.juntadeandalucia.es\/iesvirgendelsocorro\/wp-json\/wp\/v2\/types\/page"}],"author":[{"embeddable":true,"href":"https:\/\/blogsaverroes.juntadeandalucia.es\/iesvirgendelsocorro\/wp-json\/wp\/v2\/users\/1"}],"replies":[{"embeddable":true,"href":"https:\/\/blogsaverroes.juntadeandalucia.es\/iesvirgendelsocorro\/wp-json\/wp\/v2\/comments?post=144"}],"version-history":[{"count":7,"href":"https:\/\/blogsaverroes.juntadeandalucia.es\/iesvirgendelsocorro\/wp-json\/wp\/v2\/pages\/144\/revisions"}],"predecessor-version":[{"id":2619,"href":"https:\/\/blogsaverroes.juntadeandalucia.es\/iesvirgendelsocorro\/wp-json\/wp\/v2\/pages\/144\/revisions\/2619"}],"wp:attachment":[{"href":"https:\/\/blogsaverroes.juntadeandalucia.es\/iesvirgendelsocorro\/wp-json\/wp\/v2\/media?parent=144"}],"curies":[{"name":"wp","href":"https:\/\/api.w.org\/{rel}","templated":true}]}}