{"id":2,"date":"2020-03-25T11:30:57","date_gmt":"2020-03-25T10:30:57","guid":{"rendered":"https:\/\/blogsaverroes.juntadeandalucia.es\/infantilcordoba\/?page_id=2"},"modified":"2023-01-23T20:32:49","modified_gmt":"2023-01-23T19:32:49","slug":"pagina-ejemplo","status":"publish","type":"page","link":"https:\/\/blogsaverroes.juntadeandalucia.es\/infantilcordoba\/pagina-ejemplo\/","title":{"rendered":"Portada"},"content":{"rendered":"\r\n<div id=\"yui_3_17_2_1_1585157029145_209\">\r\n<div>\r\n<p style=\"text-align: center\" align=\"center\"><span style=\"color: #666699;font-size: 14pt\"><strong><span id=\"yui_3_17_2_1_1585157029145_221\"><span id=\"yui_3_17_2_1_1585157029145_220\">\u00a1Os damos la bi<\/span><\/span><\/strong><strong><span id=\"yui_3_17_2_1_1585157029145_221\"><span id=\"yui_3_17_2_1_1585157029145_220\"><img loading=\"lazy\" decoding=\"async\" class=\"wp-image-105 alignleft\" src=\"https:\/\/blogsaverroes.juntadeandalucia.es\/infantilcordoba\/files\/2020\/04\/13966270-chica-linda-de-la-historieta-saludando-desde-detr\u00e1s-de-firmar-en-blanco-ilustraci\u00f3n-3d-de-alta-calidad-2-218x300.jpg\" alt=\"\" width=\"170\" height=\"234\" srcset=\"https:\/\/blogsaverroes.juntadeandalucia.es\/infantilcordoba\/files\/2020\/04\/13966270-chica-linda-de-la-historieta-saludando-desde-detr\u00e1s-de-firmar-en-blanco-ilustraci\u00f3n-3d-de-alta-calidad-2-218x300.jpg 218w, https:\/\/blogsaverroes.juntadeandalucia.es\/infantilcordoba\/files\/2020\/04\/13966270-chica-linda-de-la-historieta-saludando-desde-detr\u00e1s-de-firmar-en-blanco-ilustraci\u00f3n-3d-de-alta-calidad-2-768x1055.jpg 768w, https:\/\/blogsaverroes.juntadeandalucia.es\/infantilcordoba\/files\/2020\/04\/13966270-chica-linda-de-la-historieta-saludando-desde-detr\u00e1s-de-firmar-en-blanco-ilustraci\u00f3n-3d-de-alta-calidad-2-745x1024.jpg 745w, https:\/\/blogsaverroes.juntadeandalucia.es\/infantilcordoba\/files\/2020\/04\/13966270-chica-linda-de-la-historieta-saludando-desde-detr\u00e1s-de-firmar-en-blanco-ilustraci\u00f3n-3d-de-alta-calidad-2-17x24.jpg 17w, https:\/\/blogsaverroes.juntadeandalucia.es\/infantilcordoba\/files\/2020\/04\/13966270-chica-linda-de-la-historieta-saludando-desde-detr\u00e1s-de-firmar-en-blanco-ilustraci\u00f3n-3d-de-alta-calidad-2-26x36.jpg 26w, https:\/\/blogsaverroes.juntadeandalucia.es\/infantilcordoba\/files\/2020\/04\/13966270-chica-linda-de-la-historieta-saludando-desde-detr\u00e1s-de-firmar-en-blanco-ilustraci\u00f3n-3d-de-alta-calidad-2-35x48.jpg 35w, https:\/\/blogsaverroes.juntadeandalucia.es\/infantilcordoba\/files\/2020\/04\/13966270-chica-linda-de-la-historieta-saludando-desde-detr\u00e1s-de-firmar-en-blanco-ilustraci\u00f3n-3d-de-alta-calidad-2.jpg 888w\" sizes=\"(max-width: 170px) 100vw, 170px\" \/><\/span><\/span><\/strong><strong><span id=\"yui_3_17_2_1_1585157029145_221\"><span id=\"yui_3_17_2_1_1585157029145_220\">envenida<\/span><\/span><\/strong><\/span><\/p>\r\n<p style=\"text-align: center\" align=\"center\"><span style=\"color: #666699;font-size: 14pt\"><strong><span id=\"yui_3_17_2_1_1585157029145_221\"><span id=\"yui_3_17_2_1_1585157029145_220\">al <\/span><\/span><\/strong><strong><span id=\"yui_3_17_2_1_1585157029145_221\"><span id=\"yui_3_17_2_1_1585157029145_220\">Blog <\/span><\/span><\/strong><\/span><span style=\"color: #666699;font-size: 14pt\"><strong><span id=\"yui_3_17_2_1_1585157029145_221\"><span id=\"yui_3_17_2_1_1585157029145_220\">de la Asesor\u00eda de Infantil <\/span><\/span><\/strong><\/span><span id=\"yui_3_17_2_1_1585157029145_221\"><span style=\"color: #666699;font-size: 14pt\"><strong><span id=\"yui_3_17_2_1_1585157029145_220\">del CEP de C\u00f3rdoba!<\/span><\/strong><\/span><br><\/span><\/p>\r\n<div id=\"yui_3_17_2_1_1585157029145_209\">\r\n<div id=\"yui_3_17_2_1_1585157029145_208\" style=\"text-align: center\"><span style=\"color: #333399\"><span id=\"yui_3_17_2_1_1585157029145_207\">Si te interesa una escuela abierta, cooperativa, <\/span><\/span><span style=\"color: #333399\"><span id=\"yui_3_17_2_1_1585157029145_207\">inclusiva, <\/span><\/span><\/div>\r\n<div style=\"text-align: center\"><span style=\"color: #333399\"><span id=\"yui_3_17_2_1_1585157029145_207\">que propone como modelo a seguir la educaci\u00f3n integral <\/span><\/span><\/div>\r\n<div style=\"text-align: center\"><span style=\"color: #333399\"><span id=\"yui_3_17_2_1_1585157029145_207\">de los ni\u00f1os y ni\u00f1as <\/span><\/span><span style=\"color: #333399\"><span id=\"yui_3_17_2_1_1585157029145_207\">en todos los <\/span><span id=\"yui_3_17_2_1_1585157029145_207\">aspectos que conforman a la persona, <\/span><\/span><\/div>\r\n<div style=\"text-align: center\"><span style=\"color: #333399\"><span id=\"yui_3_17_2_1_1585157029145_207\">y que mantiene la ilusi\u00f3n del profesorado por mejorar la calidad de su ense\u00f1anza <\/span><\/span><\/div>\r\n<div style=\"text-align: center\"><span style=\"color: #333399\"><span id=\"yui_3_17_2_1_1585157029145_207\">y el aprendizaje de su alumnado, \u00e9ste es tu <span style=\"font-size: 14pt\">sitio.<\/span><\/span><\/span><\/div>\r\n<\/div>\r\n<\/div>\r\n<\/div>\r\n<div>&nbsp;<\/div>\r\n<div id=\"yui_3_17_2_1_1585157029145_209\"><hr>\r\n<div><div class=\"pt-cv-wrapper\"><div class=\"pt-cv-view pt-cv-grid pt-cv-colsys\" id=\"pt-cv-view-c3f4a6bfes\"><div data-id=\"pt-cv-page-1\" class=\"pt-cv-page\" data-cvc=\"2\"><div class=\"col-md-6 col-sm-6 col-xs-12 pt-cv-content-item pt-cv-1-col\" ><div class='pt-cv-ifield'><a href=\"https:\/\/blogsaverroes.juntadeandalucia.es\/infantilcordoba\/real-decreto-de-educacion-infantil\/\" class=\"_self pt-cv-href-thumbnail pt-cv-thumb-default\" target=\"_self\" ><img loading=\"lazy\" decoding=\"async\" width=\"300\" height=\"168\" src=\"https:\/\/blogsaverroes.juntadeandalucia.es\/infantilcordoba\/files\/2022\/02\/Genially-Decreto-Infantil-300x168.png\" class=\"pt-cv-thumbnail\" alt=\"\" srcset=\"https:\/\/blogsaverroes.juntadeandalucia.es\/infantilcordoba\/files\/2022\/02\/Genially-Decreto-Infantil-300x168.png 300w, https:\/\/blogsaverroes.juntadeandalucia.es\/infantilcordoba\/files\/2022\/02\/Genially-Decreto-Infantil-1024x573.png 1024w, https:\/\/blogsaverroes.juntadeandalucia.es\/infantilcordoba\/files\/2022\/02\/Genially-Decreto-Infantil-768x429.png 768w, https:\/\/blogsaverroes.juntadeandalucia.es\/infantilcordoba\/files\/2022\/02\/Genially-Decreto-Infantil.png 1207w\" sizes=\"(max-width: 300px) 100vw, 300px\" \/><\/a>\n<h4 class=\"pt-cv-title\"><a href=\"https:\/\/blogsaverroes.juntadeandalucia.es\/infantilcordoba\/real-decreto-de-educacion-infantil\/\" class=\"_self\" target=\"_self\" >Real Decreto de Educaci\u00f3n Infantil<\/a><\/h4>\n<div class=\"pt-cv-content\"> ...<br \/><div class=\"pt-cv-rmwrap\"><a href=\"https:\/\/blogsaverroes.juntadeandalucia.es\/infantilcordoba\/real-decreto-de-educacion-infantil\/\" class=\"_self pt-cv-readmore btn btn-success\" target=\"_self\">Leer M\u00e1s<\/a><\/div><\/div><\/div><\/div>\n<div class=\"col-md-6 col-sm-6 col-xs-12 pt-cv-content-item pt-cv-1-col\" ><div class='pt-cv-ifield'><a href=\"https:\/\/blogsaverroes.juntadeandalucia.es\/infantilcordoba\/aplicacion-didactica-de-google-classroom-genially-y-otras-herramientas-digitales-en-educacion-infantil-codigo-211408ge054\/\" class=\"_self pt-cv-href-thumbnail pt-cv-thumb-default\" target=\"_self\" ><img loading=\"lazy\" decoding=\"async\" width=\"300\" height=\"169\" src=\"https:\/\/blogsaverroes.juntadeandalucia.es\/infantilcordoba\/files\/2021\/02\/8af54c876f331097f08e43909977c6868c14d029-300x169.jpeg\" class=\"pt-cv-thumbnail\" alt=\"\" srcset=\"https:\/\/blogsaverroes.juntadeandalucia.es\/infantilcordoba\/files\/2021\/02\/8af54c876f331097f08e43909977c6868c14d029-300x169.jpeg 300w, https:\/\/blogsaverroes.juntadeandalucia.es\/infantilcordoba\/files\/2021\/02\/8af54c876f331097f08e43909977c6868c14d029-1024x576.jpeg 1024w, https:\/\/blogsaverroes.juntadeandalucia.es\/infantilcordoba\/files\/2021\/02\/8af54c876f331097f08e43909977c6868c14d029-768x432.jpeg 768w, https:\/\/blogsaverroes.juntadeandalucia.es\/infantilcordoba\/files\/2021\/02\/8af54c876f331097f08e43909977c6868c14d029.jpeg 1280w\" sizes=\"(max-width: 300px) 100vw, 300px\" \/><\/a>\n<h4 class=\"pt-cv-title\"><a href=\"https:\/\/blogsaverroes.juntadeandalucia.es\/infantilcordoba\/aplicacion-didactica-de-google-classroom-genially-y-otras-herramientas-digitales-en-educacion-infantil-codigo-211408ge054\/\" class=\"_self\" target=\"_self\" >APLICACI\u00d3N DID\u00c1CTICA DE GOOGLE CLASSROOM, GENIALLY Y OTRAS HERRAMIENTAS DIGITALES EN EDUCACI\u00d3N INFANTIL (C\u00f3digo 211408GE054)<\/a><\/h4>\n<div class=\"pt-cv-content\">Abierto plazo de inscripci\u00f3n hasta el pr\u00f3ximo 05 de Marzo 2021 para el curso online de \u00e1mbito CEP C\u00f3rdoba @cepcordoba ...<br \/><div class=\"pt-cv-rmwrap\"><a href=\"https:\/\/blogsaverroes.juntadeandalucia.es\/infantilcordoba\/aplicacion-didactica-de-google-classroom-genially-y-otras-herramientas-digitales-en-educacion-infantil-codigo-211408ge054\/\" class=\"_self pt-cv-readmore btn btn-success\" target=\"_self\">Leer M\u00e1s<\/a><\/div><\/div><\/div><\/div>\n<div class=\"col-md-6 col-sm-6 col-xs-12 pt-cv-content-item pt-cv-1-col\" ><div class='pt-cv-ifield'><a href=\"https:\/\/blogsaverroes.juntadeandalucia.es\/infantilcordoba\/diseno-universal-de-aprendizaje-en-ed-infantil-y-su-uso-en-las-t-i-c\/\" class=\"_self pt-cv-href-thumbnail pt-cv-thumb-default\" target=\"_self\" ><img loading=\"lazy\" decoding=\"async\" width=\"232\" height=\"300\" src=\"https:\/\/blogsaverroes.juntadeandalucia.es\/infantilcordoba\/files\/2021\/02\/Captura-d\u00edptico-232x300.jpg\" class=\"pt-cv-thumbnail\" alt=\"\" srcset=\"https:\/\/blogsaverroes.juntadeandalucia.es\/infantilcordoba\/files\/2021\/02\/Captura-d\u00edptico-232x300.jpg 232w, https:\/\/blogsaverroes.juntadeandalucia.es\/infantilcordoba\/files\/2021\/02\/Captura-d\u00edptico.jpg 418w\" sizes=\"(max-width: 232px) 100vw, 232px\" \/><\/a>\n<h4 class=\"pt-cv-title\"><a href=\"https:\/\/blogsaverroes.juntadeandalucia.es\/infantilcordoba\/diseno-universal-de-aprendizaje-en-ed-infantil-y-su-uso-en-las-t-i-c\/\" class=\"_self\" target=\"_self\" >DISE\u00d1O UNIVERSAL DE APRENDIZAJE EN ED. INFANTIL Y SU USO EN LAS T.I.C<\/a><\/h4>\n<div class=\"pt-cv-content\">Abierto plazo de inscripci\u00f3n hasta el pr\u00f3ximo 26 de Febrero de 2021 para el curso online de \u00e1mbito CEP C\u00f3rdoba ...<br \/><div class=\"pt-cv-rmwrap\"><a href=\"https:\/\/blogsaverroes.juntadeandalucia.es\/infantilcordoba\/diseno-universal-de-aprendizaje-en-ed-infantil-y-su-uso-en-las-t-i-c\/\" class=\"_self pt-cv-readmore btn btn-success\" target=\"_self\">Leer M\u00e1s<\/a><\/div><\/div><\/div><\/div>\n<div class=\"col-md-6 col-sm-6 col-xs-12 pt-cv-content-item pt-cv-1-col\" ><div class='pt-cv-ifield'><a href=\"https:\/\/blogsaverroes.juntadeandalucia.es\/infantilcordoba\/enlaces-del-curso-aspectos-metodologicos-en-educacion-infantil-google-classroom-genially-y-otras-herramientas-digitales\/\" class=\"_self pt-cv-href-thumbnail pt-cv-thumb-default\" target=\"_self\" ><img loading=\"lazy\" decoding=\"async\" width=\"300\" height=\"161\" src=\"https:\/\/blogsaverroes.juntadeandalucia.es\/infantilcordoba\/files\/2021\/01\/Captura-2-300x161.jpg\" class=\"pt-cv-thumbnail\" alt=\"\" srcset=\"https:\/\/blogsaverroes.juntadeandalucia.es\/infantilcordoba\/files\/2021\/01\/Captura-2-300x161.jpg 300w, https:\/\/blogsaverroes.juntadeandalucia.es\/infantilcordoba\/files\/2021\/01\/Captura-2-768x412.jpg 768w, https:\/\/blogsaverroes.juntadeandalucia.es\/infantilcordoba\/files\/2021\/01\/Captura-2-24x13.jpg 24w, https:\/\/blogsaverroes.juntadeandalucia.es\/infantilcordoba\/files\/2021\/01\/Captura-2-36x19.jpg 36w, https:\/\/blogsaverroes.juntadeandalucia.es\/infantilcordoba\/files\/2021\/01\/Captura-2-48x26.jpg 48w, https:\/\/blogsaverroes.juntadeandalucia.es\/infantilcordoba\/files\/2021\/01\/Captura-2.jpg 932w\" sizes=\"(max-width: 300px) 100vw, 300px\" \/><\/a>\n<h4 class=\"pt-cv-title\"><a href=\"https:\/\/blogsaverroes.juntadeandalucia.es\/infantilcordoba\/enlaces-del-curso-aspectos-metodologicos-en-educacion-infantil-google-classroom-genially-y-otras-herramientas-digitales\/\" class=\"_self\" target=\"_self\" >ENLACES del curso ASPECTOS METODOL\u00d3GICOS EN EDUCACI\u00d3N INFANTIL: GOOGLE CLASSROOM, GENIALLY Y OTRAS HERRAMIENTAS DIGITALES<\/a><\/h4>\n<div class=\"pt-cv-content\">El alumnado de Ed. Infantil y de Ed. Especial poseen unas caracter\u00edsticas y unas necesidades concretas, por lo que se ...<br \/><div class=\"pt-cv-rmwrap\"><a href=\"https:\/\/blogsaverroes.juntadeandalucia.es\/infantilcordoba\/enlaces-del-curso-aspectos-metodologicos-en-educacion-infantil-google-classroom-genially-y-otras-herramientas-digitales\/\" class=\"_self pt-cv-readmore btn btn-success\" target=\"_self\">Leer M\u00e1s<\/a><\/div><\/div><\/div><\/div>\n<div class=\"col-md-6 col-sm-6 col-xs-12 pt-cv-content-item pt-cv-1-col\" ><div class='pt-cv-ifield'><a href=\"https:\/\/blogsaverroes.juntadeandalucia.es\/infantilcordoba\/materiales-del-curso-profundizacion-en-estrategias-y-recursos-para-la-teledocencia-en-educacion-en-infantil-aspectos-metodologicos\/\" class=\"_self pt-cv-href-thumbnail pt-cv-thumb-default\" target=\"_self\" ><img loading=\"lazy\" decoding=\"async\" width=\"300\" height=\"157\" src=\"https:\/\/blogsaverroes.juntadeandalucia.es\/infantilcordoba\/files\/2020\/12\/Screenshot_2020-12-09-Luis-Alfonso-Salvatella-Plaza-300x157.png\" class=\"pt-cv-thumbnail\" alt=\"\" srcset=\"https:\/\/blogsaverroes.juntadeandalucia.es\/infantilcordoba\/files\/2020\/12\/Screenshot_2020-12-09-Luis-Alfonso-Salvatella-Plaza-300x157.png 300w, https:\/\/blogsaverroes.juntadeandalucia.es\/infantilcordoba\/files\/2020\/12\/Screenshot_2020-12-09-Luis-Alfonso-Salvatella-Plaza-768x401.png 768w, https:\/\/blogsaverroes.juntadeandalucia.es\/infantilcordoba\/files\/2020\/12\/Screenshot_2020-12-09-Luis-Alfonso-Salvatella-Plaza-24x13.png 24w, https:\/\/blogsaverroes.juntadeandalucia.es\/infantilcordoba\/files\/2020\/12\/Screenshot_2020-12-09-Luis-Alfonso-Salvatella-Plaza-36x19.png 36w, https:\/\/blogsaverroes.juntadeandalucia.es\/infantilcordoba\/files\/2020\/12\/Screenshot_2020-12-09-Luis-Alfonso-Salvatella-Plaza-48x25.png 48w, https:\/\/blogsaverroes.juntadeandalucia.es\/infantilcordoba\/files\/2020\/12\/Screenshot_2020-12-09-Luis-Alfonso-Salvatella-Plaza.png 902w\" sizes=\"(max-width: 300px) 100vw, 300px\" \/><\/a>\n<h4 class=\"pt-cv-title\"><a href=\"https:\/\/blogsaverroes.juntadeandalucia.es\/infantilcordoba\/materiales-del-curso-profundizacion-en-estrategias-y-recursos-para-la-teledocencia-en-educacion-en-infantil-aspectos-metodologicos\/\" class=\"_self\" target=\"_self\" >Materiales del curso PROFUNDIZACI\u00d3N EN ESTRATEGIAS Y RECURSOS PARA LA TELEDOCENCIA EN EDUCACI\u00d3N EN INFANTIL: ASPECTOS METODOL\u00d3GICOS<\/a><\/h4>\n<div class=\"pt-cv-content\">A trav\u00e9s esta actividad formativa, impartida por Luis Alfonso Salvatella Plaza, se ha dotado al profesorado de Educaci\u00f3n Infantil de ...<br \/><div class=\"pt-cv-rmwrap\"><a href=\"https:\/\/blogsaverroes.juntadeandalucia.es\/infantilcordoba\/materiales-del-curso-profundizacion-en-estrategias-y-recursos-para-la-teledocencia-en-educacion-en-infantil-aspectos-metodologicos\/\" class=\"_self pt-cv-readmore btn btn-success\" target=\"_self\">Leer M\u00e1s<\/a><\/div><\/div><\/div><\/div>\n<div class=\"col-md-6 col-sm-6 col-xs-12 pt-cv-content-item pt-cv-1-col\" ><div class='pt-cv-ifield'><a href=\"https:\/\/blogsaverroes.juntadeandalucia.es\/infantilcordoba\/materiales-del-curso-recursos-para-la-teledocencia-en-ed-infantil-iniciacion\/\" class=\"_self pt-cv-href-thumbnail pt-cv-thumb-default\" target=\"_self\" ><img loading=\"lazy\" decoding=\"async\" width=\"300\" height=\"175\" src=\"https:\/\/blogsaverroes.juntadeandalucia.es\/infantilcordoba\/files\/2020\/12\/Screenshot_2020-12-09-Videotutoriales-RECURSOS-TELEDOCENCIA-por-Oti-Guzm\u00e1n-en-Genially-300x175.png\" class=\"pt-cv-thumbnail\" alt=\"\" srcset=\"https:\/\/blogsaverroes.juntadeandalucia.es\/infantilcordoba\/files\/2020\/12\/Screenshot_2020-12-09-Videotutoriales-RECURSOS-TELEDOCENCIA-por-Oti-Guzm\u00e1n-en-Genially-300x175.png 300w, https:\/\/blogsaverroes.juntadeandalucia.es\/infantilcordoba\/files\/2020\/12\/Screenshot_2020-12-09-Videotutoriales-RECURSOS-TELEDOCENCIA-por-Oti-Guzm\u00e1n-en-Genially-1024x597.png 1024w, https:\/\/blogsaverroes.juntadeandalucia.es\/infantilcordoba\/files\/2020\/12\/Screenshot_2020-12-09-Videotutoriales-RECURSOS-TELEDOCENCIA-por-Oti-Guzm\u00e1n-en-Genially-768x448.png 768w, https:\/\/blogsaverroes.juntadeandalucia.es\/infantilcordoba\/files\/2020\/12\/Screenshot_2020-12-09-Videotutoriales-RECURSOS-TELEDOCENCIA-por-Oti-Guzm\u00e1n-en-Genially-24x14.png 24w, https:\/\/blogsaverroes.juntadeandalucia.es\/infantilcordoba\/files\/2020\/12\/Screenshot_2020-12-09-Videotutoriales-RECURSOS-TELEDOCENCIA-por-Oti-Guzm\u00e1n-en-Genially-36x21.png 36w, https:\/\/blogsaverroes.juntadeandalucia.es\/infantilcordoba\/files\/2020\/12\/Screenshot_2020-12-09-Videotutoriales-RECURSOS-TELEDOCENCIA-por-Oti-Guzm\u00e1n-en-Genially-48x28.png 48w, https:\/\/blogsaverroes.juntadeandalucia.es\/infantilcordoba\/files\/2020\/12\/Screenshot_2020-12-09-Videotutoriales-RECURSOS-TELEDOCENCIA-por-Oti-Guzm\u00e1n-en-Genially.png 1249w\" sizes=\"(max-width: 300px) 100vw, 300px\" \/><\/a>\n<h4 class=\"pt-cv-title\"><a href=\"https:\/\/blogsaverroes.juntadeandalucia.es\/infantilcordoba\/materiales-del-curso-recursos-para-la-teledocencia-en-ed-infantil-iniciacion\/\" class=\"_self\" target=\"_self\" >Materiales del curso  RECURSOS PARA LA TELEDOCENCIA EN ED. INFANTIL: INICIACI\u00d3N<\/a><\/h4>\n<div class=\"pt-cv-content\">Con esta actividad formativa, en sus tres ediciones, se ha dotado al profesorado de Educaci\u00f3n Infantil de recursos y herramientas ...<br \/><div class=\"pt-cv-rmwrap\"><a href=\"https:\/\/blogsaverroes.juntadeandalucia.es\/infantilcordoba\/materiales-del-curso-recursos-para-la-teledocencia-en-ed-infantil-iniciacion\/\" class=\"_self pt-cv-readmore btn btn-success\" target=\"_self\">Leer M\u00e1s<\/a><\/div><\/div><\/div><\/div>\n<div class=\"col-md-6 col-sm-6 col-xs-12 pt-cv-content-item pt-cv-1-col\" ><div class='pt-cv-ifield'><a href=\"https:\/\/blogsaverroes.juntadeandalucia.es\/infantilcordoba\/la-educacion-emocional-en-el-aula-de-infantil-en-tiempos-de-pandemia\/\" class=\"_self pt-cv-href-thumbnail pt-cv-thumb-default\" target=\"_self\" ><img loading=\"lazy\" decoding=\"async\" width=\"300\" height=\"175\" src=\"https:\/\/blogsaverroes.juntadeandalucia.es\/infantilcordoba\/files\/2020\/12\/IMAGEN-Materiales-Educaci\u00f3n-Emocional-300x175.png\" class=\"pt-cv-thumbnail\" alt=\"\" srcset=\"https:\/\/blogsaverroes.juntadeandalucia.es\/infantilcordoba\/files\/2020\/12\/IMAGEN-Materiales-Educaci\u00f3n-Emocional-300x175.png 300w, https:\/\/blogsaverroes.juntadeandalucia.es\/infantilcordoba\/files\/2020\/12\/IMAGEN-Materiales-Educaci\u00f3n-Emocional-1024x598.png 1024w, https:\/\/blogsaverroes.juntadeandalucia.es\/infantilcordoba\/files\/2020\/12\/IMAGEN-Materiales-Educaci\u00f3n-Emocional-768x449.png 768w, https:\/\/blogsaverroes.juntadeandalucia.es\/infantilcordoba\/files\/2020\/12\/IMAGEN-Materiales-Educaci\u00f3n-Emocional-24x14.png 24w, https:\/\/blogsaverroes.juntadeandalucia.es\/infantilcordoba\/files\/2020\/12\/IMAGEN-Materiales-Educaci\u00f3n-Emocional-36x21.png 36w, https:\/\/blogsaverroes.juntadeandalucia.es\/infantilcordoba\/files\/2020\/12\/IMAGEN-Materiales-Educaci\u00f3n-Emocional-48x28.png 48w, https:\/\/blogsaverroes.juntadeandalucia.es\/infantilcordoba\/files\/2020\/12\/IMAGEN-Materiales-Educaci\u00f3n-Emocional.png 1368w\" sizes=\"(max-width: 300px) 100vw, 300px\" \/><\/a>\n<h4 class=\"pt-cv-title\"><a href=\"https:\/\/blogsaverroes.juntadeandalucia.es\/infantilcordoba\/la-educacion-emocional-en-el-aula-de-infantil-en-tiempos-de-pandemia\/\" class=\"_self\" target=\"_self\" >Materiales del curso LA EDUCACI\u00d3N EMOCIONAL EN EL AULA DE INFANTIL  EN TIEMPOS DE PANDEMIA<\/a><\/h4>\n<div class=\"pt-cv-content\">Teniendo en cuenta la situaci\u00f3n emocional en la que se encuentra el alumnado de Ed. Infantil derivada de la pandemia ...<br \/><div class=\"pt-cv-rmwrap\"><a href=\"https:\/\/blogsaverroes.juntadeandalucia.es\/infantilcordoba\/la-educacion-emocional-en-el-aula-de-infantil-en-tiempos-de-pandemia\/\" class=\"_self pt-cv-readmore btn btn-success\" target=\"_self\">Leer M\u00e1s<\/a><\/div><\/div><\/div><\/div>\n<div class=\"col-md-6 col-sm-6 col-xs-12 pt-cv-content-item pt-cv-1-col\" ><div class='pt-cv-ifield'><a href=\"https:\/\/blogsaverroes.juntadeandalucia.es\/infantilcordoba\/profundizacion-en-estrategias-y-recursos-para-la-teledocencia-en-educacion-en-infantil-aspectos-metodologicos\/\" class=\"_self pt-cv-href-thumbnail pt-cv-thumb-default\" target=\"_self\" ><img loading=\"lazy\" decoding=\"async\" width=\"300\" height=\"189\" src=\"https:\/\/blogsaverroes.juntadeandalucia.es\/infantilcordoba\/files\/2020\/11\/CARTEL-CURSO-300x189.png\" class=\"pt-cv-thumbnail\" alt=\"\" srcset=\"https:\/\/blogsaverroes.juntadeandalucia.es\/infantilcordoba\/files\/2020\/11\/CARTEL-CURSO-300x189.png 300w, https:\/\/blogsaverroes.juntadeandalucia.es\/infantilcordoba\/files\/2020\/11\/CARTEL-CURSO-1024x646.png 1024w, https:\/\/blogsaverroes.juntadeandalucia.es\/infantilcordoba\/files\/2020\/11\/CARTEL-CURSO-768x484.png 768w, https:\/\/blogsaverroes.juntadeandalucia.es\/infantilcordoba\/files\/2020\/11\/CARTEL-CURSO-24x15.png 24w, https:\/\/blogsaverroes.juntadeandalucia.es\/infantilcordoba\/files\/2020\/11\/CARTEL-CURSO-36x23.png 36w, https:\/\/blogsaverroes.juntadeandalucia.es\/infantilcordoba\/files\/2020\/11\/CARTEL-CURSO-48x30.png 48w, https:\/\/blogsaverroes.juntadeandalucia.es\/infantilcordoba\/files\/2020\/11\/CARTEL-CURSO.png 1275w\" sizes=\"(max-width: 300px) 100vw, 300px\" \/><\/a>\n<h4 class=\"pt-cv-title\"><a href=\"https:\/\/blogsaverroes.juntadeandalucia.es\/infantilcordoba\/profundizacion-en-estrategias-y-recursos-para-la-teledocencia-en-educacion-en-infantil-aspectos-metodologicos\/\" class=\"_self\" target=\"_self\" >PROFUNDIZACION EN ESTRATEGIAS Y RECURSOS PARA LA TELEDOCENCIA EN EDUCACI\u00d3N EN INFANTIL: ASPECTOS METODOL\u00d3GICOS<\/a><\/h4>\n<div class=\"pt-cv-content\">Tras el curso \u201cHerramientas y recursos para la teledocencia\u201d, vimos la necesidad de profundizar en aspectos metodol\u00f3gicos para la misma ...<br \/><div class=\"pt-cv-rmwrap\"><a href=\"https:\/\/blogsaverroes.juntadeandalucia.es\/infantilcordoba\/profundizacion-en-estrategias-y-recursos-para-la-teledocencia-en-educacion-en-infantil-aspectos-metodologicos\/\" class=\"_self pt-cv-readmore btn btn-success\" target=\"_self\">Leer M\u00e1s<\/a><\/div><\/div><\/div><\/div>\n<div class=\"col-md-6 col-sm-6 col-xs-12 pt-cv-content-item pt-cv-1-col\" ><div class='pt-cv-ifield'><a href=\"https:\/\/blogsaverroes.juntadeandalucia.es\/infantilcordoba\/3a-edicion-de-recursos-para-la-teledocencia-en-ed-infantil\/\" class=\"_self pt-cv-href-thumbnail pt-cv-thumb-default\" target=\"_self\" ><img loading=\"lazy\" decoding=\"async\" width=\"300\" height=\"223\" src=\"https:\/\/blogsaverroes.juntadeandalucia.es\/infantilcordoba\/files\/2020\/09\/Aula-Siena-300x223.jpg\" class=\"pt-cv-thumbnail\" alt=\"\" srcset=\"https:\/\/blogsaverroes.juntadeandalucia.es\/infantilcordoba\/files\/2020\/09\/Aula-Siena-300x223.jpg 300w, https:\/\/blogsaverroes.juntadeandalucia.es\/infantilcordoba\/files\/2020\/09\/Aula-Siena-768x570.jpg 768w, https:\/\/blogsaverroes.juntadeandalucia.es\/infantilcordoba\/files\/2020\/09\/Aula-Siena-24x18.jpg 24w, https:\/\/blogsaverroes.juntadeandalucia.es\/infantilcordoba\/files\/2020\/09\/Aula-Siena-36x27.jpg 36w, https:\/\/blogsaverroes.juntadeandalucia.es\/infantilcordoba\/files\/2020\/09\/Aula-Siena-48x36.jpg 48w, https:\/\/blogsaverroes.juntadeandalucia.es\/infantilcordoba\/files\/2020\/09\/Aula-Siena.jpg 800w\" sizes=\"(max-width: 300px) 100vw, 300px\" \/><\/a>\n<h4 class=\"pt-cv-title\"><a href=\"https:\/\/blogsaverroes.juntadeandalucia.es\/infantilcordoba\/3a-edicion-de-recursos-para-la-teledocencia-en-ed-infantil\/\" class=\"_self\" target=\"_self\" >3\u00aa edici\u00f3n de RECURSOS PARA LA TELEDOCENCIA EN ED. INFANTIL<\/a><\/h4>\n<div class=\"pt-cv-content\">El profesorado de Ed. Infantil, debido a las circunstancias en las que nos encontramos durante el curso 20-21 derivadas del ...<br \/><div class=\"pt-cv-rmwrap\"><a href=\"https:\/\/blogsaverroes.juntadeandalucia.es\/infantilcordoba\/3a-edicion-de-recursos-para-la-teledocencia-en-ed-infantil\/\" class=\"_self pt-cv-readmore btn btn-success\" target=\"_self\">Leer M\u00e1s<\/a><\/div><\/div><\/div><\/div>\n<div class=\"col-md-6 col-sm-6 col-xs-12 pt-cv-content-item pt-cv-1-col\" ><div class='pt-cv-ifield'><a href=\"https:\/\/blogsaverroes.juntadeandalucia.es\/infantilcordoba\/2a-edicion-del-curso-recursos-para-la-teledocencia-en-educacion-infantil-iniciacion\/\" class=\"_self pt-cv-href-thumbnail pt-cv-thumb-default\" target=\"_self\" ><img loading=\"lazy\" decoding=\"async\" width=\"300\" height=\"173\" src=\"https:\/\/blogsaverroes.juntadeandalucia.es\/infantilcordoba\/files\/2020\/05\/WhatsApp-Image-2020-05-20-at-20.03.48-300x173.jpeg\" class=\"pt-cv-thumbnail\" alt=\"\" srcset=\"https:\/\/blogsaverroes.juntadeandalucia.es\/infantilcordoba\/files\/2020\/05\/WhatsApp-Image-2020-05-20-at-20.03.48-300x173.jpeg 300w, https:\/\/blogsaverroes.juntadeandalucia.es\/infantilcordoba\/files\/2020\/05\/WhatsApp-Image-2020-05-20-at-20.03.48-768x443.jpeg 768w, https:\/\/blogsaverroes.juntadeandalucia.es\/infantilcordoba\/files\/2020\/05\/WhatsApp-Image-2020-05-20-at-20.03.48-24x14.jpeg 24w, https:\/\/blogsaverroes.juntadeandalucia.es\/infantilcordoba\/files\/2020\/05\/WhatsApp-Image-2020-05-20-at-20.03.48-36x21.jpeg 36w, https:\/\/blogsaverroes.juntadeandalucia.es\/infantilcordoba\/files\/2020\/05\/WhatsApp-Image-2020-05-20-at-20.03.48-48x28.jpeg 48w, https:\/\/blogsaverroes.juntadeandalucia.es\/infantilcordoba\/files\/2020\/05\/WhatsApp-Image-2020-05-20-at-20.03.48.jpeg 826w\" sizes=\"(max-width: 300px) 100vw, 300px\" \/><\/a>\n<h4 class=\"pt-cv-title\"><a href=\"https:\/\/blogsaverroes.juntadeandalucia.es\/infantilcordoba\/2a-edicion-del-curso-recursos-para-la-teledocencia-en-educacion-infantil-iniciacion\/\" class=\"_self\" target=\"_self\" >2\u00aa Edici\u00f3n del curso RECURSOS PARA LA TELEDOCENCIA EN EDUCACI\u00d3N INFANTIL: INICIACI\u00d3N<\/a><\/h4>\n<div class=\"pt-cv-content\">Debido a la gran demanda del profesorado de Ed. Infantil por la situaci\u00f3n en la que se encuentra actualmente, derivada ...<br \/><div class=\"pt-cv-rmwrap\"><a href=\"https:\/\/blogsaverroes.juntadeandalucia.es\/infantilcordoba\/2a-edicion-del-curso-recursos-para-la-teledocencia-en-educacion-infantil-iniciacion\/\" class=\"_self pt-cv-readmore btn btn-success\" target=\"_self\">Leer M\u00e1s<\/a><\/div><\/div><\/div><\/div><\/div><\/div><\/div><\/div>\r\n<\/div>\r\n","protected":false},"excerpt":{"rendered":"<p>\u00a1Os damos la bienvenida al Blog de la Asesor\u00eda de Infantil del CEP de C\u00f3rdoba! Si te interesa una escuela abierta, cooperativa, inclusiva, que propone como modelo a seguir la educaci\u00f3n integral de los&#46;&#46;&#46;<\/p>\n","protected":false},"author":1432,"featured_media":105,"parent":0,"menu_order":0,"comment_status":"closed","ping_status":"open","template":"","meta":{"ngg_post_thumbnail":0,"footnotes":""},"aioseo_notices":[],"_links":{"self":[{"href":"https:\/\/blogsaverroes.juntadeandalucia.es\/infantilcordoba\/wp-json\/wp\/v2\/pages\/2"}],"collection":[{"href":"https:\/\/blogsaverroes.juntadeandalucia.es\/infantilcordoba\/wp-json\/wp\/v2\/pages"}],"about":[{"href":"https:\/\/blogsaverroes.juntadeandalucia.es\/infantilcordoba\/wp-json\/wp\/v2\/types\/page"}],"author":[{"embeddable":true,"href":"https:\/\/blogsaverroes.juntadeandalucia.es\/infantilcordoba\/wp-json\/wp\/v2\/users\/1432"}],"replies":[{"embeddable":true,"href":"https:\/\/blogsaverroes.juntadeandalucia.es\/infantilcordoba\/wp-json\/wp\/v2\/comments?post=2"}],"version-history":[{"count":24,"href":"https:\/\/blogsaverroes.juntadeandalucia.es\/infantilcordoba\/wp-json\/wp\/v2\/pages\/2\/revisions"}],"predecessor-version":[{"id":295,"href":"https:\/\/blogsaverroes.juntadeandalucia.es\/infantilcordoba\/wp-json\/wp\/v2\/pages\/2\/revisions\/295"}],"wp:featuredmedia":[{"embeddable":true,"href":"https:\/\/blogsaverroes.juntadeandalucia.es\/infantilcordoba\/wp-json\/wp\/v2\/media\/105"}],"wp:attachment":[{"href":"https:\/\/blogsaverroes.juntadeandalucia.es\/infantilcordoba\/wp-json\/wp\/v2\/media?parent=2"}],"curies":[{"name":"wp","href":"https:\/\/api.w.org\/{rel}","templated":true}]}}