{"id":20,"date":"2020-11-23T13:05:16","date_gmt":"2020-11-23T13:05:16","guid":{"rendered":"https:\/\/blogsaverroes.juntadeandalucia.es\/inkludita\/?page_id=20"},"modified":"2025-09-15T19:49:46","modified_gmt":"2025-09-15T19:49:46","slug":"contacta","status":"publish","type":"page","link":"https:\/\/blogsaverroes.juntadeandalucia.es\/inkludita\/contacta\/","title":{"rendered":"Contacta"},"content":{"rendered":"<p>El Departamento de Orientaci\u00f3n est\u00e1 compuesto por el <strong>profesorado especialista en orientaci\u00f3n educativa y en atenci\u00f3n a la diversidad<\/strong>. Puedes contactar con nosotros y nosotras a trav\u00e9s de correo electr\u00f3nico, tel\u00e9fono o con cita previa.<\/p>\n<table style=\"height: 521px;width: 100%;border-collapse: collapse;background-color: #f0f0f0\">\n<tbody>\n<tr style=\"height: 23px\">\n<td style=\"height: 10px;text-align: center\" colspan=\"2\"><strong>DAVID DE LA ROSA<\/strong><\/p>\n<p>Orientador educativo&nbsp;<\/p>\n<p><span style=\"font-size: 13.3333px\">orientacion@iescarbula.net<\/span><\/p>\n<p><span style=\"font-size: 13.3333px\">frosdom020@g.educaand.es<\/span><\/td>\n<td style=\"height: 10px;text-align: center\" colspan=\"2\"><strong>RICARDO MU\u00d1OZ<\/strong><\/p>\n<p>Orientador educativo&nbsp;<\/p>\n<p><span style=\"font-size: 13.3333px\">rmunoz.ori@iescarbula.net<\/span><\/p>\n<p><span style=\"font-size: 10pt\">direccion@iescarbula.net<\/span><\/td>\n<\/tr>\n<tr style=\"height: 176px\">\n<td style=\"text-align: center;height: 176px\" colspan=\"2\"><strong>ANA BEL\u00c9N ALONSO<\/strong><\/p>\n<p>Maestra especialista en pedagog\u00eda terap\u00e9utica.<\/p>\n<p>Apoyo a la inclusi\u00f3n<\/p>\n<p><span style=\"font-size: 10pt\">aalonso.pt@iescarbula.net<\/span><\/td>\n<td style=\"text-align: center;height: 176px\" colspan=\"2\"><strong>ANA BEL\u00c9N L\u00d3PEZ<\/strong><\/p>\n<p>Maestra especialista en pedagog\u00eda terap\u00e9utica<\/p>\n<p>Apoyo a la inclusi\u00f3n<\/p>\n<p><span style=\"font-size: 10pt\">alopez.pt@iescarbula.net<\/span><\/td>\n<\/tr>\n<tr>\n<td style=\"text-align: center\" colspan=\"2\"><strong>IRENE COCA<\/strong><\/p>\n<p>Maestra especialista en pedagog\u00eda terap\u00e9tica<\/p>\n<p>Tutora PTVAL<\/p>\n<p><span style=\"font-size: 10pt\">icoca.ptval@iescarbula.net<\/span><\/td>\n<td style=\"text-align: center\" colspan=\"2\"><strong>ISABEL G\u00d3MEZ<\/strong><\/p>\n<p>Maestra de apoyo a la compensaci\u00f3n educativa<\/p>\n<p>igomez.apo@iescarbula.net<\/p>\n<p><strong><b>&nbsp;<\/b><\/strong><\/td>\n<\/tr>\n<tr style=\"height: 136px\">\n<td style=\"text-align: center;height: 136px\" colspan=\"2\"><strong>ARACELI CAMACHO<\/strong><\/p>\n<p>Orientadora educativa (sustituci\u00f3n 1er Trim.)<\/p>\n<p><span style=\"font-size: 10pt\">orientacion@iescarbula.net<\/span><\/td>\n<td style=\"text-align: center;height: 136px\" colspan=\"2\"><strong>LORENA BARBA<\/strong><\/p>\n<p>Profesora \u00e1mbito socio-ling\u00fc\u00edstico ZTS<\/p>\n<p><span class=\"dZjITc\" style=\"font-size: 10pt\" role=\"presentation\">lbarba.zts@iescarbula.net<\/span><\/td>\n<\/tr>\n<\/tbody>\n<\/table>\n<p>Adem\u00e1s forman parte del departamento de orientaci\u00f3n, aunque adscritos a otros departamentos por motivos organizativos:<\/p>\n<ul>\n<li>Profesorado que imparte \u00e1mbitos&nbsp;del <strong>Programa de Diversificaci\u00f3n Curricular<\/strong> y de<strong> CFGB.<\/strong><\/li>\n<li>Profesorado que imparte <strong>Materia Ling\u00fc\u00edstica de car\u00e1cter transversal en 1\u00ba de ESO.<\/strong><\/li>\n<\/ul>\n<p>Desde el departamento de orientaci\u00f3n se asesora en procesos de acci\u00f3n tutorial, inclusi\u00f3n, convivencia, procesos de ense\u00f1anza-aprendizaje y orientaci\u00f3n vocacional, dirigi\u00e9ndose al conjunto de la comunidad educativa (alumnado, profesorado y familias).&nbsp;<\/p>\n<p>Adem\u00e1s, puedes suscribirte al blog del departamento de orientaci\u00f3n o seguir el canal de Telegram para estar al tanto de todas las novedades:<\/p>\n<p>Enlace a canal de WhatsApp: <a href=\"https:\/\/whatsapp.com\/channel\/0029VanxUXJFCCoNWyI3nt22\">Canal de WhatsApp<\/a><\/p>\n<p><img loading=\"lazy\" decoding=\"async\" class=\"wp-image-1655 aligncenter\" src=\"https:\/\/blogsaverroes.juntadeandalucia.es\/inkludita\/files\/2024\/09\/A4-Portada-cuaderno-flechas-moderno-fucsia-2-212x300.png\" alt=\"\" width=\"252\" height=\"357\" srcset=\"https:\/\/blogsaverroes.juntadeandalucia.es\/inkludita\/files\/2024\/09\/A4-Portada-cuaderno-flechas-moderno-fucsia-2-212x300.png 212w, https:\/\/blogsaverroes.juntadeandalucia.es\/inkludita\/files\/2024\/09\/A4-Portada-cuaderno-flechas-moderno-fucsia-2-724x1024.png 724w, https:\/\/blogsaverroes.juntadeandalucia.es\/inkludita\/files\/2024\/09\/A4-Portada-cuaderno-flechas-moderno-fucsia-2-768x1086.png 768w, https:\/\/blogsaverroes.juntadeandalucia.es\/inkludita\/files\/2024\/09\/A4-Portada-cuaderno-flechas-moderno-fucsia-2-1086x1536.png 1086w, https:\/\/blogsaverroes.juntadeandalucia.es\/inkludita\/files\/2024\/09\/A4-Portada-cuaderno-flechas-moderno-fucsia-2.png 1414w\" sizes=\"(max-width: 252px) 100vw, 252px\" \/><\/p>\n<p>&nbsp;<\/p>\n","protected":false},"excerpt":{"rendered":"<p>El Departamento de Orientaci\u00f3n est\u00e1 compuesto por el profesorado especialista en orientaci\u00f3n educativa y en atenci\u00f3n a la diversidad. Puedes contactar con nosotros y nosotras a trav\u00e9s de correo electr\u00f3nico, tel\u00e9fono o con cita&#46;&#46;&#46;<\/p>\n","protected":false},"author":11559,"featured_media":0,"parent":0,"menu_order":0,"comment_status":"closed","ping_status":"closed","template":"","meta":{"ngg_post_thumbnail":0,"footnotes":""},"aioseo_notices":[],"post_mailing_queue_ids":[],"_links":{"self":[{"href":"https:\/\/blogsaverroes.juntadeandalucia.es\/inkludita\/wp-json\/wp\/v2\/pages\/20"}],"collection":[{"href":"https:\/\/blogsaverroes.juntadeandalucia.es\/inkludita\/wp-json\/wp\/v2\/pages"}],"about":[{"href":"https:\/\/blogsaverroes.juntadeandalucia.es\/inkludita\/wp-json\/wp\/v2\/types\/page"}],"author":[{"embeddable":true,"href":"https:\/\/blogsaverroes.juntadeandalucia.es\/inkludita\/wp-json\/wp\/v2\/users\/11559"}],"replies":[{"embeddable":true,"href":"https:\/\/blogsaverroes.juntadeandalucia.es\/inkludita\/wp-json\/wp\/v2\/comments?post=20"}],"version-history":[{"count":33,"href":"https:\/\/blogsaverroes.juntadeandalucia.es\/inkludita\/wp-json\/wp\/v2\/pages\/20\/revisions"}],"predecessor-version":[{"id":1778,"href":"https:\/\/blogsaverroes.juntadeandalucia.es\/inkludita\/wp-json\/wp\/v2\/pages\/20\/revisions\/1778"}],"wp:attachment":[{"href":"https:\/\/blogsaverroes.juntadeandalucia.es\/inkludita\/wp-json\/wp\/v2\/media?parent=20"}],"curies":[{"name":"wp","href":"https:\/\/api.w.org\/{rel}","templated":true}]}}