{"id":2779,"date":"2022-03-20T13:20:32","date_gmt":"2022-03-20T13:20:32","guid":{"rendered":"https:\/\/blogsaverroes.juntadeandalucia.es\/institutodh\/?page_id=2779"},"modified":"2022-03-20T23:24:33","modified_gmt":"2022-03-20T23:24:33","slug":"erasmus-plus","status":"publish","type":"page","link":"https:\/\/blogsaverroes.juntadeandalucia.es\/institutodh\/erasmus-plus\/","title":{"rendered":"Erasmus +"},"content":{"rendered":"<p>Erasmus+ es el programa de la Uni\u00f3n Europea que ofrece <strong>oportunidades para todas las personas, en todos sus \u00e1mbitos y sectores educativos.&nbsp;<\/strong><\/p>\n<p>Su principal objetivo promocionar la <strong>movilidad educativa<\/strong> de las personas y los colectivos, tanto del alumnado como del personal, as\u00ed como la <strong>cooperaci\u00f3n<\/strong>, la calidad, la inclusi\u00f3n y la equidad, la excelencia, la creatividad y la innovaci\u00f3n a nivel de las organizaciones y las pol\u00edticas a trav\u00e9s del aprendizaje permanente, el desarrollo educativo, profesional y personal de las personas en los \u00e1mbitos de la educaci\u00f3n y la formaci\u00f3n, la juventud y el deporte, dentro de Europa y fuera de su territorio, contribuyendo as\u00ed al crecimiento sostenible, al empleo de calidad y a la cohesi\u00f3n social, adem\u00e1s de a impulsar la innovaci\u00f3n y <strong>fortalecer la identidad europea, la ciudadan\u00eda activa y la participaci\u00f3n en la vida democr\u00e1tica.<\/strong><\/p>\n<p>Erasmus+ 2021-2027 cuenta con un presupuesto de algo m\u00e1s de 28.000 millones de euros para toda Europa y es m\u00e1s inclusivo, m\u00e1s digital y m\u00e1s sostenible con el medio ambiente, apoyando la transformaci\u00f3n digital, la inclusi\u00f3n y la diversidad, adem\u00e1s del medio ambiente y la lucha contra el cambio clim\u00e1tico. Gracias a este renovado programa, se financiar\u00e1n en nuestro centro proyectos de movilidad y cooperaci\u00f3n transfronteriza relacionados con el aprendizaje para nuestro alumnado y profesorado.<\/p>\n<p><strong>Proyectos desarrollados en nuestro centro:<\/strong><\/p>\n<ul>\n<li><a href=\"https:\/\/drive.google.com\/file\/d\/1vdgGl-CiLAdb6bLZ6x_jlxXTYzWf-ohL\/view?usp=sharing\">KA122: \u00abEducaci\u00f3n en la escuela para borrar la huella ecol\u00f3gica\u00bb.<\/a><\/li>\n<li><a href=\"https:\/\/drive.google.com\/file\/d\/1WWOw6ic5F-DIXE-UNas0I9itPegym4iG\/view?usp=sharing\">KA120-SCH: Acreditaci\u00f3n Erasmus de Educaci\u00f3n Escolar.<\/a>\n<ul>\n<li><a href=\"https:\/\/drive.google.com\/file\/d\/1-A__yZZddx7-mWaQKBKyjsMq_t1hAtBg\/view?usp=sharing\">Convocatoria 2022.<\/a><\/li>\n<\/ul>\n<\/li>\n<\/ul>\n<p style=\"text-align: center;padding-left: 80px\"><a href=\"http:\/\/sepie.es\/\"><img loading=\"lazy\" decoding=\"async\" class=\"size-full wp-image-2783 alignleft\" src=\"https:\/\/blogsaverroes.juntadeandalucia.es\/institutodh\/files\/2022\/03\/sepie500.jpg\" alt=\"Sepie\" width=\"270\" height=\"155\"><\/a><a href=\"https:\/\/ec.europa.eu\/info\/index_es\"><img loading=\"lazy\" decoding=\"async\" class=\"size-full wp-image-2785 alignleft\" src=\"https:\/\/blogsaverroes.juntadeandalucia.es\/institutodh\/files\/2022\/03\/comision_europea.jpg\" alt=\"\" width=\"270\" height=\"155\"><\/a><\/p>\n","protected":false},"excerpt":{"rendered":"<p>Erasmus+ es el programa de la Uni\u00f3n Europea que ofrece oportunidades para todas las personas, en todos sus \u00e1mbitos y sectores educativos.&nbsp; Su principal objetivo promocionar la movilidad educativa de&#46;&#46;&#46;<\/p>\n","protected":false},"author":9710,"featured_media":0,"parent":0,"menu_order":0,"comment_status":"closed","ping_status":"closed","template":"","meta":{"ngg_post_thumbnail":0,"footnotes":"","_mc_calendar":[]},"aioseo_notices":[],"_links":{"self":[{"href":"https:\/\/blogsaverroes.juntadeandalucia.es\/institutodh\/wp-json\/wp\/v2\/pages\/2779"}],"collection":[{"href":"https:\/\/blogsaverroes.juntadeandalucia.es\/institutodh\/wp-json\/wp\/v2\/pages"}],"about":[{"href":"https:\/\/blogsaverroes.juntadeandalucia.es\/institutodh\/wp-json\/wp\/v2\/types\/page"}],"author":[{"embeddable":true,"href":"https:\/\/blogsaverroes.juntadeandalucia.es\/institutodh\/wp-json\/wp\/v2\/users\/9710"}],"replies":[{"embeddable":true,"href":"https:\/\/blogsaverroes.juntadeandalucia.es\/institutodh\/wp-json\/wp\/v2\/comments?post=2779"}],"version-history":[{"count":8,"href":"https:\/\/blogsaverroes.juntadeandalucia.es\/institutodh\/wp-json\/wp\/v2\/pages\/2779\/revisions"}],"predecessor-version":[{"id":2790,"href":"https:\/\/blogsaverroes.juntadeandalucia.es\/institutodh\/wp-json\/wp\/v2\/pages\/2779\/revisions\/2790"}],"wp:attachment":[{"href":"https:\/\/blogsaverroes.juntadeandalucia.es\/institutodh\/wp-json\/wp\/v2\/media?parent=2779"}],"curies":[{"name":"wp","href":"https:\/\/api.w.org\/{rel}","templated":true}]}}