{"id":44,"date":"2015-03-13T08:42:15","date_gmt":"2015-03-13T08:42:15","guid":{"rendered":"http:\/\/blogsaverroes.juntadeandalucia.es\/pre\/ceip\/?page_id=44"},"modified":"2022-03-10T18:57:48","modified_gmt":"2022-03-10T18:57:48","slug":"planes-y-programas","status":"publish","type":"page","link":"https:\/\/blogsaverroes.juntadeandalucia.es\/institutodh\/planes-y-programas\/","title":{"rendered":"Planes y Programas"},"content":{"rendered":"<p>Cada centro personaliza y adapta su Proyecto Educativo adhiri\u00e9ndose a diferentes <strong>Planes y Programas<\/strong> promovidos desde la Consejer\u00eda de Educaci\u00f3n, Cultura y Deporte. En el caso del IES Delgado Hern\u00e1ndez los planes, programas y proyectos en los que trabajamos son:<\/p>\n<ul>\n<li><strong>Forma Joven en el \u00c1mbito Educativo.<\/strong><\/li>\n<li><strong>ALDEA, Programa de Educaci\u00f3n Ambiental.<\/strong><\/li>\n<li><strong>Aula DJaque, de Ajedrez en los centros educativos.<\/strong><\/li>\n<li><strong>Transformaci\u00f3n Digital Educativa.<\/strong><\/li>\n<li><strong>Erasmus Plus.<\/strong><\/li>\n<li><strong>Plan de Igualdad de G\u00e9nero en educaci\u00f3n (CoEducaci\u00f3n).<\/strong><\/li>\n<li><strong>Escuela Espacio de Paz.<\/strong><\/li>\n<li><strong>Proyecto Biling\u00fce.<\/strong><\/li>\n<\/ul>\n<p><img loading=\"lazy\" decoding=\"async\" class=\"size-medium wp-image-1667 alignleft\" src=\"http:\/\/blogsaverroes.juntadeandalucia.es\/temahuemanies\/files\/2015\/03\/planes-300x150.png\" alt=\"planes\" width=\"300\" height=\"150\" srcset=\"https:\/\/blogsaverroes.juntadeandalucia.es\/institutodh\/files\/2015\/03\/planes-300x150.png 300w, https:\/\/blogsaverroes.juntadeandalucia.es\/institutodh\/files\/2015\/03\/planes.png 640w\" sizes=\"(max-width: 300px) 100vw, 300px\" \/><\/p>\n","protected":false},"excerpt":{"rendered":"<p>Cada centro personaliza y adapta su Proyecto Educativo adhiri\u00e9ndose a diferentes Planes y Programas promovidos desde la Consejer\u00eda de Educaci\u00f3n, Cultura y Deporte. En el caso del IES Delgado Hern\u00e1ndez&#46;&#46;&#46;<\/p>\n","protected":false},"author":1,"featured_media":0,"parent":0,"menu_order":0,"comment_status":"open","ping_status":"closed","template":"","meta":{"ngg_post_thumbnail":0,"footnotes":"","_mc_calendar":[]},"aioseo_notices":[],"_links":{"self":[{"href":"https:\/\/blogsaverroes.juntadeandalucia.es\/institutodh\/wp-json\/wp\/v2\/pages\/44"}],"collection":[{"href":"https:\/\/blogsaverroes.juntadeandalucia.es\/institutodh\/wp-json\/wp\/v2\/pages"}],"about":[{"href":"https:\/\/blogsaverroes.juntadeandalucia.es\/institutodh\/wp-json\/wp\/v2\/types\/page"}],"author":[{"embeddable":true,"href":"https:\/\/blogsaverroes.juntadeandalucia.es\/institutodh\/wp-json\/wp\/v2\/users\/1"}],"replies":[{"embeddable":true,"href":"https:\/\/blogsaverroes.juntadeandalucia.es\/institutodh\/wp-json\/wp\/v2\/comments?post=44"}],"version-history":[{"count":9,"href":"https:\/\/blogsaverroes.juntadeandalucia.es\/institutodh\/wp-json\/wp\/v2\/pages\/44\/revisions"}],"predecessor-version":[{"id":2613,"href":"https:\/\/blogsaverroes.juntadeandalucia.es\/institutodh\/wp-json\/wp\/v2\/pages\/44\/revisions\/2613"}],"wp:attachment":[{"href":"https:\/\/blogsaverroes.juntadeandalucia.es\/institutodh\/wp-json\/wp\/v2\/media?parent=44"}],"curies":[{"name":"wp","href":"https:\/\/api.w.org\/{rel}","templated":true}]}}