{"id":3665,"date":"2022-03-28T08:43:59","date_gmt":"2022-03-28T07:43:59","guid":{"rendered":"https:\/\/blogsaverroes.juntadeandalucia.es\/melendodepruebas2\/?page_id=3665"},"modified":"2025-06-19T12:49:35","modified_gmt":"2025-06-19T11:49:35","slug":"bachillerato-a-distancia-2","status":"publish","type":"page","link":"https:\/\/blogsaverroes.juntadeandalucia.es\/ipepcordoba\/bachillerato-a-distancia-2\/","title":{"rendered":"Bachillerato a distancia"},"content":{"rendered":"<h1>Bachillerato a distancia<\/h1>\n<div class=\"entry-summary\">\n<p>Si no tienes la posibilidad de acudir a clase, te recomendamos el Bachillerato a distancia. Todo el proceso de ense\u00f1anza-aprendizaje se realiza a trav\u00e9s de la plataforma educativa. Solo tendr\u00e1s que asistir presencialmente a los ex\u00e1menes trimestrales.<\/p>\n<p>El IPEP de C\u00f3rdoba oferta en la modalidad a distancia el <strong>Bachillerato General y el Bachillerato de Humanidades y Ciencias Sociales<\/strong> (los dos itinerarios)<\/p>\n<p>Si quieres conocer aspectos generales sobre el Bachillerato: requisitos, evaluaci\u00f3n, titulaci\u00f3n, etc., es conveniente que visites la p\u00e1gina <a href=\"https:\/\/blogsaverroes.juntadeandalucia.es\/ipepcordoba\/bachillerato\/\">Conoce el Bachillerato.<\/a><\/p>\n<\/div>\n<p>&nbsp;<\/p>\n<h2>\u00bfQu\u00e9 asignaturas se estudian en el Bachillerato a distancia?<\/h2>\n<h3>Bachillerato General A DISTANCIA<\/h3>\n<h4>Curso 1\u00ba Bachillerato General A DISTANCIA<\/h4>\n<table class=\"tg\" style=\"border-collapse: collapse;border-spacing: 0\">\n<thead>\n<tr>\n<th style=\"background-color: #efefef;font-family: Arial, sans-serif;font-size: 14px;font-weight: normal;overflow: hidden;padding: 10px 5px;text-align: center;vertical-align: middle;border: 1px solid black\" colspan=\"2\"><span style=\"font-weight: normal\">Tipo Asignatura<\/span><\/th>\n<th style=\"background-color: #efefef;font-family: Arial, sans-serif;font-size: 14px;font-weight: normal;overflow: hidden;padding: 10px 5px;text-align: center;vertical-align: middle;border: 1px solid black\"><span style=\"font-weight: normal\">Asignaturas<\/span><\/th>\n<\/tr>\n<\/thead>\n<tbody>\n<tr>\n<td style=\"background-color: #ffccc9;font-family: Arial, sans-serif;font-size: 14px;overflow: hidden;padding: 10px 5px;text-align: center;vertical-align: middle;border: 1px solid black\" colspan=\"2\" rowspan=\"3\">Comunes<\/td>\n<td style=\"background-color: #ffccc9;font-family: Arial, sans-serif;font-size: 14px;overflow: hidden;padding: 10px 5px;text-align: center;vertical-align: middle;border: 1px solid black\">Filosof\u00eda<\/td>\n<\/tr>\n<tr>\n<td style=\"background-color: #ffccc9;font-family: Arial, sans-serif;font-size: 14px;overflow: hidden;padding: 10px 5px;text-align: center;vertical-align: middle;border: 1px solid black\">Lengua Castellana y Literatura I<\/td>\n<\/tr>\n<tr>\n<td style=\"background-color: #ffccc9;font-family: Arial, sans-serif;font-size: 14px;overflow: hidden;padding: 10px 5px;text-align: center;vertical-align: middle;border: 1px solid black\">Ingl\u00e9s I<\/td>\n<\/tr>\n<tr>\n<td style=\"background-color: #fffc9e;font-family: Arial, sans-serif;font-size: 14px;overflow: hidden;padding: 10px 5px;text-align: center;vertical-align: middle;border: 1px solid black\" rowspan=\"5\">Espec\u00edficas<\/td>\n<td style=\"background-color: #ffce93;font-family: Arial, sans-serif;font-size: 14px;overflow: hidden;padding: 10px 5px;text-align: center;vertical-align: middle;border: 1px solid black\">Obligatoria<\/td>\n<td style=\"background-color: #ffce93;font-family: Arial, sans-serif;font-size: 14px;overflow: hidden;padding: 10px 5px;text-align: center;vertical-align: middle;border: 1px solid black\">Matem\u00e1ticas Generales<\/td>\n<\/tr>\n<tr>\n<td style=\"background-color: #fffc9e;font-family: Arial, sans-serif;font-size: 14px;overflow: hidden;padding: 10px 5px;text-align: center;vertical-align: middle;border: 1px solid black\" rowspan=\"4\">Elegir dos de cuatro<\/td>\n<td style=\"background-color: #fffc9e;font-family: Arial, sans-serif;font-size: 14px;overflow: hidden;padding: 10px 5px;text-align: left;vertical-align: top;border: 1px solid black\">Matem\u00e1ticas Aplicadas a las Ciencias Sociales I<\/td>\n<\/tr>\n<tr>\n<td style=\"background-color: #fffc9e;font-family: Arial, sans-serif;font-size: 14px;overflow: hidden;padding: 10px 5px;text-align: center;vertical-align: middle;border: 1px solid black\">Econom\u00eda, Emprendimiento y Actividad Empresarial<\/td>\n<\/tr>\n<tr>\n<td style=\"background-color: #fffc9e;font-family: Arial, sans-serif;font-size: 14px;overflow: hidden;padding: 10px 5px;text-align: center;vertical-align: middle;border: 1px solid black\">Econom\u00eda<\/td>\n<\/tr>\n<tr>\n<td style=\"background-color: #fffc9e;font-family: Arial, sans-serif;font-size: 14px;overflow: hidden;padding: 10px 5px;text-align: center;vertical-align: middle;border: 1px solid black\">Historia del Mundo Contempor\u00e1neo<\/td>\n<\/tr>\n<tr>\n<td style=\"background-color: #9aff99;font-family: Arial, sans-serif;font-size: 14px;overflow: hidden;padding: 10px 5px;text-align: center;vertical-align: middle;border: 1px solid black\" colspan=\"2\" rowspan=\"4\">Optativa<br \/>\n(Elegir una)<\/td>\n<td style=\"background-color: #9aff99;font-family: Arial, sans-serif;font-size: 14px;overflow: hidden;padding: 10px 5px;text-align: center;vertical-align: middle;border: 1px solid black\">Tecnolog\u00edas de la Informaci\u00f3n y la Comunicaci\u00f3n I<\/td>\n<\/tr>\n<tr>\n<td style=\"background-color: #9aff99;font-family: Arial, sans-serif;font-size: 14px;overflow: hidden;padding: 10px 5px;text-align: center;vertical-align: middle;border: 1px solid black\">Franc\u00e9s I<\/td>\n<\/tr>\n<tr>\n<td style=\"background-color: #9aff99;font-family: Arial, sans-serif;font-size: 14px;overflow: hidden;padding: 10px 5px;text-align: center;vertical-align: middle;border: 1px solid black\">Patrimonio Cultural y Art\u00edstico de Andaluc\u00eda<\/td>\n<\/tr>\n<tr>\n<td style=\"background-color: #9aff99;font-family: Arial, sans-serif;font-size: 14px;overflow: hidden;padding: 10px 5px;text-align: center;vertical-align: top;border: 1px solid black\">Cultura emprendedora y empresarial<\/td>\n<\/tr>\n<\/tbody>\n<\/table>\n<h4>Curso 2\u00ba Bachillerato General A DISTANCIA<\/h4>\n<table class=\"tg\" style=\"border-collapse: collapse;border-spacing: 0\">\n<thead>\n<tr>\n<th style=\"background-color: #efefef;font-family: Arial, sans-serif;font-size: 14px;font-weight: normal;overflow: hidden;padding: 10px 5px;text-align: center;vertical-align: middle;border: 1px solid black\" colspan=\"2\"><span style=\"font-weight: normal\">Tipo Asignatura<\/span><\/th>\n<th style=\"background-color: #efefef;font-family: Arial, sans-serif;font-size: 14px;font-weight: normal;overflow: hidden;padding: 10px 5px;text-align: center;vertical-align: middle;border: 1px solid black\"><span style=\"font-weight: normal\">Asignaturas<\/span><\/th>\n<\/tr>\n<\/thead>\n<tbody>\n<tr>\n<td style=\"background-color: #ffccc9;font-family: Arial, sans-serif;font-size: 14px;overflow: hidden;padding: 10px 5px;text-align: center;vertical-align: middle;border: 1px solid black\" colspan=\"2\" rowspan=\"4\">Comunes<\/td>\n<td style=\"background-color: #ffccc9;font-family: Arial, sans-serif;font-size: 14px;overflow: hidden;padding: 10px 5px;text-align: center;vertical-align: middle;border: 1px solid black\">Historia de la Filosof\u00eda<\/td>\n<\/tr>\n<tr>\n<td style=\"background-color: #ffccc9;font-family: Arial, sans-serif;font-size: 14px;overflow: hidden;padding: 10px 5px;text-align: center;vertical-align: top;border: 1px solid black\">Historia de Espa\u00f1a<\/td>\n<\/tr>\n<tr>\n<td style=\"background-color: #ffccc9;font-family: Arial, sans-serif;font-size: 14px;overflow: hidden;padding: 10px 5px;text-align: center;vertical-align: middle;border: 1px solid black\">Lengua Castellana y Literatura II<\/td>\n<\/tr>\n<tr>\n<td style=\"background-color: #ffccc9;font-family: Arial, sans-serif;font-size: 14px;overflow: hidden;padding: 10px 5px;text-align: center;vertical-align: middle;border: 1px solid black\">Ingl\u00e9s II<\/td>\n<\/tr>\n<tr>\n<td style=\"background-color: #fffc9e;font-family: Arial, sans-serif;font-size: 14px;overflow: hidden;padding: 10px 5px;text-align: center;vertical-align: middle;border: 1px solid black\" rowspan=\"5\">Espec\u00edficas<\/td>\n<td style=\"background-color: #ffce93;font-family: Arial, sans-serif;font-size: 14px;overflow: hidden;padding: 10px 5px;text-align: center;vertical-align: middle;border: 1px solid black\">Obligatoria<\/td>\n<td style=\"background-color: #ffce93;font-family: Arial, sans-serif;font-size: 14px;overflow: hidden;padding: 10px 5px;text-align: center;vertical-align: middle;border: 1px solid black\">Ciencias Generales<\/td>\n<\/tr>\n<tr>\n<td style=\"background-color: #fffc9e;font-family: Arial, sans-serif;font-size: 14px;overflow: hidden;padding: 10px 5px;text-align: center;vertical-align: middle;border: 1px solid black\" rowspan=\"4\">Elegir dos de cuatro<\/td>\n<td style=\"background-color: #fffc9e;font-family: Arial, sans-serif;font-size: 14px;overflow: hidden;padding: 10px 5px;text-align: center;vertical-align: top;border: 1px solid black\">Matem\u00e1ticas Aplicadas a las Ciencias Sociales II<br \/>\n(solo si has cursado Matem\u00e1ticas Aplicadas a las Ciencias Sociales I)<\/td>\n<\/tr>\n<tr>\n<td style=\"background-color: #fffc9e;font-family: Arial, sans-serif;font-size: 14px;overflow: hidden;padding: 10px 5px;text-align: center;vertical-align: middle;border: 1px solid black\">Empresa y dise\u00f1o de modelos de negocio<\/td>\n<\/tr>\n<tr>\n<td style=\"background-color: #fffc9e;font-family: Arial, sans-serif;font-size: 14px;overflow: hidden;padding: 10px 5px;text-align: center;vertical-align: middle;border: 1px solid black\">Geograf\u00eda<\/td>\n<\/tr>\n<tr>\n<td style=\"background-color: #fffc9e;font-family: Arial, sans-serif;font-size: 14px;overflow: hidden;padding: 10px 5px;text-align: center;vertical-align: middle;border: 1px solid black\">Movimientos Culturales y Art\u00edsticos<\/td>\n<\/tr>\n<tr>\n<td style=\"background-color: #9aff99;font-family: Arial, sans-serif;font-size: 14px;overflow: hidden;padding: 10px 5px;text-align: center;vertical-align: middle;border: 1px solid black\" colspan=\"2\" rowspan=\"3\">Optativa<br \/>\n(Elegir una)<\/td>\n<td style=\"background-color: #9aff99;font-family: Arial, sans-serif;font-size: 14px;overflow: hidden;padding: 10px 5px;text-align: center;vertical-align: middle;border: 1px solid black\">Tecnolog\u00edas de la Informaci\u00f3n y la Comunicaci\u00f3n II<\/td>\n<\/tr>\n<tr>\n<td style=\"background-color: #9aff99;font-family: Arial, sans-serif;font-size: 14px;overflow: hidden;padding: 10px 5px;text-align: center;vertical-align: middle;border: 1px solid black\">Franc\u00e9s II<\/td>\n<\/tr>\n<tr>\n<td style=\"background-color: #9aff99;font-family: Arial, sans-serif;font-size: 14px;overflow: hidden;padding: 10px 5px;text-align: center;vertical-align: middle;border: 1px solid black\">Psicolog\u00eda<\/td>\n<\/tr>\n<\/tbody>\n<\/table>\n<p>&nbsp;<\/p>\n<h4>Bachillerato de Humanidades y Ciencias Sociales A DISTANCIA<\/h4>\n<h4>Curso 1\u00ba Bachillerato de Humanidades y Ciencias Sociales A DISTANCIA<\/h4>\n<table class=\"tg\" style=\"border-collapse: collapse;border-spacing: 0\">\n<thead>\n<tr>\n<th style=\"background-color: #efefef;font-family: Arial, sans-serif;font-size: 14px;font-weight: normal;overflow: hidden;padding: 10px 5px;text-align: center;vertical-align: middle;border: 1px solid black\"><span style=\"font-weight: normal\">Tipo Asignatura<\/span><\/th>\n<th style=\"background-color: #efefef;font-family: Arial, sans-serif;font-size: 14px;font-weight: normal;overflow: hidden;padding: 10px 5px;text-align: center;vertical-align: middle;border: 1px solid black\"><span style=\"font-weight: normal\">Asignaturas<\/span><\/th>\n<\/tr>\n<\/thead>\n<tbody>\n<tr>\n<td style=\"background-color: #ffccc9;font-family: Arial, sans-serif;font-size: 14px;overflow: hidden;padding: 10px 5px;text-align: center;vertical-align: middle;border: 1px solid black\" rowspan=\"3\">Comunes<\/td>\n<td style=\"background-color: #ffccc9;font-family: Arial, sans-serif;font-size: 14px;overflow: hidden;padding: 10px 5px;text-align: center;vertical-align: middle;border: 1px solid black\">Filosof\u00eda<\/td>\n<\/tr>\n<tr>\n<td style=\"background-color: #ffccc9;font-family: Arial, sans-serif;font-size: 14px;overflow: hidden;padding: 10px 5px;text-align: center;vertical-align: middle;border: 1px solid black\">Lengua Castellana y Literatura I<\/td>\n<\/tr>\n<tr>\n<td style=\"background-color: #ffccc9;font-family: Arial, sans-serif;font-size: 14px;overflow: hidden;padding: 10px 5px;text-align: center;vertical-align: middle;border: 1px solid black\">Ingl\u00e9s I<\/td>\n<\/tr>\n<tr>\n<td style=\"background-color: #fffc9e;font-family: Arial, sans-serif;font-size: 14px;overflow: hidden;padding: 10px 5px;text-align: center;vertical-align: middle;border: 1px solid black\" rowspan=\"3\">Espec\u00edficas<\/td>\n<td style=\"background-color: #fffc9e;font-family: Arial, sans-serif;font-size: 14px;overflow: hidden;padding: 10px 5px;text-align: center;vertical-align: middle;border: 1px solid black\">Matem\u00e1ticas Aplicadas a las Ciencias Sociales I <strong>\u00d3<\/strong> Lat\u00edn I<\/td>\n<\/tr>\n<tr>\n<td style=\"background-color: #fffc9e;font-family: Arial, sans-serif;font-size: 14px;overflow: hidden;padding: 10px 5px;text-align: center;vertical-align: middle;border: 1px solid black\">Historia del Mundo Contempor\u00e1neo<\/td>\n<\/tr>\n<tr>\n<td style=\"background-color: #fffc9e;font-family: Arial, sans-serif;font-size: 14px;overflow: hidden;padding: 10px 5px;text-align: center;vertical-align: middle;border: 1px solid black\">Econom\u00eda<\/td>\n<\/tr>\n<tr>\n<td style=\"background-color: #9aff99;font-family: Arial, sans-serif;font-size: 14px;overflow: hidden;padding: 10px 5px;text-align: center;vertical-align: middle;border: 1px solid black\" rowspan=\"3\">Optativa<br \/>\n(Elegir una)<\/td>\n<td style=\"background-color: #9aff99;font-family: Arial, sans-serif;font-size: 14px;overflow: hidden;padding: 10px 5px;text-align: center;vertical-align: middle;border: 1px solid black\">Tecnolog\u00edas de la Informaci\u00f3n y la Comunicaci\u00f3n I<\/td>\n<\/tr>\n<tr>\n<td style=\"background-color: #9aff99;font-family: Arial, sans-serif;font-size: 14px;overflow: hidden;padding: 10px 5px;text-align: center;vertical-align: middle;border: 1px solid black\">Franc\u00e9s I<\/td>\n<\/tr>\n<tr>\n<td style=\"background-color: #9aff99;font-family: Arial, sans-serif;font-size: 14px;overflow: hidden;padding: 10px 5px;text-align: center;vertical-align: middle;border: 1px solid black\">Patrimonio Cultural y Art\u00edstico de Andaluc\u00eda<\/td>\n<\/tr>\n<\/tbody>\n<\/table>\n<h4>&nbsp;Curso 2\u00ba Bachillerato de Humanidades y Ciencias Sociales A DISTANCIA<\/h4>\n<table class=\"tg\" style=\"border-collapse: collapse;border-spacing: 0\">\n<thead>\n<tr>\n<th style=\"background-color: #efefef;font-family: Arial, sans-serif;font-size: 14px;font-weight: normal;overflow: hidden;padding: 10px 5px;text-align: center;vertical-align: middle;border: 1px solid black\"><span style=\"font-weight: normal\">Tipo Asignatura<\/span><\/th>\n<th style=\"background-color: #efefef;font-family: Arial, sans-serif;font-size: 14px;font-weight: normal;overflow: hidden;padding: 10px 5px;text-align: center;vertical-align: middle;border: 1px solid black\"><span style=\"font-weight: normal\">Asignaturas<\/span><\/th>\n<\/tr>\n<\/thead>\n<tbody>\n<tr>\n<td style=\"background-color: #ffccc9;font-family: Arial, sans-serif;font-size: 14px;overflow: hidden;padding: 10px 5px;text-align: center;vertical-align: middle;border: 1px solid black\" rowspan=\"4\">Comunes<\/td>\n<td style=\"background-color: #ffccc9;font-family: Arial, sans-serif;font-size: 14px;overflow: hidden;padding: 10px 5px;text-align: center;vertical-align: middle;border: 1px solid black\">Historia de Espa\u00f1a<\/td>\n<\/tr>\n<tr>\n<td style=\"background-color: #ffccc9;font-family: Arial, sans-serif;font-size: 14px;overflow: hidden;padding: 10px 5px;text-align: center;vertical-align: middle;border: 1px solid black\">Historia de la Filosof\u00eda<\/td>\n<\/tr>\n<tr>\n<td style=\"background-color: #ffccc9;font-family: Arial, sans-serif;font-size: 14px;overflow: hidden;padding: 10px 5px;text-align: center;vertical-align: middle;border: 1px solid black\">Lengua Castellana y Literatura II<\/td>\n<\/tr>\n<tr>\n<td style=\"background-color: #ffccc9;font-family: Arial, sans-serif;font-size: 14px;overflow: hidden;padding: 10px 5px;text-align: center;vertical-align: middle;border: 1px solid black\">Ingl\u00e9s II<\/td>\n<\/tr>\n<tr>\n<td style=\"background-color: #fffc9e;font-family: Arial, sans-serif;font-size: 14px;overflow: hidden;padding: 10px 5px;text-align: center;vertical-align: middle;border: 1px solid black\" rowspan=\"3\">Espec\u00edficas<\/td>\n<td style=\"background-color: #fffc9e;font-family: Arial, sans-serif;font-size: 14px;overflow: hidden;padding: 10px 5px;text-align: center;vertical-align: middle;border: 1px solid black\">Matem\u00e1ticas Aplicadas a las Ciencias Sociales II <strong>\u00d3<\/strong> Lat\u00edn II<\/td>\n<\/tr>\n<tr>\n<td style=\"background-color: #fffc9e;font-family: Arial, sans-serif;font-size: 14px;overflow: hidden;padding: 10px 5px;text-align: center;vertical-align: middle;border: 1px solid black\">Empresa y Dise\u00f1o de Modelos de Negocio<\/td>\n<\/tr>\n<tr>\n<td style=\"background-color: #fffc9e;font-family: Arial, sans-serif;font-size: 14px;overflow: hidden;padding: 10px 5px;text-align: center;vertical-align: middle;border: 1px solid black\">Geograf\u00eda<\/td>\n<\/tr>\n<tr>\n<td style=\"background-color: #9aff99;font-family: Arial, sans-serif;font-size: 14px;overflow: hidden;padding: 10px 5px;text-align: center;vertical-align: middle;border: 1px solid black\" rowspan=\"3\">Optativa<br \/>\n(Elegir una)<\/td>\n<td style=\"background-color: #9aff99;font-family: Arial, sans-serif;font-size: 14px;overflow: hidden;padding: 10px 5px;text-align: center;vertical-align: middle;border: 1px solid black\">Tecnolog\u00edas de la Informaci\u00f3n y la Comunicaci\u00f3n II<\/td>\n<\/tr>\n<tr>\n<td style=\"background-color: #9aff99;font-family: Arial, sans-serif;font-size: 14px;overflow: hidden;padding: 10px 5px;text-align: center;vertical-align: middle;border: 1px solid black\">Franc\u00e9s II<\/td>\n<\/tr>\n<tr>\n<td style=\"background-color: #9aff99;font-family: Arial, sans-serif;font-size: 14px;overflow: hidden;padding: 10px 5px;text-align: center;vertical-align: middle;border: 1px solid black\">Psicolog\u00eda<\/td>\n<\/tr>\n<\/tbody>\n<\/table>\n<p>&nbsp;<\/p>\n<h2>\u00bfQu\u00e9 horario tiene el Bachillerato distancia?<\/h2>\n<p>Al ser una educaci\u00f3n a distancia, el horario lo pones t\u00fa. Eso s\u00ed, habr\u00e1 tareas y actividades que tienen un calendario de entrega, es decir, que deber\u00e1s ir entregando en las fechas que el profesorado marque. Los ex\u00e1menes presenciales se realizar\u00e1n al finalizar cada trimestre.<\/p>\n<p>&nbsp;<\/p>\n<h2>\u00bfC\u00f3mo y cu\u00e1ndo se eval\u00faa en el Bachillerato a distancia?<\/h2>\n<p>La evaluaci\u00f3n se realiza por materias. Los referentes son los criterios de evaluaci\u00f3n de las distintas materias. Se tendr\u00e1 en cuenta la participaci\u00f3n en la plataforma educativa, as\u00ed como la realizaci\u00f3n de las actividades y los ex\u00e1menes. Estos tendr\u00e1n un car\u00e1cter validador, es decir, servir\u00e1n principalmente para refrendar el trabajo realizado en las actividades.<\/p>\n<p>La evaluaci\u00f3n se realiza por trimestres, con una evaluaci\u00f3n final ordinaria que, en el caso de primero, es en junio y, en el caso de segundo curso, en mayo.<\/p>\n<p>La evaluaci\u00f3n extraordinaria tiene lugar en septiembre para primero y en junio para segundo.<\/p>\n","protected":false},"excerpt":{"rendered":"<p>Bachillerato a distancia Si no tienes la posibilidad de acudir a clase, te recomendamos el Bachillerato a distancia. Todo el proceso de ense\u00f1anza-aprendizaje se realiza&hellip;<\/p>\n","protected":false},"author":14347,"featured_media":0,"parent":0,"menu_order":0,"comment_status":"closed","ping_status":"closed","template":"","meta":{"ngg_post_thumbnail":0,"footnotes":"","_mc_calendar":[]},"aioseo_notices":[],"_links":{"self":[{"href":"https:\/\/blogsaverroes.juntadeandalucia.es\/ipepcordoba\/wp-json\/wp\/v2\/pages\/3665"}],"collection":[{"href":"https:\/\/blogsaverroes.juntadeandalucia.es\/ipepcordoba\/wp-json\/wp\/v2\/pages"}],"about":[{"href":"https:\/\/blogsaverroes.juntadeandalucia.es\/ipepcordoba\/wp-json\/wp\/v2\/types\/page"}],"author":[{"embeddable":true,"href":"https:\/\/blogsaverroes.juntadeandalucia.es\/ipepcordoba\/wp-json\/wp\/v2\/users\/14347"}],"replies":[{"embeddable":true,"href":"https:\/\/blogsaverroes.juntadeandalucia.es\/ipepcordoba\/wp-json\/wp\/v2\/comments?post=3665"}],"version-history":[{"count":9,"href":"https:\/\/blogsaverroes.juntadeandalucia.es\/ipepcordoba\/wp-json\/wp\/v2\/pages\/3665\/revisions"}],"predecessor-version":[{"id":4565,"href":"https:\/\/blogsaverroes.juntadeandalucia.es\/ipepcordoba\/wp-json\/wp\/v2\/pages\/3665\/revisions\/4565"}],"wp:attachment":[{"href":"https:\/\/blogsaverroes.juntadeandalucia.es\/ipepcordoba\/wp-json\/wp\/v2\/media?parent=3665"}],"curies":[{"name":"wp","href":"https:\/\/api.w.org\/{rel}","templated":true}]}}