{"id":1843,"date":"2022-01-17T09:33:40","date_gmt":"2022-01-17T09:33:40","guid":{"rendered":"https:\/\/blogsaverroes.juntadeandalucia.es\/jvaraujo\/?page_id=1843"},"modified":"2022-01-17T09:33:40","modified_gmt":"2022-01-17T09:33:40","slug":"como-vemos","status":"publish","type":"page","link":"https:\/\/blogsaverroes.juntadeandalucia.es\/jvaraujo\/epv1\/el-color\/como-vemos\/","title":{"rendered":"C\u00f3mo vemos"},"content":{"rendered":"<table style=\"border-collapse: collapse;width: 100%\">\n<tbody>\n<tr>\n<td style=\"width: 100%\"><strong>\u00bfQu\u00e9 debes saber ya?<\/strong><\/td>\n<\/tr>\n<tr>\n<td style=\"width: 100%\">\n<ul>\n<li>La luz blanca est\u00e1 formada por la suma de todaslas radiaciones visibles, y puede descomponerse en luces de color<\/li>\n<li>La luz viaja en l\u00ednea recta y tiene forma de onda. De la longitud de esa onda depende el color que veamos<\/li>\n<li>La luz se refleja: cambia de direcci\u00f3n al \u200b chocar con una superficie<\/li>\n<li>La luz se refracta: cambia de direcci\u00f3n al atravesar objetos o medios de distinta densidad<\/li>\n<li>Las superficies pueden absorber o amortiguar parte de las radiaciones visibles y reflejar otras. De la suma de las radiaciones reflejadas resulta el color con el que vemos esa superficie.<\/li>\n<\/ul>\n<\/td>\n<\/tr>\n<\/tbody>\n<\/table>\n<p>Para que percibamos los colores es necesario: que haya <strong>luz\u200b<\/strong> y <strong>una superficie en la que \u00e9sta se refleje<\/strong>; \u200b el<strong> \u00f3rgano de la visi\u00f3n<\/strong>\u200b, formado por los ojos, el nervio \u00f3ptico y el cerebro.<\/p>\n<h3>\u00bfC\u00f3mo funciona el ojo humano?<\/h3>\n<p>El ojo humano es una \u200b c\u00e1mara oscura\u200b.<\/p>\n<p><a href=\"https:\/\/blogsaverroes.juntadeandalucia.es\/jvaraujo\/files\/2022\/01\/Captura-de-pantalla-2022-01-17-095753.png\"><img loading=\"lazy\" decoding=\"async\" class=\"size-full wp-image-1844 alignnone\" src=\"https:\/\/blogsaverroes.juntadeandalucia.es\/jvaraujo\/files\/2022\/01\/Captura-de-pantalla-2022-01-17-095753.png\" alt=\"\" width=\"623\" height=\"353\" srcset=\"https:\/\/blogsaverroes.juntadeandalucia.es\/jvaraujo\/files\/2022\/01\/Captura-de-pantalla-2022-01-17-095753.png 623w, https:\/\/blogsaverroes.juntadeandalucia.es\/jvaraujo\/files\/2022\/01\/Captura-de-pantalla-2022-01-17-095753-300x170.png 300w\" sizes=\"(max-width: 623px) 100vw, 623px\" \/><\/a><\/p>\n<p>En el siguiente v\u00eddeo se nos explica qu\u00e9 es una c\u00e1mara oscura y su relaci\u00f3n con el funcionamiento del ojo:<\/p>\n<p><iframe loading=\"lazy\" title=\"Funcionamiento del ojo 1. La c\u00e1mara oscura\" width=\"500\" height=\"375\" src=\"https:\/\/www.youtube.com\/embed\/Enm7pWKZz60?feature=oembed&#038;wmode=opaque\" frameborder=\"0\" allow=\"accelerometer; autoplay; clipboard-write; encrypted-media; gyroscope; picture-in-picture; web-share\" referrerpolicy=\"strict-origin-when-cross-origin\" allowfullscreen><\/iframe><\/p>\n<h3>Anatom\u00eda del ojo<\/h3>\n<p>Visto desde el exterior, el ojo es un globo blanco rodeado por los p\u00e1rpados. En el centro, un agujero: la pupila, con el iris formando un c\u00edrculo a su alrededor.<\/p>\n<p><a href=\"https:\/\/blogsaverroes.juntadeandalucia.es\/jvaraujo\/files\/2022\/01\/Captura-de-pantalla-2022-01-17-100323.png\"><img loading=\"lazy\" decoding=\"async\" class=\"size-full wp-image-1845 alignnone\" src=\"https:\/\/blogsaverroes.juntadeandalucia.es\/jvaraujo\/files\/2022\/01\/Captura-de-pantalla-2022-01-17-100323.png\" alt=\"\" width=\"252\" height=\"282\"><\/a><a href=\"https:\/\/blogsaverroes.juntadeandalucia.es\/jvaraujo\/files\/2022\/01\/Captura-de-pantalla-2022-01-17-100528.png\"> <img loading=\"lazy\" decoding=\"async\" class=\"size-full wp-image-1846 alignnone\" src=\"https:\/\/blogsaverroes.juntadeandalucia.es\/jvaraujo\/files\/2022\/01\/Captura-de-pantalla-2022-01-17-100528.png\" alt=\"\" width=\"446\" height=\"307\" srcset=\"https:\/\/blogsaverroes.juntadeandalucia.es\/jvaraujo\/files\/2022\/01\/Captura-de-pantalla-2022-01-17-100528.png 446w, https:\/\/blogsaverroes.juntadeandalucia.es\/jvaraujo\/files\/2022\/01\/Captura-de-pantalla-2022-01-17-100528-300x207.png 300w\" sizes=\"(max-width: 446px) 100vw, 446px\" \/><\/a><\/p>\n<p>Pero si observamos su interior, vemos que se comporta como una c\u00e1mara oscura.<\/p>\n<ul>\n<li>La c\u00f3rnea, dura y brillante, protege la pupila y el iris, y ayuda a enfocar la imagen.<\/li>\n<li>El iris, visible desde fuera como un disco de color, es un m\u00fasculo cuya misi\u00f3n es abrir m\u00e1s o menos el agujero de la pupila. Cuanto m\u00e1s abierto est\u00e9, m\u00e1s luz entra en el ojo.<\/li>\n<li>El cristalino es una lente transparente y flexible, rodeada de m\u00fasculos que modifican su forma para que podemos enfocar a diferentes distancias.<\/li>\n<li>La luz entra en el ojo atravesando la c\u00f3rnea, el iris y el cristalino. En el interior del globo ocular se encuentra el humor v\u00edtreo, una sustancia transparente que ayuda a mantener la forma esf\u00e9rica del ojo. A trav\u00e9s de \u00e9l los rayos de luz alcanzan la retina, que est\u00e1 compuesta por c\u00e9lulas sensibles a la luz llamadas \u200b conos \u200b y \u200b bastones\u200b.<\/li>\n<li>Estas c\u00e9lulas se activan al recibir energ\u00eda luminosa del exterior y env\u00edan est\u00edmulos nerviosos al cerebro, que interpreta estos est\u00edmulos como claroscuro y color. Los conos son sensibles a las radiaciones roja, verde y azul del espectro, y los bastones a las tres. Por esto decimos que los conos perciben los colores y los bastones el claroscuro. Estos \u00faltimos son m\u00e1s sensibles y son los que utilizamos para ver cuando hay poca luz, raz\u00f3n por la que en la penumbra vemos los colores m\u00e1s apagados.<\/li>\n<\/ul>\n<p><a href=\"https:\/\/blogsaverroes.juntadeandalucia.es\/jvaraujo\/files\/2022\/01\/Captura-de-pantalla-2022-01-17-100657.png\"><img loading=\"lazy\" decoding=\"async\" class=\"size-full wp-image-1848 alignnone\" src=\"https:\/\/blogsaverroes.juntadeandalucia.es\/jvaraujo\/files\/2022\/01\/Captura-de-pantalla-2022-01-17-100657.png\" alt=\"\" width=\"480\" height=\"234\" srcset=\"https:\/\/blogsaverroes.juntadeandalucia.es\/jvaraujo\/files\/2022\/01\/Captura-de-pantalla-2022-01-17-100657.png 480w, https:\/\/blogsaverroes.juntadeandalucia.es\/jvaraujo\/files\/2022\/01\/Captura-de-pantalla-2022-01-17-100657-300x146.png 300w\" sizes=\"(max-width: 480px) 100vw, 480px\" \/><\/a><\/p>\n<table style=\"border-collapse: collapse;width: 100%\">\n<tbody>\n<tr>\n<td style=\"width: 100%\"><strong>Curiosidades sobre el ojo humano<\/strong><\/td>\n<\/tr>\n<tr>\n<td style=\"width: 100%\">Las c\u00e9lulas fotosensibles \u200b se cansan\u200b cuando llevan un rato activas y dejan de enviar est\u00edmulos con la misma intensidad. Si en ese momento miramos una superficie blanca, las c\u00e9lulas menos cansadas funcionan con m\u00e1s intensidad que las otras, produci\u00e9ndose una post-imagen que s\u00f3lo existe en nuestro cerebro. Mira fijamente el punto azul de esta imagen y observa c\u00f3mo una imagen en blanco y negro te puede parecer en color gracias a la post-imagen.<\/p>\n<p>https:\/\/youtu.be\/3P8q_dCU3RI<\/td>\n<\/tr>\n<tr>\n<td style=\"width: 100%\">\u00bfHas visto alguna vez unas peque\u00f1as manchas transparentes que parecen flotar ante tus ojos? Son fibras y c\u00e9lulas que flotan en el humor v\u00edtreo y proyectan sombras sobre la retina, y por lo general no son preocupantes<\/td>\n<\/tr>\n<tr>\n<td style=\"width: 100%\">\u00bfDistingues alguna forma dentro de estos c\u00edrculos?<\/p>\n<p><a href=\"https:\/\/blogsaverroes.juntadeandalucia.es\/jvaraujo\/files\/2022\/01\/Captura-de-pantalla-2022-01-17-101741.png\"><img loading=\"lazy\" decoding=\"async\" class=\"size-full wp-image-1849 alignnone\" src=\"https:\/\/blogsaverroes.juntadeandalucia.es\/jvaraujo\/files\/2022\/01\/Captura-de-pantalla-2022-01-17-101741.png\" alt=\"\" width=\"775\" height=\"516\" srcset=\"https:\/\/blogsaverroes.juntadeandalucia.es\/jvaraujo\/files\/2022\/01\/Captura-de-pantalla-2022-01-17-101741.png 775w, https:\/\/blogsaverroes.juntadeandalucia.es\/jvaraujo\/files\/2022\/01\/Captura-de-pantalla-2022-01-17-101741-300x200.png 300w, https:\/\/blogsaverroes.juntadeandalucia.es\/jvaraujo\/files\/2022\/01\/Captura-de-pantalla-2022-01-17-101741-768x511.png 768w\" sizes=\"(max-width: 775px) 100vw, 775px\" \/><\/a><\/p>\n<p>Si no es as\u00ed, podr\u00edas tener un problema de daltonismo. El daltonismo no es grave, pero es importante que la persona dalt\u00f3nica sepa que lo es para educar su visi\u00f3n. Si crees que puedes ser dalt\u00f3nico, acude a un especialista.<\/td>\n<\/tr>\n<tr>\n<td style=\"width: 100%\">\u00bfNecesitas gafas para ver con nitidez? A veces la curvatura de la c\u00f3rnea no consigue enfocar perfectamente las im\u00e1genes en la retina. Los cristales de las gafas o de las lentillas corrigen ese defecto de enfoque.<\/td>\n<\/tr>\n<\/tbody>\n<\/table>\n<h3>C\u00f3mo se mezclan los pigmentos. S\u00edntesis sustractiva<\/h3>\n<p>En la primera parte de esta unidad vimos que los colores luz se mezclan sumando sus energ\u00edas y que el resultado es siempre un color m\u00e1s luminoso, obteni\u00e9ndose el blanco al mezclar los tres colores primarios. Sin embargo nuestra experiencia nos dice que cuando mezclamos pintura o plastilinas de todos los colores el resultado es m\u00e1s bien gris oscuro o pardo tirando a negro.<\/p>\n<p>Esto ocurre porque los colores pigmento (las pinturas, tintes y otras sustancias colorantes) se comportan de manera muy diferente a los colores luz.<\/p>\n<p>La diferencia principal es que los pigmentos no producen luz, s\u00f3lo la reflejan. Si pintamos una superficie de color rojo, los pigmentos que forman parte de la pintura absorben el verde y el azul y reflejan el rojo. Si pintamos de color amarillo, los pigmentos absorben el azul y reflejan el rojo y el verde, cuya suma es el color amarillo.<\/p>\n<p>Hasta aqu\u00ed no hay diferencia con lo que estudiamos sobre la s\u00edntesis aditiva. Pero si mezclamos pintura roja con pintura amarilla, lo que ocurre es que los pigmentos, al mezclarse, absorben todo el azul y reflejan bastante del rojo y un poco del verde. El resultado es un color anaranjado.<\/p>\n<p>En este esquema vemos que los colores primarios de la s\u00edntesis sustractiva son el amarillo, el azul cian y el magenta. Al mezclarlos, obtenemos:<\/p>\n<ul>\n<li>Amarillo + magenta = rojo<\/li>\n<li>Amarillo + cian = verde<\/li>\n<li>cian + magenta = rojo<\/li>\n<\/ul>\n<p><a href=\"https:\/\/blogsaverroes.juntadeandalucia.es\/jvaraujo\/files\/2022\/01\/Captura-de-pantalla-2022-01-17-102301.png\"><img loading=\"lazy\" decoding=\"async\" class=\"size-full wp-image-1850 alignnone\" src=\"https:\/\/blogsaverroes.juntadeandalucia.es\/jvaraujo\/files\/2022\/01\/Captura-de-pantalla-2022-01-17-102301.png\" alt=\"\" width=\"221\" height=\"208\"><\/a><\/p>\n<p>La mezcla de los tres primarios resulta el negro.<\/p>\n<table style=\"border-collapse: collapse;width: 100%\">\n<tbody>\n<tr>\n<td style=\"width: 100%\"><strong>Importante<\/strong><\/td>\n<\/tr>\n<tr>\n<td style=\"width: 100%\">Aunque en teor\u00eda esto es cierto, en la pr\u00e1ctica no lo es tanto, puesto que los pigmentos (sustancias minerales, vegetales o sint\u00e9ticas que se mezclan con un medio para producir pintura) colorean con distinta intensidad. Por ejemplo, es muy dif\u00edcil obtener un rojo intenso mezclando magenta y amarillo, por lo que se suelen emplear sustancias naturales de ese color.<\/p>\n<p>Por esta raz\u00f3n suele ser m\u00e1s eficaz (y los artistas lo hacen as\u00ed) emplear como colores b\u00e1sicos el rojo, el azul y el amarillo.<\/p>\n<p>En imprenta s\u00ed se suelen usar los tres colores del esquema, pero a\u00f1adiendo adem\u00e1s el color negro para obtener colores m\u00e1s naturales y un mayor contraste.<\/td>\n<\/tr>\n<\/tbody>\n<\/table>\n<h3>Ejercicios<\/h3>\n<table style=\"border-collapse: collapse;width: 100%\">\n<tbody>\n<tr>\n<td style=\"width: 100%\"><strong>Propuesta 1. S\u00edntesis de los colores primarios<\/strong><\/td>\n<\/tr>\n<tr>\n<td style=\"width: 100%\">Si en el ejercicio anterior usamos prismas caseros para descomponer la luz blanca en los colores primarios y secundarios, en este utilizaremos un c\u00edrculo crom\u00e1tico para volver a unirlos obteniendo de nuevo la luz blanca (o algo lo m\u00e1s parecido posible).<\/td>\n<\/tr>\n<tr>\n<td style=\"width: 100%\"><strong>Fases:<\/strong><\/p>\n<ol>\n<li>Dibuja un c\u00edrculo crom\u00e1tico\n<ol>\n<li>En un folio, traza con el comp\u00e1s tres circunferencias conc\u00e9ntricas (que tienen el mismo centro) de 6, 4 y 2 cm. de radio respectivamente.<\/li>\n<li>Con ayuda del comp\u00e1s, divide la circunferencia mayor en 6 partes iguales y une cada divisi\u00f3n con el centro (si necesitas ayuda, consulta este v\u00eddeo: <a href=\"https:\/\/youtu.be\/-q55D1EPJkg\">https:\/\/youtu.be\/-q55D1EPJkg<\/a>\u200b).<\/li>\n<li>El resultado debe ser lo m\u00e1s parecido posible a esto:<br \/>\n<a href=\"https:\/\/blogsaverroes.juntadeandalucia.es\/jvaraujo\/files\/2022\/01\/Captura-de-pantalla-2022-01-17-102852.png\"><img loading=\"lazy\" decoding=\"async\" class=\"size-full wp-image-1851 alignnone\" src=\"https:\/\/blogsaverroes.juntadeandalucia.es\/jvaraujo\/files\/2022\/01\/Captura-de-pantalla-2022-01-17-102852.png\" alt=\"\" width=\"198\" height=\"199\" srcset=\"https:\/\/blogsaverroes.juntadeandalucia.es\/jvaraujo\/files\/2022\/01\/Captura-de-pantalla-2022-01-17-102852.png 198w, https:\/\/blogsaverroes.juntadeandalucia.es\/jvaraujo\/files\/2022\/01\/Captura-de-pantalla-2022-01-17-102852-150x150.png 150w, https:\/\/blogsaverroes.juntadeandalucia.es\/jvaraujo\/files\/2022\/01\/Captura-de-pantalla-2022-01-17-102852-185x185.png 185w, https:\/\/blogsaverroes.juntadeandalucia.es\/jvaraujo\/files\/2022\/01\/Captura-de-pantalla-2022-01-17-102852-60x60.png 60w\" sizes=\"(max-width: 198px) 100vw, 198px\" \/><\/a><\/li>\n<li>Colorea el c\u00edrculo crom\u00e1tico con los colores primarios y secundarios en el orden adecuado. Colorea con intensidad decreciente en los sectores m\u00e1s cercanos al centro. Puedes usar l\u00e1pices y\/o rotuladores. Lo que da mejores resultados es mezclar las dos t\u00e9cnicas, primero el l\u00e1piz y luego el rotulador. Puedes conseguir los colores secundarios mezclando dos&nbsp; primarios, o usando el color correspondiente.<br \/>\n<a href=\"https:\/\/blogsaverroes.juntadeandalucia.es\/jvaraujo\/files\/2022\/01\/Captura-de-pantalla-2022-01-17-103100.png\"><img loading=\"lazy\" decoding=\"async\" class=\"alignnone size-full wp-image-1852\" src=\"https:\/\/blogsaverroes.juntadeandalucia.es\/jvaraujo\/files\/2022\/01\/Captura-de-pantalla-2022-01-17-103100.png\" alt=\"\" width=\"189\" height=\"189\" srcset=\"https:\/\/blogsaverroes.juntadeandalucia.es\/jvaraujo\/files\/2022\/01\/Captura-de-pantalla-2022-01-17-103100.png 189w, https:\/\/blogsaverroes.juntadeandalucia.es\/jvaraujo\/files\/2022\/01\/Captura-de-pantalla-2022-01-17-103100-150x150.png 150w, https:\/\/blogsaverroes.juntadeandalucia.es\/jvaraujo\/files\/2022\/01\/Captura-de-pantalla-2022-01-17-103100-185x185.png 185w, https:\/\/blogsaverroes.juntadeandalucia.es\/jvaraujo\/files\/2022\/01\/Captura-de-pantalla-2022-01-17-103100-60x60.png 60w\" sizes=\"(max-width: 189px) 100vw, 189px\" \/><\/a><\/li>\n<\/ol>\n<\/li>\n<li>Monta el c\u00edrculo sobre un cart\u00f3n r\u00edgido y hazlo girar Recorta un c\u00edrculo de cart\u00f3n de 6 cm, de radio y pega sobre \u00e9l el c\u00edrculo crom\u00e1tico. Haz tres agujeros en el cart\u00f3n e introduce por cada uno un trozo de cord\u00f3n. Haz girar el disco para enrollar los cordones y tira de ellos para hacerlo girar con rapidez Si consigues que gire con la rapidez suficiente, los colores se mezclar\u00e1n en el ojo, dando lugar de nuevo a la luz blanca<\/li>\n<\/ol>\n<\/td>\n<\/tr>\n<tr>\n<td style=\"width: 100%\"><strong>Gu\u00eda de evaluaci\u00f3n:<br \/>\n<\/strong><\/p>\n<ol>\n<li>Dibuja la circunferencia del tama\u00f1o indicado y la divide seg\u00fan se indica, siguiendo procedimientos geom\u00e9tricos<\/li>\n<li>Sit\u00faa los colores primarios equirrepartidos en el c\u00edrculo<\/li>\n<li>Consigue los colores secundarios mediante s\u00edntesis, o empleando l\u00e1pices o rotuladores de colores secundarios<\/li>\n<li>Colorea con cuidado y limpieza, obteniendo zonas de color uniformes<\/li>\n<li>Construye un girador eficaz, capaz de girar a la velocidad necesaria para producir la s\u00edntesis crom\u00e1tica (al girar se observa un solo color, cercano al blanco)<\/li>\n<\/ol>\n<\/td>\n<\/tr>\n<\/tbody>\n<\/table>\n","protected":false},"excerpt":{"rendered":"<p>\u00bfQu\u00e9 debes saber ya? La luz blanca est\u00e1 formada por la suma de todaslas radiaciones visibles, y puede descomponerse en luces de color La luz viaja en l\u00ednea recta y tiene forma de onda.&#46;&#46;&#46;<\/p>\n","protected":false},"author":10581,"featured_media":0,"parent":48,"menu_order":2,"comment_status":"closed","ping_status":"closed","template":"","meta":{"ngg_post_thumbnail":0,"footnotes":""},"aioseo_notices":[],"_links":{"self":[{"href":"https:\/\/blogsaverroes.juntadeandalucia.es\/jvaraujo\/wp-json\/wp\/v2\/pages\/1843"}],"collection":[{"href":"https:\/\/blogsaverroes.juntadeandalucia.es\/jvaraujo\/wp-json\/wp\/v2\/pages"}],"about":[{"href":"https:\/\/blogsaverroes.juntadeandalucia.es\/jvaraujo\/wp-json\/wp\/v2\/types\/page"}],"author":[{"embeddable":true,"href":"https:\/\/blogsaverroes.juntadeandalucia.es\/jvaraujo\/wp-json\/wp\/v2\/users\/10581"}],"replies":[{"embeddable":true,"href":"https:\/\/blogsaverroes.juntadeandalucia.es\/jvaraujo\/wp-json\/wp\/v2\/comments?post=1843"}],"version-history":[{"count":2,"href":"https:\/\/blogsaverroes.juntadeandalucia.es\/jvaraujo\/wp-json\/wp\/v2\/pages\/1843\/revisions"}],"predecessor-version":[{"id":1853,"href":"https:\/\/blogsaverroes.juntadeandalucia.es\/jvaraujo\/wp-json\/wp\/v2\/pages\/1843\/revisions\/1853"}],"up":[{"embeddable":true,"href":"https:\/\/blogsaverroes.juntadeandalucia.es\/jvaraujo\/wp-json\/wp\/v2\/pages\/48"}],"wp:attachment":[{"href":"https:\/\/blogsaverroes.juntadeandalucia.es\/jvaraujo\/wp-json\/wp\/v2\/media?parent=1843"}],"curies":[{"name":"wp","href":"https:\/\/api.w.org\/{rel}","templated":true}]}}