{"id":2463,"date":"2022-10-03T16:35:43","date_gmt":"2022-10-03T16:35:43","guid":{"rendered":"https:\/\/blogsaverroes.juntadeandalucia.es\/lahungara\/?page_id=2463"},"modified":"2022-10-03T16:35:43","modified_gmt":"2022-10-03T16:35:43","slug":"2021-2022","status":"publish","type":"page","link":"https:\/\/blogsaverroes.juntadeandalucia.es\/lahungara\/equipo\/2021-2022\/","title":{"rendered":"Nuestro Equipo (2021 &#8211; 2022)"},"content":{"rendered":"<p>Nuestra biblioteca, La H\u00fangara, no ser\u00eda posible si no fuese por todo el equipo humano que se encarga de darle vida y poner en marcha las actividades de fomento de la lectura y la escritura.<\/p>\n<p>&nbsp;<\/p>\n<table style=\"border-collapse: collapse;width: 100%\">\n<tbody>\n<tr>\n<td style=\"width: 81.7623%\"><em>Responsable de la Biblioteca<\/em><br \/>\nMiriam Garc\u00eda Vidal<\/td>\n<\/tr>\n<tr>\n<td style=\"width: 81.7623%\"><em>Atenci\u00f3n a la diversidad<br \/>\n<\/em>Esther Algeciras \u00c1lvarez<\/td>\n<\/tr>\n<tr>\n<td style=\"width: 81.7623%\"><em>Coeducaci\u00f3n<br \/>\n<\/em>Elisa Constanza Zamora P\u00e9rez<\/td>\n<\/tr>\n<tr>\n<td style=\"width: 81.7623%\"><em>Proyecto Ling\u00fc\u00edstico<\/em><br \/>\nCarmen Miranda P\u00e9rez<\/td>\n<\/tr>\n<tr>\n<td style=\"width: 81.7623%\"><em>Dinamizaci\u00f3n de espacios digitales<\/em><br \/>\nMar\u00eda del Mar Ib\u00e1\u00f1ez Jim\u00e9nez-Herrera<\/td>\n<\/tr>\n<tr>\n<td style=\"width: 81.7623%\"><em>Servicio de pr\u00e9stamos<\/em><br \/>\nCarmen Vargas Su\u00e1rez<br \/>\nPilar Escacena Luna<\/td>\n<\/tr>\n<tr>\n<td style=\"width: 81.7623%\"><em>Soporte t\u00e9cnico<\/em><br \/>\nAlba Mar\u00eda Navarro Izquierdo<br \/>\nFrancisco Javier Navarro Izquierdo<\/td>\n<\/tr>\n<tr>\n<td style=\"width: 81.7623%\"><em>Mantenimiento del cat\u00e1logo<\/em><br \/>\nCristina V\u00e1zquez Melio<br \/>\nMario Benicio Nieto<br \/>\nIgnacio P\u00e9rez G\u00e1lvez<br \/>\nJulio de Vega L\u00f3pez<br \/>\nRub\u00e9n Zaya Grilo<\/td>\n<\/tr>\n<\/tbody>\n<\/table>\n","protected":false},"excerpt":{"rendered":"<p>Nuestra biblioteca, La H\u00fangara, no ser\u00eda posible si no fuese por todo el equipo humano que se encarga de darle vida y poner en marcha las actividades de fomento de la lectura y la escritura. &nbsp; Responsable de la Biblioteca Miriam Garc\u00eda Vidal Atenci\u00f3n a la diversidad Esther Algeciras \u00c1lvarez Coeducaci\u00f3n Elisa Constanza Zamora P\u00e9rez [&hellip;]<\/p>\n","protected":false},"author":12290,"featured_media":0,"parent":1289,"menu_order":0,"comment_status":"closed","ping_status":"closed","template":"","meta":{"ngg_post_thumbnail":0,"footnotes":""},"aioseo_notices":[],"_links":{"self":[{"href":"https:\/\/blogsaverroes.juntadeandalucia.es\/lahungara\/wp-json\/wp\/v2\/pages\/2463"}],"collection":[{"href":"https:\/\/blogsaverroes.juntadeandalucia.es\/lahungara\/wp-json\/wp\/v2\/pages"}],"about":[{"href":"https:\/\/blogsaverroes.juntadeandalucia.es\/lahungara\/wp-json\/wp\/v2\/types\/page"}],"author":[{"embeddable":true,"href":"https:\/\/blogsaverroes.juntadeandalucia.es\/lahungara\/wp-json\/wp\/v2\/users\/12290"}],"replies":[{"embeddable":true,"href":"https:\/\/blogsaverroes.juntadeandalucia.es\/lahungara\/wp-json\/wp\/v2\/comments?post=2463"}],"version-history":[{"count":2,"href":"https:\/\/blogsaverroes.juntadeandalucia.es\/lahungara\/wp-json\/wp\/v2\/pages\/2463\/revisions"}],"predecessor-version":[{"id":2465,"href":"https:\/\/blogsaverroes.juntadeandalucia.es\/lahungara\/wp-json\/wp\/v2\/pages\/2463\/revisions\/2465"}],"up":[{"embeddable":true,"href":"https:\/\/blogsaverroes.juntadeandalucia.es\/lahungara\/wp-json\/wp\/v2\/pages\/1289"}],"wp:attachment":[{"href":"https:\/\/blogsaverroes.juntadeandalucia.es\/lahungara\/wp-json\/wp\/v2\/media?parent=2463"}],"curies":[{"name":"wp","href":"https:\/\/api.w.org\/{rel}","templated":true}]}}